{"id":9673,"date":"2025-09-30T10:58:04","date_gmt":"2025-09-30T08:58:04","guid":{"rendered":"https:\/\/www.chatillonarchitectes.com\/?post_type=portfolio&#038;p=9673"},"modified":"2026-01-26T11:03:52","modified_gmt":"2026-01-26T10:03:52","slug":"place-de-la-concorde","status":"publish","type":"portfolio","link":"https:\/\/www.chatillonarchitectes.com\/en\/portfolio\/place-de-la-concorde\/","title":{"rendered":"PLACE DE LA CONCORDE"},"content":{"rendered":"<div class=\"wpb-content-wrapper\"><div class=\"vc-row-container vc-row-container--stretch-content\"><div data-vc-full-width=\"true\" data-vc-full-width-temp=\"true\" data-vc-full-width-init=\"false\" data-vc-stretch-content=\"true\" class=\"vc_row wpb_row vc_row-fluid vc_custom_1606255500772\"><div class=\"wpb_column vc_column_container vc_col-sm-12\"><div class=\"vc_column-inner\"><div class=\"wpb_wrapper\">\n\t<div data-lightbox-container=\"1\"   class=\"wpb_single_image wpb_content_element vc_align_left wpb_content_element wpb_animate_when_almost_visible wpb_slideInUp slideInUp\">\n\t\t\n\t\t<figure class=\"wpb_wrapper vc_figure\">\n\t\t\t<div class=\"vc_single_image-wrapper   vc_box_border_grey\"><img loading=\"lazy\" decoding=\"async\" width=\"2500\" height=\"1667\" src=\"https:\/\/www.chatillonarchitectes.com\/wp-content\/uploads\/2025\/11\/250203_Aerienne.jpg\" class=\"vc_single_image-img attachment-full\" alt=\"\" title=\"Chatillon Architectes\" srcset=\"https:\/\/www.chatillonarchitectes.com\/wp-content\/uploads\/2025\/11\/250203_Aerienne.jpg 2500w, https:\/\/www.chatillonarchitectes.com\/wp-content\/uploads\/2025\/11\/250203_Aerienne-300x200.jpg 300w, https:\/\/www.chatillonarchitectes.com\/wp-content\/uploads\/2025\/11\/250203_Aerienne-1024x683.jpg 1024w, https:\/\/www.chatillonarchitectes.com\/wp-content\/uploads\/2025\/11\/250203_Aerienne-768x512.jpg 768w, https:\/\/www.chatillonarchitectes.com\/wp-content\/uploads\/2025\/11\/250203_Aerienne-1536x1024.jpg 1536w, https:\/\/www.chatillonarchitectes.com\/wp-content\/uploads\/2025\/11\/250203_Aerienne-2048x1366.jpg 2048w, https:\/\/www.chatillonarchitectes.com\/wp-content\/uploads\/2025\/11\/250203_Aerienne-18x12.jpg 18w, https:\/\/www.chatillonarchitectes.com\/wp-content\/uploads\/2025\/11\/250203_Aerienne-1612x1075.jpg 1612w, https:\/\/www.chatillonarchitectes.com\/wp-content\/uploads\/2025\/11\/250203_Aerienne-1116x744.jpg 1116w, https:\/\/www.chatillonarchitectes.com\/wp-content\/uploads\/2025\/11\/250203_Aerienne-806x537.jpg 806w, https:\/\/www.chatillonarchitectes.com\/wp-content\/uploads\/2025\/11\/250203_Aerienne-558x372.jpg 558w, https:\/\/www.chatillonarchitectes.com\/wp-content\/uploads\/2025\/11\/250203_Aerienne-600x400.jpg 600w\" sizes=\"auto, (max-width: 2500px) 100vw, 2500px\" \/><\/div>\n\t\t<\/figure>\n\t<\/div>\n<\/div><\/div><\/div><\/div><div class=\"vc_row-full-width vc_clearfix\"><\/div><\/div><div class=\"vc-row-container vc-row-container--stretch-content\"><div data-vc-full-width=\"true\" data-vc-full-width-temp=\"true\" data-vc-full-width-init=\"false\" data-vc-stretch-content=\"true\" class=\"vc_row wpb_row vc_row-fluid vc_custom_1606255507872\"><div class=\"wpb_column vc_column_container vc_col-sm-6\"><div class=\"vc_column-inner\"><div class=\"wpb_wrapper\"><div class=\"section-title\">\n    <h2>PLACE DE LA CONCORDE<\/h2>\n<p>CALL FOR PROJECTS FOR THE REDEVELOPMENT OF PLACE DE LA CONCORDE<\/p>\n<\/div><\/div><\/div><\/div><div class=\"wpb_column vc_column_container vc_col-sm-6\"><div class=\"vc_column-inner\"><div class=\"wpb_wrapper\"><\/div><\/div><\/div><\/div><div class=\"vc_row-full-width vc_clearfix\"><\/div><\/div><div class=\"vc-row-container vc-row-container--stretch-content\"><div data-vc-full-width=\"true\" data-vc-full-width-temp=\"true\" data-vc-full-width-init=\"false\" data-vc-stretch-content=\"true\" class=\"vc_row wpb_row vc_row-fluid vc_custom_1606255516489\"><div class=\"wpb_column vc_column_container vc_col-sm-4\"><div class=\"vc_column-inner\"><div class=\"wpb_wrapper\">\n\t<div class=\"wpb_text_column wpb_content_element post-formatting\" >\n\t\t<div class=\"wpb_wrapper\">\n\t\t\t<p>Place de la Concorde is one of the most symbolic spaces in Paris, located at the intersection of major urban axes, between the Tuileries Garden, the Champs-\u00c9lys\u00e9es, and the Seine. It embodies both republican monumentality and the complexity of a structuring urban space.<\/p>\n<p class=\"translation-block\">Designed by the architect Jacques-Ange Gabriel at the end of the eighteenth century and later redesigned by Jacques Hittorf, Place de la Concorde expresses both the centrality of monarchical power and an openness to the world. The square has endured through the centuries, although not without undergoing successive transformations, such as the infilling of the moats, which paved the way for the dominance of the automobile in the twentieth century. Today, the square\u2019s original architectural language has almost entirely disappeared, its symbolic dimensions having been diminished to make way for a purely functional role: that of a major central Parisian crossroads.<\/p>\n<p>In 2024, the City of Paris initiated a redevelopment process for the square, with the ambition of restoring the richness of its historic composition, adapting its uses to contemporary mobility patterns, and fully integrating environmental, urban, and heritage-related challenges.<\/p>\n<p>Chatillon Architectes, alongside Sn\u00f8hetta, Louis Benech, TN+, In Situ, Grue, Franck Boutt\u00e9 Consultants, Saguez &amp; Partners, Quadrim, Inddigo, Egis, and Elioth, proposed a project aimed at restoring the harmony of the square in all its dimensions.<\/p>\n\n\t\t<\/div>\n\t<\/div>\n<div class=\"vc_empty_space\"   style=\"height: 62px\"><span class=\"vc_empty_space_inner\"><\/span><\/div><\/div><\/div><\/div><div class=\"wpb_column vc_column_container vc_col-sm-2\"><div class=\"vc_column-inner\"><div class=\"wpb_wrapper\"><\/div><\/div><\/div><div class=\"wpb_column vc_column_container vc_col-sm-6\"><div class=\"vc_column-inner\"><div class=\"wpb_wrapper\">\n\t<div data-lightbox-container=\"2\"   class=\"wpb_single_image wpb_content_element vc_align_left wpb_content_element wpb_animate_when_almost_visible wpb_slideInUp slideInUp\">\n\t\t\n\t\t<figure class=\"wpb_wrapper vc_figure\">\n\t\t\t<div class=\"vc_single_image-wrapper   vc_box_border_grey\"><img loading=\"lazy\" decoding=\"async\" width=\"2500\" height=\"1514\" src=\"https:\/\/www.chatillonarchitectes.com\/wp-content\/uploads\/2025\/11\/250203_Day.jpg\" class=\"vc_single_image-img attachment-full\" alt=\"\" title=\"250203_Day\" srcset=\"https:\/\/www.chatillonarchitectes.com\/wp-content\/uploads\/2025\/11\/250203_Day.jpg 2500w, https:\/\/www.chatillonarchitectes.com\/wp-content\/uploads\/2025\/11\/250203_Day-300x182.jpg 300w, https:\/\/www.chatillonarchitectes.com\/wp-content\/uploads\/2025\/11\/250203_Day-1024x620.jpg 1024w, https:\/\/www.chatillonarchitectes.com\/wp-content\/uploads\/2025\/11\/250203_Day-768x465.jpg 768w, https:\/\/www.chatillonarchitectes.com\/wp-content\/uploads\/2025\/11\/250203_Day-1536x930.jpg 1536w, https:\/\/www.chatillonarchitectes.com\/wp-content\/uploads\/2025\/11\/250203_Day-2048x1240.jpg 2048w, https:\/\/www.chatillonarchitectes.com\/wp-content\/uploads\/2025\/11\/250203_Day-18x12.jpg 18w, https:\/\/www.chatillonarchitectes.com\/wp-content\/uploads\/2025\/11\/250203_Day-1612x976.jpg 1612w, https:\/\/www.chatillonarchitectes.com\/wp-content\/uploads\/2025\/11\/250203_Day-1116x676.jpg 1116w, https:\/\/www.chatillonarchitectes.com\/wp-content\/uploads\/2025\/11\/250203_Day-806x488.jpg 806w, https:\/\/www.chatillonarchitectes.com\/wp-content\/uploads\/2025\/11\/250203_Day-558x338.jpg 558w, https:\/\/www.chatillonarchitectes.com\/wp-content\/uploads\/2025\/11\/250203_Day-600x363.jpg 600w\" sizes=\"auto, (max-width: 2500px) 100vw, 2500px\" \/><\/div>\n\t\t<\/figure>\n\t<\/div>\n<div class=\"vc_empty_space\"   style=\"height: 62px\"><span class=\"vc_empty_space_inner\"><\/span><\/div><\/div><\/div><\/div><\/div><div class=\"vc_row-full-width vc_clearfix\"><\/div><\/div><div class=\"vc-row-container vc-row-container--stretch-content\"><div data-vc-full-width=\"true\" data-vc-full-width-temp=\"true\" data-vc-full-width-init=\"false\" data-vc-stretch-content=\"true\" class=\"vc_row wpb_row vc_row-fluid vc_custom_1606255525540\"><div class=\"wpb_column vc_column_container vc_col-sm-6\"><div class=\"vc_column-inner\"><div class=\"wpb_wrapper\">\n\t<div data-lightbox-container=\"3\"   class=\"wpb_single_image wpb_content_element vc_align_left wpb_content_element wpb_animate_when_almost_visible wpb_slideInUp slideInUp\">\n\t\t\n\t\t<figure class=\"wpb_wrapper vc_figure\">\n\t\t\t<div class=\"vc_single_image-wrapper   vc_box_border_grey\"><img loading=\"lazy\" decoding=\"async\" width=\"2500\" height=\"1730\" src=\"https:\/\/www.chatillonarchitectes.com\/wp-content\/uploads\/2025\/05\/00_Plan-Masse-500.jpg\" class=\"vc_single_image-img attachment-full\" alt=\"\" title=\"Place de la Concorde - Plan Masse\" srcset=\"https:\/\/www.chatillonarchitectes.com\/wp-content\/uploads\/2025\/05\/00_Plan-Masse-500.jpg 2500w, https:\/\/www.chatillonarchitectes.com\/wp-content\/uploads\/2025\/05\/00_Plan-Masse-500-300x208.jpg 300w, https:\/\/www.chatillonarchitectes.com\/wp-content\/uploads\/2025\/05\/00_Plan-Masse-500-1024x709.jpg 1024w, https:\/\/www.chatillonarchitectes.com\/wp-content\/uploads\/2025\/05\/00_Plan-Masse-500-768x531.jpg 768w, https:\/\/www.chatillonarchitectes.com\/wp-content\/uploads\/2025\/05\/00_Plan-Masse-500-1536x1063.jpg 1536w, https:\/\/www.chatillonarchitectes.com\/wp-content\/uploads\/2025\/05\/00_Plan-Masse-500-2048x1417.jpg 2048w, https:\/\/www.chatillonarchitectes.com\/wp-content\/uploads\/2025\/05\/00_Plan-Masse-500-18x12.jpg 18w, https:\/\/www.chatillonarchitectes.com\/wp-content\/uploads\/2025\/05\/00_Plan-Masse-500-1612x1116.jpg 1612w, https:\/\/www.chatillonarchitectes.com\/wp-content\/uploads\/2025\/05\/00_Plan-Masse-500-1116x772.jpg 1116w, https:\/\/www.chatillonarchitectes.com\/wp-content\/uploads\/2025\/05\/00_Plan-Masse-500-806x558.jpg 806w, https:\/\/www.chatillonarchitectes.com\/wp-content\/uploads\/2025\/05\/00_Plan-Masse-500-558x386.jpg 558w, https:\/\/www.chatillonarchitectes.com\/wp-content\/uploads\/2025\/05\/00_Plan-Masse-500-600x415.jpg 600w\" sizes=\"auto, (max-width: 2500px) 100vw, 2500px\" \/><\/div><figcaption class=\"vc_figure-caption\">\u00a9 Chatillon Architectes<\/figcaption>\n\t\t<\/figure>\n\t<\/div>\n<\/div><\/div><\/div><div class=\"wpb_column vc_column_container vc_col-sm-6\"><div class=\"vc_column-inner\"><div class=\"wpb_wrapper\">\n\t<div class=\"wpb_text_column wpb_content_element post-formatting\" >\n\t\t<div class=\"wpb_wrapper\">\n\t\t\t<p>The site analysis revealed a series of imbalances. Today, the square is dominated by automobile traffic, with a flow organisation that fragments the space and undermines the legibility of its overall composition.<\/p>\n<p>This configuration significantly diminishes the quality of use: pedestrians are relegated to the margins, crossings are long and poorly legible, and spaces for rest or social interaction are almost entirely absent. Moreover, heat island effects, pervasive mineral surfaces, low biodiversity, and the lack of shade further exacerbate users discomfort during the summer months.<\/p>\n\n\t\t<\/div>\n\t<\/div>\n<\/div><\/div><\/div><\/div><div class=\"vc_row-full-width vc_clearfix\"><\/div><\/div><div class=\"vc-row-container vc-row-container--stretch-content\"><div data-vc-full-width=\"true\" data-vc-full-width-temp=\"true\" data-vc-full-width-init=\"false\" data-vc-stretch-content=\"true\" class=\"vc_row wpb_row vc_row-fluid vc_custom_1606255534412\"><div class=\"wpb_column vc_column_container vc_col-sm-4\"><div class=\"vc_column-inner\"><div class=\"wpb_wrapper\">\n\t<div class=\"wpb_text_column wpb_content_element post-formatting\" >\n\t\t<div class=\"wpb_wrapper\">\n\t\t\t<p>The project aimed to restore the cultural, social, and political significance of the square while meeting contemporary requirements: improving the clarity of the public space, providing comfortable pedestrian routes, strengthening the place of nature in the city, and enabling effective management of both everyday and exceptional uses.<\/p>\n\n\t\t<\/div>\n\t<\/div>\n<div class=\"vc_empty_space\"   style=\"height: 32px\"><span class=\"vc_empty_space_inner\"><\/span><\/div><\/div><\/div><\/div><div class=\"wpb_column vc_column_container vc_col-sm-2\"><div class=\"vc_column-inner\"><div class=\"wpb_wrapper\"><\/div><\/div><\/div><div class=\"wpb_column vc_column_container vc_col-sm-6\"><div class=\"vc_column-inner\"><div class=\"wpb_wrapper\">\n\t<div data-lightbox-container=\"4\"   class=\"wpb_single_image wpb_content_element vc_align_left wpb_content_element wpb_animate_when_almost_visible wpb_slideInUp slideInUp\">\n\t\t\n\t\t<figure class=\"wpb_wrapper vc_figure\">\n\t\t\t<div class=\"vc_single_image-wrapper   vc_box_border_grey\"><img loading=\"lazy\" decoding=\"async\" width=\"945\" height=\"573\" src=\"https:\/\/www.chatillonarchitectes.com\/wp-content\/uploads\/2025\/05\/Day_Vue_002-copy-2-1024x621.jpg\" class=\"vc_single_image-img attachment-large\" alt=\"\" title=\"Place de la Concorde - Day_Vue_2\" srcset=\"https:\/\/www.chatillonarchitectes.com\/wp-content\/uploads\/2025\/05\/Day_Vue_002-copy-2-1024x621.jpg 1024w, https:\/\/www.chatillonarchitectes.com\/wp-content\/uploads\/2025\/05\/Day_Vue_002-copy-2-300x182.jpg 300w, https:\/\/www.chatillonarchitectes.com\/wp-content\/uploads\/2025\/05\/Day_Vue_002-copy-2-768x465.jpg 768w, https:\/\/www.chatillonarchitectes.com\/wp-content\/uploads\/2025\/05\/Day_Vue_002-copy-2-1536x931.jpg 1536w, https:\/\/www.chatillonarchitectes.com\/wp-content\/uploads\/2025\/05\/Day_Vue_002-copy-2-2048x1241.jpg 2048w, https:\/\/www.chatillonarchitectes.com\/wp-content\/uploads\/2025\/05\/Day_Vue_002-copy-2-18x12.jpg 18w, https:\/\/www.chatillonarchitectes.com\/wp-content\/uploads\/2025\/05\/Day_Vue_002-copy-2-1612x977.jpg 1612w, https:\/\/www.chatillonarchitectes.com\/wp-content\/uploads\/2025\/05\/Day_Vue_002-copy-2-1116x676.jpg 1116w, https:\/\/www.chatillonarchitectes.com\/wp-content\/uploads\/2025\/05\/Day_Vue_002-copy-2-806x488.jpg 806w, https:\/\/www.chatillonarchitectes.com\/wp-content\/uploads\/2025\/05\/Day_Vue_002-copy-2-558x338.jpg 558w, https:\/\/www.chatillonarchitectes.com\/wp-content\/uploads\/2025\/05\/Day_Vue_002-copy-2-600x364.jpg 600w\" sizes=\"auto, (max-width: 945px) 100vw, 945px\" \/><\/div><figcaption class=\"vc_figure-caption\">\u00a9 Chatillon Architectes<\/figcaption>\n\t\t<\/figure>\n\t<\/div>\n<div class=\"vc_empty_space\"   style=\"height: 32px\"><span class=\"vc_empty_space_inner\"><\/span><\/div><\/div><\/div><\/div><\/div><div class=\"vc_row-full-width vc_clearfix\"><\/div><\/div><div class=\"vc-row-container vc-row-container--stretch-content\"><div data-vc-full-width=\"true\" data-vc-full-width-temp=\"true\" data-vc-full-width-init=\"false\" data-vc-stretch-content=\"true\" class=\"vc_row wpb_row vc_row-fluid vc_custom_1606255534412\"><div class=\"wpb_column vc_column_container vc_col-sm-4\"><div class=\"vc_column-inner\"><div class=\"wpb_wrapper\"><\/div><\/div><\/div><div class=\"wpb_column vc_column_container vc_col-sm-2\"><div class=\"vc_column-inner\"><div class=\"wpb_wrapper\"><\/div><\/div><\/div><div class=\"wpb_column vc_column_container vc_col-sm-6\"><div class=\"vc_column-inner\"><div class=\"wpb_wrapper\"><\/div><\/div><\/div><\/div><div class=\"vc_row-full-width vc_clearfix\"><\/div><\/div><div class=\"vc-row-container vc-row-container--stretch-content\"><div data-vc-full-width=\"true\" data-vc-full-width-temp=\"true\" data-vc-full-width-init=\"false\" data-vc-stretch-content=\"true\" class=\"vc_row wpb_row vc_row-fluid vc_custom_1606255549371\"><div class=\"wpb_column vc_column_container vc_col-sm-4\"><div class=\"vc_column-inner\"><div class=\"wpb_wrapper\">\n\t<div data-lightbox-container=\"5\"   class=\"wpb_single_image wpb_content_element vc_align_left wpb_content_element wpb_animate_when_almost_visible wpb_slideInUp slideInUp\">\n\t\t\n\t\t<figure class=\"wpb_wrapper vc_figure\">\n\t\t\t<div class=\"vc_single_image-wrapper   vc_box_border_grey\"><img loading=\"lazy\" decoding=\"async\" width=\"945\" height=\"572\" src=\"https:\/\/www.chatillonarchitectes.com\/wp-content\/uploads\/2026\/01\/image-30-1024x620.png\" class=\"vc_single_image-img attachment-large\" alt=\"\" title=\"image (30)\" srcset=\"https:\/\/www.chatillonarchitectes.com\/wp-content\/uploads\/2026\/01\/image-30-1024x620.png 1024w, https:\/\/www.chatillonarchitectes.com\/wp-content\/uploads\/2026\/01\/image-30-300x182.png 300w, https:\/\/www.chatillonarchitectes.com\/wp-content\/uploads\/2026\/01\/image-30-768x465.png 768w, https:\/\/www.chatillonarchitectes.com\/wp-content\/uploads\/2026\/01\/image-30-1536x929.png 1536w, https:\/\/www.chatillonarchitectes.com\/wp-content\/uploads\/2026\/01\/image-30-18x12.png 18w, https:\/\/www.chatillonarchitectes.com\/wp-content\/uploads\/2026\/01\/image-30-1612x975.png 1612w, https:\/\/www.chatillonarchitectes.com\/wp-content\/uploads\/2026\/01\/image-30-1116x675.png 1116w, https:\/\/www.chatillonarchitectes.com\/wp-content\/uploads\/2026\/01\/image-30-806x488.png 806w, https:\/\/www.chatillonarchitectes.com\/wp-content\/uploads\/2026\/01\/image-30-558x338.png 558w, https:\/\/www.chatillonarchitectes.com\/wp-content\/uploads\/2026\/01\/image-30-600x363.png 600w, https:\/\/www.chatillonarchitectes.com\/wp-content\/uploads\/2026\/01\/image-30.png 2000w\" sizes=\"auto, (max-width: 945px) 100vw, 945px\" \/><\/div>\n\t\t<\/figure>\n\t<\/div>\n<\/div><\/div><\/div><div class=\"wpb_column vc_column_container vc_col-sm-2\"><div class=\"vc_column-inner\"><div class=\"wpb_wrapper\"><\/div><\/div><\/div><div class=\"wpb_column vc_column_container vc_col-sm-6\"><div class=\"vc_column-inner\"><div class=\"wpb_wrapper\">\n\t<div class=\"wpb_text_column wpb_content_element post-formatting\" >\n\t\t<div class=\"wpb_wrapper\">\n\t\t\t<p>The proposal is based on a sensitive reinterpretation of Gabriel\u2019s and Hittorff\u2019s original design, without ever resorting to literal quotation. The guiding principle was to reveal the original composition while adapting it to the uses and challenges of the twenty-first century.<sup>e <\/sup>si\u00e8cle.<\/p>\n<p>The traffic plan proposes restoring the peripheral side streets to reorganize motorized traffic flows and free up the center of the square, restoring the central space to its role as a welcoming place to linger, limiting its use to soft modes of transport (buses, taxis, bicycles, etc.).<\/p>\n<p>Taking on a contemporary reinterpretation of the original ditches, the new ones, lowered by 50 cm, planted with vegetation, passable, and equipped for public use (seating, shade, integrated furniture), allow the creation of new landscaped spaces, on the scale of Parisian squares.<\/p>\n<p>Flower beds and ditches free up space that is conducive to multiple uses, including comfortable daily commutes, leisurely strolls, and occasional events. The creation of a unique range of furniture, inspired by Hittorf's historical motifs, encourages users to spend more time in the square. The square's smooth surface allows people with reduced mobility and families with strollers to walk around the square without any constraints.<\/p>\n<p>The developments incorporate sustainable resource management: living reconstituted soil, climate-change-resistant plantings, rainwater harvesting, and reuse of existing structures and materials. The continuity of the soil, the unity of the architectural vocabulary, and the discretion of the technical systems made it possible to recapture the spirit of a large urban landscape that is open, legible, and inhabited.<\/p>\n\n\t\t<\/div>\n\t<\/div>\n<\/div><\/div><\/div><\/div><div class=\"vc_row-full-width vc_clearfix\"><\/div><\/div><div class=\"vc-row-container vc-row-container--stretch-content\"><div data-vc-full-width=\"true\" data-vc-full-width-temp=\"true\" data-vc-full-width-init=\"false\" data-vc-stretch-content=\"true\" class=\"vc_row wpb_row vc_row-fluid vc_custom_1606255549371\"><div class=\"wpb_column vc_column_container vc_col-sm-2\"><div class=\"vc_column-inner\"><div class=\"wpb_wrapper\">\n\t<div class=\"wpb_text_column wpb_content_element post-formatting\" >\n\t\t<div class=\"wpb_wrapper\">\n\t\t\t<h6><strong>Location<\/strong><br \/>\nParis, 8th arrondissement<\/h6>\n<h6><strong>Project type<\/strong><br \/>\nCompetition<\/h6>\n\n\t\t<\/div>\n\t<\/div>\n<\/div><\/div><\/div><div class=\"wpb_column vc_column_container vc_col-sm-2\"><div class=\"vc_column-inner\"><div class=\"wpb_wrapper\">\n\t<div class=\"wpb_text_column wpb_content_element post-formatting\" >\n\t\t<div class=\"wpb_wrapper\">\n\t\t\t<h6><strong>Program<\/strong><br \/>\nCulture<\/h6>\n<h6><strong>Team<\/strong><br \/>\nChatillon Architectes, Snohetta, TN+, In Situ, Grue, Franck Boutt\u00e9 Consultants, Saguez &amp; Partners, Quadrim, Inddigo, Egis et Elioth<\/h6>\n\n\t\t<\/div>\n\t<\/div>\n<\/div><\/div><\/div><div class=\"wpb_column vc_column_container vc_col-sm-2\"><div class=\"vc_column-inner\"><div class=\"wpb_wrapper\">\n\t<div class=\"wpb_text_column wpb_content_element post-formatting\" >\n\t\t<div class=\"wpb_wrapper\">\n\t\t\t<h6><strong>Competition project<\/strong><br \/>\n2024 \u2013 2025<\/h6>\n\n\t\t<\/div>\n\t<\/div>\n<\/div><\/div><\/div><div class=\"wpb_column vc_column_container vc_col-sm-6\"><div class=\"vc_column-inner\"><div class=\"wpb_wrapper\"><\/div><\/div><\/div><\/div><div class=\"vc_row-full-width vc_clearfix\"><\/div><\/div>\n<\/div>","protected":false},"excerpt":{"rendered":"PLACE DE LA CONCORDE APPEL \u00c0 PROJETS POUR LE R\u00c9AM\u00c9NAGEMENT DE LA PLACE DE LA CONCORDE La place de la Concorde est l\u2019un des espaces les plus symboliques de Paris, \u00e0 la crois\u00e9e de grands axes urbains, entre le jardin des Tuileries, les Champs-\u00c9lys\u00e9es et la Seine. Elle incarne \u00e0 la fois la monumentalit\u00e9 r\u00e9publicaine&hellip;","protected":false},"author":2,"featured_media":10121,"comment_status":"open","ping_status":"closed","template":"","meta":{"_acf_changed":false,"inline_featured_image":false,"footnotes":""},"portfolio_category":[100],"portfolio_tag":[],"class_list":["post-9673","portfolio","type-portfolio","status-publish","has-post-thumbnail","hentry","portfolio_category-paysage"],"acf":[],"_links":{"self":[{"href":"https:\/\/www.chatillonarchitectes.com\/en\/wp-json\/wp\/v2\/portfolio\/9673","targetHints":{"allow":["GET"]}}],"collection":[{"href":"https:\/\/www.chatillonarchitectes.com\/en\/wp-json\/wp\/v2\/portfolio"}],"about":[{"href":"https:\/\/www.chatillonarchitectes.com\/en\/wp-json\/wp\/v2\/types\/portfolio"}],"author":[{"embeddable":true,"href":"https:\/\/www.chatillonarchitectes.com\/en\/wp-json\/wp\/v2\/users\/2"}],"replies":[{"embeddable":true,"href":"https:\/\/www.chatillonarchitectes.com\/en\/wp-json\/wp\/v2\/comments?post=9673"}],"version-history":[{"count":9,"href":"https:\/\/www.chatillonarchitectes.com\/en\/wp-json\/wp\/v2\/portfolio\/9673\/revisions"}],"predecessor-version":[{"id":10132,"href":"https:\/\/www.chatillonarchitectes.com\/en\/wp-json\/wp\/v2\/portfolio\/9673\/revisions\/10132"}],"wp:featuredmedia":[{"embeddable":true,"href":"https:\/\/www.chatillonarchitectes.com\/en\/wp-json\/wp\/v2\/media\/10121"}],"wp:attachment":[{"href":"https:\/\/www.chatillonarchitectes.com\/en\/wp-json\/wp\/v2\/media?parent=9673"}],"wp:term":[{"taxonomy":"portfolio_category","embeddable":true,"href":"https:\/\/www.chatillonarchitectes.com\/en\/wp-json\/wp\/v2\/portfolio_category?post=9673"},{"taxonomy":"portfolio_tag","embeddable":true,"href":"https:\/\/www.chatillonarchitectes.com\/en\/wp-json\/wp\/v2\/portfolio_tag?post=9673"}],"curies":[{"name":"wp","href":"https:\/\/api.w.org\/{rel}","templated":true}]}}