{"id":8096,"date":"2023-01-15T09:00:30","date_gmt":"2023-01-15T08:00:30","guid":{"rendered":"https:\/\/www.chatillonarchitectes.com\/?post_type=portfolio&#038;p=8096"},"modified":"2023-02-21T16:14:21","modified_gmt":"2023-02-21T15:14:21","slug":"le-couvent-des-cordeliers","status":"publish","type":"portfolio","link":"https:\/\/www.chatillonarchitectes.com\/en\/portfolio\/le-couvent-des-cordeliers\/","title":{"rendered":"CORDELIERS' CONVENT"},"content":{"rendered":"<div class=\"wpb-content-wrapper\"><div class=\"vc-row-container vc-row-container--stretch-content\"><div data-vc-full-width=\"true\" data-vc-full-width-temp=\"true\" data-vc-full-width-init=\"false\" data-vc-stretch-content=\"true\" class=\"vc_row wpb_row vc_row-fluid vc_custom_1606255070385\"><div class=\"wpb_column vc_column_container vc_col-sm-12\"><div class=\"vc_column-inner\"><div class=\"wpb_wrapper\">\n\t<div data-lightbox-container=\"1\"   class=\"wpb_single_image wpb_content_element vc_align_left wpb_content_element\">\n\t\t\n\t\t<figure class=\"wpb_wrapper vc_figure\">\n\t\t\t<div class=\"vc_single_image-wrapper   vc_box_border_grey\"><img loading=\"lazy\" decoding=\"async\" width=\"2500\" height=\"1667\" src=\"https:\/\/www.chatillonarchitectes.com\/wp-content\/uploads\/2022\/07\/\u00a9Antoine-Mercusot_Couvent-des-Cordeliers_Livraison-16.jpg\" class=\"vc_single_image-img attachment-full\" alt=\"\" title=\"Couvent des Cordeliers \u00a9 Antoine Mercusot-Chatillon Architectes\" srcset=\"https:\/\/www.chatillonarchitectes.com\/wp-content\/uploads\/2022\/07\/\u00a9Antoine-Mercusot_Couvent-des-Cordeliers_Livraison-16.jpg 2500w, https:\/\/www.chatillonarchitectes.com\/wp-content\/uploads\/2022\/07\/\u00a9Antoine-Mercusot_Couvent-des-Cordeliers_Livraison-16-300x200.jpg 300w, https:\/\/www.chatillonarchitectes.com\/wp-content\/uploads\/2022\/07\/\u00a9Antoine-Mercusot_Couvent-des-Cordeliers_Livraison-16-1024x683.jpg 1024w, https:\/\/www.chatillonarchitectes.com\/wp-content\/uploads\/2022\/07\/\u00a9Antoine-Mercusot_Couvent-des-Cordeliers_Livraison-16-768x512.jpg 768w, https:\/\/www.chatillonarchitectes.com\/wp-content\/uploads\/2022\/07\/\u00a9Antoine-Mercusot_Couvent-des-Cordeliers_Livraison-16-1536x1024.jpg 1536w, https:\/\/www.chatillonarchitectes.com\/wp-content\/uploads\/2022\/07\/\u00a9Antoine-Mercusot_Couvent-des-Cordeliers_Livraison-16-2048x1366.jpg 2048w, https:\/\/www.chatillonarchitectes.com\/wp-content\/uploads\/2022\/07\/\u00a9Antoine-Mercusot_Couvent-des-Cordeliers_Livraison-16-18x12.jpg 18w, https:\/\/www.chatillonarchitectes.com\/wp-content\/uploads\/2022\/07\/\u00a9Antoine-Mercusot_Couvent-des-Cordeliers_Livraison-16-1612x1075.jpg 1612w, https:\/\/www.chatillonarchitectes.com\/wp-content\/uploads\/2022\/07\/\u00a9Antoine-Mercusot_Couvent-des-Cordeliers_Livraison-16-1116x744.jpg 1116w, https:\/\/www.chatillonarchitectes.com\/wp-content\/uploads\/2022\/07\/\u00a9Antoine-Mercusot_Couvent-des-Cordeliers_Livraison-16-806x537.jpg 806w, https:\/\/www.chatillonarchitectes.com\/wp-content\/uploads\/2022\/07\/\u00a9Antoine-Mercusot_Couvent-des-Cordeliers_Livraison-16-558x372.jpg 558w, https:\/\/www.chatillonarchitectes.com\/wp-content\/uploads\/2022\/07\/\u00a9Antoine-Mercusot_Couvent-des-Cordeliers_Livraison-16-600x400.jpg 600w\" sizes=\"auto, (max-width: 2500px) 100vw, 2500px\" \/><\/div><figcaption class=\"vc_figure-caption\">\u00a9 Antoine Mercusot<\/figcaption>\n\t\t<\/figure>\n\t<\/div>\n<div class=\"vc_row wpb_row vc_inner vc_row-fluid\"><div class=\"wpb_column vc_column_container vc_col-sm-6\"><div class=\"vc_column-inner\"><div class=\"wpb_wrapper\"><div class=\"section-title\">\n    <h2>CORDELIERS' CONVENT<\/h2>\n<p>CONVERSION OF A CONVENT INTO A TOURIST RESIDENCE<\/p>\n<\/div><\/div><\/div><\/div><div class=\"wpb_column vc_column_container vc_col-sm-6\"><div class=\"vc_column-inner\"><div class=\"wpb_wrapper\"><\/div><\/div><\/div><\/div><\/div><\/div><\/div><\/div><div class=\"vc_row-full-width vc_clearfix\"><\/div><\/div><div class=\"vc-row-container vc-row-container--stretch-content\"><div data-vc-full-width=\"true\" data-vc-full-width-temp=\"true\" data-vc-full-width-init=\"false\" data-vc-stretch-content=\"true\" class=\"vc_row wpb_row vc_row-fluid vc_custom_1606255070385\"><div class=\"wpb_column vc_column_container vc_col-sm-4\"><div class=\"vc_column-inner\"><div class=\"wpb_wrapper\">\n\t<div class=\"wpb_text_column wpb_content_element post-formatting\" >\n\t\t<div class=\"wpb_wrapper\">\n\t\t\t<p>Founded in 1243 and located in the capital of the Dukes of Burgundy, the Cordeliers Convent consisted mainly of a chapel that was famous for its stained glass windows, and of lavish sculpted tombs containing the remains of a number of prominent members of the royal nobility. In 1650, the church of the Cordeliers collapsed. Thanks to numerous donations from the people of Dijon, who were particularly fond of the congregation, the church was rebuilt on its original site.<br \/>\nSince 1946, the Cordeliers Convent and in particular the remains of the old church and cloister have been listed as historic monuments.<\/p>\n\n\t\t<\/div>\n\t<\/div>\n\n\t<div data-lightbox-container=\"2\"   class=\"wpb_single_image wpb_content_element vc_align_left wpb_content_element wpb_animate_when_almost_visible wpb_slideInUp slideInUp\">\n\t\t\n\t\t<figure class=\"wpb_wrapper vc_figure\">\n\t\t\t<div class=\"vc_single_image-wrapper   vc_box_border_grey\"><img loading=\"lazy\" decoding=\"async\" width=\"2500\" height=\"1667\" src=\"https:\/\/www.chatillonarchitectes.com\/wp-content\/uploads\/2022\/07\/\u00a9Antoine-Mercusot_Couvent-des-Cordeliers_Livraison-12.jpg\" class=\"vc_single_image-img attachment-full\" alt=\"\" title=\"Couvent des Cordeliers \u00a9 Antoine Mercusot-Chatillon Architectes\" srcset=\"https:\/\/www.chatillonarchitectes.com\/wp-content\/uploads\/2022\/07\/\u00a9Antoine-Mercusot_Couvent-des-Cordeliers_Livraison-12.jpg 2500w, https:\/\/www.chatillonarchitectes.com\/wp-content\/uploads\/2022\/07\/\u00a9Antoine-Mercusot_Couvent-des-Cordeliers_Livraison-12-300x200.jpg 300w, https:\/\/www.chatillonarchitectes.com\/wp-content\/uploads\/2022\/07\/\u00a9Antoine-Mercusot_Couvent-des-Cordeliers_Livraison-12-1024x683.jpg 1024w, https:\/\/www.chatillonarchitectes.com\/wp-content\/uploads\/2022\/07\/\u00a9Antoine-Mercusot_Couvent-des-Cordeliers_Livraison-12-768x512.jpg 768w, https:\/\/www.chatillonarchitectes.com\/wp-content\/uploads\/2022\/07\/\u00a9Antoine-Mercusot_Couvent-des-Cordeliers_Livraison-12-1536x1024.jpg 1536w, https:\/\/www.chatillonarchitectes.com\/wp-content\/uploads\/2022\/07\/\u00a9Antoine-Mercusot_Couvent-des-Cordeliers_Livraison-12-2048x1366.jpg 2048w, https:\/\/www.chatillonarchitectes.com\/wp-content\/uploads\/2022\/07\/\u00a9Antoine-Mercusot_Couvent-des-Cordeliers_Livraison-12-18x12.jpg 18w, https:\/\/www.chatillonarchitectes.com\/wp-content\/uploads\/2022\/07\/\u00a9Antoine-Mercusot_Couvent-des-Cordeliers_Livraison-12-1612x1075.jpg 1612w, https:\/\/www.chatillonarchitectes.com\/wp-content\/uploads\/2022\/07\/\u00a9Antoine-Mercusot_Couvent-des-Cordeliers_Livraison-12-1116x744.jpg 1116w, https:\/\/www.chatillonarchitectes.com\/wp-content\/uploads\/2022\/07\/\u00a9Antoine-Mercusot_Couvent-des-Cordeliers_Livraison-12-806x537.jpg 806w, https:\/\/www.chatillonarchitectes.com\/wp-content\/uploads\/2022\/07\/\u00a9Antoine-Mercusot_Couvent-des-Cordeliers_Livraison-12-558x372.jpg 558w, https:\/\/www.chatillonarchitectes.com\/wp-content\/uploads\/2022\/07\/\u00a9Antoine-Mercusot_Couvent-des-Cordeliers_Livraison-12-600x400.jpg 600w\" sizes=\"auto, (max-width: 2500px) 100vw, 2500px\" \/><\/div><figcaption class=\"vc_figure-caption\">\u00a9 Antoine Mercusot<\/figcaption>\n\t\t<\/figure>\n\t<\/div>\n<\/div><\/div><\/div><div class=\"wpb_column vc_column_container vc_col-sm-2\"><div class=\"vc_column-inner\"><div class=\"wpb_wrapper\"><\/div><\/div><\/div><div class=\"wpb_column vc_column_container vc_col-sm-6\"><div class=\"vc_column-inner\"><div class=\"wpb_wrapper\">\n\t<div data-lightbox-container=\"3\"   class=\"wpb_single_image wpb_content_element vc_align_left wpb_content_element\">\n\t\t\n\t\t<figure class=\"wpb_wrapper vc_figure\">\n\t\t\t<div class=\"vc_single_image-wrapper   vc_box_border_grey\"><img loading=\"lazy\" decoding=\"async\" width=\"1280\" height=\"1920\" src=\"https:\/\/www.chatillonarchitectes.com\/wp-content\/uploads\/2022\/07\/\u00a9Antoine-Mercusot_Couvent-des-Cordeliers_Livraison-42.jpg\" class=\"vc_single_image-img attachment-full\" alt=\"\" title=\"Couvent des Cordeliers \u00a9 Antoine Mercusot-Chatillon Architectes\" srcset=\"https:\/\/www.chatillonarchitectes.com\/wp-content\/uploads\/2022\/07\/\u00a9Antoine-Mercusot_Couvent-des-Cordeliers_Livraison-42.jpg 1280w, https:\/\/www.chatillonarchitectes.com\/wp-content\/uploads\/2022\/07\/\u00a9Antoine-Mercusot_Couvent-des-Cordeliers_Livraison-42-200x300.jpg 200w, https:\/\/www.chatillonarchitectes.com\/wp-content\/uploads\/2022\/07\/\u00a9Antoine-Mercusot_Couvent-des-Cordeliers_Livraison-42-683x1024.jpg 683w, https:\/\/www.chatillonarchitectes.com\/wp-content\/uploads\/2022\/07\/\u00a9Antoine-Mercusot_Couvent-des-Cordeliers_Livraison-42-768x1152.jpg 768w, https:\/\/www.chatillonarchitectes.com\/wp-content\/uploads\/2022\/07\/\u00a9Antoine-Mercusot_Couvent-des-Cordeliers_Livraison-42-1024x1536.jpg 1024w, https:\/\/www.chatillonarchitectes.com\/wp-content\/uploads\/2022\/07\/\u00a9Antoine-Mercusot_Couvent-des-Cordeliers_Livraison-42-8x12.jpg 8w, https:\/\/www.chatillonarchitectes.com\/wp-content\/uploads\/2022\/07\/\u00a9Antoine-Mercusot_Couvent-des-Cordeliers_Livraison-42-1116x1674.jpg 1116w, https:\/\/www.chatillonarchitectes.com\/wp-content\/uploads\/2022\/07\/\u00a9Antoine-Mercusot_Couvent-des-Cordeliers_Livraison-42-806x1209.jpg 806w, https:\/\/www.chatillonarchitectes.com\/wp-content\/uploads\/2022\/07\/\u00a9Antoine-Mercusot_Couvent-des-Cordeliers_Livraison-42-558x837.jpg 558w, https:\/\/www.chatillonarchitectes.com\/wp-content\/uploads\/2022\/07\/\u00a9Antoine-Mercusot_Couvent-des-Cordeliers_Livraison-42-600x900.jpg 600w\" sizes=\"auto, (max-width: 1280px) 100vw, 1280px\" \/><\/div><figcaption class=\"vc_figure-caption\">\u00a9 Antoine Mercusot<\/figcaption>\n\t\t<\/figure>\n\t<\/div>\n<div class=\"vc_empty_space\"   style=\"height: 32px\"><span class=\"vc_empty_space_inner\"><\/span><\/div><\/div><\/div><\/div><\/div><div class=\"vc_row-full-width vc_clearfix\"><\/div><\/div><div class=\"vc-row-container vc-row-container--stretch-content\"><div data-vc-full-width=\"true\" data-vc-full-width-temp=\"true\" data-vc-full-width-init=\"false\" data-vc-stretch-content=\"true\" class=\"vc_row wpb_row vc_row-fluid vc_custom_1606255096012\"><div class=\"wpb_column vc_column_container vc_col-sm-6\"><div class=\"vc_column-inner\"><div class=\"wpb_wrapper\">\n\t<div data-lightbox-container=\"4\"   class=\"wpb_single_image wpb_content_element vc_align_right wpb_content_element wpb_animate_when_almost_visible wpb_slideInUp slideInUp\">\n\t\t\n\t\t<figure class=\"wpb_wrapper vc_figure\">\n\t\t\t<div class=\"vc_single_image-wrapper   vc_box_border_grey\"><img loading=\"lazy\" decoding=\"async\" width=\"2500\" height=\"1598\" src=\"https:\/\/www.chatillonarchitectes.com\/wp-content\/uploads\/2022\/07\/\u00a9Antoine-Mercusot_Couvent-des-Cordeliers_Livraison-9.jpg\" class=\"vc_single_image-img attachment-full\" alt=\"\" title=\"Couvent des Cordeliers \u00a9 Antoine Mercusot-Chatillon Architectes\" srcset=\"https:\/\/www.chatillonarchitectes.com\/wp-content\/uploads\/2022\/07\/\u00a9Antoine-Mercusot_Couvent-des-Cordeliers_Livraison-9.jpg 2500w, https:\/\/www.chatillonarchitectes.com\/wp-content\/uploads\/2022\/07\/\u00a9Antoine-Mercusot_Couvent-des-Cordeliers_Livraison-9-300x192.jpg 300w, https:\/\/www.chatillonarchitectes.com\/wp-content\/uploads\/2022\/07\/\u00a9Antoine-Mercusot_Couvent-des-Cordeliers_Livraison-9-1024x655.jpg 1024w, https:\/\/www.chatillonarchitectes.com\/wp-content\/uploads\/2022\/07\/\u00a9Antoine-Mercusot_Couvent-des-Cordeliers_Livraison-9-768x491.jpg 768w, https:\/\/www.chatillonarchitectes.com\/wp-content\/uploads\/2022\/07\/\u00a9Antoine-Mercusot_Couvent-des-Cordeliers_Livraison-9-1536x982.jpg 1536w, https:\/\/www.chatillonarchitectes.com\/wp-content\/uploads\/2022\/07\/\u00a9Antoine-Mercusot_Couvent-des-Cordeliers_Livraison-9-2048x1309.jpg 2048w, https:\/\/www.chatillonarchitectes.com\/wp-content\/uploads\/2022\/07\/\u00a9Antoine-Mercusot_Couvent-des-Cordeliers_Livraison-9-18x12.jpg 18w, https:\/\/www.chatillonarchitectes.com\/wp-content\/uploads\/2022\/07\/\u00a9Antoine-Mercusot_Couvent-des-Cordeliers_Livraison-9-1612x1030.jpg 1612w, https:\/\/www.chatillonarchitectes.com\/wp-content\/uploads\/2022\/07\/\u00a9Antoine-Mercusot_Couvent-des-Cordeliers_Livraison-9-1116x713.jpg 1116w, https:\/\/www.chatillonarchitectes.com\/wp-content\/uploads\/2022\/07\/\u00a9Antoine-Mercusot_Couvent-des-Cordeliers_Livraison-9-806x515.jpg 806w, https:\/\/www.chatillonarchitectes.com\/wp-content\/uploads\/2022\/07\/\u00a9Antoine-Mercusot_Couvent-des-Cordeliers_Livraison-9-558x357.jpg 558w, https:\/\/www.chatillonarchitectes.com\/wp-content\/uploads\/2022\/07\/\u00a9Antoine-Mercusot_Couvent-des-Cordeliers_Livraison-9-600x384.jpg 600w\" sizes=\"auto, (max-width: 2500px) 100vw, 2500px\" \/><\/div><figcaption class=\"vc_figure-caption\">\u00a9 Antoine Mercusot<\/figcaption>\n\t\t<\/figure>\n\t<\/div>\n<\/div><\/div><\/div><div class=\"wpb_column vc_column_container vc_col-sm-2\"><div class=\"vc_column-inner\"><div class=\"wpb_wrapper\"><\/div><\/div><\/div><div class=\"wpb_column vc_column_container vc_col-sm-4\"><div class=\"vc_column-inner\"><div class=\"wpb_wrapper\">\n\t<div class=\"wpb_text_column wpb_content_element post-formatting\" >\n\t\t<div class=\"wpb_wrapper\">\n\t\t\t<h2>The former monks' quarters were rehabilitated and now offer 74 rooms, three of which are accessible to disabled persons.<\/h2>\n\n\t\t<\/div>\n\t<\/div>\n<\/div><\/div><\/div><\/div><div class=\"vc_row-full-width vc_clearfix\"><\/div><\/div><div class=\"vc-row-container vc-row-container--stretch-content\"><div data-vc-full-width=\"true\" data-vc-full-width-temp=\"true\" data-vc-full-width-init=\"false\" data-vc-stretch-content=\"true\" class=\"vc_row wpb_row vc_row-fluid vc_custom_1606255096012\"><div class=\"wpb_column vc_column_container vc_col-sm-4\"><div class=\"vc_column-inner\"><div class=\"wpb_wrapper\">\n\t<div class=\"wpb_text_column wpb_content_element wpb_animate_when_almost_visible wpb_slideInUp slideInUp post-formatting\" >\n\t\t<div class=\"wpb_wrapper\">\n\t\t\t<p>The rehabilitation project of the former convent was intended above all to be an example of how to showcase and re-use built and listed historic buildings, whose oldest features date back to the 13th century. Our project involved having to work with a large variety of structures, without altering, demolishing or extending the multi-faceted building that stood before us.<\/p>\n\n\t\t<\/div>\n\t<\/div>\n\n\t<div class=\"wpb_text_column wpb_content_element wpb_animate_when_almost_visible wpb_slideInUp slideInUp post-formatting\" >\n\t\t<div class=\"wpb_wrapper\">\n\t\t\t<p>Restoring the convent into a tourist residence involved creating a reception area, two restaurant rooms, a tasting area and a relaxation spa. The former refectory retained its restaurant function and became the breakfast room. The former chapel was desecrated and converted into a conference room.<\/p>\n\n\t\t<\/div>\n\t<\/div>\n<div class=\"vc_empty_space\"   style=\"height: 32px\"><span class=\"vc_empty_space_inner\"><\/span><\/div>\n\t<div  class=\"wpb_single_image wpb_content_element vc_align_left wpb_content_element\">\n\t\t\n\t\t<figure class=\"wpb_wrapper vc_figure\">\n\t\t\t<div class=\"vc_single_image-wrapper   vc_box_border_grey\"><img loading=\"lazy\" decoding=\"async\" width=\"2434\" height=\"1920\" src=\"https:\/\/www.chatillonarchitectes.com\/wp-content\/uploads\/2022\/07\/\u00a9Antoine-Mercusot_Couvent-des-Cordeliers_Livraison-13.jpg\" class=\"vc_single_image-img attachment-full\" alt=\"\" title=\"Couvent des Cordeliers \u00a9 Antoine Mercusot-Chatillon Architectes\" srcset=\"https:\/\/www.chatillonarchitectes.com\/wp-content\/uploads\/2022\/07\/\u00a9Antoine-Mercusot_Couvent-des-Cordeliers_Livraison-13.jpg 2434w, https:\/\/www.chatillonarchitectes.com\/wp-content\/uploads\/2022\/07\/\u00a9Antoine-Mercusot_Couvent-des-Cordeliers_Livraison-13-300x237.jpg 300w, https:\/\/www.chatillonarchitectes.com\/wp-content\/uploads\/2022\/07\/\u00a9Antoine-Mercusot_Couvent-des-Cordeliers_Livraison-13-1024x808.jpg 1024w, https:\/\/www.chatillonarchitectes.com\/wp-content\/uploads\/2022\/07\/\u00a9Antoine-Mercusot_Couvent-des-Cordeliers_Livraison-13-768x606.jpg 768w, https:\/\/www.chatillonarchitectes.com\/wp-content\/uploads\/2022\/07\/\u00a9Antoine-Mercusot_Couvent-des-Cordeliers_Livraison-13-1536x1212.jpg 1536w, https:\/\/www.chatillonarchitectes.com\/wp-content\/uploads\/2022\/07\/\u00a9Antoine-Mercusot_Couvent-des-Cordeliers_Livraison-13-2048x1616.jpg 2048w, https:\/\/www.chatillonarchitectes.com\/wp-content\/uploads\/2022\/07\/\u00a9Antoine-Mercusot_Couvent-des-Cordeliers_Livraison-13-15x12.jpg 15w, https:\/\/www.chatillonarchitectes.com\/wp-content\/uploads\/2022\/07\/\u00a9Antoine-Mercusot_Couvent-des-Cordeliers_Livraison-13-1612x1272.jpg 1612w, https:\/\/www.chatillonarchitectes.com\/wp-content\/uploads\/2022\/07\/\u00a9Antoine-Mercusot_Couvent-des-Cordeliers_Livraison-13-1116x880.jpg 1116w, https:\/\/www.chatillonarchitectes.com\/wp-content\/uploads\/2022\/07\/\u00a9Antoine-Mercusot_Couvent-des-Cordeliers_Livraison-13-806x636.jpg 806w, https:\/\/www.chatillonarchitectes.com\/wp-content\/uploads\/2022\/07\/\u00a9Antoine-Mercusot_Couvent-des-Cordeliers_Livraison-13-558x440.jpg 558w, https:\/\/www.chatillonarchitectes.com\/wp-content\/uploads\/2022\/07\/\u00a9Antoine-Mercusot_Couvent-des-Cordeliers_Livraison-13-600x473.jpg 600w\" sizes=\"auto, (max-width: 2434px) 100vw, 2434px\" \/><\/div><figcaption class=\"vc_figure-caption\">\u00a9 Antoine Mercusot<\/figcaption>\n\t\t<\/figure>\n\t<\/div>\n<\/div><\/div><\/div><div class=\"wpb_column vc_column_container vc_col-sm-2\"><div class=\"vc_column-inner\"><div class=\"wpb_wrapper\"><\/div><\/div><\/div><div class=\"wpb_column vc_column_container vc_col-sm-6\"><div class=\"vc_column-inner\"><div class=\"wpb_wrapper\">\n\t<div  class=\"wpb_single_image wpb_content_element vc_align_left wpb_content_element\">\n\t\t\n\t\t<figure class=\"wpb_wrapper vc_figure\">\n\t\t\t<div class=\"vc_single_image-wrapper   vc_box_border_grey\"><img loading=\"lazy\" decoding=\"async\" width=\"1280\" height=\"1920\" src=\"https:\/\/www.chatillonarchitectes.com\/wp-content\/uploads\/2022\/07\/\u00a9Antoine-Mercusot_Couvent-des-Cordeliers_Livraison-37.jpg\" class=\"vc_single_image-img attachment-full\" alt=\"\" title=\"Couvent des Cordeliers \u00a9 Antoine Mercusot-Chatillon Architectes\" srcset=\"https:\/\/www.chatillonarchitectes.com\/wp-content\/uploads\/2022\/07\/\u00a9Antoine-Mercusot_Couvent-des-Cordeliers_Livraison-37.jpg 1280w, https:\/\/www.chatillonarchitectes.com\/wp-content\/uploads\/2022\/07\/\u00a9Antoine-Mercusot_Couvent-des-Cordeliers_Livraison-37-200x300.jpg 200w, https:\/\/www.chatillonarchitectes.com\/wp-content\/uploads\/2022\/07\/\u00a9Antoine-Mercusot_Couvent-des-Cordeliers_Livraison-37-683x1024.jpg 683w, https:\/\/www.chatillonarchitectes.com\/wp-content\/uploads\/2022\/07\/\u00a9Antoine-Mercusot_Couvent-des-Cordeliers_Livraison-37-768x1152.jpg 768w, https:\/\/www.chatillonarchitectes.com\/wp-content\/uploads\/2022\/07\/\u00a9Antoine-Mercusot_Couvent-des-Cordeliers_Livraison-37-1024x1536.jpg 1024w, https:\/\/www.chatillonarchitectes.com\/wp-content\/uploads\/2022\/07\/\u00a9Antoine-Mercusot_Couvent-des-Cordeliers_Livraison-37-8x12.jpg 8w, https:\/\/www.chatillonarchitectes.com\/wp-content\/uploads\/2022\/07\/\u00a9Antoine-Mercusot_Couvent-des-Cordeliers_Livraison-37-1116x1674.jpg 1116w, https:\/\/www.chatillonarchitectes.com\/wp-content\/uploads\/2022\/07\/\u00a9Antoine-Mercusot_Couvent-des-Cordeliers_Livraison-37-806x1209.jpg 806w, https:\/\/www.chatillonarchitectes.com\/wp-content\/uploads\/2022\/07\/\u00a9Antoine-Mercusot_Couvent-des-Cordeliers_Livraison-37-558x837.jpg 558w, https:\/\/www.chatillonarchitectes.com\/wp-content\/uploads\/2022\/07\/\u00a9Antoine-Mercusot_Couvent-des-Cordeliers_Livraison-37-600x900.jpg 600w\" sizes=\"auto, (max-width: 1280px) 100vw, 1280px\" \/><\/div>\n\t\t<\/figure>\n\t<\/div>\n<\/div><\/div><\/div><\/div><div class=\"vc_row-full-width vc_clearfix\"><\/div><\/div><div class=\"vc-row-container vc-row-container--stretch-content\"><div data-vc-full-width=\"true\" data-vc-full-width-temp=\"true\" data-vc-full-width-init=\"false\" data-vc-stretch-content=\"true\" class=\"vc_row wpb_row vc_row-fluid vc_custom_1606255105026\"><div class=\"wpb_column vc_column_container vc_col-sm-6\"><div class=\"vc_column-inner\"><div class=\"wpb_wrapper\"><\/div><\/div><\/div><div class=\"wpb_column vc_column_container vc_col-sm-2\"><div class=\"vc_column-inner\"><div class=\"wpb_wrapper\">\n\t<div class=\"wpb_text_column wpb_content_element post-formatting\" >\n\t\t<div class=\"wpb_wrapper\">\n\t\t\t<h6><strong>Location<\/strong><br \/>\nDijon<\/h6>\n<h6><strong>Project type<\/strong><br \/>\nConversion, restoration<\/h6>\n<h6><strong>Program<\/strong><br \/>\nHospitality<\/h6>\n\n\t\t<\/div>\n\t<\/div>\n<\/div><\/div><\/div><div class=\"wpb_column vc_column_container vc_col-sm-2\"><div class=\"vc_column-inner\"><div class=\"wpb_wrapper\">\n\t<div class=\"wpb_text_column wpb_content_element post-formatting\" >\n\t\t<div class=\"wpb_wrapper\">\n\t\t\t<h6><strong>Project owner<\/strong><br \/>\nASL Les Cordeliers<\/h6>\n<h6><strong>Team<\/strong><br \/>\nChatillon Architectes<\/h6>\n\n\t\t<\/div>\n\t<\/div>\n<\/div><\/div><\/div><div class=\"wpb_column vc_column_container vc_col-sm-2\"><div class=\"vc_column-inner\"><div class=\"wpb_wrapper\">\n\t<div class=\"wpb_text_column wpb_content_element post-formatting\" >\n\t\t<div class=\"wpb_wrapper\">\n\t\t\t<h6><strong>Budget<\/strong><br \/>\n7.6 M\u20ac excl. VAT<\/h6>\n<h6><strong>Timeline<\/strong><br \/>\n2010 &#8211; 2015<\/h6>\n\n\t\t<\/div>\n\t<\/div>\n<\/div><\/div><\/div><\/div><div class=\"vc_row-full-width vc_clearfix\"><\/div><\/div>\n<\/div>","protected":false},"excerpt":{"rendered":"\u00a9 Antoine Mercusot COUVENT DES CORDELIERS RECONVERSION D'UN COUVENT EN R\u00c9SIDENCE DE TOURISME Fond\u00e9 en 1243 et situ\u00e9 dans la capitale des ducs de Bourgogne, le couvent des Cordeliers \u00e9tait alors principalement compos\u00e9 d'une chapelle, renomm\u00e9e pour ses vitraux, et de somptueux tombeaux sculpt\u00e9s o\u00f9 reposaient les corps de nombreuses personnalit\u00e9s issues de la noblesse&hellip;","protected":false},"author":2,"featured_media":8133,"comment_status":"open","ping_status":"closed","template":"","meta":{"_acf_changed":false,"inline_featured_image":false,"footnotes":""},"portfolio_category":[95,97],"portfolio_tag":[],"class_list":["post-8096","portfolio","type-portfolio","status-publish","has-post-thumbnail","hentry","portfolio_category-hotellerie","portfolio_category-culte"],"acf":[],"_links":{"self":[{"href":"https:\/\/www.chatillonarchitectes.com\/en\/wp-json\/wp\/v2\/portfolio\/8096","targetHints":{"allow":["GET"]}}],"collection":[{"href":"https:\/\/www.chatillonarchitectes.com\/en\/wp-json\/wp\/v2\/portfolio"}],"about":[{"href":"https:\/\/www.chatillonarchitectes.com\/en\/wp-json\/wp\/v2\/types\/portfolio"}],"author":[{"embeddable":true,"href":"https:\/\/www.chatillonarchitectes.com\/en\/wp-json\/wp\/v2\/users\/2"}],"replies":[{"embeddable":true,"href":"https:\/\/www.chatillonarchitectes.com\/en\/wp-json\/wp\/v2\/comments?post=8096"}],"version-history":[{"count":63,"href":"https:\/\/www.chatillonarchitectes.com\/en\/wp-json\/wp\/v2\/portfolio\/8096\/revisions"}],"predecessor-version":[{"id":8239,"href":"https:\/\/www.chatillonarchitectes.com\/en\/wp-json\/wp\/v2\/portfolio\/8096\/revisions\/8239"}],"wp:featuredmedia":[{"embeddable":true,"href":"https:\/\/www.chatillonarchitectes.com\/en\/wp-json\/wp\/v2\/media\/8133"}],"wp:attachment":[{"href":"https:\/\/www.chatillonarchitectes.com\/en\/wp-json\/wp\/v2\/media?parent=8096"}],"wp:term":[{"taxonomy":"portfolio_category","embeddable":true,"href":"https:\/\/www.chatillonarchitectes.com\/en\/wp-json\/wp\/v2\/portfolio_category?post=8096"},{"taxonomy":"portfolio_tag","embeddable":true,"href":"https:\/\/www.chatillonarchitectes.com\/en\/wp-json\/wp\/v2\/portfolio_tag?post=8096"}],"curies":[{"name":"wp","href":"https:\/\/api.w.org\/{rel}","templated":true}]}}