{"id":5510,"date":"2023-01-03T09:00:35","date_gmt":"2023-01-03T08:00:35","guid":{"rendered":"https:\/\/www.chatillonarchitectes.com\/?post_type=portfolio&#038;p=5510"},"modified":"2023-02-21T16:20:45","modified_gmt":"2023-02-21T15:20:45","slug":"palais-lumiere","status":"publish","type":"portfolio","link":"https:\/\/www.chatillonarchitectes.com\/en\/portfolio\/palais-lumiere\/","title":{"rendered":"PALAIS LUMI\u00c8RE"},"content":{"rendered":"<div class=\"wpb-content-wrapper\"><div class=\"vc-row-container vc-row-container--stretch-content\"><div data-vc-full-width=\"true\" data-vc-full-width-temp=\"true\" data-vc-full-width-init=\"false\" data-vc-stretch-content=\"true\" class=\"vc_row wpb_row vc_row-fluid vc_custom_1606256323114\"><div class=\"wpb_column vc_column_container vc_col-sm-12\"><div class=\"vc_column-inner\"><div class=\"wpb_wrapper\">\n\t<div data-lightbox-container=\"1\"   class=\"wpb_single_image wpb_content_element vc_align_left wpb_content_element wpb_animate_when_almost_visible wpb_slideInUp slideInUp\">\n\t\t\n\t\t<figure class=\"wpb_wrapper vc_figure\">\n\t\t\t<div class=\"vc_single_image-wrapper   vc_box_border_grey\"><img loading=\"lazy\" decoding=\"async\" width=\"2560\" height=\"2018\" src=\"https:\/\/www.chatillonarchitectes.com\/wp-content\/uploads\/2020\/11\/THEV-060627-4711-007b-scaled.jpg\" class=\"vc_single_image-img attachment-full\" alt=\"\" title=\"Palais Lumi\u00e8re \u00a9 V\u00e9ronique Nosbaum\" srcset=\"https:\/\/www.chatillonarchitectes.com\/wp-content\/uploads\/2020\/11\/THEV-060627-4711-007b-scaled.jpg 2560w, https:\/\/www.chatillonarchitectes.com\/wp-content\/uploads\/2020\/11\/THEV-060627-4711-007b-scaled-600x473.jpg 600w, https:\/\/www.chatillonarchitectes.com\/wp-content\/uploads\/2020\/11\/THEV-060627-4711-007b-300x237.jpg 300w, https:\/\/www.chatillonarchitectes.com\/wp-content\/uploads\/2020\/11\/THEV-060627-4711-007b-1024x807.jpg 1024w, https:\/\/www.chatillonarchitectes.com\/wp-content\/uploads\/2020\/11\/THEV-060627-4711-007b-768x605.jpg 768w, https:\/\/www.chatillonarchitectes.com\/wp-content\/uploads\/2020\/11\/THEV-060627-4711-007b-1536x1211.jpg 1536w, https:\/\/www.chatillonarchitectes.com\/wp-content\/uploads\/2020\/11\/THEV-060627-4711-007b-2048x1615.jpg 2048w, https:\/\/www.chatillonarchitectes.com\/wp-content\/uploads\/2020\/11\/THEV-060627-4711-007b-16x12.jpg 16w, https:\/\/www.chatillonarchitectes.com\/wp-content\/uploads\/2020\/11\/THEV-060627-4711-007b-1612x1271.jpg 1612w, https:\/\/www.chatillonarchitectes.com\/wp-content\/uploads\/2020\/11\/THEV-060627-4711-007b-1116x880.jpg 1116w, https:\/\/www.chatillonarchitectes.com\/wp-content\/uploads\/2020\/11\/THEV-060627-4711-007b-806x635.jpg 806w, https:\/\/www.chatillonarchitectes.com\/wp-content\/uploads\/2020\/11\/THEV-060627-4711-007b-558x440.jpg 558w, https:\/\/www.chatillonarchitectes.com\/wp-content\/uploads\/2020\/11\/THEV-060627-4711-007b-655x516.jpg 655w\" sizes=\"auto, (max-width: 2560px) 100vw, 2560px\" \/><\/div><figcaption class=\"vc_figure-caption\">\u00a9 V\u00e9ronique Nosbaum\n<\/figcaption>\n\t\t<\/figure>\n\t<\/div>\n<\/div><\/div><\/div><\/div><div class=\"vc_row-full-width vc_clearfix\"><\/div><\/div><div class=\"vc-row-container vc-row-container--stretch-content\"><div data-vc-full-width=\"true\" data-vc-full-width-temp=\"true\" data-vc-full-width-init=\"false\" data-vc-stretch-content=\"true\" class=\"vc_row wpb_row vc_row-fluid vc_custom_1606256330443\"><div class=\"wpb_column vc_column_container vc_col-sm-6\"><div class=\"vc_column-inner\"><div class=\"wpb_wrapper\"><div class=\"section-title\">\n    <h2>PALAIS LUMI\u00c8RE<\/h2>\n<p class=\"translation-block\">CONVERSION OF THE FORMER THERMAL BATHS AT \u00c9VIAN-LES-BAINS INTO A CULTURAL CENTRE<\/p>\n<\/div><\/div><\/div><\/div><div class=\"wpb_column vc_column_container vc_col-sm-6\"><div class=\"vc_column-inner\"><div class=\"wpb_wrapper\"><\/div><\/div><\/div><\/div><div class=\"vc_row-full-width vc_clearfix\"><\/div><\/div><div class=\"vc-row-container vc-row-container--stretch-content\"><div data-vc-full-width=\"true\" data-vc-full-width-temp=\"true\" data-vc-full-width-init=\"false\" data-vc-stretch-content=\"true\" class=\"vc_row wpb_row vc_row-fluid vc_custom_1606256340159\"><div class=\"wpb_column vc_column_container vc_col-sm-4\"><div class=\"vc_column-inner\"><div class=\"wpb_wrapper\">\n\t<div class=\"wpb_text_column wpb_content_element post-formatting\" >\n\t\t<div class=\"wpb_wrapper\">\n\t\t\t<p>Palais Lumi\u00e8re is the name given to the former thermal baths at \u00c9vian-les-Bains due to its proximity to the ancient home of the Lumi\u00e8re brothers, the first users of the cinematograph. It was constructed in 1902 by Ernest Brunnarius and Jean-Albert H\u00e9brard on the shore of Lake Geneva.<\/p>\n<p>In 2003 we were selected by the City of \u00c9vian-les-Bains to transform this building into a cultural and conference centre and to carry out restoration works.<\/p>\n\n\t\t<\/div>\n\t<\/div>\n<div class=\"vc_empty_space\"   style=\"height: 62px\"><span class=\"vc_empty_space_inner\"><\/span><\/div>\n\t<div data-lightbox-container=\"2\"   class=\"wpb_single_image wpb_content_element vc_align_left wpb_content_element wpb_animate_when_almost_visible wpb_slideInUp slideInUp\">\n\t\t\n\t\t<figure class=\"wpb_wrapper vc_figure\">\n\t\t\t<div class=\"vc_single_image-wrapper   vc_box_border_grey\"><img loading=\"lazy\" decoding=\"async\" width=\"2500\" height=\"1662\" src=\"https:\/\/www.chatillonarchitectes.com\/wp-content\/uploads\/2020\/11\/\u252c\u00aeInconnu_Palais-Lumie\u2560Cre_Livraison-21.jpg\" class=\"vc_single_image-img attachment-full\" alt=\"\" title=\"Palais Lumi\u00e8re \u00a9 V\u00e9ronique Nosbaum\" srcset=\"https:\/\/www.chatillonarchitectes.com\/wp-content\/uploads\/2020\/11\/\u252c\u00aeInconnu_Palais-Lumie\u2560Cre_Livraison-21.jpg 2500w, https:\/\/www.chatillonarchitectes.com\/wp-content\/uploads\/2020\/11\/\u252c\u00aeInconnu_Palais-Lumie\u2560Cre_Livraison-21-600x399.jpg 600w, https:\/\/www.chatillonarchitectes.com\/wp-content\/uploads\/2020\/11\/\u252c\u00aeInconnu_Palais-Lumie\u2560Cre_Livraison-21-300x199.jpg 300w, https:\/\/www.chatillonarchitectes.com\/wp-content\/uploads\/2020\/11\/\u252c\u00aeInconnu_Palais-Lumie\u2560Cre_Livraison-21-1024x681.jpg 1024w, https:\/\/www.chatillonarchitectes.com\/wp-content\/uploads\/2020\/11\/\u252c\u00aeInconnu_Palais-Lumie\u2560Cre_Livraison-21-768x511.jpg 768w, https:\/\/www.chatillonarchitectes.com\/wp-content\/uploads\/2020\/11\/\u252c\u00aeInconnu_Palais-Lumie\u2560Cre_Livraison-21-1536x1021.jpg 1536w, https:\/\/www.chatillonarchitectes.com\/wp-content\/uploads\/2020\/11\/\u252c\u00aeInconnu_Palais-Lumie\u2560Cre_Livraison-21-2048x1362.jpg 2048w, https:\/\/www.chatillonarchitectes.com\/wp-content\/uploads\/2020\/11\/\u252c\u00aeInconnu_Palais-Lumie\u2560Cre_Livraison-21-16x12.jpg 16w, https:\/\/www.chatillonarchitectes.com\/wp-content\/uploads\/2020\/11\/\u252c\u00aeInconnu_Palais-Lumie\u2560Cre_Livraison-21-1612x1072.jpg 1612w, https:\/\/www.chatillonarchitectes.com\/wp-content\/uploads\/2020\/11\/\u252c\u00aeInconnu_Palais-Lumie\u2560Cre_Livraison-21-1116x742.jpg 1116w, https:\/\/www.chatillonarchitectes.com\/wp-content\/uploads\/2020\/11\/\u252c\u00aeInconnu_Palais-Lumie\u2560Cre_Livraison-21-806x536.jpg 806w, https:\/\/www.chatillonarchitectes.com\/wp-content\/uploads\/2020\/11\/\u252c\u00aeInconnu_Palais-Lumie\u2560Cre_Livraison-21-558x371.jpg 558w, https:\/\/www.chatillonarchitectes.com\/wp-content\/uploads\/2020\/11\/\u252c\u00aeInconnu_Palais-Lumie\u2560Cre_Livraison-21-655x435.jpg 655w\" sizes=\"auto, (max-width: 2500px) 100vw, 2500px\" \/><\/div><figcaption class=\"vc_figure-caption\">\u00a9 V\u00e9ronique Nosbaum\n<\/figcaption>\n\t\t<\/figure>\n\t<\/div>\n<\/div><\/div><\/div><div class=\"wpb_column vc_column_container vc_col-sm-2\"><div class=\"vc_column-inner\"><div class=\"wpb_wrapper\"><\/div><\/div><\/div><div class=\"wpb_column vc_column_container vc_col-sm-6\"><div class=\"vc_column-inner\"><div class=\"wpb_wrapper\">\n\t<div data-lightbox-container=\"3\"   class=\"wpb_single_image wpb_content_element vc_align_left wpb_content_element wpb_animate_when_almost_visible wpb_slideInUp slideInUp\">\n\t\t\n\t\t<figure class=\"wpb_wrapper vc_figure\">\n\t\t\t<div class=\"vc_single_image-wrapper   vc_box_border_grey\"><img loading=\"lazy\" decoding=\"async\" width=\"2560\" height=\"2049\" src=\"https:\/\/www.chatillonarchitectes.com\/wp-content\/uploads\/2020\/11\/THEVFIN-070124-2929-004b-scaled.jpg\" class=\"vc_single_image-img attachment-full\" alt=\"\" title=\"Palais Lumi\u00e8re \u00a9 V\u00e9ronique Nosbaum\" srcset=\"https:\/\/www.chatillonarchitectes.com\/wp-content\/uploads\/2020\/11\/THEVFIN-070124-2929-004b-scaled.jpg 2560w, https:\/\/www.chatillonarchitectes.com\/wp-content\/uploads\/2020\/11\/THEVFIN-070124-2929-004b-scaled-600x480.jpg 600w, https:\/\/www.chatillonarchitectes.com\/wp-content\/uploads\/2020\/11\/THEVFIN-070124-2929-004b-300x240.jpg 300w, https:\/\/www.chatillonarchitectes.com\/wp-content\/uploads\/2020\/11\/THEVFIN-070124-2929-004b-1024x819.jpg 1024w, https:\/\/www.chatillonarchitectes.com\/wp-content\/uploads\/2020\/11\/THEVFIN-070124-2929-004b-768x615.jpg 768w, https:\/\/www.chatillonarchitectes.com\/wp-content\/uploads\/2020\/11\/THEVFIN-070124-2929-004b-1536x1229.jpg 1536w, https:\/\/www.chatillonarchitectes.com\/wp-content\/uploads\/2020\/11\/THEVFIN-070124-2929-004b-2048x1639.jpg 2048w, https:\/\/www.chatillonarchitectes.com\/wp-content\/uploads\/2020\/11\/THEVFIN-070124-2929-004b-16x12.jpg 16w, https:\/\/www.chatillonarchitectes.com\/wp-content\/uploads\/2020\/11\/THEVFIN-070124-2929-004b-1612x1290.jpg 1612w, https:\/\/www.chatillonarchitectes.com\/wp-content\/uploads\/2020\/11\/THEVFIN-070124-2929-004b-1116x893.jpg 1116w, https:\/\/www.chatillonarchitectes.com\/wp-content\/uploads\/2020\/11\/THEVFIN-070124-2929-004b-806x645.jpg 806w, https:\/\/www.chatillonarchitectes.com\/wp-content\/uploads\/2020\/11\/THEVFIN-070124-2929-004b-558x447.jpg 558w, https:\/\/www.chatillonarchitectes.com\/wp-content\/uploads\/2020\/11\/THEVFIN-070124-2929-004b-655x524.jpg 655w\" sizes=\"auto, (max-width: 2560px) 100vw, 2560px\" \/><\/div><figcaption class=\"vc_figure-caption\">\u00a9 V\u00e9ronique Nosbaum\n<\/figcaption>\n\t\t<\/figure>\n\t<\/div>\n<\/div><\/div><\/div><\/div><div class=\"vc_row-full-width vc_clearfix\"><\/div><\/div><div class=\"vc-row-container vc-row-container--stretch-content\"><div data-vc-full-width=\"true\" data-vc-full-width-temp=\"true\" data-vc-full-width-init=\"false\" data-vc-stretch-content=\"true\" class=\"vc_row wpb_row vc_row-fluid vc_custom_1606256356850\"><div class=\"wpb_column vc_column_container vc_col-sm-6\"><div class=\"vc_column-inner\"><div class=\"wpb_wrapper\">\n\t<div data-lightbox-container=\"4\"   class=\"wpb_single_image wpb_content_element vc_align_left wpb_content_element wpb_animate_when_almost_visible wpb_slideInUp slideInUp\">\n\t\t\n\t\t<figure class=\"wpb_wrapper vc_figure\">\n\t\t\t<div class=\"vc_single_image-wrapper   vc_box_border_grey\"><img loading=\"lazy\" decoding=\"async\" width=\"1349\" height=\"1920\" src=\"https:\/\/www.chatillonarchitectes.com\/wp-content\/uploads\/2020\/11\/\u252c\u00aeVe\u2560uronique-Nosbaum_Palais-Lumie\u2560Cre_Chantier-37.jpg\" class=\"vc_single_image-img attachment-full\" alt=\"\" title=\"Palais Lumi\u00e8re \u00a9 V\u00e9ronique Nosbaum\" srcset=\"https:\/\/www.chatillonarchitectes.com\/wp-content\/uploads\/2020\/11\/\u252c\u00aeVe\u2560uronique-Nosbaum_Palais-Lumie\u2560Cre_Chantier-37.jpg 1349w, https:\/\/www.chatillonarchitectes.com\/wp-content\/uploads\/2020\/11\/\u252c\u00aeVe\u2560uronique-Nosbaum_Palais-Lumie\u2560Cre_Chantier-37-600x854.jpg 600w, https:\/\/www.chatillonarchitectes.com\/wp-content\/uploads\/2020\/11\/\u252c\u00aeVe\u2560uronique-Nosbaum_Palais-Lumie\u2560Cre_Chantier-37-211x300.jpg 211w, https:\/\/www.chatillonarchitectes.com\/wp-content\/uploads\/2020\/11\/\u252c\u00aeVe\u2560uronique-Nosbaum_Palais-Lumie\u2560Cre_Chantier-37-719x1024.jpg 719w, https:\/\/www.chatillonarchitectes.com\/wp-content\/uploads\/2020\/11\/\u252c\u00aeVe\u2560uronique-Nosbaum_Palais-Lumie\u2560Cre_Chantier-37-768x1093.jpg 768w, https:\/\/www.chatillonarchitectes.com\/wp-content\/uploads\/2020\/11\/\u252c\u00aeVe\u2560uronique-Nosbaum_Palais-Lumie\u2560Cre_Chantier-37-1079x1536.jpg 1079w, https:\/\/www.chatillonarchitectes.com\/wp-content\/uploads\/2020\/11\/\u252c\u00aeVe\u2560uronique-Nosbaum_Palais-Lumie\u2560Cre_Chantier-37-8x12.jpg 8w, https:\/\/www.chatillonarchitectes.com\/wp-content\/uploads\/2020\/11\/\u252c\u00aeVe\u2560uronique-Nosbaum_Palais-Lumie\u2560Cre_Chantier-37-1116x1588.jpg 1116w, https:\/\/www.chatillonarchitectes.com\/wp-content\/uploads\/2020\/11\/\u252c\u00aeVe\u2560uronique-Nosbaum_Palais-Lumie\u2560Cre_Chantier-37-806x1147.jpg 806w, https:\/\/www.chatillonarchitectes.com\/wp-content\/uploads\/2020\/11\/\u252c\u00aeVe\u2560uronique-Nosbaum_Palais-Lumie\u2560Cre_Chantier-37-558x794.jpg 558w, https:\/\/www.chatillonarchitectes.com\/wp-content\/uploads\/2020\/11\/\u252c\u00aeVe\u2560uronique-Nosbaum_Palais-Lumie\u2560Cre_Chantier-37-655x932.jpg 655w\" sizes=\"auto, (max-width: 1349px) 100vw, 1349px\" \/><\/div><figcaption class=\"vc_figure-caption\">\u00a9 V\u00e9ronique Nosbaum\n<\/figcaption>\n\t\t<\/figure>\n\t<\/div>\n<\/div><\/div><\/div><div class=\"wpb_column vc_column_container vc_col-sm-2\"><div class=\"vc_column-inner\"><div class=\"wpb_wrapper\"><\/div><\/div><\/div><div class=\"wpb_column vc_column_container vc_col-sm-4\"><div class=\"vc_column-inner\"><div class=\"wpb_wrapper\">\n\t<div class=\"wpb_text_column wpb_content_element post-formatting\" >\n\t\t<div class=\"wpb_wrapper\">\n\t\t\t<p class=\"translation-block\">The project required extensive redevelopment for the creation of a 300-seat lecture theatre, a municipal media library, and a museum. We decided to integrate our plan into the very structure of the building,\nretaining the magnificent glazed ceilings that had been slated for demolition, so that they may diffuse the natural light arriving from the glazed roof and reveal the former arrangement of the baths.<\/p>\n<p>In addition to restoring the facades and roofings, we also decided to restore the dome, which had been demolished. Visible from Lausanne on the opposing Swiss shore, it provides symbolic value to this monument destined to become a leading cultural centre for the city and surrounding area.<\/p>\n<p>This project conforms to the criteria of the French construction standard \u201cHaute Qualit\u00e9 Environnementale\u201d.<\/p>\n\n\t\t<\/div>\n\t<\/div>\n<\/div><\/div><\/div><\/div><div class=\"vc_row-full-width vc_clearfix\"><\/div><\/div><div class=\"vc-row-container vc-row-container--stretch-content\"><div data-vc-full-width=\"true\" data-vc-full-width-temp=\"true\" data-vc-full-width-init=\"false\" data-vc-stretch-content=\"true\" class=\"vc_row wpb_row vc_row-fluid vc_custom_1606256369690\"><div class=\"wpb_column vc_column_container vc_col-sm-2\"><div class=\"vc_column-inner\"><div class=\"wpb_wrapper\">\n\t<div class=\"wpb_text_column wpb_content_element post-formatting\" >\n\t\t<div class=\"wpb_wrapper\">\n\t\t\t<h6><strong>Location<\/strong><br \/>\n\u00c9vian-les-Bains<\/h6>\n<h6><strong>Project type<\/strong><br \/>\nRedevelopment<br \/>\nand restoration<\/h6>\n<h6><strong>Program<\/strong><br \/>\nCulture<\/h6>\n\n\t\t<\/div>\n\t<\/div>\n<\/div><\/div><\/div><div class=\"wpb_column vc_column_container vc_col-sm-2\"><div class=\"vc_column-inner\"><div class=\"wpb_wrapper\">\n\t<div class=\"wpb_text_column wpb_content_element post-formatting\" >\n\t\t<div class=\"wpb_wrapper\">\n\t\t\t<h6><strong>Project owner<\/strong><br \/>\nCity of \u00c9vian-les-Bains<\/h6>\n<h6><strong>Team<\/strong><br \/>\nChatillon Architectes<br \/>\n(associate architect),<br \/>\nMichel Spitz<br \/>\n(lead architect)<\/h6>\n\n\t\t<\/div>\n\t<\/div>\n<\/div><\/div><\/div><div class=\"wpb_column vc_column_container vc_col-sm-2\"><div class=\"vc_column-inner\"><div class=\"wpb_wrapper\">\n\t<div class=\"wpb_text_column wpb_content_element post-formatting\" >\n\t\t<div class=\"wpb_wrapper\">\n\t\t\t<h6><strong>Budget<\/strong><br \/>\n\u20ac 25m excl. VAT<\/h6>\n<h6><strong>Timeline<\/strong><br \/>\n2003-2007<\/h6>\n\n\t\t<\/div>\n\t<\/div>\n<\/div><\/div><\/div><div class=\"wpb_column vc_column_container vc_col-sm-6\"><div class=\"vc_column-inner\"><div class=\"wpb_wrapper\">\n\t<div data-lightbox-container=\"5\"   class=\"wpb_single_image wpb_content_element vc_align_left wpb_content_element wpb_animate_when_almost_visible wpb_slideInUp slideInUp\">\n\t\t\n\t\t<figure class=\"wpb_wrapper vc_figure\">\n\t\t\t<div class=\"vc_single_image-wrapper   vc_box_border_grey\"><img loading=\"lazy\" decoding=\"async\" width=\"2500\" height=\"1860\" src=\"https:\/\/www.chatillonarchitectes.com\/wp-content\/uploads\/2020\/11\/\u252c\u00aeInconnu_Palais-Lumie\u2560Cre_Livraison-17.jpg\" class=\"vc_single_image-img attachment-full\" alt=\"\" title=\"Palais Lumi\u00e8re \u00a9 V\u00e9ronique Nosbaum\" srcset=\"https:\/\/www.chatillonarchitectes.com\/wp-content\/uploads\/2020\/11\/\u252c\u00aeInconnu_Palais-Lumie\u2560Cre_Livraison-17.jpg 2500w, https:\/\/www.chatillonarchitectes.com\/wp-content\/uploads\/2020\/11\/\u252c\u00aeInconnu_Palais-Lumie\u2560Cre_Livraison-17-600x446.jpg 600w, https:\/\/www.chatillonarchitectes.com\/wp-content\/uploads\/2020\/11\/\u252c\u00aeInconnu_Palais-Lumie\u2560Cre_Livraison-17-300x223.jpg 300w, https:\/\/www.chatillonarchitectes.com\/wp-content\/uploads\/2020\/11\/\u252c\u00aeInconnu_Palais-Lumie\u2560Cre_Livraison-17-1024x762.jpg 1024w, https:\/\/www.chatillonarchitectes.com\/wp-content\/uploads\/2020\/11\/\u252c\u00aeInconnu_Palais-Lumie\u2560Cre_Livraison-17-768x571.jpg 768w, https:\/\/www.chatillonarchitectes.com\/wp-content\/uploads\/2020\/11\/\u252c\u00aeInconnu_Palais-Lumie\u2560Cre_Livraison-17-1536x1143.jpg 1536w, https:\/\/www.chatillonarchitectes.com\/wp-content\/uploads\/2020\/11\/\u252c\u00aeInconnu_Palais-Lumie\u2560Cre_Livraison-17-2048x1524.jpg 2048w, https:\/\/www.chatillonarchitectes.com\/wp-content\/uploads\/2020\/11\/\u252c\u00aeInconnu_Palais-Lumie\u2560Cre_Livraison-17-16x12.jpg 16w, https:\/\/www.chatillonarchitectes.com\/wp-content\/uploads\/2020\/11\/\u252c\u00aeInconnu_Palais-Lumie\u2560Cre_Livraison-17-1612x1199.jpg 1612w, https:\/\/www.chatillonarchitectes.com\/wp-content\/uploads\/2020\/11\/\u252c\u00aeInconnu_Palais-Lumie\u2560Cre_Livraison-17-1116x830.jpg 1116w, https:\/\/www.chatillonarchitectes.com\/wp-content\/uploads\/2020\/11\/\u252c\u00aeInconnu_Palais-Lumie\u2560Cre_Livraison-17-806x600.jpg 806w, https:\/\/www.chatillonarchitectes.com\/wp-content\/uploads\/2020\/11\/\u252c\u00aeInconnu_Palais-Lumie\u2560Cre_Livraison-17-558x415.jpg 558w, https:\/\/www.chatillonarchitectes.com\/wp-content\/uploads\/2020\/11\/\u252c\u00aeInconnu_Palais-Lumie\u2560Cre_Livraison-17-655x487.jpg 655w\" sizes=\"auto, (max-width: 2500px) 100vw, 2500px\" \/><\/div><figcaption class=\"vc_figure-caption\">\u00a9 V\u00e9ronique Nosbaum\n<\/figcaption>\n\t\t<\/figure>\n\t<\/div>\n<\/div><\/div><\/div><\/div><div class=\"vc_row-full-width vc_clearfix\"><\/div><\/div>\n<\/div>","protected":false},"excerpt":{"rendered":"\u00a9 V\u00e9ronique Nosbaum PALAIS LUMI\u00c8RE RECONVERSION DES ANCIENS THERMES D\u2019\u00c9VIAN-LES-BAINS EN CENTRE CULTUREL Palais Lumi\u00e8re est le nom donn\u00e9 \u00e0 l\u2019ancien \u00e9tablissement thermal d\u2019\u00c9vian-les-Bains en raison de sa proximit\u00e9 avec l\u2019ancienne r\u00e9sidence des fr\u00e8res Lumi\u00e8re, c\u00e9l\u00e8bres inventeurs du cin\u00e9matographe. Il a \u00e9t\u00e9 construit en 1902 par Ernest Brunnarius et Jean-Albert H\u00e9brard sur la rive du&hellip;","protected":false},"author":2,"featured_media":5521,"comment_status":"open","ping_status":"closed","template":"","meta":{"_acf_changed":false,"inline_featured_image":false,"footnotes":""},"portfolio_category":[102,103,104],"portfolio_tag":[],"class_list":["post-5510","portfolio","type-portfolio","status-publish","has-post-thumbnail","hentry","portfolio_category-musees","portfolio_category-spectacle-et-congres","portfolio_category-centres-culturels"],"acf":[],"_links":{"self":[{"href":"https:\/\/www.chatillonarchitectes.com\/en\/wp-json\/wp\/v2\/portfolio\/5510","targetHints":{"allow":["GET"]}}],"collection":[{"href":"https:\/\/www.chatillonarchitectes.com\/en\/wp-json\/wp\/v2\/portfolio"}],"about":[{"href":"https:\/\/www.chatillonarchitectes.com\/en\/wp-json\/wp\/v2\/types\/portfolio"}],"author":[{"embeddable":true,"href":"https:\/\/www.chatillonarchitectes.com\/en\/wp-json\/wp\/v2\/users\/2"}],"replies":[{"embeddable":true,"href":"https:\/\/www.chatillonarchitectes.com\/en\/wp-json\/wp\/v2\/comments?post=5510"}],"version-history":[{"count":6,"href":"https:\/\/www.chatillonarchitectes.com\/en\/wp-json\/wp\/v2\/portfolio\/5510\/revisions"}],"predecessor-version":[{"id":6087,"href":"https:\/\/www.chatillonarchitectes.com\/en\/wp-json\/wp\/v2\/portfolio\/5510\/revisions\/6087"}],"wp:featuredmedia":[{"embeddable":true,"href":"https:\/\/www.chatillonarchitectes.com\/en\/wp-json\/wp\/v2\/media\/5521"}],"wp:attachment":[{"href":"https:\/\/www.chatillonarchitectes.com\/en\/wp-json\/wp\/v2\/media?parent=5510"}],"wp:term":[{"taxonomy":"portfolio_category","embeddable":true,"href":"https:\/\/www.chatillonarchitectes.com\/en\/wp-json\/wp\/v2\/portfolio_category?post=5510"},{"taxonomy":"portfolio_tag","embeddable":true,"href":"https:\/\/www.chatillonarchitectes.com\/en\/wp-json\/wp\/v2\/portfolio_tag?post=5510"}],"curies":[{"name":"wp","href":"https:\/\/api.w.org\/{rel}","templated":true}]}}