{"id":4976,"date":"2020-10-27T11:13:14","date_gmt":"2020-10-27T10:13:14","guid":{"rendered":"https:\/\/www.chatillonarchitectes.com\/?page_id=4976"},"modified":"2024-10-10T12:42:30","modified_gmt":"2024-10-10T10:42:30","slug":"old_actus","status":"publish","type":"page","link":"https:\/\/www.chatillonarchitectes.com\/en\/old_actus\/","title":{"rendered":"Actualit\u00e9s_old"},"content":{"rendered":"<div class=\"wpb-content-wrapper\"><div class=\"vc-row-container vc-row-container--stretch-content\"><div data-vc-full-width=\"true\" data-vc-full-width-temp=\"true\" data-vc-full-width-init=\"false\" data-vc-stretch-content=\"true\" class=\"vc_row wpb_row vc_row-fluid vc_custom_1606297588972\"><div class=\"wpb_column vc_column_container vc_col-sm-12\"><div class=\"vc_column-inner\"><div class=\"wpb_wrapper\">    <div id=\"blogposts-427469f4d93c0e4a0\"\n         class=\"row lab-blog-posts cols-3 posts-layout-top display-loading\"  data-masonry-mode=\"masonry\">\n\n\t\t<div class=\"blog-post-column\">                <div class=\"blog-post-entry post-10075 post type-post status-publish format-standard has-post-thumbnail hentry category-non-classe\">\n\t\t\t\t\t                            <div class=\"blog-post-image\">\n                                <a href=\"https:\/\/www.chatillonarchitectes.com\/en\/inauguration-du-red-sea-museum-a-djeddah\/\" target=\"\" rel=\"bookmark\">\n\n\t\t\t\t\t\t\t\t\t<span class=\"image-placeholder\" style=\"padding-bottom:66.68000000%\"><img width=\"2500\" height=\"1667\" class=\"img-responsive attachment-full img-1 lazyload\" title=\"Courtesy of Red Sea Museum, Museums Commission 8\" alt=\"\" data-src=\"https:\/\/www.chatillonarchitectes.com\/wp-content\/uploads\/2026\/01\/Courtesy-of-Red-Sea-Museum-Museums-Commission-1.jpg\" data-srcset=\"https:\/\/www.chatillonarchitectes.com\/wp-content\/uploads\/2026\/01\/Courtesy-of-Red-Sea-Museum-Museums-Commission-1.jpg 2500w, https:\/\/www.chatillonarchitectes.com\/wp-content\/uploads\/2026\/01\/Courtesy-of-Red-Sea-Museum-Museums-Commission-1-300x200.jpg 300w, https:\/\/www.chatillonarchitectes.com\/wp-content\/uploads\/2026\/01\/Courtesy-of-Red-Sea-Museum-Museums-Commission-1-1024x683.jpg 1024w, https:\/\/www.chatillonarchitectes.com\/wp-content\/uploads\/2026\/01\/Courtesy-of-Red-Sea-Museum-Museums-Commission-1-768x512.jpg 768w, https:\/\/www.chatillonarchitectes.com\/wp-content\/uploads\/2026\/01\/Courtesy-of-Red-Sea-Museum-Museums-Commission-1-1536x1024.jpg 1536w, https:\/\/www.chatillonarchitectes.com\/wp-content\/uploads\/2026\/01\/Courtesy-of-Red-Sea-Museum-Museums-Commission-1-2048x1366.jpg 2048w, https:\/\/www.chatillonarchitectes.com\/wp-content\/uploads\/2026\/01\/Courtesy-of-Red-Sea-Museum-Museums-Commission-1-18x12.jpg 18w, https:\/\/www.chatillonarchitectes.com\/wp-content\/uploads\/2026\/01\/Courtesy-of-Red-Sea-Museum-Museums-Commission-1-1612x1075.jpg 1612w, https:\/\/www.chatillonarchitectes.com\/wp-content\/uploads\/2026\/01\/Courtesy-of-Red-Sea-Museum-Museums-Commission-1-1116x744.jpg 1116w, https:\/\/www.chatillonarchitectes.com\/wp-content\/uploads\/2026\/01\/Courtesy-of-Red-Sea-Museum-Museums-Commission-1-806x537.jpg 806w, https:\/\/www.chatillonarchitectes.com\/wp-content\/uploads\/2026\/01\/Courtesy-of-Red-Sea-Museum-Museums-Commission-1-558x372.jpg 558w, https:\/\/www.chatillonarchitectes.com\/wp-content\/uploads\/2026\/01\/Courtesy-of-Red-Sea-Museum-Museums-Commission-1-600x400.jpg 600w\" data-sizes=\"(max-width: 2500px) 100vw, 2500px\" \/><\/span>\n                                    <span class=\"hover-display\">\n\t\t\t\t\t\t\t\t\t\t\t\t\t\t\t\t\t\t\t<span class=\"custom-hover-icon\"><\/span>\t\t\t\t\t\t\t\t\t\t\t\t\t\t\t\t\t<\/span>\n                                <\/a>\n                            <\/div>\n\t\t\t\t\t\t\t                    <div class=\"blog-post-content-container\">\n\n\t\t\t\t\t\t                            <div class=\"blog-post-date\">\n\t\t\t\t\t\t\t\t5 December 2025                            <\/div>\n\t\t\t\t\t\t\n                        <h3 class=\"blog-post-title\">\n                            <a href=\"https:\/\/www.chatillonarchitectes.com\/en\/inauguration-du-red-sea-museum-a-djeddah\/\" target=\"\" rel=\"bookmark\">Inauguration du Red Sea Museum \u00e0 Djeddah<\/a>\n                        <\/h3>\n\n\t\t\t\t\t\t                            <div class=\"blog-post-excerpt\">\n\t\t\t\t\t\t\t\t<p>Nous avons eu le plaisir de c\u00e9l\u00e9brer l\u2019inauguration du Red &hellip;<\/p>                            <\/div>\n\t\t\t\t\t\t\n                        \n                    <\/div>\n\t\t\t\t\t                <\/div>\n\t\t\t\t<\/div><div class=\"blog-post-column\">                <div class=\"blog-post-entry post-10047 post type-post status-publish format-standard has-post-thumbnail hentry category-non-classe\">\n\t\t\t\t\t                            <div class=\"blog-post-image\">\n                                <a href=\"https:\/\/www.chatillonarchitectes.com\/en\/le-grand-palais-recompense-parmi-les-plus-beaux-musees-du-monde\/\" target=\"\" rel=\"bookmark\">\n\n\t\t\t\t\t\t\t\t\t<span class=\"image-placeholder\" style=\"padding-bottom:69.80000000%\"><img width=\"2500\" height=\"1745\" class=\"img-responsive attachment-full img-2 lazyload\" title=\"DSC06764\" alt=\"\" data-src=\"https:\/\/www.chatillonarchitectes.com\/wp-content\/uploads\/2025\/12\/DSC06764.jpg\" data-srcset=\"https:\/\/www.chatillonarchitectes.com\/wp-content\/uploads\/2025\/12\/DSC06764.jpg 2500w, https:\/\/www.chatillonarchitectes.com\/wp-content\/uploads\/2025\/12\/DSC06764-300x209.jpg 300w, https:\/\/www.chatillonarchitectes.com\/wp-content\/uploads\/2025\/12\/DSC06764-1024x715.jpg 1024w, https:\/\/www.chatillonarchitectes.com\/wp-content\/uploads\/2025\/12\/DSC06764-768x536.jpg 768w, https:\/\/www.chatillonarchitectes.com\/wp-content\/uploads\/2025\/12\/DSC06764-1536x1072.jpg 1536w, https:\/\/www.chatillonarchitectes.com\/wp-content\/uploads\/2025\/12\/DSC06764-2048x1430.jpg 2048w, https:\/\/www.chatillonarchitectes.com\/wp-content\/uploads\/2025\/12\/DSC06764-18x12.jpg 18w, https:\/\/www.chatillonarchitectes.com\/wp-content\/uploads\/2025\/12\/DSC06764-468x328.jpg 468w, https:\/\/www.chatillonarchitectes.com\/wp-content\/uploads\/2025\/12\/DSC06764-1612x1125.jpg 1612w, https:\/\/www.chatillonarchitectes.com\/wp-content\/uploads\/2025\/12\/DSC06764-1116x779.jpg 1116w, https:\/\/www.chatillonarchitectes.com\/wp-content\/uploads\/2025\/12\/DSC06764-806x563.jpg 806w, https:\/\/www.chatillonarchitectes.com\/wp-content\/uploads\/2025\/12\/DSC06764-558x389.jpg 558w, https:\/\/www.chatillonarchitectes.com\/wp-content\/uploads\/2025\/12\/DSC06764-600x419.jpg 600w\" data-sizes=\"(max-width: 2500px) 100vw, 2500px\" \/><\/span>\n                                    <span class=\"hover-display\">\n\t\t\t\t\t\t\t\t\t\t\t\t\t\t\t\t\t\t\t<span class=\"custom-hover-icon\"><\/span>\t\t\t\t\t\t\t\t\t\t\t\t\t\t\t\t\t<\/span>\n                                <\/a>\n                            <\/div>\n\t\t\t\t\t\t\t                    <div class=\"blog-post-content-container\">\n\n\t\t\t\t\t\t                            <div class=\"blog-post-date\">\n\t\t\t\t\t\t\t\t4 December 2025                            <\/div>\n\t\t\t\t\t\t\n                        <h3 class=\"blog-post-title\">\n                            <a href=\"https:\/\/www.chatillonarchitectes.com\/en\/le-grand-palais-recompense-parmi-les-plus-beaux-musees-du-monde\/\" target=\"\" rel=\"bookmark\">Le Grand Palais r\u00e9compens\u00e9 parmi les plus beaux mus\u00e9es du monde<\/a>\n                        <\/h3>\n\n\t\t\t\t\t\t                            <div class=\"blog-post-excerpt\">\n\t\t\t\t\t\t\t\t<p>Le 4 d\u00e9cembre 2025, la C\u00e9r\u00e9monie mondiale du Prix Versailles &hellip;<\/p>                            <\/div>\n\t\t\t\t\t\t\n                        \n                    <\/div>\n\t\t\t\t\t                <\/div>\n\t\t\t\t<\/div><div class=\"blog-post-column\">                <div class=\"blog-post-entry post-10017 post type-post status-publish format-standard has-post-thumbnail hentry category-non-classe\">\n\t\t\t\t\t                            <div class=\"blog-post-image\">\n                                <a href=\"https:\/\/www.chatillonarchitectes.com\/en\/modeliser-lincertitude-le-grand-palais-comme-laboratoire-du-diagnostic-numerique\/\" target=\"\" rel=\"bookmark\">\n\n\t\t\t\t\t\t\t\t\t<span class=\"image-placeholder\" style=\"padding-bottom:61.22666667%\"><img width=\"1875\" height=\"1148\" class=\"img-responsive attachment-full img-3 lazyload\" title=\"GP - nuage de point \u00a9 Chatillon Architectes\" alt=\"\" data-src=\"https:\/\/www.chatillonarchitectes.com\/wp-content\/uploads\/2025\/11\/GP-nuage-de-point-\u00a9-Chatillon-Architectes.jpg\" data-srcset=\"https:\/\/www.chatillonarchitectes.com\/wp-content\/uploads\/2025\/11\/GP-nuage-de-point-\u00a9-Chatillon-Architectes.jpg 1875w, https:\/\/www.chatillonarchitectes.com\/wp-content\/uploads\/2025\/11\/GP-nuage-de-point-\u00a9-Chatillon-Architectes-300x184.jpg 300w, https:\/\/www.chatillonarchitectes.com\/wp-content\/uploads\/2025\/11\/GP-nuage-de-point-\u00a9-Chatillon-Architectes-1024x627.jpg 1024w, https:\/\/www.chatillonarchitectes.com\/wp-content\/uploads\/2025\/11\/GP-nuage-de-point-\u00a9-Chatillon-Architectes-768x470.jpg 768w, https:\/\/www.chatillonarchitectes.com\/wp-content\/uploads\/2025\/11\/GP-nuage-de-point-\u00a9-Chatillon-Architectes-1536x940.jpg 1536w, https:\/\/www.chatillonarchitectes.com\/wp-content\/uploads\/2025\/11\/GP-nuage-de-point-\u00a9-Chatillon-Architectes-18x12.jpg 18w, https:\/\/www.chatillonarchitectes.com\/wp-content\/uploads\/2025\/11\/GP-nuage-de-point-\u00a9-Chatillon-Architectes-1612x987.jpg 1612w, https:\/\/www.chatillonarchitectes.com\/wp-content\/uploads\/2025\/11\/GP-nuage-de-point-\u00a9-Chatillon-Architectes-1116x683.jpg 1116w, https:\/\/www.chatillonarchitectes.com\/wp-content\/uploads\/2025\/11\/GP-nuage-de-point-\u00a9-Chatillon-Architectes-806x493.jpg 806w, https:\/\/www.chatillonarchitectes.com\/wp-content\/uploads\/2025\/11\/GP-nuage-de-point-\u00a9-Chatillon-Architectes-558x342.jpg 558w, https:\/\/www.chatillonarchitectes.com\/wp-content\/uploads\/2025\/11\/GP-nuage-de-point-\u00a9-Chatillon-Architectes-600x367.jpg 600w\" data-sizes=\"(max-width: 1875px) 100vw, 1875px\" \/><\/span>\n                                    <span class=\"hover-display\">\n\t\t\t\t\t\t\t\t\t\t\t\t\t\t\t\t\t\t\t<span class=\"custom-hover-icon\"><\/span>\t\t\t\t\t\t\t\t\t\t\t\t\t\t\t\t\t<\/span>\n                                <\/a>\n                            <\/div>\n\t\t\t\t\t\t\t                    <div class=\"blog-post-content-container\">\n\n\t\t\t\t\t\t                            <div class=\"blog-post-date\">\n\t\t\t\t\t\t\t\t25 November 2025                            <\/div>\n\t\t\t\t\t\t\n                        <h3 class=\"blog-post-title\">\n                            <a href=\"https:\/\/www.chatillonarchitectes.com\/en\/modeliser-lincertitude-le-grand-palais-comme-laboratoire-du-diagnostic-numerique\/\" target=\"\" rel=\"bookmark\">Mod\u00e9liser l\u2019incertitude : le Grand Palais comme laboratoire du diagnostic num\u00e9rique<\/a>\n                        <\/h3>\n\n\t\t\t\t\t\t                            <div class=\"blog-post-excerpt\">\n\t\t\t\t\t\t\t\t<p>Le magazine La Pierre d\u2019Angle, publi\u00e9 par l\u2019Association Nationale des &hellip;<\/p>                            <\/div>\n\t\t\t\t\t\t\n                        \n                    <\/div>\n\t\t\t\t\t                <\/div>\n\t\t\t\t<\/div><div class=\"blog-post-column\">                <div class=\"blog-post-entry post-10024 post type-post status-publish format-standard has-post-thumbnail hentry category-non-classe\">\n\t\t\t\t\t                            <div class=\"blog-post-image\">\n                                <a href=\"https:\/\/www.chatillonarchitectes.com\/en\/release-aec-francois-chatillon-et-la-transformation-numerique-des-projets-architecturaux\/\" target=\"\" rel=\"bookmark\">\n\n\t\t\t\t\t\t\t\t\t<span class=\"image-placeholder\" style=\"padding-bottom:66.71875000%\"><img width=\"1920\" height=\"1281\" class=\"img-responsive attachment-full img-4 lazyload\" title=\"2025-11-17 RELEASE AEC\" alt=\"\" data-src=\"https:\/\/www.chatillonarchitectes.com\/wp-content\/uploads\/2025\/11\/2025-11-17-RELEASE-AEC-KEYNOTE-96dpi-83.jpg\" data-srcset=\"https:\/\/www.chatillonarchitectes.com\/wp-content\/uploads\/2025\/11\/2025-11-17-RELEASE-AEC-KEYNOTE-96dpi-83.jpg 1920w, https:\/\/www.chatillonarchitectes.com\/wp-content\/uploads\/2025\/11\/2025-11-17-RELEASE-AEC-KEYNOTE-96dpi-83-300x200.jpg 300w, https:\/\/www.chatillonarchitectes.com\/wp-content\/uploads\/2025\/11\/2025-11-17-RELEASE-AEC-KEYNOTE-96dpi-83-1024x683.jpg 1024w, https:\/\/www.chatillonarchitectes.com\/wp-content\/uploads\/2025\/11\/2025-11-17-RELEASE-AEC-KEYNOTE-96dpi-83-768x512.jpg 768w, https:\/\/www.chatillonarchitectes.com\/wp-content\/uploads\/2025\/11\/2025-11-17-RELEASE-AEC-KEYNOTE-96dpi-83-1536x1025.jpg 1536w, https:\/\/www.chatillonarchitectes.com\/wp-content\/uploads\/2025\/11\/2025-11-17-RELEASE-AEC-KEYNOTE-96dpi-83-18x12.jpg 18w, https:\/\/www.chatillonarchitectes.com\/wp-content\/uploads\/2025\/11\/2025-11-17-RELEASE-AEC-KEYNOTE-96dpi-83-1612x1076.jpg 1612w, https:\/\/www.chatillonarchitectes.com\/wp-content\/uploads\/2025\/11\/2025-11-17-RELEASE-AEC-KEYNOTE-96dpi-83-1116x745.jpg 1116w, https:\/\/www.chatillonarchitectes.com\/wp-content\/uploads\/2025\/11\/2025-11-17-RELEASE-AEC-KEYNOTE-96dpi-83-806x538.jpg 806w, https:\/\/www.chatillonarchitectes.com\/wp-content\/uploads\/2025\/11\/2025-11-17-RELEASE-AEC-KEYNOTE-96dpi-83-558x372.jpg 558w, https:\/\/www.chatillonarchitectes.com\/wp-content\/uploads\/2025\/11\/2025-11-17-RELEASE-AEC-KEYNOTE-96dpi-83-600x400.jpg 600w\" data-sizes=\"(max-width: 1920px) 100vw, 1920px\" \/><\/span>\n                                    <span class=\"hover-display\">\n\t\t\t\t\t\t\t\t\t\t\t\t\t\t\t\t\t\t\t<span class=\"custom-hover-icon\"><\/span>\t\t\t\t\t\t\t\t\t\t\t\t\t\t\t\t\t<\/span>\n                                <\/a>\n                            <\/div>\n\t\t\t\t\t\t\t                    <div class=\"blog-post-content-container\">\n\n\t\t\t\t\t\t                            <div class=\"blog-post-date\">\n\t\t\t\t\t\t\t\t17 November 2025                            <\/div>\n\t\t\t\t\t\t\n                        <h3 class=\"blog-post-title\">\n                            <a href=\"https:\/\/www.chatillonarchitectes.com\/en\/release-aec-francois-chatillon-et-la-transformation-numerique-des-projets-architecturaux\/\" target=\"\" rel=\"bookmark\">Fran\u00e7ois Chatillon \u00e0 RELEASE [AEC] : la technologie au service du patrimoine architectural<\/a>\n                        <\/h3>\n\n\t\t\t\t\t\t                            <div class=\"blog-post-excerpt\">\n\t\t\t\t\t\t\t\t<p>Dans le cadre de la premi\u00e8re \u00e9dition de RELEASE [AEC], &hellip;<\/p>                            <\/div>\n\t\t\t\t\t\t\n                        \n                    <\/div>\n\t\t\t\t\t                <\/div>\n\t\t\t\t<\/div><div class=\"blog-post-column\">                <div class=\"blog-post-entry post-9998 post type-post status-publish format-standard has-post-thumbnail hentry category-non-classe\">\n\t\t\t\t\t                            <div class=\"blog-post-image\">\n                                <a href=\"https:\/\/www.chatillonarchitectes.com\/en\/le-quadrilatere-de-beauvais-une-renaissance-architecturale-et-culturelle\/\" target=\"\" rel=\"bookmark\">\n\n\t\t\t\t\t\t\t\t\t<span class=\"image-placeholder\" style=\"padding-bottom:66.68000000%\"><img width=\"2500\" height=\"1667\" class=\"img-responsive attachment-full img-5 lazyload\" title=\"Antoine Mercusot\" alt=\"\" data-src=\"https:\/\/www.chatillonarchitectes.com\/wp-content\/uploads\/2023\/09\/B8A8007-Avec-accentuation-NR-copie.jpg\" data-srcset=\"https:\/\/www.chatillonarchitectes.com\/wp-content\/uploads\/2023\/09\/B8A8007-Avec-accentuation-NR-copie.jpg 2500w, https:\/\/www.chatillonarchitectes.com\/wp-content\/uploads\/2023\/09\/B8A8007-Avec-accentuation-NR-copie-300x200.jpg 300w, https:\/\/www.chatillonarchitectes.com\/wp-content\/uploads\/2023\/09\/B8A8007-Avec-accentuation-NR-copie-1024x683.jpg 1024w, https:\/\/www.chatillonarchitectes.com\/wp-content\/uploads\/2023\/09\/B8A8007-Avec-accentuation-NR-copie-768x512.jpg 768w, https:\/\/www.chatillonarchitectes.com\/wp-content\/uploads\/2023\/09\/B8A8007-Avec-accentuation-NR-copie-1536x1024.jpg 1536w, https:\/\/www.chatillonarchitectes.com\/wp-content\/uploads\/2023\/09\/B8A8007-Avec-accentuation-NR-copie-2048x1366.jpg 2048w, https:\/\/www.chatillonarchitectes.com\/wp-content\/uploads\/2023\/09\/B8A8007-Avec-accentuation-NR-copie-18x12.jpg 18w, https:\/\/www.chatillonarchitectes.com\/wp-content\/uploads\/2023\/09\/B8A8007-Avec-accentuation-NR-copie-1612x1075.jpg 1612w, https:\/\/www.chatillonarchitectes.com\/wp-content\/uploads\/2023\/09\/B8A8007-Avec-accentuation-NR-copie-1116x744.jpg 1116w, https:\/\/www.chatillonarchitectes.com\/wp-content\/uploads\/2023\/09\/B8A8007-Avec-accentuation-NR-copie-806x537.jpg 806w, https:\/\/www.chatillonarchitectes.com\/wp-content\/uploads\/2023\/09\/B8A8007-Avec-accentuation-NR-copie-558x372.jpg 558w, https:\/\/www.chatillonarchitectes.com\/wp-content\/uploads\/2023\/09\/B8A8007-Avec-accentuation-NR-copie-600x400.jpg 600w\" data-sizes=\"(max-width: 2500px) 100vw, 2500px\" \/><\/span>\n                                    <span class=\"hover-display\">\n\t\t\t\t\t\t\t\t\t\t\t\t\t\t\t\t\t\t\t<span class=\"custom-hover-icon\"><\/span>\t\t\t\t\t\t\t\t\t\t\t\t\t\t\t\t\t<\/span>\n                                <\/a>\n                            <\/div>\n\t\t\t\t\t\t\t                    <div class=\"blog-post-content-container\">\n\n\t\t\t\t\t\t                            <div class=\"blog-post-date\">\n\t\t\t\t\t\t\t\t4 November 2025                            <\/div>\n\t\t\t\t\t\t\n                        <h3 class=\"blog-post-title\">\n                            <a href=\"https:\/\/www.chatillonarchitectes.com\/en\/le-quadrilatere-de-beauvais-une-renaissance-architecturale-et-culturelle\/\" target=\"\" rel=\"bookmark\">Le Quadrilat\u00e8re de Beauvais : une renaissance architecturale et culturelle<\/a>\n                        <\/h3>\n\n\t\t\t\t\t\t                            <div class=\"blog-post-excerpt\">\n\t\t\t\t\t\t\t\t<p>&nbsp;<\/p>\n<p>D\u00e9couvrez le film consacr\u00e9 au Quadrilat\u00e8re de Beauvais, centre &hellip;<\/p>                            <\/div>\n\t\t\t\t\t\t\n                        \n                    <\/div>\n\t\t\t\t\t                <\/div>\n\t\t\t\t<\/div><div class=\"blog-post-column\">                <div class=\"blog-post-entry post-9899 post type-post status-publish format-standard has-post-thumbnail hentry category-non-classe\">\n\t\t\t\t\t                            <div class=\"blog-post-image\">\n                                <a href=\"https:\/\/www.chatillonarchitectes.com\/en\/lancement-du-livre-grand-palais-2025\/\" target=\"\" rel=\"bookmark\">\n\n\t\t\t\t\t\t\t\t\t<span class=\"image-placeholder\" style=\"padding-bottom:66.68000000%\"><img width=\"2500\" height=\"1667\" class=\"img-responsive attachment-full img-6 lazyload\" title=\"_B8A4258\u252c\u00aeAntoine Mercusot-Chatillon Architectes\" alt=\"\" data-src=\"https:\/\/www.chatillonarchitectes.com\/wp-content\/uploads\/2025\/09\/B8A4258\u252c\u00aeAntoine-Mercusot-Chatillon-Architectes.jpg\" data-srcset=\"https:\/\/www.chatillonarchitectes.com\/wp-content\/uploads\/2025\/09\/B8A4258\u252c\u00aeAntoine-Mercusot-Chatillon-Architectes.jpg 2500w, https:\/\/www.chatillonarchitectes.com\/wp-content\/uploads\/2025\/09\/B8A4258\u252c\u00aeAntoine-Mercusot-Chatillon-Architectes-300x200.jpg 300w, https:\/\/www.chatillonarchitectes.com\/wp-content\/uploads\/2025\/09\/B8A4258\u252c\u00aeAntoine-Mercusot-Chatillon-Architectes-1024x683.jpg 1024w, https:\/\/www.chatillonarchitectes.com\/wp-content\/uploads\/2025\/09\/B8A4258\u252c\u00aeAntoine-Mercusot-Chatillon-Architectes-768x512.jpg 768w, https:\/\/www.chatillonarchitectes.com\/wp-content\/uploads\/2025\/09\/B8A4258\u252c\u00aeAntoine-Mercusot-Chatillon-Architectes-1536x1024.jpg 1536w, https:\/\/www.chatillonarchitectes.com\/wp-content\/uploads\/2025\/09\/B8A4258\u252c\u00aeAntoine-Mercusot-Chatillon-Architectes-2048x1366.jpg 2048w, https:\/\/www.chatillonarchitectes.com\/wp-content\/uploads\/2025\/09\/B8A4258\u252c\u00aeAntoine-Mercusot-Chatillon-Architectes-18x12.jpg 18w, https:\/\/www.chatillonarchitectes.com\/wp-content\/uploads\/2025\/09\/B8A4258\u252c\u00aeAntoine-Mercusot-Chatillon-Architectes-1612x1075.jpg 1612w, https:\/\/www.chatillonarchitectes.com\/wp-content\/uploads\/2025\/09\/B8A4258\u252c\u00aeAntoine-Mercusot-Chatillon-Architectes-1116x744.jpg 1116w, https:\/\/www.chatillonarchitectes.com\/wp-content\/uploads\/2025\/09\/B8A4258\u252c\u00aeAntoine-Mercusot-Chatillon-Architectes-806x537.jpg 806w, https:\/\/www.chatillonarchitectes.com\/wp-content\/uploads\/2025\/09\/B8A4258\u252c\u00aeAntoine-Mercusot-Chatillon-Architectes-558x372.jpg 558w, https:\/\/www.chatillonarchitectes.com\/wp-content\/uploads\/2025\/09\/B8A4258\u252c\u00aeAntoine-Mercusot-Chatillon-Architectes-600x400.jpg 600w\" data-sizes=\"(max-width: 2500px) 100vw, 2500px\" \/><\/span>\n                                    <span class=\"hover-display\">\n\t\t\t\t\t\t\t\t\t\t\t\t\t\t\t\t\t\t\t<span class=\"custom-hover-icon\"><\/span>\t\t\t\t\t\t\t\t\t\t\t\t\t\t\t\t\t<\/span>\n                                <\/a>\n                            <\/div>\n\t\t\t\t\t\t\t                    <div class=\"blog-post-content-container\">\n\n\t\t\t\t\t\t                            <div class=\"blog-post-date\">\n\t\t\t\t\t\t\t\t19 September 2025                            <\/div>\n\t\t\t\t\t\t\n                        <h3 class=\"blog-post-title\">\n                            <a href=\"https:\/\/www.chatillonarchitectes.com\/en\/lancement-du-livre-grand-palais-2025\/\" target=\"\" rel=\"bookmark\">Lancement du livre Grand Palais 2025<\/a>\n                        <\/h3>\n\n\t\t\t\t\t\t                            <div class=\"blog-post-excerpt\">\n\t\t\t\t\t\t\t\t<p>Nous sommes heureux d\u2019annoncer la parution du livre <em>Grand Palais <\/em>&hellip;<\/p>                            <\/div>\n\t\t\t\t\t\t\n                        \n                    <\/div>\n\t\t\t\t\t                <\/div>\n\t\t\t\t<\/div><div class=\"blog-post-column\">                <div class=\"blog-post-entry post-9867 post type-post status-publish format-standard has-post-thumbnail hentry category-non-classe category-conferences category-projets\">\n\t\t\t\t\t                            <div class=\"blog-post-image\">\n                                <a href=\"https:\/\/www.chatillonarchitectes.com\/en\/francois-chatillon-met-en-lumiere-la-renovation-du-grand-palais-au-sibca-2025\/\" target=\"\" rel=\"bookmark\">\n\n\t\t\t\t\t\t\t\t\t<span class=\"image-placeholder\" style=\"padding-bottom:71.72000000%\"><img width=\"2500\" height=\"1793\" class=\"img-responsive attachment-full img-7 lazyload\" title=\"IMG_0692_retouches\" alt=\"\" data-src=\"https:\/\/www.chatillonarchitectes.com\/wp-content\/uploads\/2025\/09\/IMG_0692_retouches.jpg\" data-srcset=\"https:\/\/www.chatillonarchitectes.com\/wp-content\/uploads\/2025\/09\/IMG_0692_retouches.jpg 2500w, https:\/\/www.chatillonarchitectes.com\/wp-content\/uploads\/2025\/09\/IMG_0692_retouches-300x215.jpg 300w, https:\/\/www.chatillonarchitectes.com\/wp-content\/uploads\/2025\/09\/IMG_0692_retouches-1024x734.jpg 1024w, https:\/\/www.chatillonarchitectes.com\/wp-content\/uploads\/2025\/09\/IMG_0692_retouches-768x551.jpg 768w, https:\/\/www.chatillonarchitectes.com\/wp-content\/uploads\/2025\/09\/IMG_0692_retouches-1536x1102.jpg 1536w, https:\/\/www.chatillonarchitectes.com\/wp-content\/uploads\/2025\/09\/IMG_0692_retouches-2048x1469.jpg 2048w, https:\/\/www.chatillonarchitectes.com\/wp-content\/uploads\/2025\/09\/IMG_0692_retouches-18x12.jpg 18w, https:\/\/www.chatillonarchitectes.com\/wp-content\/uploads\/2025\/09\/IMG_0692_retouches-1612x1156.jpg 1612w, https:\/\/www.chatillonarchitectes.com\/wp-content\/uploads\/2025\/09\/IMG_0692_retouches-1116x800.jpg 1116w, https:\/\/www.chatillonarchitectes.com\/wp-content\/uploads\/2025\/09\/IMG_0692_retouches-806x578.jpg 806w, https:\/\/www.chatillonarchitectes.com\/wp-content\/uploads\/2025\/09\/IMG_0692_retouches-558x400.jpg 558w, https:\/\/www.chatillonarchitectes.com\/wp-content\/uploads\/2025\/09\/IMG_0692_retouches-600x430.jpg 600w\" data-sizes=\"(max-width: 2500px) 100vw, 2500px\" \/><\/span>\n                                    <span class=\"hover-display\">\n\t\t\t\t\t\t\t\t\t\t\t\t\t\t\t\t\t\t\t<span class=\"custom-hover-icon\"><\/span>\t\t\t\t\t\t\t\t\t\t\t\t\t\t\t\t\t<\/span>\n                                <\/a>\n                            <\/div>\n\t\t\t\t\t\t\t                    <div class=\"blog-post-content-container\">\n\n\t\t\t\t\t\t                            <div class=\"blog-post-date\">\n\t\t\t\t\t\t\t\t8 September 2025                            <\/div>\n\t\t\t\t\t\t\n                        <h3 class=\"blog-post-title\">\n                            <a href=\"https:\/\/www.chatillonarchitectes.com\/en\/francois-chatillon-met-en-lumiere-la-renovation-du-grand-palais-au-sibca-2025\/\" target=\"\" rel=\"bookmark\">Fran\u00e7ois Chatillon met en lumi\u00e8re la r\u00e9novation du Grand Palais au SIBCA 2025<\/a>\n                        <\/h3>\n\n\t\t\t\t\t\t                            <div class=\"blog-post-excerpt\">\n\t\t\t\t\t\t\t\t<p>Le Grand Palais de Paris a accueilli la quatri\u00e8me \u00e9dition &hellip;<\/p>                            <\/div>\n\t\t\t\t\t\t\n                        \n                    <\/div>\n\t\t\t\t\t                <\/div>\n\t\t\t\t<\/div><div class=\"blog-post-column\">                <div class=\"blog-post-entry post-9833 post type-post status-publish format-standard has-post-thumbnail hentry category-non-classe category-projets\">\n\t\t\t\t\t                            <div class=\"blog-post-image\">\n                                <a href=\"https:\/\/www.chatillonarchitectes.com\/en\/la-grande-nef-renait-un-heritage-sportif-reinvente\/\" target=\"\" rel=\"bookmark\">\n\n\t\t\t\t\t\t\t\t\t<span class=\"image-placeholder\" style=\"padding-bottom:66.64000000%\"><img width=\"2500\" height=\"1666\" class=\"img-responsive attachment-full img-8 lazyload\" title=\"_B8A2902_R\u00a9Antoine Mercusot-Chatillon Architectes\" alt=\"\" data-src=\"https:\/\/www.chatillonarchitectes.com\/wp-content\/uploads\/2025\/09\/B8A2902_R\u00a9Antoine-Mercusot-Chatillon-Architectes.jpg\" data-srcset=\"https:\/\/www.chatillonarchitectes.com\/wp-content\/uploads\/2025\/09\/B8A2902_R\u00a9Antoine-Mercusot-Chatillon-Architectes.jpg 2500w, https:\/\/www.chatillonarchitectes.com\/wp-content\/uploads\/2025\/09\/B8A2902_R\u00a9Antoine-Mercusot-Chatillon-Architectes-300x200.jpg 300w, https:\/\/www.chatillonarchitectes.com\/wp-content\/uploads\/2025\/09\/B8A2902_R\u00a9Antoine-Mercusot-Chatillon-Architectes-1024x682.jpg 1024w, https:\/\/www.chatillonarchitectes.com\/wp-content\/uploads\/2025\/09\/B8A2902_R\u00a9Antoine-Mercusot-Chatillon-Architectes-768x512.jpg 768w, https:\/\/www.chatillonarchitectes.com\/wp-content\/uploads\/2025\/09\/B8A2902_R\u00a9Antoine-Mercusot-Chatillon-Architectes-1536x1024.jpg 1536w, https:\/\/www.chatillonarchitectes.com\/wp-content\/uploads\/2025\/09\/B8A2902_R\u00a9Antoine-Mercusot-Chatillon-Architectes-2048x1365.jpg 2048w, https:\/\/www.chatillonarchitectes.com\/wp-content\/uploads\/2025\/09\/B8A2902_R\u00a9Antoine-Mercusot-Chatillon-Architectes-18x12.jpg 18w, https:\/\/www.chatillonarchitectes.com\/wp-content\/uploads\/2025\/09\/B8A2902_R\u00a9Antoine-Mercusot-Chatillon-Architectes-1612x1074.jpg 1612w, https:\/\/www.chatillonarchitectes.com\/wp-content\/uploads\/2025\/09\/B8A2902_R\u00a9Antoine-Mercusot-Chatillon-Architectes-1116x744.jpg 1116w, https:\/\/www.chatillonarchitectes.com\/wp-content\/uploads\/2025\/09\/B8A2902_R\u00a9Antoine-Mercusot-Chatillon-Architectes-806x537.jpg 806w, https:\/\/www.chatillonarchitectes.com\/wp-content\/uploads\/2025\/09\/B8A2902_R\u00a9Antoine-Mercusot-Chatillon-Architectes-558x372.jpg 558w, https:\/\/www.chatillonarchitectes.com\/wp-content\/uploads\/2025\/09\/B8A2902_R\u00a9Antoine-Mercusot-Chatillon-Architectes-600x400.jpg 600w\" data-sizes=\"(max-width: 2500px) 100vw, 2500px\" \/><\/span>\n                                    <span class=\"hover-display\">\n\t\t\t\t\t\t\t\t\t\t\t\t\t\t\t\t\t\t\t<span class=\"custom-hover-icon\"><\/span>\t\t\t\t\t\t\t\t\t\t\t\t\t\t\t\t\t<\/span>\n                                <\/a>\n                            <\/div>\n\t\t\t\t\t\t\t                    <div class=\"blog-post-content-container\">\n\n\t\t\t\t\t\t                            <div class=\"blog-post-date\">\n\t\t\t\t\t\t\t\t1 July 2025                            <\/div>\n\t\t\t\t\t\t\n                        <h3 class=\"blog-post-title\">\n                            <a href=\"https:\/\/www.chatillonarchitectes.com\/en\/la-grande-nef-renait-un-heritage-sportif-reinvente\/\" target=\"\" rel=\"bookmark\">La Grande Nef rena\u00eet : un h\u00e9ritage sportif r\u00e9invent\u00e9<\/a>\n                        <\/h3>\n\n\t\t\t\t\t\t                            <div class=\"blog-post-excerpt\">\n\t\t\t\t\t\t\t\t<p>Pour marquer son inauguration, nous sommes heureux de vous pr\u00e9senter &hellip;<\/p>                            <\/div>\n\t\t\t\t\t\t\n                        \n                    <\/div>\n\t\t\t\t\t                <\/div>\n\t\t\t\t<\/div><div class=\"blog-post-column\">                <div class=\"blog-post-entry post-9743 post type-post status-publish format-standard has-post-thumbnail hentry category-projets\">\n\t\t\t\t\t                            <div class=\"blog-post-image\">\n                                <a href=\"https:\/\/www.chatillonarchitectes.com\/en\/inauguration-de-la-grande-nef-de-lile-des-vannes\/\" target=\"\" rel=\"bookmark\">\n\n\t\t\t\t\t\t\t\t\t<span class=\"image-placeholder\" style=\"padding-bottom:66.66666667%\"><img width=\"1080\" height=\"720\" class=\"img-responsive attachment-full img-9 lazyload\" title=\"SnapInsta.to_511529838_18316986022235628_6579144378004765311_n\" alt=\"\" data-src=\"https:\/\/www.chatillonarchitectes.com\/wp-content\/uploads\/2025\/07\/SnapInsta.to_511529838_18316986022235628_6579144378004765311_n.jpg\" data-srcset=\"https:\/\/www.chatillonarchitectes.com\/wp-content\/uploads\/2025\/07\/SnapInsta.to_511529838_18316986022235628_6579144378004765311_n.jpg 1080w, https:\/\/www.chatillonarchitectes.com\/wp-content\/uploads\/2025\/07\/SnapInsta.to_511529838_18316986022235628_6579144378004765311_n-300x200.jpg 300w, https:\/\/www.chatillonarchitectes.com\/wp-content\/uploads\/2025\/07\/SnapInsta.to_511529838_18316986022235628_6579144378004765311_n-1024x683.jpg 1024w, https:\/\/www.chatillonarchitectes.com\/wp-content\/uploads\/2025\/07\/SnapInsta.to_511529838_18316986022235628_6579144378004765311_n-768x512.jpg 768w, https:\/\/www.chatillonarchitectes.com\/wp-content\/uploads\/2025\/07\/SnapInsta.to_511529838_18316986022235628_6579144378004765311_n-18x12.jpg 18w, https:\/\/www.chatillonarchitectes.com\/wp-content\/uploads\/2025\/07\/SnapInsta.to_511529838_18316986022235628_6579144378004765311_n-806x537.jpg 806w, https:\/\/www.chatillonarchitectes.com\/wp-content\/uploads\/2025\/07\/SnapInsta.to_511529838_18316986022235628_6579144378004765311_n-558x372.jpg 558w, https:\/\/www.chatillonarchitectes.com\/wp-content\/uploads\/2025\/07\/SnapInsta.to_511529838_18316986022235628_6579144378004765311_n-600x400.jpg 600w\" data-sizes=\"(max-width: 1080px) 100vw, 1080px\" \/><\/span>\n                                    <span class=\"hover-display\">\n\t\t\t\t\t\t\t\t\t\t\t\t\t\t\t\t\t\t\t<span class=\"custom-hover-icon\"><\/span>\t\t\t\t\t\t\t\t\t\t\t\t\t\t\t\t\t<\/span>\n                                <\/a>\n                            <\/div>\n\t\t\t\t\t\t\t                    <div class=\"blog-post-content-container\">\n\n\t\t\t\t\t\t                            <div class=\"blog-post-date\">\n\t\t\t\t\t\t\t\t28 June 2025                            <\/div>\n\t\t\t\t\t\t\n                        <h3 class=\"blog-post-title\">\n                            <a href=\"https:\/\/www.chatillonarchitectes.com\/en\/inauguration-de-la-grande-nef-de-lile-des-vannes\/\" target=\"\" rel=\"bookmark\">Inauguration de la Grande Nef de l&rsquo;\u00cele-des-Vannes<\/a>\n                        <\/h3>\n\n\t\t\t\t\t\t                            <div class=\"blog-post-excerpt\">\n\t\t\t\t\t\t\t\t<p>La Grande Nef de l\u2019\u00cele des Vannes a \u00e9t\u00e9 officiellement &hellip;<\/p>                            <\/div>\n\t\t\t\t\t\t\n                        \n                    <\/div>\n\t\t\t\t\t                <\/div>\n\t\t\t\t<\/div><div class=\"blog-post-column\">                <div class=\"blog-post-entry post-9806 post type-post status-publish format-standard has-post-thumbnail hentry category-projets\">\n\t\t\t\t\t                            <div class=\"blog-post-image\">\n                                <a href=\"https:\/\/www.chatillonarchitectes.com\/en\/le-regard-de-wallpaper-sur-la-metamorphose-du-grand-palais\/\" target=\"\" rel=\"bookmark\">\n\n\t\t\t\t\t\t\t\t\t<span class=\"image-placeholder\" style=\"padding-bottom:75.00000000%\"><img width=\"2500\" height=\"1875\" class=\"img-responsive attachment-full img-10 lazyload\" title=\"gp wallpaper\" alt=\"\" data-src=\"https:\/\/www.chatillonarchitectes.com\/wp-content\/uploads\/2025\/07\/gp-wallpaper.jpg\" data-srcset=\"https:\/\/www.chatillonarchitectes.com\/wp-content\/uploads\/2025\/07\/gp-wallpaper.jpg 2500w, https:\/\/www.chatillonarchitectes.com\/wp-content\/uploads\/2025\/07\/gp-wallpaper-300x225.jpg 300w, https:\/\/www.chatillonarchitectes.com\/wp-content\/uploads\/2025\/07\/gp-wallpaper-1024x768.jpg 1024w, https:\/\/www.chatillonarchitectes.com\/wp-content\/uploads\/2025\/07\/gp-wallpaper-768x576.jpg 768w, https:\/\/www.chatillonarchitectes.com\/wp-content\/uploads\/2025\/07\/gp-wallpaper-1536x1152.jpg 1536w, https:\/\/www.chatillonarchitectes.com\/wp-content\/uploads\/2025\/07\/gp-wallpaper-2048x1536.jpg 2048w, https:\/\/www.chatillonarchitectes.com\/wp-content\/uploads\/2025\/07\/gp-wallpaper-16x12.jpg 16w, https:\/\/www.chatillonarchitectes.com\/wp-content\/uploads\/2025\/07\/gp-wallpaper-1612x1209.jpg 1612w, https:\/\/www.chatillonarchitectes.com\/wp-content\/uploads\/2025\/07\/gp-wallpaper-1116x837.jpg 1116w, https:\/\/www.chatillonarchitectes.com\/wp-content\/uploads\/2025\/07\/gp-wallpaper-806x605.jpg 806w, https:\/\/www.chatillonarchitectes.com\/wp-content\/uploads\/2025\/07\/gp-wallpaper-558x419.jpg 558w, https:\/\/www.chatillonarchitectes.com\/wp-content\/uploads\/2025\/07\/gp-wallpaper-600x450.jpg 600w\" data-sizes=\"(max-width: 2500px) 100vw, 2500px\" \/><\/span>\n                                    <span class=\"hover-display\">\n\t\t\t\t\t\t\t\t\t\t\t\t\t\t\t\t\t\t\t<span class=\"custom-hover-icon\"><\/span>\t\t\t\t\t\t\t\t\t\t\t\t\t\t\t\t\t<\/span>\n                                <\/a>\n                            <\/div>\n\t\t\t\t\t\t\t                    <div class=\"blog-post-content-container\">\n\n\t\t\t\t\t\t                            <div class=\"blog-post-date\">\n\t\t\t\t\t\t\t\t19 June 2025                            <\/div>\n\t\t\t\t\t\t\n                        <h3 class=\"blog-post-title\">\n                            <a href=\"https:\/\/www.chatillonarchitectes.com\/en\/le-regard-de-wallpaper-sur-la-metamorphose-du-grand-palais\/\" target=\"\" rel=\"bookmark\">Le regard de Wallpaper* sur la m\u00e9tamorphose du Grand Palais<\/a>\n                        <\/h3>\n\n\t\t\t\t\t\t                            <div class=\"blog-post-excerpt\">\n\t\t\t\t\t\t\t\t<p data-start=\"153\" data-end=\"317\"><em data-start=\"153\" data-end=\"166\">Wallpaper*<\/em>, magazine de r\u00e9f\u00e9rence en design et culture visuelle, &hellip;<\/p>                            <\/div>\n\t\t\t\t\t\t\n                        \n                    <\/div>\n\t\t\t\t\t                <\/div>\n\t\t\t\t<\/div><div class=\"blog-post-column\">                <div class=\"blog-post-entry post-9800 post type-post status-publish format-standard has-post-thumbnail hentry category-projets\">\n\t\t\t\t\t                            <div class=\"blog-post-image\">\n                                <a href=\"https:\/\/www.chatillonarchitectes.com\/en\/designboom-revient-sur-la-transformation-du-grand-palais-par-chatillon-architectes\/\" target=\"\" rel=\"bookmark\">\n\n\t\t\t\t\t\t\t\t\t<span class=\"image-placeholder\" style=\"padding-bottom:75.00000000%\"><img width=\"2500\" height=\"1875\" class=\"img-responsive attachment-full img-11 lazyload\" title=\"gp designboom visu2\" alt=\"\" data-src=\"https:\/\/www.chatillonarchitectes.com\/wp-content\/uploads\/2025\/07\/gp-designboom-visu2.jpg\" data-srcset=\"https:\/\/www.chatillonarchitectes.com\/wp-content\/uploads\/2025\/07\/gp-designboom-visu2.jpg 2500w, https:\/\/www.chatillonarchitectes.com\/wp-content\/uploads\/2025\/07\/gp-designboom-visu2-300x225.jpg 300w, https:\/\/www.chatillonarchitectes.com\/wp-content\/uploads\/2025\/07\/gp-designboom-visu2-1024x768.jpg 1024w, https:\/\/www.chatillonarchitectes.com\/wp-content\/uploads\/2025\/07\/gp-designboom-visu2-768x576.jpg 768w, https:\/\/www.chatillonarchitectes.com\/wp-content\/uploads\/2025\/07\/gp-designboom-visu2-1536x1152.jpg 1536w, https:\/\/www.chatillonarchitectes.com\/wp-content\/uploads\/2025\/07\/gp-designboom-visu2-2048x1536.jpg 2048w, https:\/\/www.chatillonarchitectes.com\/wp-content\/uploads\/2025\/07\/gp-designboom-visu2-16x12.jpg 16w, https:\/\/www.chatillonarchitectes.com\/wp-content\/uploads\/2025\/07\/gp-designboom-visu2-1612x1209.jpg 1612w, https:\/\/www.chatillonarchitectes.com\/wp-content\/uploads\/2025\/07\/gp-designboom-visu2-1116x837.jpg 1116w, https:\/\/www.chatillonarchitectes.com\/wp-content\/uploads\/2025\/07\/gp-designboom-visu2-806x605.jpg 806w, https:\/\/www.chatillonarchitectes.com\/wp-content\/uploads\/2025\/07\/gp-designboom-visu2-558x419.jpg 558w, https:\/\/www.chatillonarchitectes.com\/wp-content\/uploads\/2025\/07\/gp-designboom-visu2-600x450.jpg 600w\" data-sizes=\"(max-width: 2500px) 100vw, 2500px\" \/><\/span>\n                                    <span class=\"hover-display\">\n\t\t\t\t\t\t\t\t\t\t\t\t\t\t\t\t\t\t\t<span class=\"custom-hover-icon\"><\/span>\t\t\t\t\t\t\t\t\t\t\t\t\t\t\t\t\t<\/span>\n                                <\/a>\n                            <\/div>\n\t\t\t\t\t\t\t                    <div class=\"blog-post-content-container\">\n\n\t\t\t\t\t\t                            <div class=\"blog-post-date\">\n\t\t\t\t\t\t\t\t19 June 2025                            <\/div>\n\t\t\t\t\t\t\n                        <h3 class=\"blog-post-title\">\n                            <a href=\"https:\/\/www.chatillonarchitectes.com\/en\/designboom-revient-sur-la-transformation-du-grand-palais-par-chatillon-architectes\/\" target=\"\" rel=\"bookmark\">designboom revient sur la transformation du Grand Palais par Chatillon Architectes<\/a>\n                        <\/h3>\n\n\t\t\t\t\t\t                            <div class=\"blog-post-excerpt\">\n\t\t\t\t\t\t\t\t<p data-start=\"157\" data-end=\"379\">Nous sommes heureux de relayer l\u2019article que <em>designboom<\/em>, r\u00e9f\u00e9rence &hellip;<\/p>                            <\/div>\n\t\t\t\t\t\t\n                        \n                    <\/div>\n\t\t\t\t\t                <\/div>\n\t\t\t\t<\/div><div class=\"blog-post-column\">                <div class=\"blog-post-entry post-9687 post type-post status-publish format-standard has-post-thumbnail hentry category-projets\">\n\t\t\t\t\t                            <div class=\"blog-post-image\">\n                                <a href=\"https:\/\/www.chatillonarchitectes.com\/en\/le-grand-palais-rouvre-ses-portes-apres-5-ans-de-renovation\/\" target=\"\" rel=\"bookmark\">\n\n\t\t\t\t\t\t\t\t\t<span class=\"image-placeholder\" style=\"padding-bottom:80.02929688%\"><img width=\"2048\" height=\"1639\" class=\"img-responsive attachment-full img-12 lazyload\" title=\"Chatillon Architectes - Le Grand Palais - Paris \u00a9 Charly Broyez\" alt=\"\" data-src=\"https:\/\/www.chatillonarchitectes.com\/wp-content\/uploads\/2025\/07\/04-Le-Grand-Palais-Chatillon-Architectes-Paris-\u00a9-Charly-Broyez_JOUR2_BRUT_NE-PAS-DIFFUSER-1-copie-1.jpg\" data-srcset=\"https:\/\/www.chatillonarchitectes.com\/wp-content\/uploads\/2025\/07\/04-Le-Grand-Palais-Chatillon-Architectes-Paris-\u00a9-Charly-Broyez_JOUR2_BRUT_NE-PAS-DIFFUSER-1-copie-1.jpg 2048w, https:\/\/www.chatillonarchitectes.com\/wp-content\/uploads\/2025\/07\/04-Le-Grand-Palais-Chatillon-Architectes-Paris-\u00a9-Charly-Broyez_JOUR2_BRUT_NE-PAS-DIFFUSER-1-copie-1-300x240.jpg 300w, https:\/\/www.chatillonarchitectes.com\/wp-content\/uploads\/2025\/07\/04-Le-Grand-Palais-Chatillon-Architectes-Paris-\u00a9-Charly-Broyez_JOUR2_BRUT_NE-PAS-DIFFUSER-1-copie-1-1024x820.jpg 1024w, https:\/\/www.chatillonarchitectes.com\/wp-content\/uploads\/2025\/07\/04-Le-Grand-Palais-Chatillon-Architectes-Paris-\u00a9-Charly-Broyez_JOUR2_BRUT_NE-PAS-DIFFUSER-1-copie-1-768x615.jpg 768w, https:\/\/www.chatillonarchitectes.com\/wp-content\/uploads\/2025\/07\/04-Le-Grand-Palais-Chatillon-Architectes-Paris-\u00a9-Charly-Broyez_JOUR2_BRUT_NE-PAS-DIFFUSER-1-copie-1-1536x1229.jpg 1536w, https:\/\/www.chatillonarchitectes.com\/wp-content\/uploads\/2025\/07\/04-Le-Grand-Palais-Chatillon-Architectes-Paris-\u00a9-Charly-Broyez_JOUR2_BRUT_NE-PAS-DIFFUSER-1-copie-1-15x12.jpg 15w, https:\/\/www.chatillonarchitectes.com\/wp-content\/uploads\/2025\/07\/04-Le-Grand-Palais-Chatillon-Architectes-Paris-\u00a9-Charly-Broyez_JOUR2_BRUT_NE-PAS-DIFFUSER-1-copie-1-1612x1290.jpg 1612w, https:\/\/www.chatillonarchitectes.com\/wp-content\/uploads\/2025\/07\/04-Le-Grand-Palais-Chatillon-Architectes-Paris-\u00a9-Charly-Broyez_JOUR2_BRUT_NE-PAS-DIFFUSER-1-copie-1-1116x893.jpg 1116w, https:\/\/www.chatillonarchitectes.com\/wp-content\/uploads\/2025\/07\/04-Le-Grand-Palais-Chatillon-Architectes-Paris-\u00a9-Charly-Broyez_JOUR2_BRUT_NE-PAS-DIFFUSER-1-copie-1-806x645.jpg 806w, https:\/\/www.chatillonarchitectes.com\/wp-content\/uploads\/2025\/07\/04-Le-Grand-Palais-Chatillon-Architectes-Paris-\u00a9-Charly-Broyez_JOUR2_BRUT_NE-PAS-DIFFUSER-1-copie-1-558x447.jpg 558w, https:\/\/www.chatillonarchitectes.com\/wp-content\/uploads\/2025\/07\/04-Le-Grand-Palais-Chatillon-Architectes-Paris-\u00a9-Charly-Broyez_JOUR2_BRUT_NE-PAS-DIFFUSER-1-copie-1-600x480.jpg 600w\" data-sizes=\"(max-width: 2048px) 100vw, 2048px\" \/><\/span>\n                                    <span class=\"hover-display\">\n\t\t\t\t\t\t\t\t\t\t\t\t\t\t\t\t\t\t\t<span class=\"custom-hover-icon\"><\/span>\t\t\t\t\t\t\t\t\t\t\t\t\t\t\t\t\t<\/span>\n                                <\/a>\n                            <\/div>\n\t\t\t\t\t\t\t                    <div class=\"blog-post-content-container\">\n\n\t\t\t\t\t\t                            <div class=\"blog-post-date\">\n\t\t\t\t\t\t\t\t19 June 2025                            <\/div>\n\t\t\t\t\t\t\n                        <h3 class=\"blog-post-title\">\n                            <a href=\"https:\/\/www.chatillonarchitectes.com\/en\/le-grand-palais-rouvre-ses-portes-apres-5-ans-de-renovation\/\" target=\"\" rel=\"bookmark\">Le Grand Palais rouvre ses portes apr\u00e8s 5 ans de r\u00e9novation !<\/a>\n                        <\/h3>\n\n\t\t\t\t\t\t                            <div class=\"blog-post-excerpt\">\n\t\t\t\t\t\t\t\t<p>Les visiteurs red\u00e9couvrent aujourd\u2019hui l\u2019ensemble des espaces du b\u00e2timent pour &hellip;<\/p>                            <\/div>\n\t\t\t\t\t\t\n                        \n                    <\/div>\n\t\t\t\t\t                <\/div>\n\t\t\t\t<\/div><div class=\"blog-post-column\">                <div class=\"blog-post-entry post-9714 post type-post status-publish format-standard has-post-thumbnail hentry category-prix\">\n\t\t\t\t\t                            <div class=\"blog-post-image\">\n                                <a href=\"https:\/\/www.chatillonarchitectes.com\/en\/le-grand-palais-remporte-le-prix-du-public-aux-architizer-aawards\/\" target=\"\" rel=\"bookmark\">\n\n\t\t\t\t\t\t\t\t\t<span class=\"image-placeholder\" style=\"padding-bottom:100.00000000%\"><img width=\"1920\" height=\"1920\" class=\"img-responsive attachment-full img-13 lazyload\" title=\"Architizer LinkedIn\" alt=\"\" data-src=\"https:\/\/www.chatillonarchitectes.com\/wp-content\/uploads\/2025\/06\/Architizer-LinkedIn.jpg\" data-srcset=\"https:\/\/www.chatillonarchitectes.com\/wp-content\/uploads\/2025\/06\/Architizer-LinkedIn.jpg 1920w, https:\/\/www.chatillonarchitectes.com\/wp-content\/uploads\/2025\/06\/Architizer-LinkedIn-300x300.jpg 300w, https:\/\/www.chatillonarchitectes.com\/wp-content\/uploads\/2025\/06\/Architizer-LinkedIn-1024x1024.jpg 1024w, https:\/\/www.chatillonarchitectes.com\/wp-content\/uploads\/2025\/06\/Architizer-LinkedIn-150x150.jpg 150w, https:\/\/www.chatillonarchitectes.com\/wp-content\/uploads\/2025\/06\/Architizer-LinkedIn-768x768.jpg 768w, https:\/\/www.chatillonarchitectes.com\/wp-content\/uploads\/2025\/06\/Architizer-LinkedIn-1536x1536.jpg 1536w, https:\/\/www.chatillonarchitectes.com\/wp-content\/uploads\/2025\/06\/Architizer-LinkedIn-12x12.jpg 12w, https:\/\/www.chatillonarchitectes.com\/wp-content\/uploads\/2025\/06\/Architizer-LinkedIn-468x468.jpg 468w, https:\/\/www.chatillonarchitectes.com\/wp-content\/uploads\/2025\/06\/Architizer-LinkedIn-1612x1612.jpg 1612w, https:\/\/www.chatillonarchitectes.com\/wp-content\/uploads\/2025\/06\/Architizer-LinkedIn-1116x1116.jpg 1116w, https:\/\/www.chatillonarchitectes.com\/wp-content\/uploads\/2025\/06\/Architizer-LinkedIn-806x806.jpg 806w, https:\/\/www.chatillonarchitectes.com\/wp-content\/uploads\/2025\/06\/Architizer-LinkedIn-558x558.jpg 558w, https:\/\/www.chatillonarchitectes.com\/wp-content\/uploads\/2025\/06\/Architizer-LinkedIn-600x600.jpg 600w, https:\/\/www.chatillonarchitectes.com\/wp-content\/uploads\/2025\/06\/Architizer-LinkedIn-220x220.jpg 220w, https:\/\/www.chatillonarchitectes.com\/wp-content\/uploads\/2025\/06\/Architizer-LinkedIn-266x266.jpg 266w\" data-sizes=\"(max-width: 1920px) 100vw, 1920px\" \/><\/span>\n                                    <span class=\"hover-display\">\n\t\t\t\t\t\t\t\t\t\t\t\t\t\t\t\t\t\t\t<span class=\"custom-hover-icon\"><\/span>\t\t\t\t\t\t\t\t\t\t\t\t\t\t\t\t\t<\/span>\n                                <\/a>\n                            <\/div>\n\t\t\t\t\t\t\t                    <div class=\"blog-post-content-container\">\n\n\t\t\t\t\t\t                            <div class=\"blog-post-date\">\n\t\t\t\t\t\t\t\t18 June 2025                            <\/div>\n\t\t\t\t\t\t\n                        <h3 class=\"blog-post-title\">\n                            <a href=\"https:\/\/www.chatillonarchitectes.com\/en\/le-grand-palais-remporte-le-prix-du-public-aux-architizer-aawards\/\" target=\"\" rel=\"bookmark\">Le Grand Palais remporte le Prix du Public aux Architizer A+Awards<\/a>\n                        <\/h3>\n\n\t\t\t\t\t\t                            <div class=\"blog-post-excerpt\">\n\t\t\t\t\t\t\t\t<p>Nous sommes heureux d\u2019annoncer que le Grand Palais a remport\u00e9 &hellip;<\/p>                            <\/div>\n\t\t\t\t\t\t\n                        \n                    <\/div>\n\t\t\t\t\t                <\/div>\n\t\t\t\t<\/div><div class=\"blog-post-column\">                <div class=\"blog-post-entry post-9748 post type-post status-publish format-standard has-post-thumbnail hentry category-conferences\">\n\t\t\t\t\t                            <div class=\"blog-post-image\">\n                                <a href=\"https:\/\/www.chatillonarchitectes.com\/en\/lintervention-de-francois-chatillon-pour-le-centre-pompidou-dans-le-cadre-du-laboratoire-dhistoire-permanente\/\" target=\"\" rel=\"bookmark\">\n\n\t\t\t\t\t\t\t\t\t<span class=\"image-placeholder\" style=\"padding-bottom:66.68000000%\"><img width=\"2500\" height=\"1667\" class=\"img-responsive attachment-full img-14 lazyload\" title=\"M050_ARC_20250611_exposition_fun_palace_grand_palais_herve_veronese_2M8A0389\" alt=\"\" data-src=\"https:\/\/www.chatillonarchitectes.com\/wp-content\/uploads\/2025\/07\/M050_ARC_20250611_exposition_fun_palace_grand_palais_herve_veronese_2M8A0389.jpeg\" data-srcset=\"https:\/\/www.chatillonarchitectes.com\/wp-content\/uploads\/2025\/07\/M050_ARC_20250611_exposition_fun_palace_grand_palais_herve_veronese_2M8A0389.jpeg 2500w, https:\/\/www.chatillonarchitectes.com\/wp-content\/uploads\/2025\/07\/M050_ARC_20250611_exposition_fun_palace_grand_palais_herve_veronese_2M8A0389-300x200.jpeg 300w, https:\/\/www.chatillonarchitectes.com\/wp-content\/uploads\/2025\/07\/M050_ARC_20250611_exposition_fun_palace_grand_palais_herve_veronese_2M8A0389-1024x683.jpeg 1024w, https:\/\/www.chatillonarchitectes.com\/wp-content\/uploads\/2025\/07\/M050_ARC_20250611_exposition_fun_palace_grand_palais_herve_veronese_2M8A0389-768x512.jpeg 768w, https:\/\/www.chatillonarchitectes.com\/wp-content\/uploads\/2025\/07\/M050_ARC_20250611_exposition_fun_palace_grand_palais_herve_veronese_2M8A0389-1536x1024.jpeg 1536w, https:\/\/www.chatillonarchitectes.com\/wp-content\/uploads\/2025\/07\/M050_ARC_20250611_exposition_fun_palace_grand_palais_herve_veronese_2M8A0389-2048x1366.jpeg 2048w, https:\/\/www.chatillonarchitectes.com\/wp-content\/uploads\/2025\/07\/M050_ARC_20250611_exposition_fun_palace_grand_palais_herve_veronese_2M8A0389-18x12.jpeg 18w, https:\/\/www.chatillonarchitectes.com\/wp-content\/uploads\/2025\/07\/M050_ARC_20250611_exposition_fun_palace_grand_palais_herve_veronese_2M8A0389-1612x1075.jpeg 1612w, https:\/\/www.chatillonarchitectes.com\/wp-content\/uploads\/2025\/07\/M050_ARC_20250611_exposition_fun_palace_grand_palais_herve_veronese_2M8A0389-1116x744.jpeg 1116w, https:\/\/www.chatillonarchitectes.com\/wp-content\/uploads\/2025\/07\/M050_ARC_20250611_exposition_fun_palace_grand_palais_herve_veronese_2M8A0389-806x537.jpeg 806w, https:\/\/www.chatillonarchitectes.com\/wp-content\/uploads\/2025\/07\/M050_ARC_20250611_exposition_fun_palace_grand_palais_herve_veronese_2M8A0389-558x372.jpeg 558w, https:\/\/www.chatillonarchitectes.com\/wp-content\/uploads\/2025\/07\/M050_ARC_20250611_exposition_fun_palace_grand_palais_herve_veronese_2M8A0389-600x400.jpeg 600w\" data-sizes=\"(max-width: 2500px) 100vw, 2500px\" \/><\/span>\n                                    <span class=\"hover-display\">\n\t\t\t\t\t\t\t\t\t\t\t\t\t\t\t\t\t\t\t<span class=\"custom-hover-icon\"><\/span>\t\t\t\t\t\t\t\t\t\t\t\t\t\t\t\t\t<\/span>\n                                <\/a>\n                            <\/div>\n\t\t\t\t\t\t\t                    <div class=\"blog-post-content-container\">\n\n\t\t\t\t\t\t                            <div class=\"blog-post-date\">\n\t\t\t\t\t\t\t\t11 June 2025                            <\/div>\n\t\t\t\t\t\t\n                        <h3 class=\"blog-post-title\">\n                            <a href=\"https:\/\/www.chatillonarchitectes.com\/en\/lintervention-de-francois-chatillon-pour-le-centre-pompidou-dans-le-cadre-du-laboratoire-dhistoire-permanente\/\" target=\"\" rel=\"bookmark\">L&rsquo;intervention de Fran\u00e7ois Chatillon pour le Centre Pompidou dans le cadre du Laboratoire d\u2019histoire permanente<\/a>\n                        <\/h3>\n\n\t\t\t\t\t\t                            <div class=\"blog-post-excerpt\">\n\t\t\t\t\t\t\t\t<p data-start=\"228\" data-end=\"705\">Le mercredi 11 juin 2025, Fran\u00e7ois Chatillon a particip\u00e9 \u00e0 &hellip;<\/p>                            <\/div>\n\t\t\t\t\t\t\n                        \n                    <\/div>\n\t\t\t\t\t                <\/div>\n\t\t\t\t<\/div><div class=\"blog-post-column\">                <div class=\"blog-post-entry post-9809 post type-post status-publish format-standard has-post-thumbnail hentry category-projets\">\n\t\t\t\t\t                            <div class=\"blog-post-image\">\n                                <a href=\"https:\/\/www.chatillonarchitectes.com\/en\/dezeen-consacre-un-article-a-la-transformation-de-la-poste-de-brest-en-residence\/\" target=\"\" rel=\"bookmark\">\n\n\t\t\t\t\t\t\t\t\t<span class=\"image-placeholder\" style=\"padding-bottom:75.00000000%\"><img width=\"2500\" height=\"1875\" class=\"img-responsive attachment-full img-15 lazyload\" title=\"brest dezeen\" alt=\"\" data-src=\"https:\/\/www.chatillonarchitectes.com\/wp-content\/uploads\/2025\/07\/brest-dezeen-1.jpg\" data-srcset=\"https:\/\/www.chatillonarchitectes.com\/wp-content\/uploads\/2025\/07\/brest-dezeen-1.jpg 2500w, https:\/\/www.chatillonarchitectes.com\/wp-content\/uploads\/2025\/07\/brest-dezeen-1-300x225.jpg 300w, https:\/\/www.chatillonarchitectes.com\/wp-content\/uploads\/2025\/07\/brest-dezeen-1-1024x768.jpg 1024w, https:\/\/www.chatillonarchitectes.com\/wp-content\/uploads\/2025\/07\/brest-dezeen-1-768x576.jpg 768w, https:\/\/www.chatillonarchitectes.com\/wp-content\/uploads\/2025\/07\/brest-dezeen-1-1536x1152.jpg 1536w, https:\/\/www.chatillonarchitectes.com\/wp-content\/uploads\/2025\/07\/brest-dezeen-1-2048x1536.jpg 2048w, https:\/\/www.chatillonarchitectes.com\/wp-content\/uploads\/2025\/07\/brest-dezeen-1-16x12.jpg 16w, https:\/\/www.chatillonarchitectes.com\/wp-content\/uploads\/2025\/07\/brest-dezeen-1-1612x1209.jpg 1612w, https:\/\/www.chatillonarchitectes.com\/wp-content\/uploads\/2025\/07\/brest-dezeen-1-1116x837.jpg 1116w, https:\/\/www.chatillonarchitectes.com\/wp-content\/uploads\/2025\/07\/brest-dezeen-1-806x605.jpg 806w, https:\/\/www.chatillonarchitectes.com\/wp-content\/uploads\/2025\/07\/brest-dezeen-1-558x419.jpg 558w, https:\/\/www.chatillonarchitectes.com\/wp-content\/uploads\/2025\/07\/brest-dezeen-1-600x450.jpg 600w\" data-sizes=\"(max-width: 2500px) 100vw, 2500px\" \/><\/span>\n                                    <span class=\"hover-display\">\n\t\t\t\t\t\t\t\t\t\t\t\t\t\t\t\t\t\t\t<span class=\"custom-hover-icon\"><\/span>\t\t\t\t\t\t\t\t\t\t\t\t\t\t\t\t\t<\/span>\n                                <\/a>\n                            <\/div>\n\t\t\t\t\t\t\t                    <div class=\"blog-post-content-container\">\n\n\t\t\t\t\t\t                            <div class=\"blog-post-date\">\n\t\t\t\t\t\t\t\t25 May 2025                            <\/div>\n\t\t\t\t\t\t\n                        <h3 class=\"blog-post-title\">\n                            <a href=\"https:\/\/www.chatillonarchitectes.com\/en\/dezeen-consacre-un-article-a-la-transformation-de-la-poste-de-brest-en-residence\/\" target=\"\" rel=\"bookmark\">Dezeen consacre un article \u00e0 la transformation de la poste de Brest en r\u00e9sidence<\/a>\n                        <\/h3>\n\n\t\t\t\t\t\t                            <div class=\"blog-post-excerpt\">\n\t\t\t\t\t\t\t\t<p data-start=\"136\" data-end=\"291\"><em data-start=\"136\" data-end=\"144\">Dezeen<\/em>, m\u00e9dia de r\u00e9f\u00e9rence en architecture contemporaine, consacre un &hellip;<\/p>                            <\/div>\n\t\t\t\t\t\t\n                        \n                    <\/div>\n\t\t\t\t\t                <\/div>\n\t\t\t\t<\/div><div class=\"blog-post-column\">                <div class=\"blog-post-entry post-9747 post type-post status-publish format-standard has-post-thumbnail hentry category-concours\">\n\t\t\t\t\t                            <div class=\"blog-post-image\">\n                                <a href=\"https:\/\/www.chatillonarchitectes.com\/en\/nous-participons-au-dialogue-competitif-pour-la-restructuration-du-campus-de-sciences-po\/\" target=\"\" rel=\"bookmark\">\n\n\t\t\t\t\t\t\t\t\t<span class=\"image-placeholder\" style=\"padding-bottom:66.60156250%\"><img width=\"2048\" height=\"1364\" class=\"img-responsive attachment-full img-16 lazyload\" title=\"1744712046653\" alt=\"\" data-src=\"https:\/\/www.chatillonarchitectes.com\/wp-content\/uploads\/2025\/07\/1744712046653.jpg\" data-srcset=\"https:\/\/www.chatillonarchitectes.com\/wp-content\/uploads\/2025\/07\/1744712046653.jpg 2048w, https:\/\/www.chatillonarchitectes.com\/wp-content\/uploads\/2025\/07\/1744712046653-300x200.jpg 300w, https:\/\/www.chatillonarchitectes.com\/wp-content\/uploads\/2025\/07\/1744712046653-1024x682.jpg 1024w, https:\/\/www.chatillonarchitectes.com\/wp-content\/uploads\/2025\/07\/1744712046653-768x512.jpg 768w, https:\/\/www.chatillonarchitectes.com\/wp-content\/uploads\/2025\/07\/1744712046653-1536x1023.jpg 1536w, https:\/\/www.chatillonarchitectes.com\/wp-content\/uploads\/2025\/07\/1744712046653-18x12.jpg 18w, https:\/\/www.chatillonarchitectes.com\/wp-content\/uploads\/2025\/07\/1744712046653-1612x1074.jpg 1612w, https:\/\/www.chatillonarchitectes.com\/wp-content\/uploads\/2025\/07\/1744712046653-1116x743.jpg 1116w, https:\/\/www.chatillonarchitectes.com\/wp-content\/uploads\/2025\/07\/1744712046653-806x537.jpg 806w, https:\/\/www.chatillonarchitectes.com\/wp-content\/uploads\/2025\/07\/1744712046653-558x372.jpg 558w, https:\/\/www.chatillonarchitectes.com\/wp-content\/uploads\/2025\/07\/1744712046653-600x400.jpg 600w\" data-sizes=\"(max-width: 2048px) 100vw, 2048px\" \/><\/span>\n                                    <span class=\"hover-display\">\n\t\t\t\t\t\t\t\t\t\t\t\t\t\t\t\t\t\t\t<span class=\"custom-hover-icon\"><\/span>\t\t\t\t\t\t\t\t\t\t\t\t\t\t\t\t\t<\/span>\n                                <\/a>\n                            <\/div>\n\t\t\t\t\t\t\t                    <div class=\"blog-post-content-container\">\n\n\t\t\t\t\t\t                            <div class=\"blog-post-date\">\n\t\t\t\t\t\t\t\t10 May 2025                            <\/div>\n\t\t\t\t\t\t\n                        <h3 class=\"blog-post-title\">\n                            <a href=\"https:\/\/www.chatillonarchitectes.com\/en\/nous-participons-au-dialogue-competitif-pour-la-restructuration-du-campus-de-sciences-po\/\" target=\"\" rel=\"bookmark\">Nous participons au dialogue comp\u00e9titif pour la restructuration du campus de Sciences Po !<\/a>\n                        <\/h3>\n\n\t\t\t\t\t\t                            <div class=\"blog-post-excerpt\">\n\t\t\t\t\t\t\t\t<p data-start=\"219\" data-end=\"651\">Chatillon Architectes a le plaisir de faire partie des \u00e9quipes &hellip;<\/p>                            <\/div>\n\t\t\t\t\t\t\n                        \n                    <\/div>\n\t\t\t\t\t                <\/div>\n\t\t\t\t<\/div><div class=\"blog-post-column\">                <div class=\"blog-post-entry post-9722 post type-post status-publish format-standard has-post-thumbnail hentry category-prix\">\n\t\t\t\t\t                            <div class=\"blog-post-image\">\n                                <a href=\"https:\/\/www.chatillonarchitectes.com\/en\/prix-de-versailles-2025-le-grand-palais-entre-les-plus-beaux-musees-du-monde\/\" target=\"\" rel=\"bookmark\">\n\n\t\t\t\t\t\t\t\t\t<span class=\"image-placeholder\" style=\"padding-bottom:100.00000000%\"><img width=\"1920\" height=\"1920\" class=\"img-responsive attachment-full img-17 lazyload\" title=\"prix vers carr\u00e9\" alt=\"\" data-src=\"https:\/\/www.chatillonarchitectes.com\/wp-content\/uploads\/2025\/05\/prix-vers-carre.jpg\" data-srcset=\"https:\/\/www.chatillonarchitectes.com\/wp-content\/uploads\/2025\/05\/prix-vers-carre.jpg 1920w, https:\/\/www.chatillonarchitectes.com\/wp-content\/uploads\/2025\/05\/prix-vers-carre-300x300.jpg 300w, https:\/\/www.chatillonarchitectes.com\/wp-content\/uploads\/2025\/05\/prix-vers-carre-1024x1024.jpg 1024w, https:\/\/www.chatillonarchitectes.com\/wp-content\/uploads\/2025\/05\/prix-vers-carre-150x150.jpg 150w, https:\/\/www.chatillonarchitectes.com\/wp-content\/uploads\/2025\/05\/prix-vers-carre-768x768.jpg 768w, https:\/\/www.chatillonarchitectes.com\/wp-content\/uploads\/2025\/05\/prix-vers-carre-1536x1536.jpg 1536w, https:\/\/www.chatillonarchitectes.com\/wp-content\/uploads\/2025\/05\/prix-vers-carre-12x12.jpg 12w, https:\/\/www.chatillonarchitectes.com\/wp-content\/uploads\/2025\/05\/prix-vers-carre-468x468.jpg 468w, https:\/\/www.chatillonarchitectes.com\/wp-content\/uploads\/2025\/05\/prix-vers-carre-1612x1612.jpg 1612w, https:\/\/www.chatillonarchitectes.com\/wp-content\/uploads\/2025\/05\/prix-vers-carre-1116x1116.jpg 1116w, https:\/\/www.chatillonarchitectes.com\/wp-content\/uploads\/2025\/05\/prix-vers-carre-806x806.jpg 806w, https:\/\/www.chatillonarchitectes.com\/wp-content\/uploads\/2025\/05\/prix-vers-carre-558x558.jpg 558w, https:\/\/www.chatillonarchitectes.com\/wp-content\/uploads\/2025\/05\/prix-vers-carre-600x600.jpg 600w, https:\/\/www.chatillonarchitectes.com\/wp-content\/uploads\/2025\/05\/prix-vers-carre-220x220.jpg 220w, https:\/\/www.chatillonarchitectes.com\/wp-content\/uploads\/2025\/05\/prix-vers-carre-266x266.jpg 266w\" data-sizes=\"(max-width: 1920px) 100vw, 1920px\" \/><\/span>\n                                    <span class=\"hover-display\">\n\t\t\t\t\t\t\t\t\t\t\t\t\t\t\t\t\t\t\t<span class=\"custom-hover-icon\"><\/span>\t\t\t\t\t\t\t\t\t\t\t\t\t\t\t\t\t<\/span>\n                                <\/a>\n                            <\/div>\n\t\t\t\t\t\t\t                    <div class=\"blog-post-content-container\">\n\n\t\t\t\t\t\t                            <div class=\"blog-post-date\">\n\t\t\t\t\t\t\t\t5 May 2025                            <\/div>\n\t\t\t\t\t\t\n                        <h3 class=\"blog-post-title\">\n                            <a href=\"https:\/\/www.chatillonarchitectes.com\/en\/prix-de-versailles-2025-le-grand-palais-entre-les-plus-beaux-musees-du-monde\/\" target=\"\" rel=\"bookmark\">Prix de Versailles 2025 : le Grand Palais entre les plus beaux mus\u00e9es du Monde<\/a>\n                        <\/h3>\n\n\t\t\t\t\t\t                            <div class=\"blog-post-excerpt\">\n\t\t\t\t\t\t\t\t<p data-start=\"209\" data-end=\"513\">\u00c0 la suite de l\u2019inauguration de la Nef pour les &hellip;<\/p>                            <\/div>\n\t\t\t\t\t\t\n                        \n                    <\/div>\n\t\t\t\t\t                <\/div>\n\t\t\t\t<\/div><div class=\"blog-post-column\">                <div class=\"blog-post-entry post-9692 post type-post status-publish format-standard has-post-thumbnail hentry category-concours\">\n\t\t\t\t\t                            <div class=\"blog-post-image\">\n                                <a href=\"https:\/\/www.chatillonarchitectes.com\/en\/place-de-la-concorde\/\" target=\"\" rel=\"bookmark\">\n\n\t\t\t\t\t\t\t\t\t<span class=\"image-placeholder\" style=\"padding-bottom:66.68000000%\"><img width=\"2500\" height=\"1667\" class=\"img-responsive attachment-full img-18 lazyload\" title=\"Post Insta3\" alt=\"\" data-src=\"https:\/\/www.chatillonarchitectes.com\/wp-content\/uploads\/2025\/05\/Post-Insta3.jpg\" data-srcset=\"https:\/\/www.chatillonarchitectes.com\/wp-content\/uploads\/2025\/05\/Post-Insta3.jpg 2500w, https:\/\/www.chatillonarchitectes.com\/wp-content\/uploads\/2025\/05\/Post-Insta3-300x200.jpg 300w, https:\/\/www.chatillonarchitectes.com\/wp-content\/uploads\/2025\/05\/Post-Insta3-1024x683.jpg 1024w, https:\/\/www.chatillonarchitectes.com\/wp-content\/uploads\/2025\/05\/Post-Insta3-768x512.jpg 768w, https:\/\/www.chatillonarchitectes.com\/wp-content\/uploads\/2025\/05\/Post-Insta3-1536x1024.jpg 1536w, https:\/\/www.chatillonarchitectes.com\/wp-content\/uploads\/2025\/05\/Post-Insta3-2048x1366.jpg 2048w, https:\/\/www.chatillonarchitectes.com\/wp-content\/uploads\/2025\/05\/Post-Insta3-18x12.jpg 18w, https:\/\/www.chatillonarchitectes.com\/wp-content\/uploads\/2025\/05\/Post-Insta3-1612x1075.jpg 1612w, https:\/\/www.chatillonarchitectes.com\/wp-content\/uploads\/2025\/05\/Post-Insta3-1116x744.jpg 1116w, https:\/\/www.chatillonarchitectes.com\/wp-content\/uploads\/2025\/05\/Post-Insta3-806x537.jpg 806w, https:\/\/www.chatillonarchitectes.com\/wp-content\/uploads\/2025\/05\/Post-Insta3-558x372.jpg 558w, https:\/\/www.chatillonarchitectes.com\/wp-content\/uploads\/2025\/05\/Post-Insta3-600x400.jpg 600w\" data-sizes=\"(max-width: 2500px) 100vw, 2500px\" \/><\/span>\n                                    <span class=\"hover-display\">\n\t\t\t\t\t\t\t\t\t\t\t\t\t\t\t\t\t\t\t<span class=\"custom-hover-icon\"><\/span>\t\t\t\t\t\t\t\t\t\t\t\t\t\t\t\t\t<\/span>\n                                <\/a>\n                            <\/div>\n\t\t\t\t\t\t\t                    <div class=\"blog-post-content-container\">\n\n\t\t\t\t\t\t                            <div class=\"blog-post-date\">\n\t\t\t\t\t\t\t\t27 March 2025                            <\/div>\n\t\t\t\t\t\t\n                        <h3 class=\"blog-post-title\">\n                            <a href=\"https:\/\/www.chatillonarchitectes.com\/en\/place-de-la-concorde\/\" target=\"\" rel=\"bookmark\">Place de la Concorde<\/a>\n                        <\/h3>\n\n\t\t\t\t\t\t                            <div class=\"blog-post-excerpt\">\n\t\t\t\t\t\t\t\t<p data-start=\"116\" data-end=\"404\">F\u00e9licitations \u00e0 l\u2019\u00e9quipe laur\u00e9ate men\u00e9e par AAPP \/ Atelier d\u2019architecture &hellip;<\/p>                            <\/div>\n\t\t\t\t\t\t\n                        \n                    <\/div>\n\t\t\t\t\t                <\/div>\n\t\t\t\t<\/div><div class=\"blog-post-column\">                <div class=\"blog-post-entry post-9796 post type-post status-publish format-standard has-post-thumbnail hentry category-projets\">\n\t\t\t\t\t                            <div class=\"blog-post-image\">\n                                <a href=\"https:\/\/www.chatillonarchitectes.com\/en\/la-transformation-de-lancienne-poste-de-brest-mise-a-lhonneur-dans-dwell\/\" target=\"\" rel=\"bookmark\">\n\n\t\t\t\t\t\t\t\t\t<span class=\"image-placeholder\" style=\"padding-bottom:75.00000000%\"><img width=\"2500\" height=\"1875\" class=\"img-responsive attachment-full img-19 lazyload\" title=\"dwell brest visu\" alt=\"\" data-src=\"https:\/\/www.chatillonarchitectes.com\/wp-content\/uploads\/2025\/07\/dwell-brest-visu.jpg\" data-srcset=\"https:\/\/www.chatillonarchitectes.com\/wp-content\/uploads\/2025\/07\/dwell-brest-visu.jpg 2500w, https:\/\/www.chatillonarchitectes.com\/wp-content\/uploads\/2025\/07\/dwell-brest-visu-300x225.jpg 300w, https:\/\/www.chatillonarchitectes.com\/wp-content\/uploads\/2025\/07\/dwell-brest-visu-1024x768.jpg 1024w, https:\/\/www.chatillonarchitectes.com\/wp-content\/uploads\/2025\/07\/dwell-brest-visu-768x576.jpg 768w, https:\/\/www.chatillonarchitectes.com\/wp-content\/uploads\/2025\/07\/dwell-brest-visu-1536x1152.jpg 1536w, https:\/\/www.chatillonarchitectes.com\/wp-content\/uploads\/2025\/07\/dwell-brest-visu-2048x1536.jpg 2048w, https:\/\/www.chatillonarchitectes.com\/wp-content\/uploads\/2025\/07\/dwell-brest-visu-16x12.jpg 16w, https:\/\/www.chatillonarchitectes.com\/wp-content\/uploads\/2025\/07\/dwell-brest-visu-1612x1209.jpg 1612w, https:\/\/www.chatillonarchitectes.com\/wp-content\/uploads\/2025\/07\/dwell-brest-visu-1116x837.jpg 1116w, https:\/\/www.chatillonarchitectes.com\/wp-content\/uploads\/2025\/07\/dwell-brest-visu-806x605.jpg 806w, https:\/\/www.chatillonarchitectes.com\/wp-content\/uploads\/2025\/07\/dwell-brest-visu-558x419.jpg 558w, https:\/\/www.chatillonarchitectes.com\/wp-content\/uploads\/2025\/07\/dwell-brest-visu-600x450.jpg 600w\" data-sizes=\"(max-width: 2500px) 100vw, 2500px\" \/><\/span>\n                                    <span class=\"hover-display\">\n\t\t\t\t\t\t\t\t\t\t\t\t\t\t\t\t\t\t\t<span class=\"custom-hover-icon\"><\/span>\t\t\t\t\t\t\t\t\t\t\t\t\t\t\t\t\t<\/span>\n                                <\/a>\n                            <\/div>\n\t\t\t\t\t\t\t                    <div class=\"blog-post-content-container\">\n\n\t\t\t\t\t\t                            <div class=\"blog-post-date\">\n\t\t\t\t\t\t\t\t25 March 2025                            <\/div>\n\t\t\t\t\t\t\n                        <h3 class=\"blog-post-title\">\n                            <a href=\"https:\/\/www.chatillonarchitectes.com\/en\/la-transformation-de-lancienne-poste-de-brest-mise-a-lhonneur-dans-dwell\/\" target=\"\" rel=\"bookmark\">La transformation de l&rsquo;ancienne poste de Brest mise \u00e0 l&rsquo;honneur dans Dwell<\/a>\n                        <\/h3>\n\n\t\t\t\t\t\t                            <div class=\"blog-post-excerpt\">\n\t\t\t\t\t\t\t\t<p data-start=\"93\" data-end=\"823\">Nous sommes heureux de partager cet article paru dans le &hellip;<\/p>                            <\/div>\n\t\t\t\t\t\t\n                        \n                    <\/div>\n\t\t\t\t\t                <\/div>\n\t\t\t\t<\/div><div class=\"blog-post-column\">                <div class=\"blog-post-entry post-9550 post type-post status-publish format-standard has-post-thumbnail hentry category-conferences\">\n\t\t\t\t\t                            <div class=\"blog-post-image\">\n                                <a href=\"https:\/\/www.chatillonarchitectes.com\/en\/chris-dercon-a-lecole-de-chaillot\/\" target=\"\" rel=\"bookmark\">\n\n\t\t\t\t\t\t\t\t\t<span class=\"image-placeholder\" style=\"padding-bottom:76.30827783%\"><img width=\"1051\" height=\"802\" class=\"img-responsive attachment-full img-20 lazyload\" title=\"Conference Dercon\" alt=\"\" data-src=\"https:\/\/www.chatillonarchitectes.com\/wp-content\/uploads\/2025\/02\/Capture.png\" data-srcset=\"https:\/\/www.chatillonarchitectes.com\/wp-content\/uploads\/2025\/02\/Capture.png 1051w, https:\/\/www.chatillonarchitectes.com\/wp-content\/uploads\/2025\/02\/Capture-300x229.png 300w, https:\/\/www.chatillonarchitectes.com\/wp-content\/uploads\/2025\/02\/Capture-1024x781.png 1024w, https:\/\/www.chatillonarchitectes.com\/wp-content\/uploads\/2025\/02\/Capture-768x586.png 768w, https:\/\/www.chatillonarchitectes.com\/wp-content\/uploads\/2025\/02\/Capture-16x12.png 16w, https:\/\/www.chatillonarchitectes.com\/wp-content\/uploads\/2025\/02\/Capture-806x615.png 806w, https:\/\/www.chatillonarchitectes.com\/wp-content\/uploads\/2025\/02\/Capture-558x426.png 558w, https:\/\/www.chatillonarchitectes.com\/wp-content\/uploads\/2025\/02\/Capture-600x458.png 600w\" data-sizes=\"(max-width: 1051px) 100vw, 1051px\" \/><\/span>\n                                    <span class=\"hover-display\">\n\t\t\t\t\t\t\t\t\t\t\t\t\t\t\t\t\t\t\t<span class=\"custom-hover-icon\"><\/span>\t\t\t\t\t\t\t\t\t\t\t\t\t\t\t\t\t<\/span>\n                                <\/a>\n                            <\/div>\n\t\t\t\t\t\t\t                    <div class=\"blog-post-content-container\">\n\n\t\t\t\t\t\t                            <div class=\"blog-post-date\">\n\t\t\t\t\t\t\t\t16 February 2025                            <\/div>\n\t\t\t\t\t\t\n                        <h3 class=\"blog-post-title\">\n                            <a href=\"https:\/\/www.chatillonarchitectes.com\/en\/chris-dercon-a-lecole-de-chaillot\/\" target=\"\" rel=\"bookmark\">Chris Dercon \u00e0 l\u2019\u00c9cole de Chaillot<\/a>\n                        <\/h3>\n\n\t\t\t\t\t\t                            <div class=\"blog-post-excerpt\">\n\t\t\t\t\t\t\t\t<p>Le 3 f\u00e9vrier a eu lieu la deuxi\u00e8me conf\u00e9rence du &hellip;<\/p>                            <\/div>\n\t\t\t\t\t\t\n                        \n                    <\/div>\n\t\t\t\t\t                <\/div>\n\t\t\t\t<\/div><div class=\"blog-post-column\">                <div class=\"blog-post-entry post-9459 post type-post status-publish format-standard has-post-thumbnail hentry category-conferences\">\n\t\t\t\t\t                            <div class=\"blog-post-image\">\n                                <a href=\"https:\/\/www.chatillonarchitectes.com\/en\/leonardo-garcia-alarcon-a-lecole-de-chaillot-2\/\" target=\"\" rel=\"bookmark\">\n\n\t\t\t\t\t\t\t\t\t<span class=\"image-placeholder\" style=\"padding-bottom:75.00000000%\"><img width=\"2048\" height=\"1536\" class=\"img-responsive attachment-full img-21 lazyload\" title=\"1736238504395\" alt=\"\" data-src=\"https:\/\/www.chatillonarchitectes.com\/wp-content\/uploads\/2025\/01\/1736238504395.jpg\" data-srcset=\"https:\/\/www.chatillonarchitectes.com\/wp-content\/uploads\/2025\/01\/1736238504395.jpg 2048w, https:\/\/www.chatillonarchitectes.com\/wp-content\/uploads\/2025\/01\/1736238504395-300x225.jpg 300w, https:\/\/www.chatillonarchitectes.com\/wp-content\/uploads\/2025\/01\/1736238504395-1024x768.jpg 1024w, https:\/\/www.chatillonarchitectes.com\/wp-content\/uploads\/2025\/01\/1736238504395-768x576.jpg 768w, https:\/\/www.chatillonarchitectes.com\/wp-content\/uploads\/2025\/01\/1736238504395-1536x1152.jpg 1536w, https:\/\/www.chatillonarchitectes.com\/wp-content\/uploads\/2025\/01\/1736238504395-16x12.jpg 16w, https:\/\/www.chatillonarchitectes.com\/wp-content\/uploads\/2025\/01\/1736238504395-1612x1209.jpg 1612w, https:\/\/www.chatillonarchitectes.com\/wp-content\/uploads\/2025\/01\/1736238504395-1116x837.jpg 1116w, https:\/\/www.chatillonarchitectes.com\/wp-content\/uploads\/2025\/01\/1736238504395-806x605.jpg 806w, https:\/\/www.chatillonarchitectes.com\/wp-content\/uploads\/2025\/01\/1736238504395-558x419.jpg 558w, https:\/\/www.chatillonarchitectes.com\/wp-content\/uploads\/2025\/01\/1736238504395-600x450.jpg 600w\" data-sizes=\"(max-width: 2048px) 100vw, 2048px\" \/><\/span>\n                                    <span class=\"hover-display\">\n\t\t\t\t\t\t\t\t\t\t\t\t\t\t\t\t\t\t\t<span class=\"custom-hover-icon\"><\/span>\t\t\t\t\t\t\t\t\t\t\t\t\t\t\t\t\t<\/span>\n                                <\/a>\n                            <\/div>\n\t\t\t\t\t\t\t                    <div class=\"blog-post-content-container\">\n\n\t\t\t\t\t\t                            <div class=\"blog-post-date\">\n\t\t\t\t\t\t\t\t8 January 2025                            <\/div>\n\t\t\t\t\t\t\n                        <h3 class=\"blog-post-title\">\n                            <a href=\"https:\/\/www.chatillonarchitectes.com\/en\/leonardo-garcia-alarcon-a-lecole-de-chaillot-2\/\" target=\"\" rel=\"bookmark\">Leonardo Garc\u00eda Alarc\u00f3n \u00e0 l\u2019\u00c9cole de Chaillot<\/a>\n                        <\/h3>\n\n\t\t\t\t\t\t                            <div class=\"blog-post-excerpt\">\n\t\t\t\t\t\t\t\t<p>Le 6 janvier 2025 , Fran\u00e7ois Chatillon et son ami &hellip;<\/p>                            <\/div>\n\t\t\t\t\t\t\n                        \n                    <\/div>\n\t\t\t\t\t                <\/div>\n\t\t\t\t<\/div><div class=\"blog-post-column\">                <div class=\"blog-post-entry post-9482 post type-post status-publish format-standard has-post-thumbnail hentry category-divers\">\n\t\t\t\t\t                            <div class=\"blog-post-image\">\n                                <a href=\"https:\/\/www.chatillonarchitectes.com\/en\/bonne-annee-2025\/\" target=\"\" rel=\"bookmark\">\n\n\t\t\t\t\t\t\t\t\t<span class=\"image-placeholder\" style=\"padding-bottom:141.83206107%\"><img width=\"655\" height=\"929\" class=\"img-responsive attachment-full img-22 lazyload\" title=\"visuel carte anim\u00e9e\" alt=\"\" data-src=\"https:\/\/www.chatillonarchitectes.com\/wp-content\/uploads\/2025\/01\/visuel-carte-animee-e1737629266185.png\" data-srcset=\"https:\/\/www.chatillonarchitectes.com\/wp-content\/uploads\/2025\/01\/visuel-carte-animee-e1737629266185.png 655w, https:\/\/www.chatillonarchitectes.com\/wp-content\/uploads\/2025\/01\/visuel-carte-animee-e1737629266185-212x300.png 212w, https:\/\/www.chatillonarchitectes.com\/wp-content\/uploads\/2025\/01\/visuel-carte-animee-e1737629266185-8x12.png 8w, https:\/\/www.chatillonarchitectes.com\/wp-content\/uploads\/2025\/01\/visuel-carte-animee-e1737629266185-558x791.png 558w, https:\/\/www.chatillonarchitectes.com\/wp-content\/uploads\/2025\/01\/visuel-carte-animee-e1737629266185-600x851.png 600w\" data-sizes=\"(max-width: 655px) 100vw, 655px\" \/><\/span>\n                                    <span class=\"hover-display\">\n\t\t\t\t\t\t\t\t\t\t\t\t\t\t\t\t\t\t\t<span class=\"custom-hover-icon\"><\/span>\t\t\t\t\t\t\t\t\t\t\t\t\t\t\t\t\t<\/span>\n                                <\/a>\n                            <\/div>\n\t\t\t\t\t\t\t                    <div class=\"blog-post-content-container\">\n\n\t\t\t\t\t\t                            <div class=\"blog-post-date\">\n\t\t\t\t\t\t\t\t1 January 2025                            <\/div>\n\t\t\t\t\t\t\n                        <h3 class=\"blog-post-title\">\n                            <a href=\"https:\/\/www.chatillonarchitectes.com\/en\/bonne-annee-2025\/\" target=\"\" rel=\"bookmark\">Bonne ann\u00e9e 2025 !<\/a>\n                        <\/h3>\n\n\t\t\t\t\t\t                            <div class=\"blog-post-excerpt\">\n\t\t\t\t\t\t\t\t<p>Chatillon Architectes vous pr\u00e9sente ses meilleurs v\u0153ux pour cette nouvelle &hellip;<\/p>                            <\/div>\n\t\t\t\t\t\t\n                        \n                    <\/div>\n\t\t\t\t\t                <\/div>\n\t\t\t\t<\/div><div class=\"blog-post-column\">                <div class=\"blog-post-entry post-9476 post type-post status-publish format-standard has-post-thumbnail hentry category-conferences\">\n\t\t\t\t\t                            <div class=\"blog-post-image\">\n                                <a href=\"https:\/\/www.chatillonarchitectes.com\/en\/masterclass-a-la-villa-empain-fondation-boghossian\/\" target=\"\" rel=\"bookmark\">\n\n\t\t\t\t\t\t\t\t\t<span class=\"image-placeholder\" style=\"padding-bottom:78.18750000%\"><img width=\"1600\" height=\"1251\" class=\"img-responsive attachment-full img-23 lazyload\" title=\"Fondation-Boghossian_Villa-Empain_1\" alt=\"\" data-src=\"https:\/\/www.chatillonarchitectes.com\/wp-content\/uploads\/2025\/01\/Fondation-Boghossian_Villa-Empain_1.jpg\" data-srcset=\"https:\/\/www.chatillonarchitectes.com\/wp-content\/uploads\/2025\/01\/Fondation-Boghossian_Villa-Empain_1.jpg 1600w, https:\/\/www.chatillonarchitectes.com\/wp-content\/uploads\/2025\/01\/Fondation-Boghossian_Villa-Empain_1-300x235.jpg 300w, https:\/\/www.chatillonarchitectes.com\/wp-content\/uploads\/2025\/01\/Fondation-Boghossian_Villa-Empain_1-1024x801.jpg 1024w, https:\/\/www.chatillonarchitectes.com\/wp-content\/uploads\/2025\/01\/Fondation-Boghossian_Villa-Empain_1-768x600.jpg 768w, https:\/\/www.chatillonarchitectes.com\/wp-content\/uploads\/2025\/01\/Fondation-Boghossian_Villa-Empain_1-1536x1201.jpg 1536w, https:\/\/www.chatillonarchitectes.com\/wp-content\/uploads\/2025\/01\/Fondation-Boghossian_Villa-Empain_1-15x12.jpg 15w, https:\/\/www.chatillonarchitectes.com\/wp-content\/uploads\/2025\/01\/Fondation-Boghossian_Villa-Empain_1-1116x873.jpg 1116w, https:\/\/www.chatillonarchitectes.com\/wp-content\/uploads\/2025\/01\/Fondation-Boghossian_Villa-Empain_1-806x630.jpg 806w, https:\/\/www.chatillonarchitectes.com\/wp-content\/uploads\/2025\/01\/Fondation-Boghossian_Villa-Empain_1-558x436.jpg 558w, https:\/\/www.chatillonarchitectes.com\/wp-content\/uploads\/2025\/01\/Fondation-Boghossian_Villa-Empain_1-600x469.jpg 600w\" data-sizes=\"(max-width: 1600px) 100vw, 1600px\" \/><\/span>\n                                    <span class=\"hover-display\">\n\t\t\t\t\t\t\t\t\t\t\t\t\t\t\t\t\t\t\t<span class=\"custom-hover-icon\"><\/span>\t\t\t\t\t\t\t\t\t\t\t\t\t\t\t\t\t<\/span>\n                                <\/a>\n                            <\/div>\n\t\t\t\t\t\t\t                    <div class=\"blog-post-content-container\">\n\n\t\t\t\t\t\t                            <div class=\"blog-post-date\">\n\t\t\t\t\t\t\t\t20 December 2024                            <\/div>\n\t\t\t\t\t\t\n                        <h3 class=\"blog-post-title\">\n                            <a href=\"https:\/\/www.chatillonarchitectes.com\/en\/masterclass-a-la-villa-empain-fondation-boghossian\/\" target=\"\" rel=\"bookmark\">Masterclass \u00e0 la Villa Empain, Fondation Boghossian<\/a>\n                        <\/h3>\n\n\t\t\t\t\t\t                            <div class=\"blog-post-excerpt\">\n\t\t\t\t\t\t\t\t<p>Le mardi 10 d\u00e9cembre 2024, Fran\u00e7ois Chatillon a particip\u00e9 \u00e0 &hellip;<\/p>                            <\/div>\n\t\t\t\t\t\t\n                        \n                    <\/div>\n\t\t\t\t\t                <\/div>\n\t\t\t\t<\/div><div class=\"blog-post-column\">                <div class=\"blog-post-entry post-9392 post type-post status-publish format-standard has-post-thumbnail hentry category-concours\">\n\t\t\t\t\t                            <div class=\"blog-post-image\">\n                                <a href=\"https:\/\/www.chatillonarchitectes.com\/en\/projet-de-reamenagement-de-la-place-de-la-concorde-chatillon-architectes-selectionne-pour-le-concours\/\" target=\"\" rel=\"bookmark\">\n\n\t\t\t\t\t\t\t\t\t<span class=\"image-placeholder\" style=\"padding-bottom:58.82352941%\"><img width=\"935\" height=\"550\" class=\"img-responsive attachment-full img-24 lazyload\" title=\"\u00a9 Droits r\u00e9serv\u00e9s\" alt=\"\" data-src=\"https:\/\/www.chatillonarchitectes.com\/wp-content\/uploads\/2024\/10\/geographie_place_concorde_935_550.jpg\" data-srcset=\"https:\/\/www.chatillonarchitectes.com\/wp-content\/uploads\/2024\/10\/geographie_place_concorde_935_550.jpg 935w, https:\/\/www.chatillonarchitectes.com\/wp-content\/uploads\/2024\/10\/geographie_place_concorde_935_550-300x176.jpg 300w, https:\/\/www.chatillonarchitectes.com\/wp-content\/uploads\/2024\/10\/geographie_place_concorde_935_550-768x452.jpg 768w, https:\/\/www.chatillonarchitectes.com\/wp-content\/uploads\/2024\/10\/geographie_place_concorde_935_550-18x12.jpg 18w, https:\/\/www.chatillonarchitectes.com\/wp-content\/uploads\/2024\/10\/geographie_place_concorde_935_550-806x474.jpg 806w, https:\/\/www.chatillonarchitectes.com\/wp-content\/uploads\/2024\/10\/geographie_place_concorde_935_550-558x328.jpg 558w, https:\/\/www.chatillonarchitectes.com\/wp-content\/uploads\/2024\/10\/geographie_place_concorde_935_550-600x353.jpg 600w\" data-sizes=\"(max-width: 935px) 100vw, 935px\" \/><\/span>\n                                    <span class=\"hover-display\">\n\t\t\t\t\t\t\t\t\t\t\t\t\t\t\t\t\t\t\t<span class=\"custom-hover-icon\"><\/span>\t\t\t\t\t\t\t\t\t\t\t\t\t\t\t\t\t<\/span>\n                                <\/a>\n                            <\/div>\n\t\t\t\t\t\t\t                    <div class=\"blog-post-content-container\">\n\n\t\t\t\t\t\t                            <div class=\"blog-post-date\">\n\t\t\t\t\t\t\t\t23 October 2024                            <\/div>\n\t\t\t\t\t\t\n                        <h3 class=\"blog-post-title\">\n                            <a href=\"https:\/\/www.chatillonarchitectes.com\/en\/projet-de-reamenagement-de-la-place-de-la-concorde-chatillon-architectes-selectionne-pour-le-concours\/\" target=\"\" rel=\"bookmark\">Projet de r\u00e9am\u00e9nagement de la Place de la Concorde : Chatillon Architectes s\u00e9lectionn\u00e9 pour le concours !<\/a>\n                        <\/h3>\n\n\t\t\t\t\t\t                            <div class=\"blog-post-excerpt\">\n\t\t\t\t\t\t\t\t<p><strong>Chatillon Architectes est heureux d&rsquo;avoir \u00e9t\u00e9 s\u00e9lectionn\u00e9 parmi les 5 <\/strong>&hellip;<\/p>                            <\/div>\n\t\t\t\t\t\t\n                        \n                    <\/div>\n\t\t\t\t\t                <\/div>\n\t\t\t\t<\/div><div class=\"blog-post-column\">                <div class=\"blog-post-entry post-9371 post type-post status-publish format-standard has-post-thumbnail hentry category-conferences\">\n\t\t\t\t\t                            <div class=\"blog-post-image\">\n                                <a href=\"https:\/\/www.chatillonarchitectes.com\/en\/conference-de-francois-chatillon-a-share-x-venice-2024\/\" target=\"\" rel=\"bookmark\">\n\n\t\t\t\t\t\t\t\t\t<span class=\"image-placeholder\" style=\"padding-bottom:66.43835616%\"><img width=\"1022\" height=\"679\" class=\"img-responsive attachment-full img-25 lazyload\" alt=\"\" data-src=\"https:\/\/www.chatillonarchitectes.com\/wp-content\/uploads\/2024\/10\/Capture-decran-2024-10-29-152130.png\" data-srcset=\"https:\/\/www.chatillonarchitectes.com\/wp-content\/uploads\/2024\/10\/Capture-decran-2024-10-29-152130.png 1022w, https:\/\/www.chatillonarchitectes.com\/wp-content\/uploads\/2024\/10\/Capture-decran-2024-10-29-152130-300x199.png 300w, https:\/\/www.chatillonarchitectes.com\/wp-content\/uploads\/2024\/10\/Capture-decran-2024-10-29-152130-768x510.png 768w, https:\/\/www.chatillonarchitectes.com\/wp-content\/uploads\/2024\/10\/Capture-decran-2024-10-29-152130-18x12.png 18w, https:\/\/www.chatillonarchitectes.com\/wp-content\/uploads\/2024\/10\/Capture-decran-2024-10-29-152130-806x535.png 806w, https:\/\/www.chatillonarchitectes.com\/wp-content\/uploads\/2024\/10\/Capture-decran-2024-10-29-152130-558x371.png 558w, https:\/\/www.chatillonarchitectes.com\/wp-content\/uploads\/2024\/10\/Capture-decran-2024-10-29-152130-600x399.png 600w\" data-sizes=\"(max-width: 1022px) 100vw, 1022px\" \/><\/span>\n                                    <span class=\"hover-display\">\n\t\t\t\t\t\t\t\t\t\t\t\t\t\t\t\t\t\t\t<span class=\"custom-hover-icon\"><\/span>\t\t\t\t\t\t\t\t\t\t\t\t\t\t\t\t\t<\/span>\n                                <\/a>\n                            <\/div>\n\t\t\t\t\t\t\t                    <div class=\"blog-post-content-container\">\n\n\t\t\t\t\t\t                            <div class=\"blog-post-date\">\n\t\t\t\t\t\t\t\t22 October 2024                            <\/div>\n\t\t\t\t\t\t\n                        <h3 class=\"blog-post-title\">\n                            <a href=\"https:\/\/www.chatillonarchitectes.com\/en\/conference-de-francois-chatillon-a-share-x-venice-2024\/\" target=\"\" rel=\"bookmark\">Conf\u00e9rence de Fran\u00e7ois Chatillon \u00e0 SHARE X Venice 2024<\/a>\n                        <\/h3>\n\n\t\t\t\t\t\t                            <div class=\"blog-post-excerpt\">\n\t\t\t\t\t\t\t\t<p><span data-olk-copy-source=\"MessageBody\">Fran\u00e7ois Chatillon \u00e9tait invit\u00e9 \u00e0 prendre la parole \u00e0 la <\/span>&hellip;<\/p>                            <\/div>\n\t\t\t\t\t\t\n                        \n                    <\/div>\n\t\t\t\t\t                <\/div>\n\t\t\t\t<\/div><div class=\"blog-post-column\">                <div class=\"blog-post-entry post-9382 post type-post status-publish format-standard has-post-thumbnail hentry category-projets\">\n\t\t\t\t\t                            <div class=\"blog-post-image\">\n                                <a href=\"https:\/\/www.chatillonarchitectes.com\/en\/decouvrez-lancien-hopital-saint-vincent-de-paul-avant-travaux\/\" target=\"\" rel=\"bookmark\">\n\n\t\t\t\t\t\t\t\t\t<span class=\"image-placeholder\" style=\"padding-bottom:66.68000000%\"><img width=\"2500\" height=\"1667\" class=\"img-responsive attachment-full img-26 lazyload\" title=\"\u00a9 Antoine Mercusot \/ Courtesy Chatillon Architectes\" alt=\"\" data-src=\"https:\/\/www.chatillonarchitectes.com\/wp-content\/uploads\/2024\/10\/05_B8A0802\u252c\u00aeAntoine-Mercusot-Chatillon-Architectes-min.jpg\" data-srcset=\"https:\/\/www.chatillonarchitectes.com\/wp-content\/uploads\/2024\/10\/05_B8A0802\u252c\u00aeAntoine-Mercusot-Chatillon-Architectes-min.jpg 2500w, https:\/\/www.chatillonarchitectes.com\/wp-content\/uploads\/2024\/10\/05_B8A0802\u252c\u00aeAntoine-Mercusot-Chatillon-Architectes-min-300x200.jpg 300w, https:\/\/www.chatillonarchitectes.com\/wp-content\/uploads\/2024\/10\/05_B8A0802\u252c\u00aeAntoine-Mercusot-Chatillon-Architectes-min-1024x683.jpg 1024w, https:\/\/www.chatillonarchitectes.com\/wp-content\/uploads\/2024\/10\/05_B8A0802\u252c\u00aeAntoine-Mercusot-Chatillon-Architectes-min-768x512.jpg 768w, https:\/\/www.chatillonarchitectes.com\/wp-content\/uploads\/2024\/10\/05_B8A0802\u252c\u00aeAntoine-Mercusot-Chatillon-Architectes-min-1536x1024.jpg 1536w, https:\/\/www.chatillonarchitectes.com\/wp-content\/uploads\/2024\/10\/05_B8A0802\u252c\u00aeAntoine-Mercusot-Chatillon-Architectes-min-2048x1366.jpg 2048w, https:\/\/www.chatillonarchitectes.com\/wp-content\/uploads\/2024\/10\/05_B8A0802\u252c\u00aeAntoine-Mercusot-Chatillon-Architectes-min-18x12.jpg 18w, https:\/\/www.chatillonarchitectes.com\/wp-content\/uploads\/2024\/10\/05_B8A0802\u252c\u00aeAntoine-Mercusot-Chatillon-Architectes-min-1612x1075.jpg 1612w, https:\/\/www.chatillonarchitectes.com\/wp-content\/uploads\/2024\/10\/05_B8A0802\u252c\u00aeAntoine-Mercusot-Chatillon-Architectes-min-1116x744.jpg 1116w, https:\/\/www.chatillonarchitectes.com\/wp-content\/uploads\/2024\/10\/05_B8A0802\u252c\u00aeAntoine-Mercusot-Chatillon-Architectes-min-806x537.jpg 806w, https:\/\/www.chatillonarchitectes.com\/wp-content\/uploads\/2024\/10\/05_B8A0802\u252c\u00aeAntoine-Mercusot-Chatillon-Architectes-min-558x372.jpg 558w, https:\/\/www.chatillonarchitectes.com\/wp-content\/uploads\/2024\/10\/05_B8A0802\u252c\u00aeAntoine-Mercusot-Chatillon-Architectes-min-600x400.jpg 600w\" data-sizes=\"(max-width: 2500px) 100vw, 2500px\" \/><\/span>\n                                    <span class=\"hover-display\">\n\t\t\t\t\t\t\t\t\t\t\t\t\t\t\t\t\t\t\t<span class=\"custom-hover-icon\"><\/span>\t\t\t\t\t\t\t\t\t\t\t\t\t\t\t\t\t<\/span>\n                                <\/a>\n                            <\/div>\n\t\t\t\t\t\t\t                    <div class=\"blog-post-content-container\">\n\n\t\t\t\t\t\t                            <div class=\"blog-post-date\">\n\t\t\t\t\t\t\t\t5 October 2024                            <\/div>\n\t\t\t\t\t\t\n                        <h3 class=\"blog-post-title\">\n                            <a href=\"https:\/\/www.chatillonarchitectes.com\/en\/decouvrez-lancien-hopital-saint-vincent-de-paul-avant-travaux\/\" target=\"\" rel=\"bookmark\">D\u00e9couvrez les premi\u00e8res photos avant-travaux du site de l\u2019ancien h\u00f4pital Saint-Vincent-de-Paul !<\/a>\n                        <\/h3>\n\n\t\t\t\t\t\t                            <div class=\"blog-post-excerpt\">\n\t\t\t\t\t\t\t\t<p><span data-olk-copy-source=\"MessageBody\">D\u00e9couvrez les premi\u00e8res photos avant-travaux du site de l\u2019ancien h\u00f4pital <\/span>&hellip;<\/p>                            <\/div>\n\t\t\t\t\t\t\n                        \n                    <\/div>\n\t\t\t\t\t                <\/div>\n\t\t\t\t<\/div><div class=\"blog-post-column\">                <div class=\"blog-post-entry post-9358 post type-post status-publish format-standard has-post-thumbnail hentry category-projets\">\n\t\t\t\t\t                            <div class=\"blog-post-image\">\n                                <a href=\"https:\/\/www.chatillonarchitectes.com\/en\/livraison-du-restaurant-baronne-de-lhotel-salomon-de-rotschild\/\" target=\"\" rel=\"bookmark\">\n\n\t\t\t\t\t\t\t\t\t<span class=\"image-placeholder\" style=\"padding-bottom:82.08636169%\"><img width=\"2339\" height=\"1920\" class=\"img-responsive attachment-full img-27 lazyload\" title=\"Antoine Mercusot\/ courtesy Chatillon Architectes-min\" alt=\"\" data-src=\"https:\/\/www.chatillonarchitectes.com\/wp-content\/uploads\/2024\/10\/B8A0408\u252c\u00aeAntoine-Mercusot-Chatillon-Architectes-min.jpg\" data-srcset=\"https:\/\/www.chatillonarchitectes.com\/wp-content\/uploads\/2024\/10\/B8A0408\u252c\u00aeAntoine-Mercusot-Chatillon-Architectes-min.jpg 2339w, https:\/\/www.chatillonarchitectes.com\/wp-content\/uploads\/2024\/10\/B8A0408\u252c\u00aeAntoine-Mercusot-Chatillon-Architectes-min-300x246.jpg 300w, https:\/\/www.chatillonarchitectes.com\/wp-content\/uploads\/2024\/10\/B8A0408\u252c\u00aeAntoine-Mercusot-Chatillon-Architectes-min-1024x841.jpg 1024w, https:\/\/www.chatillonarchitectes.com\/wp-content\/uploads\/2024\/10\/B8A0408\u252c\u00aeAntoine-Mercusot-Chatillon-Architectes-min-768x630.jpg 768w, https:\/\/www.chatillonarchitectes.com\/wp-content\/uploads\/2024\/10\/B8A0408\u252c\u00aeAntoine-Mercusot-Chatillon-Architectes-min-1536x1261.jpg 1536w, https:\/\/www.chatillonarchitectes.com\/wp-content\/uploads\/2024\/10\/B8A0408\u252c\u00aeAntoine-Mercusot-Chatillon-Architectes-min-2048x1681.jpg 2048w, https:\/\/www.chatillonarchitectes.com\/wp-content\/uploads\/2024\/10\/B8A0408\u252c\u00aeAntoine-Mercusot-Chatillon-Architectes-min-15x12.jpg 15w, https:\/\/www.chatillonarchitectes.com\/wp-content\/uploads\/2024\/10\/B8A0408\u252c\u00aeAntoine-Mercusot-Chatillon-Architectes-min-1612x1323.jpg 1612w, https:\/\/www.chatillonarchitectes.com\/wp-content\/uploads\/2024\/10\/B8A0408\u252c\u00aeAntoine-Mercusot-Chatillon-Architectes-min-1116x916.jpg 1116w, https:\/\/www.chatillonarchitectes.com\/wp-content\/uploads\/2024\/10\/B8A0408\u252c\u00aeAntoine-Mercusot-Chatillon-Architectes-min-806x662.jpg 806w, https:\/\/www.chatillonarchitectes.com\/wp-content\/uploads\/2024\/10\/B8A0408\u252c\u00aeAntoine-Mercusot-Chatillon-Architectes-min-558x458.jpg 558w, https:\/\/www.chatillonarchitectes.com\/wp-content\/uploads\/2024\/10\/B8A0408\u252c\u00aeAntoine-Mercusot-Chatillon-Architectes-min-600x493.jpg 600w\" data-sizes=\"(max-width: 2339px) 100vw, 2339px\" \/><\/span>\n                                    <span class=\"hover-display\">\n\t\t\t\t\t\t\t\t\t\t\t\t\t\t\t\t\t\t\t<span class=\"custom-hover-icon\"><\/span>\t\t\t\t\t\t\t\t\t\t\t\t\t\t\t\t\t<\/span>\n                                <\/a>\n                            <\/div>\n\t\t\t\t\t\t\t                    <div class=\"blog-post-content-container\">\n\n\t\t\t\t\t\t                            <div class=\"blog-post-date\">\n\t\t\t\t\t\t\t\t29 September 2024                            <\/div>\n\t\t\t\t\t\t\n                        <h3 class=\"blog-post-title\">\n                            <a href=\"https:\/\/www.chatillonarchitectes.com\/en\/livraison-du-restaurant-baronne-de-lhotel-salomon-de-rotschild\/\" target=\"\" rel=\"bookmark\">Livraison du restaurant \u00ab\u00a0Baronne\u00a0\u00bb de l&rsquo;H\u00f4tel Salomon de Rotschild<\/a>\n                        <\/h3>\n\n\t\t\t\t\t\t                            <div class=\"blog-post-excerpt\">\n\t\t\t\t\t\t\t\t<p>Nich\u00e9 au c\u0153ur du 8e arrondissement, au 11 rue Berryer, &hellip;<\/p>                            <\/div>\n\t\t\t\t\t\t\n                        \n                    <\/div>\n\t\t\t\t\t                <\/div>\n\t\t\t\t<\/div><div class=\"blog-post-column\">                <div class=\"blog-post-entry post-9140 post type-post status-publish format-standard has-post-thumbnail hentry category-expositions\">\n\t\t\t\t\t                            <div class=\"blog-post-image\">\n                                <a href=\"https:\/\/www.chatillonarchitectes.com\/en\/perspective-de-bort-la-nouvelle-installation-de-lartiste-de-pia-chevalier\/\" target=\"\" rel=\"bookmark\">\n\n\t\t\t\t\t\t\t\t\t<span class=\"image-placeholder\" style=\"padding-bottom:150.00000000%\"><img width=\"1280\" height=\"1920\" class=\"img-responsive attachment-full img-28 lazyload\" title=\"ACA-2024-Pia Chevalier-003\" alt=\"\" data-src=\"https:\/\/www.chatillonarchitectes.com\/wp-content\/uploads\/2024\/09\/ACA-2024-Pia-Chevalier-003.jpeg\" data-srcset=\"https:\/\/www.chatillonarchitectes.com\/wp-content\/uploads\/2024\/09\/ACA-2024-Pia-Chevalier-003.jpeg 1280w, https:\/\/www.chatillonarchitectes.com\/wp-content\/uploads\/2024\/09\/ACA-2024-Pia-Chevalier-003-200x300.jpeg 200w, https:\/\/www.chatillonarchitectes.com\/wp-content\/uploads\/2024\/09\/ACA-2024-Pia-Chevalier-003-683x1024.jpeg 683w, https:\/\/www.chatillonarchitectes.com\/wp-content\/uploads\/2024\/09\/ACA-2024-Pia-Chevalier-003-768x1152.jpeg 768w, https:\/\/www.chatillonarchitectes.com\/wp-content\/uploads\/2024\/09\/ACA-2024-Pia-Chevalier-003-1024x1536.jpeg 1024w, https:\/\/www.chatillonarchitectes.com\/wp-content\/uploads\/2024\/09\/ACA-2024-Pia-Chevalier-003-8x12.jpeg 8w, https:\/\/www.chatillonarchitectes.com\/wp-content\/uploads\/2024\/09\/ACA-2024-Pia-Chevalier-003-1116x1674.jpeg 1116w, https:\/\/www.chatillonarchitectes.com\/wp-content\/uploads\/2024\/09\/ACA-2024-Pia-Chevalier-003-806x1209.jpeg 806w, https:\/\/www.chatillonarchitectes.com\/wp-content\/uploads\/2024\/09\/ACA-2024-Pia-Chevalier-003-558x837.jpeg 558w, https:\/\/www.chatillonarchitectes.com\/wp-content\/uploads\/2024\/09\/ACA-2024-Pia-Chevalier-003-600x900.jpeg 600w\" data-sizes=\"(max-width: 1280px) 100vw, 1280px\" \/><\/span>\n                                    <span class=\"hover-display\">\n\t\t\t\t\t\t\t\t\t\t\t\t\t\t\t\t\t\t\t<span class=\"custom-hover-icon\"><\/span>\t\t\t\t\t\t\t\t\t\t\t\t\t\t\t\t\t<\/span>\n                                <\/a>\n                            <\/div>\n\t\t\t\t\t\t\t                    <div class=\"blog-post-content-container\">\n\n\t\t\t\t\t\t                            <div class=\"blog-post-date\">\n\t\t\t\t\t\t\t\t16 September 2024                            <\/div>\n\t\t\t\t\t\t\n                        <h3 class=\"blog-post-title\">\n                            <a href=\"https:\/\/www.chatillonarchitectes.com\/en\/perspective-de-bort-la-nouvelle-installation-de-lartiste-de-pia-chevalier\/\" target=\"\" rel=\"bookmark\">\u00ab\u00a0Perspective de bort\u00a0\u00bb, la nouvelle installation de Pia Chevalier<\/a>\n                        <\/h3>\n\n\t\t\t\t\t\t                            <div class=\"blog-post-excerpt\">\n\t\t\t\t\t\t\t\t<p>L\u2019agence Chatillon Architectes est heureuse de collaborer \u00e0 nouveau avec &hellip;<\/p>                            <\/div>\n\t\t\t\t\t\t\n                        \n                    <\/div>\n\t\t\t\t\t                <\/div>\n\t\t\t\t<\/div><div class=\"blog-post-column\">                <div class=\"blog-post-entry post-9112 post type-post status-publish format-standard has-post-thumbnail hentry category-videos\">\n\t\t\t\t\t                            <div class=\"blog-post-image\">\n                                <a href=\"https:\/\/www.chatillonarchitectes.com\/en\/les-ouvertures-du-nouveau-grand-palais-un-episode-signe-grandpalaisrmn\/\" target=\"\" rel=\"bookmark\">\n\n\t\t\t\t\t\t\t\t\t<span class=\"image-placeholder\" style=\"padding-bottom:56.25000000%\"><img width=\"1920\" height=\"1080\" class=\"img-responsive attachment-full img-29 lazyload\" alt=\"\" data-src=\"https:\/\/www.chatillonarchitectes.com\/wp-content\/uploads\/2024\/08\/Copie-de-1.jpg\" data-srcset=\"https:\/\/www.chatillonarchitectes.com\/wp-content\/uploads\/2024\/08\/Copie-de-1.jpg 1920w, https:\/\/www.chatillonarchitectes.com\/wp-content\/uploads\/2024\/08\/Copie-de-1-300x169.jpg 300w, https:\/\/www.chatillonarchitectes.com\/wp-content\/uploads\/2024\/08\/Copie-de-1-1024x576.jpg 1024w, https:\/\/www.chatillonarchitectes.com\/wp-content\/uploads\/2024\/08\/Copie-de-1-768x432.jpg 768w, https:\/\/www.chatillonarchitectes.com\/wp-content\/uploads\/2024\/08\/Copie-de-1-1536x864.jpg 1536w, https:\/\/www.chatillonarchitectes.com\/wp-content\/uploads\/2024\/08\/Copie-de-1-18x10.jpg 18w, https:\/\/www.chatillonarchitectes.com\/wp-content\/uploads\/2024\/08\/Copie-de-1-1612x907.jpg 1612w, https:\/\/www.chatillonarchitectes.com\/wp-content\/uploads\/2024\/08\/Copie-de-1-1116x628.jpg 1116w, https:\/\/www.chatillonarchitectes.com\/wp-content\/uploads\/2024\/08\/Copie-de-1-806x453.jpg 806w, https:\/\/www.chatillonarchitectes.com\/wp-content\/uploads\/2024\/08\/Copie-de-1-558x314.jpg 558w, https:\/\/www.chatillonarchitectes.com\/wp-content\/uploads\/2024\/08\/Copie-de-1-600x338.jpg 600w\" data-sizes=\"(max-width: 1920px) 100vw, 1920px\" \/><\/span>\n                                    <span class=\"hover-display\">\n\t\t\t\t\t\t\t\t\t\t\t\t\t\t\t\t\t\t\t<span class=\"custom-hover-icon\"><\/span>\t\t\t\t\t\t\t\t\t\t\t\t\t\t\t\t\t<\/span>\n                                <\/a>\n                            <\/div>\n\t\t\t\t\t\t\t                    <div class=\"blog-post-content-container\">\n\n\t\t\t\t\t\t                            <div class=\"blog-post-date\">\n\t\t\t\t\t\t\t\t2 August 2024                            <\/div>\n\t\t\t\t\t\t\n                        <h3 class=\"blog-post-title\">\n                            <a href=\"https:\/\/www.chatillonarchitectes.com\/en\/les-ouvertures-du-nouveau-grand-palais-un-episode-signe-grandpalaisrmn\/\" target=\"\" rel=\"bookmark\">\u00ab\u00a0Les ouvertures\u00a0\u00bb du Nouveau Grand Palais, un \u00e9pisode sign\u00e9 GrandPalaisRMN<\/a>\n                        <\/h3>\n\n\t\t\t\t\t\t                            <div class=\"blog-post-excerpt\">\n\t\t\t\t\t\t\t\t<p>En 1900, lors de son inauguration pour l&rsquo;Exposition universelle, le &hellip;<\/p>                            <\/div>\n\t\t\t\t\t\t\n                        \n                    <\/div>\n\t\t\t\t\t                <\/div>\n\t\t\t\t<\/div><div class=\"blog-post-column\">                <div class=\"blog-post-entry post-9115 post type-post status-publish format-standard has-post-thumbnail hentry category-videos\">\n\t\t\t\t\t                            <div class=\"blog-post-image\">\n                                <a href=\"https:\/\/www.chatillonarchitectes.com\/en\/1924-2024-ces-jeux-olympiques-qui-ont-change-la-france-un-episode-des-racines-et-des-ailes-autour-du-grand-palais\/\" target=\"\" rel=\"bookmark\">\n\n\t\t\t\t\t\t\t\t\t<span class=\"image-placeholder\" style=\"padding-bottom:56.25000000%\"><img width=\"1920\" height=\"1080\" class=\"img-responsive attachment-full img-30 lazyload\" title=\"1\" alt=\"\" data-src=\"https:\/\/www.chatillonarchitectes.com\/wp-content\/uploads\/2024\/08\/1.jpg\" data-srcset=\"https:\/\/www.chatillonarchitectes.com\/wp-content\/uploads\/2024\/08\/1.jpg 1920w, https:\/\/www.chatillonarchitectes.com\/wp-content\/uploads\/2024\/08\/1-300x169.jpg 300w, https:\/\/www.chatillonarchitectes.com\/wp-content\/uploads\/2024\/08\/1-1024x576.jpg 1024w, https:\/\/www.chatillonarchitectes.com\/wp-content\/uploads\/2024\/08\/1-768x432.jpg 768w, https:\/\/www.chatillonarchitectes.com\/wp-content\/uploads\/2024\/08\/1-1536x864.jpg 1536w, https:\/\/www.chatillonarchitectes.com\/wp-content\/uploads\/2024\/08\/1-18x10.jpg 18w, https:\/\/www.chatillonarchitectes.com\/wp-content\/uploads\/2024\/08\/1-1612x907.jpg 1612w, https:\/\/www.chatillonarchitectes.com\/wp-content\/uploads\/2024\/08\/1-1116x628.jpg 1116w, https:\/\/www.chatillonarchitectes.com\/wp-content\/uploads\/2024\/08\/1-806x453.jpg 806w, https:\/\/www.chatillonarchitectes.com\/wp-content\/uploads\/2024\/08\/1-558x314.jpg 558w, https:\/\/www.chatillonarchitectes.com\/wp-content\/uploads\/2024\/08\/1-600x338.jpg 600w\" data-sizes=\"(max-width: 1920px) 100vw, 1920px\" \/><\/span>\n                                    <span class=\"hover-display\">\n\t\t\t\t\t\t\t\t\t\t\t\t\t\t\t\t\t\t\t<span class=\"custom-hover-icon\"><\/span>\t\t\t\t\t\t\t\t\t\t\t\t\t\t\t\t\t<\/span>\n                                <\/a>\n                            <\/div>\n\t\t\t\t\t\t\t                    <div class=\"blog-post-content-container\">\n\n\t\t\t\t\t\t                            <div class=\"blog-post-date\">\n\t\t\t\t\t\t\t\t17 July 2024                            <\/div>\n\t\t\t\t\t\t\n                        <h3 class=\"blog-post-title\">\n                            <a href=\"https:\/\/www.chatillonarchitectes.com\/en\/1924-2024-ces-jeux-olympiques-qui-ont-change-la-france-un-episode-des-racines-et-des-ailes-autour-du-grand-palais\/\" target=\"\" rel=\"bookmark\">\u00ab\u00a01924-2024 : ces Jeux olympiques qui ont chang\u00e9 la France\u00a0\u00bb : Un \u00e9pisode Des Racines et des Ailes autour du Grand Palais<\/a>\n                        <\/h3>\n\n\t\t\t\t\t\t                            <div class=\"blog-post-excerpt\">\n\t\t\t\t\t\t\t\t<p>Dans l&rsquo;effervescence des Jeux Olympiques de Paris 2024 qui se &hellip;<\/p>                            <\/div>\n\t\t\t\t\t\t\n                        \n                    <\/div>\n\t\t\t\t\t                <\/div>\n\t\t\t\t<\/div><div class=\"blog-post-column\">                <div class=\"blog-post-entry post-9104 post type-post status-publish format-standard has-post-thumbnail hentry category-videos\">\n\t\t\t\t\t                            <div class=\"blog-post-image\">\n                                <a href=\"https:\/\/www.chatillonarchitectes.com\/en\/les-metamorphoses-du-grand-palais-par-stefan-cornic-un-documentaire-de-50-minutes-autour-des-travaux-du-grand-palais\/\" target=\"\" rel=\"bookmark\">\n\n\t\t\t\t\t\t\t\t\t<span class=\"image-placeholder\" style=\"padding-bottom:56.25000000%\"><img width=\"1920\" height=\"1080\" class=\"img-responsive attachment-full img-31 lazyload\" alt=\"\" data-src=\"https:\/\/www.chatillonarchitectes.com\/wp-content\/uploads\/2024\/08\/Copie-de-Copie-de-Sans-titre-3.jpg\" data-srcset=\"https:\/\/www.chatillonarchitectes.com\/wp-content\/uploads\/2024\/08\/Copie-de-Copie-de-Sans-titre-3.jpg 1920w, https:\/\/www.chatillonarchitectes.com\/wp-content\/uploads\/2024\/08\/Copie-de-Copie-de-Sans-titre-3-300x169.jpg 300w, https:\/\/www.chatillonarchitectes.com\/wp-content\/uploads\/2024\/08\/Copie-de-Copie-de-Sans-titre-3-1024x576.jpg 1024w, https:\/\/www.chatillonarchitectes.com\/wp-content\/uploads\/2024\/08\/Copie-de-Copie-de-Sans-titre-3-768x432.jpg 768w, https:\/\/www.chatillonarchitectes.com\/wp-content\/uploads\/2024\/08\/Copie-de-Copie-de-Sans-titre-3-1536x864.jpg 1536w, https:\/\/www.chatillonarchitectes.com\/wp-content\/uploads\/2024\/08\/Copie-de-Copie-de-Sans-titre-3-18x10.jpg 18w, https:\/\/www.chatillonarchitectes.com\/wp-content\/uploads\/2024\/08\/Copie-de-Copie-de-Sans-titre-3-1612x907.jpg 1612w, https:\/\/www.chatillonarchitectes.com\/wp-content\/uploads\/2024\/08\/Copie-de-Copie-de-Sans-titre-3-1116x628.jpg 1116w, https:\/\/www.chatillonarchitectes.com\/wp-content\/uploads\/2024\/08\/Copie-de-Copie-de-Sans-titre-3-806x453.jpg 806w, https:\/\/www.chatillonarchitectes.com\/wp-content\/uploads\/2024\/08\/Copie-de-Copie-de-Sans-titre-3-558x314.jpg 558w, https:\/\/www.chatillonarchitectes.com\/wp-content\/uploads\/2024\/08\/Copie-de-Copie-de-Sans-titre-3-600x338.jpg 600w\" data-sizes=\"(max-width: 1920px) 100vw, 1920px\" \/><\/span>\n                                    <span class=\"hover-display\">\n\t\t\t\t\t\t\t\t\t\t\t\t\t\t\t\t\t\t\t<span class=\"custom-hover-icon\"><\/span>\t\t\t\t\t\t\t\t\t\t\t\t\t\t\t\t\t<\/span>\n                                <\/a>\n                            <\/div>\n\t\t\t\t\t\t\t                    <div class=\"blog-post-content-container\">\n\n\t\t\t\t\t\t                            <div class=\"blog-post-date\">\n\t\t\t\t\t\t\t\t7 July 2024                            <\/div>\n\t\t\t\t\t\t\n                        <h3 class=\"blog-post-title\">\n                            <a href=\"https:\/\/www.chatillonarchitectes.com\/en\/les-metamorphoses-du-grand-palais-par-stefan-cornic-un-documentaire-de-50-minutes-autour-des-travaux-du-grand-palais\/\" target=\"\" rel=\"bookmark\">\u00ab\u00a0Les m\u00e9tamorphoses du Grand Palais\u00a0\u00bb, un documentaire exceptionnel sur les travaux du Grand Palais.<\/a>\n                        <\/h3>\n\n\t\t\t\t\t\t                            <div class=\"blog-post-excerpt\">\n\t\t\t\t\t\t\t\t<p>\u00c0 quelques jours du lancement des Jeux Olympiques de Paris &hellip;<\/p>                            <\/div>\n\t\t\t\t\t\t\n                        \n                    <\/div>\n\t\t\t\t\t                <\/div>\n\t\t\t\t<\/div><div class=\"blog-post-column\">                <div class=\"blog-post-entry post-9038 post type-post status-publish format-standard has-post-thumbnail hentry category-expositions\">\n\t\t\t\t\t                            <div class=\"blog-post-image\">\n                                <a href=\"https:\/\/www.chatillonarchitectes.com\/en\/en-attendant-les-jeux-la-nouvelle-exposition-de-photographies-de-lathlete-francais-enzo-lefort\/\" target=\"\" rel=\"bookmark\">\n\n\t\t\t\t\t\t\t\t\t<span class=\"image-placeholder\" style=\"padding-bottom:66.68000000%\"><img width=\"2500\" height=\"1667\" class=\"img-responsive attachment-full img-32 lazyload\" alt=\"\" data-src=\"https:\/\/www.chatillonarchitectes.com\/wp-content\/uploads\/2024\/05\/CA-2024-Enzo-Lefort-003.jpeg\" data-srcset=\"https:\/\/www.chatillonarchitectes.com\/wp-content\/uploads\/2024\/05\/CA-2024-Enzo-Lefort-003.jpeg 2500w, https:\/\/www.chatillonarchitectes.com\/wp-content\/uploads\/2024\/05\/CA-2024-Enzo-Lefort-003-300x200.jpeg 300w, https:\/\/www.chatillonarchitectes.com\/wp-content\/uploads\/2024\/05\/CA-2024-Enzo-Lefort-003-1024x683.jpeg 1024w, https:\/\/www.chatillonarchitectes.com\/wp-content\/uploads\/2024\/05\/CA-2024-Enzo-Lefort-003-768x512.jpeg 768w, https:\/\/www.chatillonarchitectes.com\/wp-content\/uploads\/2024\/05\/CA-2024-Enzo-Lefort-003-1536x1024.jpeg 1536w, https:\/\/www.chatillonarchitectes.com\/wp-content\/uploads\/2024\/05\/CA-2024-Enzo-Lefort-003-2048x1366.jpeg 2048w, https:\/\/www.chatillonarchitectes.com\/wp-content\/uploads\/2024\/05\/CA-2024-Enzo-Lefort-003-18x12.jpeg 18w, https:\/\/www.chatillonarchitectes.com\/wp-content\/uploads\/2024\/05\/CA-2024-Enzo-Lefort-003-1612x1075.jpeg 1612w, https:\/\/www.chatillonarchitectes.com\/wp-content\/uploads\/2024\/05\/CA-2024-Enzo-Lefort-003-1116x744.jpeg 1116w, https:\/\/www.chatillonarchitectes.com\/wp-content\/uploads\/2024\/05\/CA-2024-Enzo-Lefort-003-806x537.jpeg 806w, https:\/\/www.chatillonarchitectes.com\/wp-content\/uploads\/2024\/05\/CA-2024-Enzo-Lefort-003-558x372.jpeg 558w, https:\/\/www.chatillonarchitectes.com\/wp-content\/uploads\/2024\/05\/CA-2024-Enzo-Lefort-003-600x400.jpeg 600w\" data-sizes=\"(max-width: 2500px) 100vw, 2500px\" \/><\/span>\n                                    <span class=\"hover-display\">\n\t\t\t\t\t\t\t\t\t\t\t\t\t\t\t\t\t\t\t<span class=\"custom-hover-icon\"><\/span>\t\t\t\t\t\t\t\t\t\t\t\t\t\t\t\t\t<\/span>\n                                <\/a>\n                            <\/div>\n\t\t\t\t\t\t\t                    <div class=\"blog-post-content-container\">\n\n\t\t\t\t\t\t                            <div class=\"blog-post-date\">\n\t\t\t\t\t\t\t\t16 May 2024                            <\/div>\n\t\t\t\t\t\t\n                        <h3 class=\"blog-post-title\">\n                            <a href=\"https:\/\/www.chatillonarchitectes.com\/en\/en-attendant-les-jeux-la-nouvelle-exposition-de-photographies-de-lathlete-francais-enzo-lefort\/\" target=\"\" rel=\"bookmark\">En attendant les Jeux, la nouvelle exposition de photographies de l&rsquo;athl\u00e8te fran\u00e7ais Enzo Lefort<\/a>\n                        <\/h3>\n\n\t\t\t\t\t\t                            <div class=\"blog-post-excerpt\">\n\t\t\t\t\t\t\t\t<p>Ce printemps, \u00e0 l\u2019occasion de l&rsquo;inauguration des projets pour les &hellip;<\/p>                            <\/div>\n\t\t\t\t\t\t\n                        \n                    <\/div>\n\t\t\t\t\t                <\/div>\n\t\t\t\t<\/div><div class=\"blog-post-column\">                <div class=\"blog-post-entry post-9003 post type-post status-publish format-standard has-post-thumbnail hentry category-projets\">\n\t\t\t\t\t                            <div class=\"blog-post-image\">\n                                <a href=\"https:\/\/www.chatillonarchitectes.com\/en\/decouvrez-les-premieres-images-du-grand-palais-pret-a-accueillir-les-jeux-olympiques-et-paralympiques\/\" target=\"\" rel=\"bookmark\">\n\n\t\t\t\t\t\t\t\t\t<span class=\"image-placeholder\" style=\"padding-bottom:80.00000000%\"><img width=\"2400\" height=\"1920\" class=\"img-responsive attachment-full img-33 lazyload\" title=\"Le Grand Palais \u00a9 Laurent Kronental pour Chatillon Architectes\" alt=\"\" data-src=\"https:\/\/www.chatillonarchitectes.com\/wp-content\/uploads\/2023\/01\/HMNYUI4.jpg\" data-srcset=\"https:\/\/www.chatillonarchitectes.com\/wp-content\/uploads\/2023\/01\/HMNYUI4.jpg 2400w, https:\/\/www.chatillonarchitectes.com\/wp-content\/uploads\/2023\/01\/HMNYUI4-300x240.jpg 300w, https:\/\/www.chatillonarchitectes.com\/wp-content\/uploads\/2023\/01\/HMNYUI4-1024x819.jpg 1024w, https:\/\/www.chatillonarchitectes.com\/wp-content\/uploads\/2023\/01\/HMNYUI4-768x614.jpg 768w, https:\/\/www.chatillonarchitectes.com\/wp-content\/uploads\/2023\/01\/HMNYUI4-1536x1229.jpg 1536w, https:\/\/www.chatillonarchitectes.com\/wp-content\/uploads\/2023\/01\/HMNYUI4-2048x1638.jpg 2048w, https:\/\/www.chatillonarchitectes.com\/wp-content\/uploads\/2023\/01\/HMNYUI4-15x12.jpg 15w, https:\/\/www.chatillonarchitectes.com\/wp-content\/uploads\/2023\/01\/HMNYUI4-1612x1290.jpg 1612w, https:\/\/www.chatillonarchitectes.com\/wp-content\/uploads\/2023\/01\/HMNYUI4-1116x893.jpg 1116w, https:\/\/www.chatillonarchitectes.com\/wp-content\/uploads\/2023\/01\/HMNYUI4-806x645.jpg 806w, https:\/\/www.chatillonarchitectes.com\/wp-content\/uploads\/2023\/01\/HMNYUI4-558x446.jpg 558w, https:\/\/www.chatillonarchitectes.com\/wp-content\/uploads\/2023\/01\/HMNYUI4-600x480.jpg 600w\" data-sizes=\"(max-width: 2400px) 100vw, 2400px\" \/><\/span>\n                                    <span class=\"hover-display\">\n\t\t\t\t\t\t\t\t\t\t\t\t\t\t\t\t\t\t\t<span class=\"custom-hover-icon\"><\/span>\t\t\t\t\t\t\t\t\t\t\t\t\t\t\t\t\t<\/span>\n                                <\/a>\n                            <\/div>\n\t\t\t\t\t\t\t                    <div class=\"blog-post-content-container\">\n\n\t\t\t\t\t\t                            <div class=\"blog-post-date\">\n\t\t\t\t\t\t\t\t19 April 2024                            <\/div>\n\t\t\t\t\t\t\n                        <h3 class=\"blog-post-title\">\n                            <a href=\"https:\/\/www.chatillonarchitectes.com\/en\/decouvrez-les-premieres-images-du-grand-palais-pret-a-accueillir-les-jeux-olympiques-et-paralympiques\/\" target=\"\" rel=\"bookmark\">D\u00e9couvrez les premi\u00e8res images du Grand Palais pr\u00eat \u00e0 accueillir les Jeux Olympiques et paralympiques !<\/a>\n                        <\/h3>\n\n\t\t\t\t\t\t                            <div class=\"blog-post-excerpt\">\n\t\t\t\t\t\t\t\t<p>Nous sommes heureux de vous faire d\u00e9couvrir les premi\u00e8res images &hellip;<\/p>                            <\/div>\n\t\t\t\t\t\t\n                        \n                    <\/div>\n\t\t\t\t\t                <\/div>\n\t\t\t\t<\/div><div class=\"blog-post-column\">                <div class=\"blog-post-entry post-8897 post type-post status-publish format-standard has-post-thumbnail hentry category-concours\">\n\t\t\t\t\t                            <div class=\"blog-post-image\">\n                                <a href=\"https:\/\/www.chatillonarchitectes.com\/en\/projet-de-rehabilitation-de-lancien-hopital-saint-vincent-de-paul-concours-remporte\/\" target=\"\" rel=\"bookmark\">\n\n\t\t\t\t\t\t\t\t\t<span class=\"image-placeholder\" style=\"padding-bottom:133.33333333%\"><img width=\"1440\" height=\"1920\" class=\"img-responsive attachment-full img-34 lazyload\" title=\"B\u00e2timent Oratoire, Ancien H\u00f4pital Saint-Vincent-de-Paul \u00a9 Ailleurs.studio\" alt=\"\" data-src=\"https:\/\/www.chatillonarchitectes.com\/wp-content\/uploads\/2024\/01\/ailleurs.studio_SVDP_05_ORATOIRE_DENFERT_v2.jpg\" data-srcset=\"https:\/\/www.chatillonarchitectes.com\/wp-content\/uploads\/2024\/01\/ailleurs.studio_SVDP_05_ORATOIRE_DENFERT_v2.jpg 1440w, https:\/\/www.chatillonarchitectes.com\/wp-content\/uploads\/2024\/01\/ailleurs.studio_SVDP_05_ORATOIRE_DENFERT_v2-225x300.jpg 225w, https:\/\/www.chatillonarchitectes.com\/wp-content\/uploads\/2024\/01\/ailleurs.studio_SVDP_05_ORATOIRE_DENFERT_v2-768x1024.jpg 768w, https:\/\/www.chatillonarchitectes.com\/wp-content\/uploads\/2024\/01\/ailleurs.studio_SVDP_05_ORATOIRE_DENFERT_v2-1152x1536.jpg 1152w, https:\/\/www.chatillonarchitectes.com\/wp-content\/uploads\/2024\/01\/ailleurs.studio_SVDP_05_ORATOIRE_DENFERT_v2-9x12.jpg 9w, https:\/\/www.chatillonarchitectes.com\/wp-content\/uploads\/2024\/01\/ailleurs.studio_SVDP_05_ORATOIRE_DENFERT_v2-1116x1488.jpg 1116w, https:\/\/www.chatillonarchitectes.com\/wp-content\/uploads\/2024\/01\/ailleurs.studio_SVDP_05_ORATOIRE_DENFERT_v2-806x1075.jpg 806w, https:\/\/www.chatillonarchitectes.com\/wp-content\/uploads\/2024\/01\/ailleurs.studio_SVDP_05_ORATOIRE_DENFERT_v2-558x744.jpg 558w, https:\/\/www.chatillonarchitectes.com\/wp-content\/uploads\/2024\/01\/ailleurs.studio_SVDP_05_ORATOIRE_DENFERT_v2-600x800.jpg 600w\" data-sizes=\"(max-width: 1440px) 100vw, 1440px\" \/><\/span>\n                                    <span class=\"hover-display\">\n\t\t\t\t\t\t\t\t\t\t\t\t\t\t\t\t\t\t\t<span class=\"custom-hover-icon\"><\/span>\t\t\t\t\t\t\t\t\t\t\t\t\t\t\t\t\t<\/span>\n                                <\/a>\n                            <\/div>\n\t\t\t\t\t\t\t                    <div class=\"blog-post-content-container\">\n\n\t\t\t\t\t\t                            <div class=\"blog-post-date\">\n\t\t\t\t\t\t\t\t1 March 2024                            <\/div>\n\t\t\t\t\t\t\n                        <h3 class=\"blog-post-title\">\n                            <a href=\"https:\/\/www.chatillonarchitectes.com\/en\/projet-de-rehabilitation-de-lancien-hopital-saint-vincent-de-paul-concours-remporte\/\" target=\"\" rel=\"bookmark\">Projet de r\u00e9habilitation de l&rsquo;ancien h\u00f4pital Saint-Vincent-de-Paul : concours remport\u00e9 !<\/a>\n                        <\/h3>\n\n\t\t\t\t\t\t                            <div class=\"blog-post-excerpt\">\n\t\t\t\t\t\t\t\t<p><strong>Chatillon Architectes choisie pour le projet de r\u00e9habilitation du b\u00e2timent <\/strong>&hellip;<\/p>                            <\/div>\n\t\t\t\t\t\t\n                        \n                    <\/div>\n\t\t\t\t\t                <\/div>\n\t\t\t\t<\/div><div class=\"blog-post-column\">                <div class=\"blog-post-entry post-8887 post type-post status-publish format-standard has-post-thumbnail hentry category-conferences\">\n\t\t\t\t\t                            <div class=\"blog-post-image\">\n                                <a href=\"https:\/\/www.chatillonarchitectes.com\/en\/table-ronde-exceptionnelle-a-laeroport-paris-charles-de-gaulle-avec-francois-chatillon\/\" target=\"\" rel=\"bookmark\">\n\n\t\t\t\t\t\t\t\t\t<span class=\"image-placeholder\" style=\"padding-bottom:51.79687500%\"><img width=\"1280\" height=\"663\" class=\"img-responsive attachment-full img-35 lazyload\" title=\"1703151842059\" alt=\"\" data-src=\"https:\/\/www.chatillonarchitectes.com\/wp-content\/uploads\/2024\/01\/1703151842059.jpeg\" data-srcset=\"https:\/\/www.chatillonarchitectes.com\/wp-content\/uploads\/2024\/01\/1703151842059.jpeg 1280w, https:\/\/www.chatillonarchitectes.com\/wp-content\/uploads\/2024\/01\/1703151842059-300x155.jpeg 300w, https:\/\/www.chatillonarchitectes.com\/wp-content\/uploads\/2024\/01\/1703151842059-1024x530.jpeg 1024w, https:\/\/www.chatillonarchitectes.com\/wp-content\/uploads\/2024\/01\/1703151842059-768x398.jpeg 768w, https:\/\/www.chatillonarchitectes.com\/wp-content\/uploads\/2024\/01\/1703151842059-18x9.jpeg 18w, https:\/\/www.chatillonarchitectes.com\/wp-content\/uploads\/2024\/01\/1703151842059-1116x578.jpeg 1116w, https:\/\/www.chatillonarchitectes.com\/wp-content\/uploads\/2024\/01\/1703151842059-806x417.jpeg 806w, https:\/\/www.chatillonarchitectes.com\/wp-content\/uploads\/2024\/01\/1703151842059-558x289.jpeg 558w, https:\/\/www.chatillonarchitectes.com\/wp-content\/uploads\/2024\/01\/1703151842059-600x311.jpeg 600w\" data-sizes=\"(max-width: 1280px) 100vw, 1280px\" \/><\/span>\n                                    <span class=\"hover-display\">\n\t\t\t\t\t\t\t\t\t\t\t\t\t\t\t\t\t\t\t<span class=\"custom-hover-icon\"><\/span>\t\t\t\t\t\t\t\t\t\t\t\t\t\t\t\t\t<\/span>\n                                <\/a>\n                            <\/div>\n\t\t\t\t\t\t\t                    <div class=\"blog-post-content-container\">\n\n\t\t\t\t\t\t                            <div class=\"blog-post-date\">\n\t\t\t\t\t\t\t\t10 January 2024                            <\/div>\n\t\t\t\t\t\t\n                        <h3 class=\"blog-post-title\">\n                            <a href=\"https:\/\/www.chatillonarchitectes.com\/en\/table-ronde-exceptionnelle-a-laeroport-paris-charles-de-gaulle-avec-francois-chatillon\/\" target=\"\" rel=\"bookmark\">Table ronde exceptionnelle \u00e0 l&rsquo;A\u00e9roport Paris-Charles De Gaulle avec Fran\u00e7ois Chatillon<\/a>\n                        <\/h3>\n\n\t\t\t\t\t\t                            <div class=\"blog-post-excerpt\">\n\t\t\t\t\t\t\t\t<p>En d\u00e9cembre 2023, en plein c\u0153ur de l\u2019A\u00e9roport de Paris, &hellip;<\/p>                            <\/div>\n\t\t\t\t\t\t\n                        \n                    <\/div>\n\t\t\t\t\t                <\/div>\n\t\t\t\t<\/div><div class=\"blog-post-column\">                <div class=\"blog-post-entry post-8868 post type-post status-publish format-standard has-post-thumbnail hentry category-divers\">\n\t\t\t\t\t                            <div class=\"blog-post-image\">\n                                <a href=\"https:\/\/www.chatillonarchitectes.com\/en\/bonne-annee-2024\/\" target=\"\" rel=\"bookmark\">\n\n\t\t\t\t\t\t\t\t\t<span class=\"image-placeholder\" style=\"padding-bottom:180.11257036%\"><img width=\"1066\" height=\"1920\" class=\"img-responsive attachment-full img-36 lazyload\" title=\"Carte de v\u0153ux 2024\" alt=\"\" data-src=\"https:\/\/www.chatillonarchitectes.com\/wp-content\/uploads\/2024\/01\/Carte-de-voeux-2024-site-web.jpg\" data-srcset=\"https:\/\/www.chatillonarchitectes.com\/wp-content\/uploads\/2024\/01\/Carte-de-voeux-2024-site-web.jpg 1066w, https:\/\/www.chatillonarchitectes.com\/wp-content\/uploads\/2024\/01\/Carte-de-voeux-2024-site-web-167x300.jpg 167w, https:\/\/www.chatillonarchitectes.com\/wp-content\/uploads\/2024\/01\/Carte-de-voeux-2024-site-web-569x1024.jpg 569w, https:\/\/www.chatillonarchitectes.com\/wp-content\/uploads\/2024\/01\/Carte-de-voeux-2024-site-web-768x1383.jpg 768w, https:\/\/www.chatillonarchitectes.com\/wp-content\/uploads\/2024\/01\/Carte-de-voeux-2024-site-web-853x1536.jpg 853w, https:\/\/www.chatillonarchitectes.com\/wp-content\/uploads\/2024\/01\/Carte-de-voeux-2024-site-web-7x12.jpg 7w, https:\/\/www.chatillonarchitectes.com\/wp-content\/uploads\/2024\/01\/Carte-de-voeux-2024-site-web-806x1452.jpg 806w, https:\/\/www.chatillonarchitectes.com\/wp-content\/uploads\/2024\/01\/Carte-de-voeux-2024-site-web-558x1005.jpg 558w, https:\/\/www.chatillonarchitectes.com\/wp-content\/uploads\/2024\/01\/Carte-de-voeux-2024-site-web-600x1081.jpg 600w\" data-sizes=\"(max-width: 1066px) 100vw, 1066px\" \/><\/span>\n                                    <span class=\"hover-display\">\n\t\t\t\t\t\t\t\t\t\t\t\t\t\t\t\t\t\t\t<span class=\"custom-hover-icon\"><\/span>\t\t\t\t\t\t\t\t\t\t\t\t\t\t\t\t\t<\/span>\n                                <\/a>\n                            <\/div>\n\t\t\t\t\t\t\t                    <div class=\"blog-post-content-container\">\n\n\t\t\t\t\t\t                            <div class=\"blog-post-date\">\n\t\t\t\t\t\t\t\t1 January 2024                            <\/div>\n\t\t\t\t\t\t\n                        <h3 class=\"blog-post-title\">\n                            <a href=\"https:\/\/www.chatillonarchitectes.com\/en\/bonne-annee-2024\/\" target=\"\" rel=\"bookmark\">Bonne ann\u00e9e 2024 !<\/a>\n                        <\/h3>\n\n\t\t\t\t\t\t                            <div class=\"blog-post-excerpt\">\n\t\t\t\t\t\t\t\t<p>Chatillon Architectes vous pr\u00e9sente ses meilleurs v\u0153ux !<\/p>\r\n\r\n<p>&nbsp;<\/p>\r\n<p>&nbsp;&hellip;<\/p>                            <\/div>\n\t\t\t\t\t\t\n                        \n                    <\/div>\n\t\t\t\t\t                <\/div>\n\t\t\t\t<\/div><div class=\"blog-post-column\">                <div class=\"blog-post-entry post-8795 post type-post status-publish format-standard has-post-thumbnail hentry category-expositions\">\n\t\t\t\t\t                            <div class=\"blog-post-image\">\n                                <a href=\"https:\/\/www.chatillonarchitectes.com\/en\/presque-ici-la-nouvelle-exposition-parisienne-de-lagence-chatillon-architectes\/\" target=\"\" rel=\"bookmark\">\n\n\t\t\t\t\t\t\t\t\t<span class=\"image-placeholder\" style=\"padding-bottom:66.72000000%\"><img width=\"2500\" height=\"1668\" class=\"img-responsive attachment-full img-37 lazyload\" title=\"Presque Ici par Laetitia Striffling\" alt=\"\" data-src=\"https:\/\/www.chatillonarchitectes.com\/wp-content\/uploads\/2023\/10\/VUE-GENERALE-min.jpg\" data-srcset=\"https:\/\/www.chatillonarchitectes.com\/wp-content\/uploads\/2023\/10\/VUE-GENERALE-min.jpg 2500w, https:\/\/www.chatillonarchitectes.com\/wp-content\/uploads\/2023\/10\/VUE-GENERALE-min-300x200.jpg 300w, https:\/\/www.chatillonarchitectes.com\/wp-content\/uploads\/2023\/10\/VUE-GENERALE-min-1024x683.jpg 1024w, https:\/\/www.chatillonarchitectes.com\/wp-content\/uploads\/2023\/10\/VUE-GENERALE-min-768x512.jpg 768w, https:\/\/www.chatillonarchitectes.com\/wp-content\/uploads\/2023\/10\/VUE-GENERALE-min-1536x1025.jpg 1536w, https:\/\/www.chatillonarchitectes.com\/wp-content\/uploads\/2023\/10\/VUE-GENERALE-min-2048x1366.jpg 2048w, https:\/\/www.chatillonarchitectes.com\/wp-content\/uploads\/2023\/10\/VUE-GENERALE-min-18x12.jpg 18w, https:\/\/www.chatillonarchitectes.com\/wp-content\/uploads\/2023\/10\/VUE-GENERALE-min-1612x1076.jpg 1612w, https:\/\/www.chatillonarchitectes.com\/wp-content\/uploads\/2023\/10\/VUE-GENERALE-min-1116x745.jpg 1116w, https:\/\/www.chatillonarchitectes.com\/wp-content\/uploads\/2023\/10\/VUE-GENERALE-min-806x538.jpg 806w, https:\/\/www.chatillonarchitectes.com\/wp-content\/uploads\/2023\/10\/VUE-GENERALE-min-558x372.jpg 558w, https:\/\/www.chatillonarchitectes.com\/wp-content\/uploads\/2023\/10\/VUE-GENERALE-min-600x400.jpg 600w\" data-sizes=\"(max-width: 2500px) 100vw, 2500px\" \/><\/span>\n                                    <span class=\"hover-display\">\n\t\t\t\t\t\t\t\t\t\t\t\t\t\t\t\t\t\t\t<span class=\"custom-hover-icon\"><\/span>\t\t\t\t\t\t\t\t\t\t\t\t\t\t\t\t\t<\/span>\n                                <\/a>\n                            <\/div>\n\t\t\t\t\t\t\t                    <div class=\"blog-post-content-container\">\n\n\t\t\t\t\t\t                            <div class=\"blog-post-date\">\n\t\t\t\t\t\t\t\t1 November 2023                            <\/div>\n\t\t\t\t\t\t\n                        <h3 class=\"blog-post-title\">\n                            <a href=\"https:\/\/www.chatillonarchitectes.com\/en\/presque-ici-la-nouvelle-exposition-parisienne-de-lagence-chatillon-architectes\/\" target=\"\" rel=\"bookmark\">Presque Ici, la nouvelle exposition d&rsquo;\u0153uvres de l&rsquo;artiste fran\u00e7aise Laetitia Striffling<\/a>\n                        <\/h3>\n\n\t\t\t\t\t\t                            <div class=\"blog-post-excerpt\">\n\t\t\t\t\t\t\t\t<p>Cet automne, l&rsquo;agence de Paris de Chatillon Architectes accueille une &hellip;<\/p>                            <\/div>\n\t\t\t\t\t\t\n                        \n                    <\/div>\n\t\t\t\t\t                <\/div>\n\t\t\t\t<\/div><div class=\"blog-post-column\">                <div class=\"blog-post-entry post-8800 post type-post status-publish format-standard has-post-thumbnail hentry category-conferences\">\n\t\t\t\t\t                            <div class=\"blog-post-image\">\n                                <a href=\"https:\/\/www.chatillonarchitectes.com\/en\/conference-de-francois-chatillon-a-la-seance-solennelle-de-lordre-des-architectes-belges\/\" target=\"\" rel=\"bookmark\">\n\n\t\t\t\t\t\t\t\t\t<span class=\"image-placeholder\" style=\"padding-bottom:66.52000000%\"><img width=\"2500\" height=\"1663\" class=\"img-responsive attachment-full img-38 lazyload\" title=\"S\u00e9ance Solennelle de l&#039;Ordre des Architectes \u00a9 Jonathan Vahsen\" alt=\"\" data-src=\"https:\/\/www.chatillonarchitectes.com\/wp-content\/uploads\/2023\/11\/JNV_0722-JNV0863.jpg\" data-srcset=\"https:\/\/www.chatillonarchitectes.com\/wp-content\/uploads\/2023\/11\/JNV_0722-JNV0863.jpg 2500w, https:\/\/www.chatillonarchitectes.com\/wp-content\/uploads\/2023\/11\/JNV_0722-JNV0863-300x200.jpg 300w, https:\/\/www.chatillonarchitectes.com\/wp-content\/uploads\/2023\/11\/JNV_0722-JNV0863-1024x681.jpg 1024w, https:\/\/www.chatillonarchitectes.com\/wp-content\/uploads\/2023\/11\/JNV_0722-JNV0863-768x511.jpg 768w, https:\/\/www.chatillonarchitectes.com\/wp-content\/uploads\/2023\/11\/JNV_0722-JNV0863-1536x1022.jpg 1536w, https:\/\/www.chatillonarchitectes.com\/wp-content\/uploads\/2023\/11\/JNV_0722-JNV0863-2048x1362.jpg 2048w, https:\/\/www.chatillonarchitectes.com\/wp-content\/uploads\/2023\/11\/JNV_0722-JNV0863-18x12.jpg 18w, https:\/\/www.chatillonarchitectes.com\/wp-content\/uploads\/2023\/11\/JNV_0722-JNV0863-1612x1072.jpg 1612w, https:\/\/www.chatillonarchitectes.com\/wp-content\/uploads\/2023\/11\/JNV_0722-JNV0863-1116x742.jpg 1116w, https:\/\/www.chatillonarchitectes.com\/wp-content\/uploads\/2023\/11\/JNV_0722-JNV0863-806x536.jpg 806w, https:\/\/www.chatillonarchitectes.com\/wp-content\/uploads\/2023\/11\/JNV_0722-JNV0863-558x371.jpg 558w, https:\/\/www.chatillonarchitectes.com\/wp-content\/uploads\/2023\/11\/JNV_0722-JNV0863-600x399.jpg 600w\" data-sizes=\"(max-width: 2500px) 100vw, 2500px\" \/><\/span>\n                                    <span class=\"hover-display\">\n\t\t\t\t\t\t\t\t\t\t\t\t\t\t\t\t\t\t\t<span class=\"custom-hover-icon\"><\/span>\t\t\t\t\t\t\t\t\t\t\t\t\t\t\t\t\t<\/span>\n                                <\/a>\n                            <\/div>\n\t\t\t\t\t\t\t                    <div class=\"blog-post-content-container\">\n\n\t\t\t\t\t\t                            <div class=\"blog-post-date\">\n\t\t\t\t\t\t\t\t19 October 2023                            <\/div>\n\t\t\t\t\t\t\n                        <h3 class=\"blog-post-title\">\n                            <a href=\"https:\/\/www.chatillonarchitectes.com\/en\/conference-de-francois-chatillon-a-la-seance-solennelle-de-lordre-des-architectes-belges\/\" target=\"\" rel=\"bookmark\">Conf\u00e9rence de Fran\u00e7ois Chatillon \u00e0 la S\u00e9ance Solennelle de l&rsquo;Ordre des Architectes belges<\/a>\n                        <\/h3>\n\n\t\t\t\t\t\t                            <div class=\"blog-post-excerpt\">\n\t\t\t\t\t\t\t\t<p>Le 17 octobre dernier, \u00e0 l&rsquo;occasion des 60 ans de &hellip;<\/p>                            <\/div>\n\t\t\t\t\t\t\n                        \n                    <\/div>\n\t\t\t\t\t                <\/div>\n\t\t\t\t<\/div><div class=\"blog-post-column\">                <div class=\"blog-post-entry post-8580 post type-post status-publish format-standard has-post-thumbnail hentry category-videos\">\n\t\t\t\t\t                            <div class=\"blog-post-image\">\n                                <a href=\"https:\/\/www.chatillonarchitectes.com\/en\/decouvrez-la-video-sur-la-residence-eisenhower\/\" target=\"\" rel=\"bookmark\">\n\n\t\t\t\t\t\t\t\t\t<span class=\"image-placeholder\" style=\"padding-bottom:56.25000000%\"><img width=\"1920\" height=\"1080\" class=\"img-responsive attachment-full img-39 lazyload\" title=\"Vid\u00e9o R\u00e9sidence Eisenhower\" alt=\"\" data-src=\"https:\/\/www.chatillonarchitectes.com\/wp-content\/uploads\/2023\/05\/Design-sans-titre.jpg\" data-srcset=\"https:\/\/www.chatillonarchitectes.com\/wp-content\/uploads\/2023\/05\/Design-sans-titre.jpg 1920w, https:\/\/www.chatillonarchitectes.com\/wp-content\/uploads\/2023\/05\/Design-sans-titre-300x169.jpg 300w, https:\/\/www.chatillonarchitectes.com\/wp-content\/uploads\/2023\/05\/Design-sans-titre-1024x576.jpg 1024w, https:\/\/www.chatillonarchitectes.com\/wp-content\/uploads\/2023\/05\/Design-sans-titre-768x432.jpg 768w, https:\/\/www.chatillonarchitectes.com\/wp-content\/uploads\/2023\/05\/Design-sans-titre-1536x864.jpg 1536w, https:\/\/www.chatillonarchitectes.com\/wp-content\/uploads\/2023\/05\/Design-sans-titre-18x10.jpg 18w, https:\/\/www.chatillonarchitectes.com\/wp-content\/uploads\/2023\/05\/Design-sans-titre-1612x907.jpg 1612w, https:\/\/www.chatillonarchitectes.com\/wp-content\/uploads\/2023\/05\/Design-sans-titre-1116x628.jpg 1116w, https:\/\/www.chatillonarchitectes.com\/wp-content\/uploads\/2023\/05\/Design-sans-titre-806x453.jpg 806w, https:\/\/www.chatillonarchitectes.com\/wp-content\/uploads\/2023\/05\/Design-sans-titre-558x314.jpg 558w, https:\/\/www.chatillonarchitectes.com\/wp-content\/uploads\/2023\/05\/Design-sans-titre-600x338.jpg 600w\" data-sizes=\"(max-width: 1920px) 100vw, 1920px\" \/><\/span>\n                                    <span class=\"hover-display\">\n\t\t\t\t\t\t\t\t\t\t\t\t\t\t\t\t\t\t\t<span class=\"custom-hover-icon\"><\/span>\t\t\t\t\t\t\t\t\t\t\t\t\t\t\t\t\t<\/span>\n                                <\/a>\n                            <\/div>\n\t\t\t\t\t\t\t                    <div class=\"blog-post-content-container\">\n\n\t\t\t\t\t\t                            <div class=\"blog-post-date\">\n\t\t\t\t\t\t\t\t3 October 2023                            <\/div>\n\t\t\t\t\t\t\n                        <h3 class=\"blog-post-title\">\n                            <a href=\"https:\/\/www.chatillonarchitectes.com\/en\/decouvrez-la-video-sur-la-residence-eisenhower\/\" target=\"\" rel=\"bookmark\">D\u00e9couvrez la vid\u00e9o sur la R\u00e9sidence Eisenhower<\/a>\n                        <\/h3>\n\n\t\t\t\t\t\t                            <div class=\"blog-post-excerpt\">\n\t\t\t\t\t\t\t\t<p>Edifi\u00e9 au d\u00e9but du XXe si\u00e8cle, l\u2019h\u00f4tel particulier de la &hellip;<\/p>                            <\/div>\n\t\t\t\t\t\t\n                        \n                    <\/div>\n\t\t\t\t\t                <\/div>\n\t\t\t\t<\/div><div class=\"blog-post-column\">                <div class=\"blog-post-entry post-8654 post type-post status-publish format-standard has-post-thumbnail hentry category-prix\">\n\t\t\t\t\t                            <div class=\"blog-post-image\">\n                                <a href=\"https:\/\/www.chatillonarchitectes.com\/en\/le-theatre-de-dole-remporte-le-prix-des-rubans-du-patrimoine-2023\/\" target=\"\" rel=\"bookmark\">\n\n\t\t\t\t\t\t\t\t\t<span class=\"image-placeholder\" style=\"padding-bottom:99.63674105%\"><img width=\"1927\" height=\"1920\" class=\"img-responsive attachment-full img-40 lazyload\" title=\"Th\u00e9\u00e2tre de Dole \u00a9 Antoine Mercusot-Chatillon Architectes\" alt=\"\" data-src=\"https:\/\/www.chatillonarchitectes.com\/wp-content\/uploads\/2023\/07\/DSF3561\u00a9-Antoine-Mercusot-Chatillon-Architectes.jpg\" data-srcset=\"https:\/\/www.chatillonarchitectes.com\/wp-content\/uploads\/2023\/07\/DSF3561\u00a9-Antoine-Mercusot-Chatillon-Architectes.jpg 1927w, https:\/\/www.chatillonarchitectes.com\/wp-content\/uploads\/2023\/07\/DSF3561\u00a9-Antoine-Mercusot-Chatillon-Architectes-300x300.jpg 300w, https:\/\/www.chatillonarchitectes.com\/wp-content\/uploads\/2023\/07\/DSF3561\u00a9-Antoine-Mercusot-Chatillon-Architectes-1024x1020.jpg 1024w, https:\/\/www.chatillonarchitectes.com\/wp-content\/uploads\/2023\/07\/DSF3561\u00a9-Antoine-Mercusot-Chatillon-Architectes-150x150.jpg 150w, https:\/\/www.chatillonarchitectes.com\/wp-content\/uploads\/2023\/07\/DSF3561\u00a9-Antoine-Mercusot-Chatillon-Architectes-768x765.jpg 768w, https:\/\/www.chatillonarchitectes.com\/wp-content\/uploads\/2023\/07\/DSF3561\u00a9-Antoine-Mercusot-Chatillon-Architectes-1536x1530.jpg 1536w, https:\/\/www.chatillonarchitectes.com\/wp-content\/uploads\/2023\/07\/DSF3561\u00a9-Antoine-Mercusot-Chatillon-Architectes-12x12.jpg 12w, https:\/\/www.chatillonarchitectes.com\/wp-content\/uploads\/2023\/07\/DSF3561\u00a9-Antoine-Mercusot-Chatillon-Architectes-1612x1606.jpg 1612w, https:\/\/www.chatillonarchitectes.com\/wp-content\/uploads\/2023\/07\/DSF3561\u00a9-Antoine-Mercusot-Chatillon-Architectes-1116x1112.jpg 1116w, https:\/\/www.chatillonarchitectes.com\/wp-content\/uploads\/2023\/07\/DSF3561\u00a9-Antoine-Mercusot-Chatillon-Architectes-806x803.jpg 806w, https:\/\/www.chatillonarchitectes.com\/wp-content\/uploads\/2023\/07\/DSF3561\u00a9-Antoine-Mercusot-Chatillon-Architectes-558x556.jpg 558w, https:\/\/www.chatillonarchitectes.com\/wp-content\/uploads\/2023\/07\/DSF3561\u00a9-Antoine-Mercusot-Chatillon-Architectes-600x598.jpg 600w, https:\/\/www.chatillonarchitectes.com\/wp-content\/uploads\/2023\/07\/DSF3561\u00a9-Antoine-Mercusot-Chatillon-Architectes-220x220.jpg 220w, https:\/\/www.chatillonarchitectes.com\/wp-content\/uploads\/2023\/07\/DSF3561\u00a9-Antoine-Mercusot-Chatillon-Architectes-266x266.jpg 266w\" data-sizes=\"(max-width: 1927px) 100vw, 1927px\" \/><\/span>\n                                    <span class=\"hover-display\">\n\t\t\t\t\t\t\t\t\t\t\t\t\t\t\t\t\t\t\t<span class=\"custom-hover-icon\"><\/span>\t\t\t\t\t\t\t\t\t\t\t\t\t\t\t\t\t<\/span>\n                                <\/a>\n                            <\/div>\n\t\t\t\t\t\t\t                    <div class=\"blog-post-content-container\">\n\n\t\t\t\t\t\t                            <div class=\"blog-post-date\">\n\t\t\t\t\t\t\t\t18 July 2023                            <\/div>\n\t\t\t\t\t\t\n                        <h3 class=\"blog-post-title\">\n                            <a href=\"https:\/\/www.chatillonarchitectes.com\/en\/le-theatre-de-dole-remporte-le-prix-des-rubans-du-patrimoine-2023\/\" target=\"\" rel=\"bookmark\">Le Th\u00e9\u00e2tre de Dole remporte le prix des Rubans du Patrimoine 2023<\/a>\n                        <\/h3>\n\n\t\t\t\t\t\t                            <div class=\"blog-post-excerpt\">\n\t\t\t\t\t\t\t\t<p>Nous avons le plaisir de vous annoncer qu&rsquo;en 2023, notre &hellip;<\/p>                            <\/div>\n\t\t\t\t\t\t\n                        \n                    <\/div>\n\t\t\t\t\t                <\/div>\n\t\t\t\t<\/div><div class=\"blog-post-column\">                <div class=\"blog-post-entry post-8651 post type-post status-publish format-standard has-post-thumbnail hentry category-divers\">\n\t\t\t\t\t                            <div class=\"blog-post-image\">\n                                <a href=\"https:\/\/www.chatillonarchitectes.com\/en\/la-restauration-du-grand-palais-vue-par-maylis-de-kerangal-episode-6\/\" target=\"\" rel=\"bookmark\">\n\n\t\t\t\t\t\t\t\t\t<span class=\"image-placeholder\" style=\"padding-bottom:100.00000000%\"><img width=\"400\" height=\"400\" class=\"img-responsive attachment-full img-41 lazyload\" alt=\"\" data-src=\"https:\/\/www.chatillonarchitectes.com\/wp-content\/uploads\/2023\/05\/400x400_reencodedfatimage_la-restauration-du-grand-palais-vue-par-maylis-de-kerangal.webp\" data-srcset=\"https:\/\/www.chatillonarchitectes.com\/wp-content\/uploads\/2023\/05\/400x400_reencodedfatimage_la-restauration-du-grand-palais-vue-par-maylis-de-kerangal.webp 400w, https:\/\/www.chatillonarchitectes.com\/wp-content\/uploads\/2023\/05\/400x400_reencodedfatimage_la-restauration-du-grand-palais-vue-par-maylis-de-kerangal-300x300.webp 300w, https:\/\/www.chatillonarchitectes.com\/wp-content\/uploads\/2023\/05\/400x400_reencodedfatimage_la-restauration-du-grand-palais-vue-par-maylis-de-kerangal-150x150.webp 150w, https:\/\/www.chatillonarchitectes.com\/wp-content\/uploads\/2023\/05\/400x400_reencodedfatimage_la-restauration-du-grand-palais-vue-par-maylis-de-kerangal-12x12.webp 12w, https:\/\/www.chatillonarchitectes.com\/wp-content\/uploads\/2023\/05\/400x400_reencodedfatimage_la-restauration-du-grand-palais-vue-par-maylis-de-kerangal-220x220.webp 220w, https:\/\/www.chatillonarchitectes.com\/wp-content\/uploads\/2023\/05\/400x400_reencodedfatimage_la-restauration-du-grand-palais-vue-par-maylis-de-kerangal-266x266.webp 266w\" data-sizes=\"(max-width: 400px) 100vw, 400px\" \/><\/span>\n                                    <span class=\"hover-display\">\n\t\t\t\t\t\t\t\t\t\t\t\t\t\t\t\t\t\t\t<span class=\"custom-hover-icon\"><\/span>\t\t\t\t\t\t\t\t\t\t\t\t\t\t\t\t\t<\/span>\n                                <\/a>\n                            <\/div>\n\t\t\t\t\t\t\t                    <div class=\"blog-post-content-container\">\n\n\t\t\t\t\t\t                            <div class=\"blog-post-date\">\n\t\t\t\t\t\t\t\t14 June 2023                            <\/div>\n\t\t\t\t\t\t\n                        <h3 class=\"blog-post-title\">\n                            <a href=\"https:\/\/www.chatillonarchitectes.com\/en\/la-restauration-du-grand-palais-vue-par-maylis-de-kerangal-episode-6\/\" target=\"\" rel=\"bookmark\">La restauration du Grand Palais vue par Maylis de Kerangal &#8211; \u00c9pisode 6<\/a>\n                        <\/h3>\n\n\t\t\t\t\t\t                            <div class=\"blog-post-excerpt\">\n\t\t\t\t\t\t\t\t<p>Maylis de Kerangal, au micro de Marie Sorbier dans son &hellip;<\/p>                            <\/div>\n\t\t\t\t\t\t\n                        \n                    <\/div>\n\t\t\t\t\t                <\/div>\n\t\t\t\t<\/div><div class=\"blog-post-column\">                <div class=\"blog-post-entry post-9007 post type-post status-publish format-standard has-post-thumbnail hentry category-videos\">\n\t\t\t\t\t                            <div class=\"blog-post-image\">\n                                <a href=\"https:\/\/www.chatillonarchitectes.com\/en\/decouvrez-le-musee-carnavalet\/\" target=\"\" rel=\"bookmark\">\n\n\t\t\t\t\t\t\t\t\t<span class=\"image-placeholder\" style=\"padding-bottom:56.25000000%\"><img width=\"1920\" height=\"1080\" class=\"img-responsive attachment-full img-42 lazyload\" title=\"Vid\u00e9o Mus\u00e9e Carnavalet - Histoire de Paris\" alt=\"\" data-src=\"https:\/\/www.chatillonarchitectes.com\/wp-content\/uploads\/2024\/04\/cover-video-Carnavalet.jpg\" data-srcset=\"https:\/\/www.chatillonarchitectes.com\/wp-content\/uploads\/2024\/04\/cover-video-Carnavalet.jpg 1920w, https:\/\/www.chatillonarchitectes.com\/wp-content\/uploads\/2024\/04\/cover-video-Carnavalet-300x169.jpg 300w, https:\/\/www.chatillonarchitectes.com\/wp-content\/uploads\/2024\/04\/cover-video-Carnavalet-1024x576.jpg 1024w, https:\/\/www.chatillonarchitectes.com\/wp-content\/uploads\/2024\/04\/cover-video-Carnavalet-768x432.jpg 768w, https:\/\/www.chatillonarchitectes.com\/wp-content\/uploads\/2024\/04\/cover-video-Carnavalet-1536x864.jpg 1536w, https:\/\/www.chatillonarchitectes.com\/wp-content\/uploads\/2024\/04\/cover-video-Carnavalet-18x10.jpg 18w, https:\/\/www.chatillonarchitectes.com\/wp-content\/uploads\/2024\/04\/cover-video-Carnavalet-1612x907.jpg 1612w, https:\/\/www.chatillonarchitectes.com\/wp-content\/uploads\/2024\/04\/cover-video-Carnavalet-1116x628.jpg 1116w, https:\/\/www.chatillonarchitectes.com\/wp-content\/uploads\/2024\/04\/cover-video-Carnavalet-806x453.jpg 806w, https:\/\/www.chatillonarchitectes.com\/wp-content\/uploads\/2024\/04\/cover-video-Carnavalet-558x314.jpg 558w, https:\/\/www.chatillonarchitectes.com\/wp-content\/uploads\/2024\/04\/cover-video-Carnavalet-600x338.jpg 600w\" data-sizes=\"(max-width: 1920px) 100vw, 1920px\" \/><\/span>\n                                    <span class=\"hover-display\">\n\t\t\t\t\t\t\t\t\t\t\t\t\t\t\t\t\t\t\t<span class=\"custom-hover-icon\"><\/span>\t\t\t\t\t\t\t\t\t\t\t\t\t\t\t\t\t<\/span>\n                                <\/a>\n                            <\/div>\n\t\t\t\t\t\t\t                    <div class=\"blog-post-content-container\">\n\n\t\t\t\t\t\t                            <div class=\"blog-post-date\">\n\t\t\t\t\t\t\t\t25 May 2023                            <\/div>\n\t\t\t\t\t\t\n                        <h3 class=\"blog-post-title\">\n                            <a href=\"https:\/\/www.chatillonarchitectes.com\/en\/decouvrez-le-musee-carnavalet\/\" target=\"\" rel=\"bookmark\">D\u00e9couvrez le Mus\u00e9e Carnavalet<\/a>\n                        <\/h3>\n\n\t\t\t\t\t\t                            <div class=\"blog-post-excerpt\">\n\t\t\t\t\t\t\t\t<p>En mai 2021, Chatillon Architectes, associ\u00e9 \u00e0 Sn\u00f8hetta et l\u2019agence &hellip;<\/p>                            <\/div>\n\t\t\t\t\t\t\n                        \n                    <\/div>\n\t\t\t\t\t                <\/div>\n\t\t\t\t<\/div><div class=\"blog-post-column\">                <div class=\"blog-post-entry post-8564 post type-post status-publish format-standard has-post-thumbnail hentry category-prix\">\n\t\t\t\t\t                            <div class=\"blog-post-image\">\n                                <a href=\"https:\/\/www.chatillonarchitectes.com\/en\/le-projet-des-bains-municipaux-de-strasbourg-laureat-du-prix-du-jury-degfbtp-grand-est\/\" target=\"\" rel=\"bookmark\">\n\n\t\t\t\t\t\t\t\t\t<span class=\"image-placeholder\" style=\"padding-bottom:66.66666667%\"><img width=\"1383\" height=\"922\" class=\"img-responsive attachment-full img-43 lazyload\" title=\"\u00a9 Drone Image Alsace\" alt=\"\" data-src=\"https:\/\/www.chatillonarchitectes.com\/wp-content\/uploads\/2023\/04\/1681416651978.jpeg\" data-srcset=\"https:\/\/www.chatillonarchitectes.com\/wp-content\/uploads\/2023\/04\/1681416651978.jpeg 1383w, https:\/\/www.chatillonarchitectes.com\/wp-content\/uploads\/2023\/04\/1681416651978-300x200.jpeg 300w, https:\/\/www.chatillonarchitectes.com\/wp-content\/uploads\/2023\/04\/1681416651978-1024x683.jpeg 1024w, https:\/\/www.chatillonarchitectes.com\/wp-content\/uploads\/2023\/04\/1681416651978-768x512.jpeg 768w, https:\/\/www.chatillonarchitectes.com\/wp-content\/uploads\/2023\/04\/1681416651978-18x12.jpeg 18w, https:\/\/www.chatillonarchitectes.com\/wp-content\/uploads\/2023\/04\/1681416651978-1116x744.jpeg 1116w, https:\/\/www.chatillonarchitectes.com\/wp-content\/uploads\/2023\/04\/1681416651978-806x537.jpeg 806w, https:\/\/www.chatillonarchitectes.com\/wp-content\/uploads\/2023\/04\/1681416651978-558x372.jpeg 558w, https:\/\/www.chatillonarchitectes.com\/wp-content\/uploads\/2023\/04\/1681416651978-600x400.jpeg 600w\" data-sizes=\"(max-width: 1383px) 100vw, 1383px\" \/><\/span>\n                                    <span class=\"hover-display\">\n\t\t\t\t\t\t\t\t\t\t\t\t\t\t\t\t\t\t\t<span class=\"custom-hover-icon\"><\/span>\t\t\t\t\t\t\t\t\t\t\t\t\t\t\t\t\t<\/span>\n                                <\/a>\n                            <\/div>\n\t\t\t\t\t\t\t                    <div class=\"blog-post-content-container\">\n\n\t\t\t\t\t\t                            <div class=\"blog-post-date\">\n\t\t\t\t\t\t\t\t15 May 2023                            <\/div>\n\t\t\t\t\t\t\n                        <h3 class=\"blog-post-title\">\n                            <a href=\"https:\/\/www.chatillonarchitectes.com\/en\/le-projet-des-bains-municipaux-de-strasbourg-laureat-du-prix-du-jury-degfbtp-grand-est\/\" target=\"\" rel=\"bookmark\">Le projet des Bains Municipaux de Strasbourg laur\u00e9at du prix du jury d\u2019EGFBTP Grand Est !<\/a>\n                        <\/h3>\n\n\t\t\t\t\t\t                            <div class=\"blog-post-excerpt\">\n\t\t\t\t\t\t\t\t<p>Chatillon Architectes est heureux d&rsquo;annoncer qu\u2019Eiffage Construction Alsace est laur\u00e9at &hellip;<\/p>                            <\/div>\n\t\t\t\t\t\t\n                        \n                    <\/div>\n\t\t\t\t\t                <\/div>\n\t\t\t\t<\/div><div class=\"blog-post-column\">                <div class=\"blog-post-entry post-8557 post type-post status-publish format-standard has-post-thumbnail hentry category-projets category-divers\">\n\t\t\t\t\t                            <div class=\"blog-post-image\">\n                                <a href=\"https:\/\/www.chatillonarchitectes.com\/en\/premiere-pierre-du-projet-dextension-de-lancienne-poste-de-brest\/\" target=\"\" rel=\"bookmark\">\n\n\t\t\t\t\t\t\t\t\t<span class=\"image-placeholder\" style=\"padding-bottom:66.64062500%\"><img width=\"1280\" height=\"853\" class=\"img-responsive attachment-full img-44 lazyload\" title=\"premi\u00e8re pierre de l&#039;ancienne poste de Brest\" alt=\"\" data-src=\"https:\/\/www.chatillonarchitectes.com\/wp-content\/uploads\/2023\/04\/premiere-pierre-de-lancienne-poste-de-Brest.jpeg\" data-srcset=\"https:\/\/www.chatillonarchitectes.com\/wp-content\/uploads\/2023\/04\/premiere-pierre-de-lancienne-poste-de-Brest.jpeg 1280w, https:\/\/www.chatillonarchitectes.com\/wp-content\/uploads\/2023\/04\/premiere-pierre-de-lancienne-poste-de-Brest-300x200.jpeg 300w, https:\/\/www.chatillonarchitectes.com\/wp-content\/uploads\/2023\/04\/premiere-pierre-de-lancienne-poste-de-Brest-1024x682.jpeg 1024w, https:\/\/www.chatillonarchitectes.com\/wp-content\/uploads\/2023\/04\/premiere-pierre-de-lancienne-poste-de-Brest-768x512.jpeg 768w, https:\/\/www.chatillonarchitectes.com\/wp-content\/uploads\/2023\/04\/premiere-pierre-de-lancienne-poste-de-Brest-18x12.jpeg 18w, https:\/\/www.chatillonarchitectes.com\/wp-content\/uploads\/2023\/04\/premiere-pierre-de-lancienne-poste-de-Brest-1116x744.jpeg 1116w, https:\/\/www.chatillonarchitectes.com\/wp-content\/uploads\/2023\/04\/premiere-pierre-de-lancienne-poste-de-Brest-806x537.jpeg 806w, https:\/\/www.chatillonarchitectes.com\/wp-content\/uploads\/2023\/04\/premiere-pierre-de-lancienne-poste-de-Brest-558x372.jpeg 558w, https:\/\/www.chatillonarchitectes.com\/wp-content\/uploads\/2023\/04\/premiere-pierre-de-lancienne-poste-de-Brest-600x400.jpeg 600w\" data-sizes=\"(max-width: 1280px) 100vw, 1280px\" \/><\/span>\n                                    <span class=\"hover-display\">\n\t\t\t\t\t\t\t\t\t\t\t\t\t\t\t\t\t\t\t<span class=\"custom-hover-icon\"><\/span>\t\t\t\t\t\t\t\t\t\t\t\t\t\t\t\t\t<\/span>\n                                <\/a>\n                            <\/div>\n\t\t\t\t\t\t\t                    <div class=\"blog-post-content-container\">\n\n\t\t\t\t\t\t                            <div class=\"blog-post-date\">\n\t\t\t\t\t\t\t\t29 March 2023                            <\/div>\n\t\t\t\t\t\t\n                        <h3 class=\"blog-post-title\">\n                            <a href=\"https:\/\/www.chatillonarchitectes.com\/en\/premiere-pierre-du-projet-dextension-de-lancienne-poste-de-brest\/\" target=\"\" rel=\"bookmark\">Premi\u00e8re pierre du projet d&rsquo;extension de l&rsquo;ancienne Poste de Brest<\/a>\n                        <\/h3>\n\n\t\t\t\t\t\t                            <div class=\"blog-post-excerpt\">\n\t\t\t\t\t\t\t\t<p>Le 29 mars, \u00e0 l&rsquo;occasion de la pose de la &hellip;<\/p>                            <\/div>\n\t\t\t\t\t\t\n                        \n                    <\/div>\n\t\t\t\t\t                <\/div>\n\t\t\t\t<\/div><div class=\"blog-post-column\">                <div class=\"blog-post-entry post-8571 post type-post status-publish format-standard has-post-thumbnail hentry category-divers\">\n\t\t\t\t\t                            <div class=\"blog-post-image\">\n                                <a href=\"https:\/\/www.chatillonarchitectes.com\/en\/la-restauration-du-grand-palais-vue-par-maylis-de-kerangal-episode-5\/\" target=\"\" rel=\"bookmark\">\n\n\t\t\t\t\t\t\t\t\t<span class=\"image-placeholder\" style=\"padding-bottom:100.00000000%\"><img width=\"400\" height=\"400\" class=\"img-responsive attachment-full img-45 lazyload\" alt=\"\" data-src=\"https:\/\/www.chatillonarchitectes.com\/wp-content\/uploads\/2023\/05\/400x400_reencodedfatimage_la-restauration-du-grand-palais-vue-par-maylis-de-kerangal.webp\" data-srcset=\"https:\/\/www.chatillonarchitectes.com\/wp-content\/uploads\/2023\/05\/400x400_reencodedfatimage_la-restauration-du-grand-palais-vue-par-maylis-de-kerangal.webp 400w, https:\/\/www.chatillonarchitectes.com\/wp-content\/uploads\/2023\/05\/400x400_reencodedfatimage_la-restauration-du-grand-palais-vue-par-maylis-de-kerangal-300x300.webp 300w, https:\/\/www.chatillonarchitectes.com\/wp-content\/uploads\/2023\/05\/400x400_reencodedfatimage_la-restauration-du-grand-palais-vue-par-maylis-de-kerangal-150x150.webp 150w, https:\/\/www.chatillonarchitectes.com\/wp-content\/uploads\/2023\/05\/400x400_reencodedfatimage_la-restauration-du-grand-palais-vue-par-maylis-de-kerangal-12x12.webp 12w, https:\/\/www.chatillonarchitectes.com\/wp-content\/uploads\/2023\/05\/400x400_reencodedfatimage_la-restauration-du-grand-palais-vue-par-maylis-de-kerangal-220x220.webp 220w, https:\/\/www.chatillonarchitectes.com\/wp-content\/uploads\/2023\/05\/400x400_reencodedfatimage_la-restauration-du-grand-palais-vue-par-maylis-de-kerangal-266x266.webp 266w\" data-sizes=\"(max-width: 400px) 100vw, 400px\" \/><\/span>\n                                    <span class=\"hover-display\">\n\t\t\t\t\t\t\t\t\t\t\t\t\t\t\t\t\t\t\t<span class=\"custom-hover-icon\"><\/span>\t\t\t\t\t\t\t\t\t\t\t\t\t\t\t\t\t<\/span>\n                                <\/a>\n                            <\/div>\n\t\t\t\t\t\t\t                    <div class=\"blog-post-content-container\">\n\n\t\t\t\t\t\t                            <div class=\"blog-post-date\">\n\t\t\t\t\t\t\t\t3 February 2023                            <\/div>\n\t\t\t\t\t\t\n                        <h3 class=\"blog-post-title\">\n                            <a href=\"https:\/\/www.chatillonarchitectes.com\/en\/la-restauration-du-grand-palais-vue-par-maylis-de-kerangal-episode-5\/\" target=\"\" rel=\"bookmark\">La restauration du Grand Palais vue par Maylis de Kerangal &#8211; \u00c9pisode 5<\/a>\n                        <\/h3>\n\n\t\t\t\t\t\t                            <div class=\"blog-post-excerpt\">\n\t\t\t\t\t\t\t\t<p>Maylis de Kerangal, au micro de Marie Sorbier dans son &hellip;<\/p>                            <\/div>\n\t\t\t\t\t\t\n                        \n                    <\/div>\n\t\t\t\t\t                <\/div>\n\t\t\t\t<\/div><div class=\"blog-post-column\">                <div class=\"blog-post-entry post-8449 post type-post status-publish format-standard has-post-thumbnail hentry category-concours\">\n\t\t\t\t\t                            <div class=\"blog-post-image\">\n                                <a href=\"https:\/\/www.chatillonarchitectes.com\/en\/domaine-de-benouville-concours-remporte\/\" target=\"\" rel=\"bookmark\">\n\n\t\t\t\t\t\t\t\t\t<span class=\"image-placeholder\" style=\"padding-bottom:66.68000000%\"><img width=\"2500\" height=\"1667\" class=\"img-responsive attachment-full img-46 lazyload\" title=\"Domaine de B\u00e9nouville \u00a9Antoine Mercusot-Chatillon Architectes\" alt=\"\" data-src=\"https:\/\/www.chatillonarchitectes.com\/wp-content\/uploads\/2023\/04\/B8A3726\u00a9Antoine-Mercusot-Chatillon-Architectes.jpg\" data-srcset=\"https:\/\/www.chatillonarchitectes.com\/wp-content\/uploads\/2023\/04\/B8A3726\u00a9Antoine-Mercusot-Chatillon-Architectes.jpg 2500w, https:\/\/www.chatillonarchitectes.com\/wp-content\/uploads\/2023\/04\/B8A3726\u00a9Antoine-Mercusot-Chatillon-Architectes-300x200.jpg 300w, https:\/\/www.chatillonarchitectes.com\/wp-content\/uploads\/2023\/04\/B8A3726\u00a9Antoine-Mercusot-Chatillon-Architectes-1024x683.jpg 1024w, https:\/\/www.chatillonarchitectes.com\/wp-content\/uploads\/2023\/04\/B8A3726\u00a9Antoine-Mercusot-Chatillon-Architectes-768x512.jpg 768w, https:\/\/www.chatillonarchitectes.com\/wp-content\/uploads\/2023\/04\/B8A3726\u00a9Antoine-Mercusot-Chatillon-Architectes-1536x1024.jpg 1536w, https:\/\/www.chatillonarchitectes.com\/wp-content\/uploads\/2023\/04\/B8A3726\u00a9Antoine-Mercusot-Chatillon-Architectes-2048x1366.jpg 2048w, https:\/\/www.chatillonarchitectes.com\/wp-content\/uploads\/2023\/04\/B8A3726\u00a9Antoine-Mercusot-Chatillon-Architectes-18x12.jpg 18w, https:\/\/www.chatillonarchitectes.com\/wp-content\/uploads\/2023\/04\/B8A3726\u00a9Antoine-Mercusot-Chatillon-Architectes-1612x1075.jpg 1612w, https:\/\/www.chatillonarchitectes.com\/wp-content\/uploads\/2023\/04\/B8A3726\u00a9Antoine-Mercusot-Chatillon-Architectes-1116x744.jpg 1116w, https:\/\/www.chatillonarchitectes.com\/wp-content\/uploads\/2023\/04\/B8A3726\u00a9Antoine-Mercusot-Chatillon-Architectes-806x537.jpg 806w, https:\/\/www.chatillonarchitectes.com\/wp-content\/uploads\/2023\/04\/B8A3726\u00a9Antoine-Mercusot-Chatillon-Architectes-558x372.jpg 558w, https:\/\/www.chatillonarchitectes.com\/wp-content\/uploads\/2023\/04\/B8A3726\u00a9Antoine-Mercusot-Chatillon-Architectes-600x400.jpg 600w\" data-sizes=\"(max-width: 2500px) 100vw, 2500px\" \/><\/span>\n                                    <span class=\"hover-display\">\n\t\t\t\t\t\t\t\t\t\t\t\t\t\t\t\t\t\t\t<span class=\"custom-hover-icon\"><\/span>\t\t\t\t\t\t\t\t\t\t\t\t\t\t\t\t\t<\/span>\n                                <\/a>\n                            <\/div>\n\t\t\t\t\t\t\t                    <div class=\"blog-post-content-container\">\n\n\t\t\t\t\t\t                            <div class=\"blog-post-date\">\n\t\t\t\t\t\t\t\t28 January 2023                            <\/div>\n\t\t\t\t\t\t\n                        <h3 class=\"blog-post-title\">\n                            <a href=\"https:\/\/www.chatillonarchitectes.com\/en\/domaine-de-benouville-concours-remporte\/\" target=\"\" rel=\"bookmark\">Domaine de B\u00e9nouville : concours remport\u00e9 !<\/a>\n                        <\/h3>\n\n\t\t\t\t\t\t                            <div class=\"blog-post-excerpt\">\n\t\t\t\t\t\t\t\t<p>Chatillon Architectes, laur\u00e9at du projet de restructuration et extension du &hellip;<\/p>                            <\/div>\n\t\t\t\t\t\t\n                        \n                    <\/div>\n\t\t\t\t\t                <\/div>\n\t\t\t\t<\/div><div class=\"blog-post-column\">                <div class=\"blog-post-entry post-8446 post type-post status-publish format-standard has-post-thumbnail hentry category-divers\">\n\t\t\t\t\t                            <div class=\"blog-post-image\">\n                                <a href=\"https:\/\/www.chatillonarchitectes.com\/en\/bonne-annee-2023\/\" target=\"\" rel=\"bookmark\">\n\n\t\t\t\t\t\t\t\t\t<span class=\"image-placeholder\" style=\"padding-bottom:180.11257036%\"><img width=\"1066\" height=\"1920\" class=\"img-responsive attachment-full img-47 lazyload\" title=\"Carte de v\u0153ux 2023\" alt=\"\" data-src=\"https:\/\/www.chatillonarchitectes.com\/wp-content\/uploads\/2023\/02\/test-1.png\" data-srcset=\"https:\/\/www.chatillonarchitectes.com\/wp-content\/uploads\/2023\/02\/test-1.png 1066w, https:\/\/www.chatillonarchitectes.com\/wp-content\/uploads\/2023\/02\/test-1-167x300.png 167w, https:\/\/www.chatillonarchitectes.com\/wp-content\/uploads\/2023\/02\/test-1-569x1024.png 569w, https:\/\/www.chatillonarchitectes.com\/wp-content\/uploads\/2023\/02\/test-1-768x1383.png 768w, https:\/\/www.chatillonarchitectes.com\/wp-content\/uploads\/2023\/02\/test-1-853x1536.png 853w, https:\/\/www.chatillonarchitectes.com\/wp-content\/uploads\/2023\/02\/test-1-7x12.png 7w, https:\/\/www.chatillonarchitectes.com\/wp-content\/uploads\/2023\/02\/test-1-806x1452.png 806w, https:\/\/www.chatillonarchitectes.com\/wp-content\/uploads\/2023\/02\/test-1-558x1005.png 558w, https:\/\/www.chatillonarchitectes.com\/wp-content\/uploads\/2023\/02\/test-1-600x1081.png 600w\" data-sizes=\"(max-width: 1066px) 100vw, 1066px\" \/><\/span>\n                                    <span class=\"hover-display\">\n\t\t\t\t\t\t\t\t\t\t\t\t\t\t\t\t\t\t\t<span class=\"custom-hover-icon\"><\/span>\t\t\t\t\t\t\t\t\t\t\t\t\t\t\t\t\t<\/span>\n                                <\/a>\n                            <\/div>\n\t\t\t\t\t\t\t                    <div class=\"blog-post-content-container\">\n\n\t\t\t\t\t\t                            <div class=\"blog-post-date\">\n\t\t\t\t\t\t\t\t6 January 2023                            <\/div>\n\t\t\t\t\t\t\n                        <h3 class=\"blog-post-title\">\n                            <a href=\"https:\/\/www.chatillonarchitectes.com\/en\/bonne-annee-2023\/\" target=\"\" rel=\"bookmark\">Bonne ann\u00e9e 2023 !<\/a>\n                        <\/h3>\n\n\t\t\t\t\t\t                            <div class=\"blog-post-excerpt\">\n\t\t\t\t\t\t\t\t<p style=\"text-align: left;\">Chatillon Architectes vous souhaite une tr\u00e8s bonne ann\u00e9e !<br \/><br \/><img loading=\"lazy\" decoding=\"async\" class=\"alignnone size-full wp-image-8447\" src=\"https:\/\/www.chatillonarchitectes.com\/wp-content\/uploads\/2023\/02\/test-1.png\" alt=\"\" width=\"1066\" height=\"1920\" srcset=\"https:\/\/www.chatillonarchitectes.com\/wp-content\/uploads\/2023\/02\/test-1.png 1066w, https:\/\/www.chatillonarchitectes.com\/wp-content\/uploads\/2023\/02\/test-1-167x300.png 167w, https:\/\/www.chatillonarchitectes.com\/wp-content\/uploads\/2023\/02\/test-1-569x1024.png 569w, https:\/\/www.chatillonarchitectes.com\/wp-content\/uploads\/2023\/02\/test-1-768x1383.png 768w, https:\/\/www.chatillonarchitectes.com\/wp-content\/uploads\/2023\/02\/test-1-853x1536.png 853w, https:\/\/www.chatillonarchitectes.com\/wp-content\/uploads\/2023\/02\/test-1-7x12.png 7w, https:\/\/www.chatillonarchitectes.com\/wp-content\/uploads\/2023\/02\/test-1-806x1452.png 806w, https:\/\/www.chatillonarchitectes.com\/wp-content\/uploads\/2023\/02\/test-1-558x1005.png 558w, https:\/\/www.chatillonarchitectes.com\/wp-content\/uploads\/2023\/02\/test-1-600x1081.png 600w\" sizes=\"auto, (max-width: 1066px) 100vw, 1066px\" \/><\/p>\r\n<p style=\"text-align: left;\">R\u00e9habilitation &hellip;<\/p>                            <\/div>\n\t\t\t\t\t\t\n                        \n                    <\/div>\n\t\t\t\t\t                <\/div>\n\t\t\t\t<\/div><div class=\"blog-post-column\">                <div class=\"blog-post-entry post-8389 post type-post status-publish format-standard has-post-thumbnail hentry category-conferences category-videos\">\n\t\t\t\t\t                            <div class=\"blog-post-image\">\n                                <a href=\"https:\/\/www.chatillonarchitectes.com\/en\/leonardo-garcia-alarcon-a-lecole-de-chaillot\/\" target=\"\" rel=\"bookmark\">\n\n\t\t\t\t\t\t\t\t\t<span class=\"image-placeholder\" style=\"padding-bottom:54.64344942%\"><img width=\"1206\" height=\"659\" class=\"img-responsive attachment-full img-48 lazyload\" title=\"Video Chaillot cours L\u00e9onardo\" alt=\"\" data-src=\"https:\/\/www.chatillonarchitectes.com\/wp-content\/uploads\/2022\/12\/Video-Chaillot-cours-Leonardo.jpg\" data-srcset=\"https:\/\/www.chatillonarchitectes.com\/wp-content\/uploads\/2022\/12\/Video-Chaillot-cours-Leonardo.jpg 1206w, https:\/\/www.chatillonarchitectes.com\/wp-content\/uploads\/2022\/12\/Video-Chaillot-cours-Leonardo-300x164.jpg 300w, https:\/\/www.chatillonarchitectes.com\/wp-content\/uploads\/2022\/12\/Video-Chaillot-cours-Leonardo-1024x560.jpg 1024w, https:\/\/www.chatillonarchitectes.com\/wp-content\/uploads\/2022\/12\/Video-Chaillot-cours-Leonardo-768x420.jpg 768w, https:\/\/www.chatillonarchitectes.com\/wp-content\/uploads\/2022\/12\/Video-Chaillot-cours-Leonardo-18x10.jpg 18w, https:\/\/www.chatillonarchitectes.com\/wp-content\/uploads\/2022\/12\/Video-Chaillot-cours-Leonardo-1116x610.jpg 1116w, https:\/\/www.chatillonarchitectes.com\/wp-content\/uploads\/2022\/12\/Video-Chaillot-cours-Leonardo-806x440.jpg 806w, https:\/\/www.chatillonarchitectes.com\/wp-content\/uploads\/2022\/12\/Video-Chaillot-cours-Leonardo-558x305.jpg 558w, https:\/\/www.chatillonarchitectes.com\/wp-content\/uploads\/2022\/12\/Video-Chaillot-cours-Leonardo-600x328.jpg 600w\" data-sizes=\"(max-width: 1206px) 100vw, 1206px\" \/><\/span>\n                                    <span class=\"hover-display\">\n\t\t\t\t\t\t\t\t\t\t\t\t\t\t\t\t\t\t\t<span class=\"custom-hover-icon\"><\/span>\t\t\t\t\t\t\t\t\t\t\t\t\t\t\t\t\t<\/span>\n                                <\/a>\n                            <\/div>\n\t\t\t\t\t\t\t                    <div class=\"blog-post-content-container\">\n\n\t\t\t\t\t\t                            <div class=\"blog-post-date\">\n\t\t\t\t\t\t\t\t5 December 2022                            <\/div>\n\t\t\t\t\t\t\n                        <h3 class=\"blog-post-title\">\n                            <a href=\"https:\/\/www.chatillonarchitectes.com\/en\/leonardo-garcia-alarcon-a-lecole-de-chaillot\/\" target=\"\" rel=\"bookmark\">Leonardo Garc\u00eda Alarc\u00f3n \u00e0 l&rsquo;Ecole de Chaillot<\/a>\n                        <\/h3>\n\n\t\t\t\t\t\t                            <div class=\"blog-post-excerpt\">\n\t\t\t\t\t\t\t\t<p>Fran\u00e7ois Chatillon \u00e9tait tr\u00e8s heureux d\u2019inviter son ami Leonardo Garc\u00eda &hellip;<\/p>                            <\/div>\n\t\t\t\t\t\t\n                        \n                    <\/div>\n\t\t\t\t\t                <\/div>\n\t\t\t\t<\/div><div class=\"blog-post-column\">                <div class=\"blog-post-entry post-8374 post type-post status-publish format-standard has-post-thumbnail hentry category-projets\">\n\t\t\t\t\t                            <div class=\"blog-post-image\">\n                                <a href=\"https:\/\/www.chatillonarchitectes.com\/en\/la-grande-nef-du-complexe-sportif-de-lile-des-vannes\/\" target=\"\" rel=\"bookmark\">\n\n\t\t\t\t\t\t\t\t\t<span class=\"image-placeholder\" style=\"padding-bottom:66.69921875%\"><img width=\"2048\" height=\"1366\" class=\"img-responsive attachment-full img-49 lazyload\" title=\"Iles des Vannes Play\" alt=\"\" data-src=\"https:\/\/www.chatillonarchitectes.com\/wp-content\/uploads\/2022\/11\/Iles-des-Vannes-Play.jpg\" data-srcset=\"https:\/\/www.chatillonarchitectes.com\/wp-content\/uploads\/2022\/11\/Iles-des-Vannes-Play.jpg 2048w, https:\/\/www.chatillonarchitectes.com\/wp-content\/uploads\/2022\/11\/Iles-des-Vannes-Play-300x200.jpg 300w, https:\/\/www.chatillonarchitectes.com\/wp-content\/uploads\/2022\/11\/Iles-des-Vannes-Play-1024x683.jpg 1024w, https:\/\/www.chatillonarchitectes.com\/wp-content\/uploads\/2022\/11\/Iles-des-Vannes-Play-768x512.jpg 768w, https:\/\/www.chatillonarchitectes.com\/wp-content\/uploads\/2022\/11\/Iles-des-Vannes-Play-1536x1025.jpg 1536w, https:\/\/www.chatillonarchitectes.com\/wp-content\/uploads\/2022\/11\/Iles-des-Vannes-Play-18x12.jpg 18w, https:\/\/www.chatillonarchitectes.com\/wp-content\/uploads\/2022\/11\/Iles-des-Vannes-Play-1612x1075.jpg 1612w, https:\/\/www.chatillonarchitectes.com\/wp-content\/uploads\/2022\/11\/Iles-des-Vannes-Play-1116x744.jpg 1116w, https:\/\/www.chatillonarchitectes.com\/wp-content\/uploads\/2022\/11\/Iles-des-Vannes-Play-806x538.jpg 806w, https:\/\/www.chatillonarchitectes.com\/wp-content\/uploads\/2022\/11\/Iles-des-Vannes-Play-558x372.jpg 558w, https:\/\/www.chatillonarchitectes.com\/wp-content\/uploads\/2022\/11\/Iles-des-Vannes-Play-600x400.jpg 600w\" data-sizes=\"(max-width: 2048px) 100vw, 2048px\" \/><\/span>\n                                    <span class=\"hover-display\">\n\t\t\t\t\t\t\t\t\t\t\t\t\t\t\t\t\t\t\t<span class=\"custom-hover-icon\"><\/span>\t\t\t\t\t\t\t\t\t\t\t\t\t\t\t\t\t<\/span>\n                                <\/a>\n                            <\/div>\n\t\t\t\t\t\t\t                    <div class=\"blog-post-content-container\">\n\n\t\t\t\t\t\t                            <div class=\"blog-post-date\">\n\t\t\t\t\t\t\t\t20 November 2022                            <\/div>\n\t\t\t\t\t\t\n                        <h3 class=\"blog-post-title\">\n                            <a href=\"https:\/\/www.chatillonarchitectes.com\/en\/la-grande-nef-du-complexe-sportif-de-lile-des-vannes\/\" target=\"\" rel=\"bookmark\">La Grande Nef du complexe sportif de l&rsquo;Ile des Vannes<\/a>\n                        <\/h3>\n\n\t\t\t\t\t\t                            <div class=\"blog-post-excerpt\">\n\t\t\t\t\t\t\t\t<p>D\u00e9couvrez la vid\u00e9o r\u00e9alis\u00e9e avec le D\u00e9partement de la Seine-Saint &hellip;<\/p>                            <\/div>\n\t\t\t\t\t\t\n                        \n                    <\/div>\n\t\t\t\t\t                <\/div>\n\t\t\t\t<\/div><div class=\"blog-post-column\">                <div class=\"blog-post-entry post-8315 post type-post status-publish format-standard has-post-thumbnail hentry category-prix\">\n\t\t\t\t\t                            <div class=\"blog-post-image\">\n                                <a href=\"https:\/\/www.chatillonarchitectes.com\/en\/laureat-du-bim-dor-2022\/\" target=\"\" rel=\"bookmark\">\n\n\t\t\t\t\t\t\t\t\t<span class=\"image-placeholder\" style=\"padding-bottom:62.04000000%\"><img width=\"2500\" height=\"1551\" class=\"img-responsive attachment-full img-50 lazyload\" title=\"image maquette grille\" alt=\"\" data-src=\"https:\/\/www.chatillonarchitectes.com\/wp-content\/uploads\/2022\/10\/image-maquette-grille-1.png\" data-srcset=\"https:\/\/www.chatillonarchitectes.com\/wp-content\/uploads\/2022\/10\/image-maquette-grille-1.png 2500w, https:\/\/www.chatillonarchitectes.com\/wp-content\/uploads\/2022\/10\/image-maquette-grille-1-300x186.png 300w, https:\/\/www.chatillonarchitectes.com\/wp-content\/uploads\/2022\/10\/image-maquette-grille-1-1024x635.png 1024w, https:\/\/www.chatillonarchitectes.com\/wp-content\/uploads\/2022\/10\/image-maquette-grille-1-768x476.png 768w, https:\/\/www.chatillonarchitectes.com\/wp-content\/uploads\/2022\/10\/image-maquette-grille-1-1536x953.png 1536w, https:\/\/www.chatillonarchitectes.com\/wp-content\/uploads\/2022\/10\/image-maquette-grille-1-2048x1271.png 2048w, https:\/\/www.chatillonarchitectes.com\/wp-content\/uploads\/2022\/10\/image-maquette-grille-1-18x12.png 18w, https:\/\/www.chatillonarchitectes.com\/wp-content\/uploads\/2022\/10\/image-maquette-grille-1-1612x1000.png 1612w, https:\/\/www.chatillonarchitectes.com\/wp-content\/uploads\/2022\/10\/image-maquette-grille-1-1116x692.png 1116w, https:\/\/www.chatillonarchitectes.com\/wp-content\/uploads\/2022\/10\/image-maquette-grille-1-806x500.png 806w, https:\/\/www.chatillonarchitectes.com\/wp-content\/uploads\/2022\/10\/image-maquette-grille-1-558x346.png 558w, https:\/\/www.chatillonarchitectes.com\/wp-content\/uploads\/2022\/10\/image-maquette-grille-1-600x372.png 600w\" data-sizes=\"(max-width: 2500px) 100vw, 2500px\" \/><\/span>\n                                    <span class=\"hover-display\">\n\t\t\t\t\t\t\t\t\t\t\t\t\t\t\t\t\t\t\t<span class=\"custom-hover-icon\"><\/span>\t\t\t\t\t\t\t\t\t\t\t\t\t\t\t\t\t<\/span>\n                                <\/a>\n                            <\/div>\n\t\t\t\t\t\t\t                    <div class=\"blog-post-content-container\">\n\n\t\t\t\t\t\t                            <div class=\"blog-post-date\">\n\t\t\t\t\t\t\t\t17 October 2022                            <\/div>\n\t\t\t\t\t\t\n                        <h3 class=\"blog-post-title\">\n                            <a href=\"https:\/\/www.chatillonarchitectes.com\/en\/laureat-du-bim-dor-2022\/\" target=\"\" rel=\"bookmark\">Laur\u00e9at du BIM d\u2019Or 2022 !<\/a>\n                        <\/h3>\n\n\t\t\t\t\t\t                            <div class=\"blog-post-excerpt\">\n\t\t\t\t\t\t\t\t<p>Nous sommes honor\u00e9s d\u2019avoir re\u00e7u le prix du BIM d\u2019Or &hellip;<\/p>                            <\/div>\n\t\t\t\t\t\t\n                        \n                    <\/div>\n\t\t\t\t\t                <\/div>\n\t\t\t\t<\/div><div class=\"blog-post-column\">                <div class=\"blog-post-entry post-8619 post type-post status-publish format-standard has-post-thumbnail hentry category-divers\">\n\t\t\t\t\t                            <div class=\"blog-post-image\">\n                                <a href=\"https:\/\/www.chatillonarchitectes.com\/en\/la-restauration-du-grand-palais-vue-par-maylis-de-kerangal-episode-4\/\" target=\"\" rel=\"bookmark\">\n\n\t\t\t\t\t\t\t\t\t<span class=\"image-placeholder\" style=\"padding-bottom:100.00000000%\"><img width=\"400\" height=\"400\" class=\"img-responsive attachment-full img-51 lazyload\" alt=\"\" data-src=\"https:\/\/www.chatillonarchitectes.com\/wp-content\/uploads\/2023\/05\/400x400_reencodedfatimage_la-restauration-du-grand-palais-vue-par-maylis-de-kerangal.webp\" data-srcset=\"https:\/\/www.chatillonarchitectes.com\/wp-content\/uploads\/2023\/05\/400x400_reencodedfatimage_la-restauration-du-grand-palais-vue-par-maylis-de-kerangal.webp 400w, https:\/\/www.chatillonarchitectes.com\/wp-content\/uploads\/2023\/05\/400x400_reencodedfatimage_la-restauration-du-grand-palais-vue-par-maylis-de-kerangal-300x300.webp 300w, https:\/\/www.chatillonarchitectes.com\/wp-content\/uploads\/2023\/05\/400x400_reencodedfatimage_la-restauration-du-grand-palais-vue-par-maylis-de-kerangal-150x150.webp 150w, https:\/\/www.chatillonarchitectes.com\/wp-content\/uploads\/2023\/05\/400x400_reencodedfatimage_la-restauration-du-grand-palais-vue-par-maylis-de-kerangal-12x12.webp 12w, https:\/\/www.chatillonarchitectes.com\/wp-content\/uploads\/2023\/05\/400x400_reencodedfatimage_la-restauration-du-grand-palais-vue-par-maylis-de-kerangal-220x220.webp 220w, https:\/\/www.chatillonarchitectes.com\/wp-content\/uploads\/2023\/05\/400x400_reencodedfatimage_la-restauration-du-grand-palais-vue-par-maylis-de-kerangal-266x266.webp 266w\" data-sizes=\"(max-width: 400px) 100vw, 400px\" \/><\/span>\n                                    <span class=\"hover-display\">\n\t\t\t\t\t\t\t\t\t\t\t\t\t\t\t\t\t\t\t<span class=\"custom-hover-icon\"><\/span>\t\t\t\t\t\t\t\t\t\t\t\t\t\t\t\t\t<\/span>\n                                <\/a>\n                            <\/div>\n\t\t\t\t\t\t\t                    <div class=\"blog-post-content-container\">\n\n\t\t\t\t\t\t                            <div class=\"blog-post-date\">\n\t\t\t\t\t\t\t\t12 October 2022                            <\/div>\n\t\t\t\t\t\t\n                        <h3 class=\"blog-post-title\">\n                            <a href=\"https:\/\/www.chatillonarchitectes.com\/en\/la-restauration-du-grand-palais-vue-par-maylis-de-kerangal-episode-4\/\" target=\"\" rel=\"bookmark\">La restauration du Grand Palais vue par Maylis de Kerangal &#8211; \u00c9pisode 4<\/a>\n                        <\/h3>\n\n\t\t\t\t\t\t                            <div class=\"blog-post-excerpt\">\n\t\t\t\t\t\t\t\t<p>Maylis de Kerangal, au micro de Marie Sorbier dans son &hellip;<\/p>                            <\/div>\n\t\t\t\t\t\t\n                        \n                    <\/div>\n\t\t\t\t\t                <\/div>\n\t\t\t\t<\/div><div class=\"blog-post-column\">                <div class=\"blog-post-entry post-8294 post type-post status-publish format-standard has-post-thumbnail hentry category-prix\">\n\t\t\t\t\t                            <div class=\"blog-post-image\">\n                                <a href=\"https:\/\/www.chatillonarchitectes.com\/en\/prix-des-amis-du-vieux-strasbourg\/\" target=\"\" rel=\"bookmark\">\n\n\t\t\t\t\t\t\t\t\t<span class=\"image-placeholder\" style=\"padding-bottom:42.69547325%\"><img width=\"972\" height=\"415\" class=\"img-responsive attachment-full img-52 lazyload\" title=\"amis du vieux strasbourg\" alt=\"\" data-src=\"https:\/\/www.chatillonarchitectes.com\/wp-content\/uploads\/2022\/10\/amis-du-vieux-strasbourg.png\" data-srcset=\"https:\/\/www.chatillonarchitectes.com\/wp-content\/uploads\/2022\/10\/amis-du-vieux-strasbourg.png 972w, https:\/\/www.chatillonarchitectes.com\/wp-content\/uploads\/2022\/10\/amis-du-vieux-strasbourg-300x128.png 300w, https:\/\/www.chatillonarchitectes.com\/wp-content\/uploads\/2022\/10\/amis-du-vieux-strasbourg-768x328.png 768w, https:\/\/www.chatillonarchitectes.com\/wp-content\/uploads\/2022\/10\/amis-du-vieux-strasbourg-18x8.png 18w, https:\/\/www.chatillonarchitectes.com\/wp-content\/uploads\/2022\/10\/amis-du-vieux-strasbourg-806x344.png 806w, https:\/\/www.chatillonarchitectes.com\/wp-content\/uploads\/2022\/10\/amis-du-vieux-strasbourg-558x238.png 558w, https:\/\/www.chatillonarchitectes.com\/wp-content\/uploads\/2022\/10\/amis-du-vieux-strasbourg-600x256.png 600w\" data-sizes=\"(max-width: 972px) 100vw, 972px\" \/><\/span>\n                                    <span class=\"hover-display\">\n\t\t\t\t\t\t\t\t\t\t\t\t\t\t\t\t\t\t\t<span class=\"custom-hover-icon\"><\/span>\t\t\t\t\t\t\t\t\t\t\t\t\t\t\t\t\t<\/span>\n                                <\/a>\n                            <\/div>\n\t\t\t\t\t\t\t                    <div class=\"blog-post-content-container\">\n\n\t\t\t\t\t\t                            <div class=\"blog-post-date\">\n\t\t\t\t\t\t\t\t6 October 2022                            <\/div>\n\t\t\t\t\t\t\n                        <h3 class=\"blog-post-title\">\n                            <a href=\"https:\/\/www.chatillonarchitectes.com\/en\/prix-des-amis-du-vieux-strasbourg\/\" target=\"\" rel=\"bookmark\">Prix des Amis du Vieux Strasbourg<\/a>\n                        <\/h3>\n\n\t\t\t\t\t\t                            <div class=\"blog-post-excerpt\">\n\t\t\t\t\t\t\t\t<p>Le projet de restauration des Bains municipaux de Strasbourg a &hellip;<\/p>                            <\/div>\n\t\t\t\t\t\t\n                        \n                    <\/div>\n\t\t\t\t\t                <\/div>\n\t\t\t\t<\/div><div class=\"blog-post-column\">                <div class=\"blog-post-entry post-8231 post type-post status-publish format-standard has-post-thumbnail hentry category-divers\">\n\t\t\t\t\t                            <div class=\"blog-post-image\">\n                                <a href=\"https:\/\/www.chatillonarchitectes.com\/en\/le-grand-palais-a-lhonneur-dans-le-podcast-esprit-des-lieux-sur-france-culture\/\" target=\"\" rel=\"bookmark\">\n\n\t\t\t\t\t\t\t\t\t<span class=\"image-placeholder\" style=\"padding-bottom:100.00000000%\"><img width=\"1400\" height=\"1400\" class=\"img-responsive attachment-full img-53 lazyload\" title=\"esprit des lieux podcast france culture grand palais fran\u00e7ois chatillon chatillon architectes\" alt=\"\" data-src=\"https:\/\/www.chatillonarchitectes.com\/wp-content\/uploads\/2022\/09\/esprit-des-lieux.jpg\" data-srcset=\"https:\/\/www.chatillonarchitectes.com\/wp-content\/uploads\/2022\/09\/esprit-des-lieux.jpg 1400w, https:\/\/www.chatillonarchitectes.com\/wp-content\/uploads\/2022\/09\/esprit-des-lieux-300x300.jpg 300w, https:\/\/www.chatillonarchitectes.com\/wp-content\/uploads\/2022\/09\/esprit-des-lieux-1024x1024.jpg 1024w, https:\/\/www.chatillonarchitectes.com\/wp-content\/uploads\/2022\/09\/esprit-des-lieux-150x150.jpg 150w, https:\/\/www.chatillonarchitectes.com\/wp-content\/uploads\/2022\/09\/esprit-des-lieux-768x768.jpg 768w, https:\/\/www.chatillonarchitectes.com\/wp-content\/uploads\/2022\/09\/esprit-des-lieux-12x12.jpg 12w, https:\/\/www.chatillonarchitectes.com\/wp-content\/uploads\/2022\/09\/esprit-des-lieux-468x468.jpg 468w, https:\/\/www.chatillonarchitectes.com\/wp-content\/uploads\/2022\/09\/esprit-des-lieux-1116x1116.jpg 1116w, https:\/\/www.chatillonarchitectes.com\/wp-content\/uploads\/2022\/09\/esprit-des-lieux-806x806.jpg 806w, https:\/\/www.chatillonarchitectes.com\/wp-content\/uploads\/2022\/09\/esprit-des-lieux-558x558.jpg 558w, https:\/\/www.chatillonarchitectes.com\/wp-content\/uploads\/2022\/09\/esprit-des-lieux-600x600.jpg 600w, https:\/\/www.chatillonarchitectes.com\/wp-content\/uploads\/2022\/09\/esprit-des-lieux-220x220.jpg 220w, https:\/\/www.chatillonarchitectes.com\/wp-content\/uploads\/2022\/09\/esprit-des-lieux-266x266.jpg 266w\" data-sizes=\"(max-width: 1400px) 100vw, 1400px\" \/><\/span>\n                                    <span class=\"hover-display\">\n\t\t\t\t\t\t\t\t\t\t\t\t\t\t\t\t\t\t\t<span class=\"custom-hover-icon\"><\/span>\t\t\t\t\t\t\t\t\t\t\t\t\t\t\t\t\t<\/span>\n                                <\/a>\n                            <\/div>\n\t\t\t\t\t\t\t                    <div class=\"blog-post-content-container\">\n\n\t\t\t\t\t\t                            <div class=\"blog-post-date\">\n\t\t\t\t\t\t\t\t19 September 2022                            <\/div>\n\t\t\t\t\t\t\n                        <h3 class=\"blog-post-title\">\n                            <a href=\"https:\/\/www.chatillonarchitectes.com\/en\/le-grand-palais-a-lhonneur-dans-le-podcast-esprit-des-lieux-sur-france-culture\/\" target=\"\" rel=\"bookmark\">Le Grand Palais \u00e0 l&rsquo;honneur dans le podcast \u00ab\u00a0Esprit des Lieux\u00a0\u00bb sur France Culture<\/a>\n                        <\/h3>\n\n\t\t\t\t\t\t                            <div class=\"blog-post-excerpt\">\n\t\t\t\t\t\t\t\t<p>Le dernier \u00e9pisode du podcast <em>Esprit des Lieux<\/em> sur France &hellip;<\/p>                            <\/div>\n\t\t\t\t\t\t\n                        \n                    <\/div>\n\t\t\t\t\t                <\/div>\n\t\t\t\t<\/div><div class=\"blog-post-column\">                <div class=\"blog-post-entry post-8078 post type-post status-publish format-standard has-post-thumbnail hentry category-projets category-videos\">\n\t\t\t\t\t                            <div class=\"blog-post-image\">\n                                <a href=\"https:\/\/www.chatillonarchitectes.com\/en\/le-jumeau-numerique-du-chateau-de-chambord\/\" target=\"\" rel=\"bookmark\">\n\n\t\t\t\t\t\t\t\t\t<span class=\"image-placeholder\" style=\"padding-bottom:66.69921875%\"><img width=\"2048\" height=\"1366\" class=\"img-responsive attachment-full img-54 lazyload\" title=\"Ch\u00e2teau de Chambord \u00a9 Antoine Mercusot-Chatillon Architectes\" alt=\"\" data-src=\"https:\/\/www.chatillonarchitectes.com\/wp-content\/uploads\/2022\/09\/jumeau-numerique-Chambord-play.jpg\" data-srcset=\"https:\/\/www.chatillonarchitectes.com\/wp-content\/uploads\/2022\/09\/jumeau-numerique-Chambord-play.jpg 2048w, https:\/\/www.chatillonarchitectes.com\/wp-content\/uploads\/2022\/09\/jumeau-numerique-Chambord-play-300x200.jpg 300w, https:\/\/www.chatillonarchitectes.com\/wp-content\/uploads\/2022\/09\/jumeau-numerique-Chambord-play-1024x683.jpg 1024w, https:\/\/www.chatillonarchitectes.com\/wp-content\/uploads\/2022\/09\/jumeau-numerique-Chambord-play-768x512.jpg 768w, https:\/\/www.chatillonarchitectes.com\/wp-content\/uploads\/2022\/09\/jumeau-numerique-Chambord-play-1536x1025.jpg 1536w, https:\/\/www.chatillonarchitectes.com\/wp-content\/uploads\/2022\/09\/jumeau-numerique-Chambord-play-18x12.jpg 18w, https:\/\/www.chatillonarchitectes.com\/wp-content\/uploads\/2022\/09\/jumeau-numerique-Chambord-play-1612x1075.jpg 1612w, https:\/\/www.chatillonarchitectes.com\/wp-content\/uploads\/2022\/09\/jumeau-numerique-Chambord-play-1116x744.jpg 1116w, https:\/\/www.chatillonarchitectes.com\/wp-content\/uploads\/2022\/09\/jumeau-numerique-Chambord-play-806x538.jpg 806w, https:\/\/www.chatillonarchitectes.com\/wp-content\/uploads\/2022\/09\/jumeau-numerique-Chambord-play-558x372.jpg 558w, https:\/\/www.chatillonarchitectes.com\/wp-content\/uploads\/2022\/09\/jumeau-numerique-Chambord-play-600x400.jpg 600w\" data-sizes=\"(max-width: 2048px) 100vw, 2048px\" \/><\/span>\n                                    <span class=\"hover-display\">\n\t\t\t\t\t\t\t\t\t\t\t\t\t\t\t\t\t\t\t<span class=\"custom-hover-icon\"><\/span>\t\t\t\t\t\t\t\t\t\t\t\t\t\t\t\t\t<\/span>\n                                <\/a>\n                            <\/div>\n\t\t\t\t\t\t\t                    <div class=\"blog-post-content-container\">\n\n\t\t\t\t\t\t                            <div class=\"blog-post-date\">\n\t\t\t\t\t\t\t\t2 September 2022                            <\/div>\n\t\t\t\t\t\t\n                        <h3 class=\"blog-post-title\">\n                            <a href=\"https:\/\/www.chatillonarchitectes.com\/en\/le-jumeau-numerique-du-chateau-de-chambord\/\" target=\"\" rel=\"bookmark\">Le jumeau num\u00e9rique du Ch\u00e2teau de Chambord<\/a>\n                        <\/h3>\n\n\t\t\t\t\t\t                            <div class=\"blog-post-excerpt\">\n\t\t\t\t\t\t\t\t<p>Le Ch\u00e2teau de Chambord a un jumeau num\u00e9rique ! Charg\u00e9e &hellip;<\/p>                            <\/div>\n\t\t\t\t\t\t\n                        \n                    <\/div>\n\t\t\t\t\t                <\/div>\n\t\t\t\t<\/div><div class=\"blog-post-column\">                <div class=\"blog-post-entry post-7990 post type-post status-publish format-standard has-post-thumbnail hentry category-projets\">\n\t\t\t\t\t                            <div class=\"blog-post-image\">\n                                <a href=\"https:\/\/www.chatillonarchitectes.com\/en\/livraison-de-lobelisque-de-louxor\/\" target=\"\" rel=\"bookmark\">\n\n\t\t\t\t\t\t\t\t\t<span class=\"image-placeholder\" style=\"padding-bottom:133.33333333%\"><img width=\"1440\" height=\"1920\" class=\"img-responsive attachment-full img-55 lazyload\" title=\"_B8A0406\u00a9Antoine Mercusot-Chatillon Architectes\" alt=\"\" data-src=\"https:\/\/www.chatillonarchitectes.com\/wp-content\/uploads\/2022\/06\/B8A0406\u00a9Antoine-Mercusot-Chatillon-Architectes.jpg\" data-srcset=\"https:\/\/www.chatillonarchitectes.com\/wp-content\/uploads\/2022\/06\/B8A0406\u00a9Antoine-Mercusot-Chatillon-Architectes.jpg 1440w, https:\/\/www.chatillonarchitectes.com\/wp-content\/uploads\/2022\/06\/B8A0406\u00a9Antoine-Mercusot-Chatillon-Architectes-225x300.jpg 225w, https:\/\/www.chatillonarchitectes.com\/wp-content\/uploads\/2022\/06\/B8A0406\u00a9Antoine-Mercusot-Chatillon-Architectes-768x1024.jpg 768w, https:\/\/www.chatillonarchitectes.com\/wp-content\/uploads\/2022\/06\/B8A0406\u00a9Antoine-Mercusot-Chatillon-Architectes-1152x1536.jpg 1152w, https:\/\/www.chatillonarchitectes.com\/wp-content\/uploads\/2022\/06\/B8A0406\u00a9Antoine-Mercusot-Chatillon-Architectes-9x12.jpg 9w, https:\/\/www.chatillonarchitectes.com\/wp-content\/uploads\/2022\/06\/B8A0406\u00a9Antoine-Mercusot-Chatillon-Architectes-1116x1488.jpg 1116w, https:\/\/www.chatillonarchitectes.com\/wp-content\/uploads\/2022\/06\/B8A0406\u00a9Antoine-Mercusot-Chatillon-Architectes-806x1075.jpg 806w, https:\/\/www.chatillonarchitectes.com\/wp-content\/uploads\/2022\/06\/B8A0406\u00a9Antoine-Mercusot-Chatillon-Architectes-558x744.jpg 558w, https:\/\/www.chatillonarchitectes.com\/wp-content\/uploads\/2022\/06\/B8A0406\u00a9Antoine-Mercusot-Chatillon-Architectes-600x800.jpg 600w\" data-sizes=\"(max-width: 1440px) 100vw, 1440px\" \/><\/span>\n                                    <span class=\"hover-display\">\n\t\t\t\t\t\t\t\t\t\t\t\t\t\t\t\t\t\t\t<span class=\"custom-hover-icon\"><\/span>\t\t\t\t\t\t\t\t\t\t\t\t\t\t\t\t\t<\/span>\n                                <\/a>\n                            <\/div>\n\t\t\t\t\t\t\t                    <div class=\"blog-post-content-container\">\n\n\t\t\t\t\t\t                            <div class=\"blog-post-date\">\n\t\t\t\t\t\t\t\t6 June 2022                            <\/div>\n\t\t\t\t\t\t\n                        <h3 class=\"blog-post-title\">\n                            <a href=\"https:\/\/www.chatillonarchitectes.com\/en\/livraison-de-lobelisque-de-louxor\/\" target=\"\" rel=\"bookmark\">Livraison de l&rsquo;Ob\u00e9lisque de Louxor<\/a>\n                        <\/h3>\n\n\t\t\t\t\t\t                            <div class=\"blog-post-excerpt\">\n\t\t\t\t\t\t\t\t<p>L&rsquo;ob\u00e9lisque de Louxor a enfin retrouv\u00e9 sa splendeur d&rsquo;autrefois. La &hellip;<\/p>                            <\/div>\n\t\t\t\t\t\t\n                        \n                    <\/div>\n\t\t\t\t\t                <\/div>\n\t\t\t\t<\/div><div class=\"blog-post-column\">                <div class=\"blog-post-entry post-7992 post type-post status-publish format-standard has-post-thumbnail hentry category-projets\">\n\t\t\t\t\t                            <div class=\"blog-post-image\">\n                                <a href=\"https:\/\/www.chatillonarchitectes.com\/en\/debut-des-travaux-a-leglise-saint-eustache\/\" target=\"\" rel=\"bookmark\">\n\n\t\t\t\t\t\t\t\t\t<span class=\"image-placeholder\" style=\"padding-bottom:75.00000000%\"><img width=\"2500\" height=\"1875\" class=\"img-responsive attachment-full img-56 lazyload\" title=\"eglise saint eustache restauration chatillon architectes\" alt=\"\" data-src=\"https:\/\/www.chatillonarchitectes.com\/wp-content\/uploads\/2022\/07\/IMG_8042.jpg\" data-srcset=\"https:\/\/www.chatillonarchitectes.com\/wp-content\/uploads\/2022\/07\/IMG_8042.jpg 2500w, https:\/\/www.chatillonarchitectes.com\/wp-content\/uploads\/2022\/07\/IMG_8042-300x225.jpg 300w, https:\/\/www.chatillonarchitectes.com\/wp-content\/uploads\/2022\/07\/IMG_8042-1024x768.jpg 1024w, https:\/\/www.chatillonarchitectes.com\/wp-content\/uploads\/2022\/07\/IMG_8042-768x576.jpg 768w, https:\/\/www.chatillonarchitectes.com\/wp-content\/uploads\/2022\/07\/IMG_8042-1536x1152.jpg 1536w, https:\/\/www.chatillonarchitectes.com\/wp-content\/uploads\/2022\/07\/IMG_8042-2048x1536.jpg 2048w, https:\/\/www.chatillonarchitectes.com\/wp-content\/uploads\/2022\/07\/IMG_8042-16x12.jpg 16w, https:\/\/www.chatillonarchitectes.com\/wp-content\/uploads\/2022\/07\/IMG_8042-1612x1209.jpg 1612w, https:\/\/www.chatillonarchitectes.com\/wp-content\/uploads\/2022\/07\/IMG_8042-1116x837.jpg 1116w, https:\/\/www.chatillonarchitectes.com\/wp-content\/uploads\/2022\/07\/IMG_8042-806x605.jpg 806w, https:\/\/www.chatillonarchitectes.com\/wp-content\/uploads\/2022\/07\/IMG_8042-558x419.jpg 558w, https:\/\/www.chatillonarchitectes.com\/wp-content\/uploads\/2022\/07\/IMG_8042-600x450.jpg 600w\" data-sizes=\"(max-width: 2500px) 100vw, 2500px\" \/><\/span>\n                                    <span class=\"hover-display\">\n\t\t\t\t\t\t\t\t\t\t\t\t\t\t\t\t\t\t\t<span class=\"custom-hover-icon\"><\/span>\t\t\t\t\t\t\t\t\t\t\t\t\t\t\t\t\t<\/span>\n                                <\/a>\n                            <\/div>\n\t\t\t\t\t\t\t                    <div class=\"blog-post-content-container\">\n\n\t\t\t\t\t\t                            <div class=\"blog-post-date\">\n\t\t\t\t\t\t\t\t20 May 2022                            <\/div>\n\t\t\t\t\t\t\n                        <h3 class=\"blog-post-title\">\n                            <a href=\"https:\/\/www.chatillonarchitectes.com\/en\/debut-des-travaux-a-leglise-saint-eustache\/\" target=\"\" rel=\"bookmark\">D\u00e9but des travaux \u00e0 l&rsquo;\u00e9glise Saint-Eustache<\/a>\n                        <\/h3>\n\n\t\t\t\t\t\t                            <div class=\"blog-post-excerpt\">\n\t\t\t\t\t\t\t\t<p>Les travaux de l&rsquo;\u00e9glise Saint-Eustache vont pouvoir commencer. L&rsquo;intervention consiste &hellip;<\/p>                            <\/div>\n\t\t\t\t\t\t\n                        \n                    <\/div>\n\t\t\t\t\t                <\/div>\n\t\t\t\t<\/div><div class=\"blog-post-column\">                <div class=\"blog-post-entry post-7940 post type-post status-publish format-standard has-post-thumbnail hentry category-prix\">\n\t\t\t\t\t                            <div class=\"blog-post-image\">\n                                <a href=\"https:\/\/www.chatillonarchitectes.com\/en\/annonce-des-finalistes-des-architizer-aawards\/\" target=\"\" rel=\"bookmark\">\n\n\t\t\t\t\t\t\t\t\t<span class=\"image-placeholder\" style=\"padding-bottom:66.68000000%\"><img width=\"2500\" height=\"1667\" class=\"img-responsive attachment-full img-57 lazyload\" title=\"wec2110_FCA_BMS_S1270097_HD\" alt=\"\" data-src=\"https:\/\/www.chatillonarchitectes.com\/wp-content\/uploads\/2022\/05\/wec2110_FCA_BMS_S1270097_HD.jpg\" data-srcset=\"https:\/\/www.chatillonarchitectes.com\/wp-content\/uploads\/2022\/05\/wec2110_FCA_BMS_S1270097_HD.jpg 2500w, https:\/\/www.chatillonarchitectes.com\/wp-content\/uploads\/2022\/05\/wec2110_FCA_BMS_S1270097_HD-300x200.jpg 300w, https:\/\/www.chatillonarchitectes.com\/wp-content\/uploads\/2022\/05\/wec2110_FCA_BMS_S1270097_HD-1024x683.jpg 1024w, https:\/\/www.chatillonarchitectes.com\/wp-content\/uploads\/2022\/05\/wec2110_FCA_BMS_S1270097_HD-768x512.jpg 768w, https:\/\/www.chatillonarchitectes.com\/wp-content\/uploads\/2022\/05\/wec2110_FCA_BMS_S1270097_HD-1536x1024.jpg 1536w, https:\/\/www.chatillonarchitectes.com\/wp-content\/uploads\/2022\/05\/wec2110_FCA_BMS_S1270097_HD-2048x1366.jpg 2048w, https:\/\/www.chatillonarchitectes.com\/wp-content\/uploads\/2022\/05\/wec2110_FCA_BMS_S1270097_HD-18x12.jpg 18w, https:\/\/www.chatillonarchitectes.com\/wp-content\/uploads\/2022\/05\/wec2110_FCA_BMS_S1270097_HD-1612x1075.jpg 1612w, https:\/\/www.chatillonarchitectes.com\/wp-content\/uploads\/2022\/05\/wec2110_FCA_BMS_S1270097_HD-1116x744.jpg 1116w, https:\/\/www.chatillonarchitectes.com\/wp-content\/uploads\/2022\/05\/wec2110_FCA_BMS_S1270097_HD-806x537.jpg 806w, https:\/\/www.chatillonarchitectes.com\/wp-content\/uploads\/2022\/05\/wec2110_FCA_BMS_S1270097_HD-558x372.jpg 558w, https:\/\/www.chatillonarchitectes.com\/wp-content\/uploads\/2022\/05\/wec2110_FCA_BMS_S1270097_HD-600x400.jpg 600w\" data-sizes=\"(max-width: 2500px) 100vw, 2500px\" \/><\/span>\n                                    <span class=\"hover-display\">\n\t\t\t\t\t\t\t\t\t\t\t\t\t\t\t\t\t\t\t<span class=\"custom-hover-icon\"><\/span>\t\t\t\t\t\t\t\t\t\t\t\t\t\t\t\t\t<\/span>\n                                <\/a>\n                            <\/div>\n\t\t\t\t\t\t\t                    <div class=\"blog-post-content-container\">\n\n\t\t\t\t\t\t                            <div class=\"blog-post-date\">\n\t\t\t\t\t\t\t\t17 May 2022                            <\/div>\n\t\t\t\t\t\t\n                        <h3 class=\"blog-post-title\">\n                            <a href=\"https:\/\/www.chatillonarchitectes.com\/en\/annonce-des-finalistes-des-architizer-aawards\/\" target=\"\" rel=\"bookmark\">Annonce des finalistes des Architizer A+Awards<\/a>\n                        <\/h3>\n\n\t\t\t\t\t\t                            <div class=\"blog-post-excerpt\">\n\t\t\t\t\t\t\t\t<p>Nous avons le plaisir de vous annoncer que notre projet &hellip;<\/p>                            <\/div>\n\t\t\t\t\t\t\n                        \n                    <\/div>\n\t\t\t\t\t                <\/div>\n\t\t\t\t<\/div><div class=\"blog-post-column\">                <div class=\"blog-post-entry post-8617 post type-post status-publish format-standard has-post-thumbnail hentry category-divers\">\n\t\t\t\t\t                            <div class=\"blog-post-image\">\n                                <a href=\"https:\/\/www.chatillonarchitectes.com\/en\/la-restauration-du-grand-palais-vue-par-maylis-de-kerangal-episode-3\/\" target=\"\" rel=\"bookmark\">\n\n\t\t\t\t\t\t\t\t\t<span class=\"image-placeholder\" style=\"padding-bottom:100.00000000%\"><img width=\"400\" height=\"400\" class=\"img-responsive attachment-full img-58 lazyload\" alt=\"\" data-src=\"https:\/\/www.chatillonarchitectes.com\/wp-content\/uploads\/2023\/05\/400x400_reencodedfatimage_la-restauration-du-grand-palais-vue-par-maylis-de-kerangal.webp\" data-srcset=\"https:\/\/www.chatillonarchitectes.com\/wp-content\/uploads\/2023\/05\/400x400_reencodedfatimage_la-restauration-du-grand-palais-vue-par-maylis-de-kerangal.webp 400w, https:\/\/www.chatillonarchitectes.com\/wp-content\/uploads\/2023\/05\/400x400_reencodedfatimage_la-restauration-du-grand-palais-vue-par-maylis-de-kerangal-300x300.webp 300w, https:\/\/www.chatillonarchitectes.com\/wp-content\/uploads\/2023\/05\/400x400_reencodedfatimage_la-restauration-du-grand-palais-vue-par-maylis-de-kerangal-150x150.webp 150w, https:\/\/www.chatillonarchitectes.com\/wp-content\/uploads\/2023\/05\/400x400_reencodedfatimage_la-restauration-du-grand-palais-vue-par-maylis-de-kerangal-12x12.webp 12w, https:\/\/www.chatillonarchitectes.com\/wp-content\/uploads\/2023\/05\/400x400_reencodedfatimage_la-restauration-du-grand-palais-vue-par-maylis-de-kerangal-220x220.webp 220w, https:\/\/www.chatillonarchitectes.com\/wp-content\/uploads\/2023\/05\/400x400_reencodedfatimage_la-restauration-du-grand-palais-vue-par-maylis-de-kerangal-266x266.webp 266w\" data-sizes=\"(max-width: 400px) 100vw, 400px\" \/><\/span>\n                                    <span class=\"hover-display\">\n\t\t\t\t\t\t\t\t\t\t\t\t\t\t\t\t\t\t\t<span class=\"custom-hover-icon\"><\/span>\t\t\t\t\t\t\t\t\t\t\t\t\t\t\t\t\t<\/span>\n                                <\/a>\n                            <\/div>\n\t\t\t\t\t\t\t                    <div class=\"blog-post-content-container\">\n\n\t\t\t\t\t\t                            <div class=\"blog-post-date\">\n\t\t\t\t\t\t\t\t21 April 2022                            <\/div>\n\t\t\t\t\t\t\n                        <h3 class=\"blog-post-title\">\n                            <a href=\"https:\/\/www.chatillonarchitectes.com\/en\/la-restauration-du-grand-palais-vue-par-maylis-de-kerangal-episode-3\/\" target=\"\" rel=\"bookmark\">La restauration du Grand Palais vue par Maylis de Kerangal &#8211; \u00c9pisode 3<\/a>\n                        <\/h3>\n\n\t\t\t\t\t\t                            <div class=\"blog-post-excerpt\">\n\t\t\t\t\t\t\t\t<p>Maylis de Kerangal, au micro de Marie Sorbier dans son &hellip;<\/p>                            <\/div>\n\t\t\t\t\t\t\n                        \n                    <\/div>\n\t\t\t\t\t                <\/div>\n\t\t\t\t<\/div><div class=\"blog-post-column\">                <div class=\"blog-post-entry post-7668 post type-post status-publish format-standard has-post-thumbnail hentry category-projets\">\n\t\t\t\t\t                            <div class=\"blog-post-image\">\n                                <a href=\"https:\/\/www.chatillonarchitectes.com\/en\/chantier-des-lanternons-de-chambord\/\" target=\"\" rel=\"bookmark\">\n\n\t\t\t\t\t\t\t\t\t<span class=\"image-placeholder\" style=\"padding-bottom:150.00000000%\"><img width=\"1280\" height=\"1920\" class=\"img-responsive attachment-full img-59 lazyload\" title=\"Ch\u00e2teau de Chambord \u00a9 Antoine Mercusot-Chatillon Architectes\" alt=\"\" data-src=\"https:\/\/www.chatillonarchitectes.com\/wp-content\/uploads\/2022\/04\/B8A8108\u00a9Antoine-Mercusot.jpg\" data-srcset=\"https:\/\/www.chatillonarchitectes.com\/wp-content\/uploads\/2022\/04\/B8A8108\u00a9Antoine-Mercusot.jpg 1280w, https:\/\/www.chatillonarchitectes.com\/wp-content\/uploads\/2022\/04\/B8A8108\u00a9Antoine-Mercusot-200x300.jpg 200w, https:\/\/www.chatillonarchitectes.com\/wp-content\/uploads\/2022\/04\/B8A8108\u00a9Antoine-Mercusot-683x1024.jpg 683w, https:\/\/www.chatillonarchitectes.com\/wp-content\/uploads\/2022\/04\/B8A8108\u00a9Antoine-Mercusot-768x1152.jpg 768w, https:\/\/www.chatillonarchitectes.com\/wp-content\/uploads\/2022\/04\/B8A8108\u00a9Antoine-Mercusot-1024x1536.jpg 1024w, https:\/\/www.chatillonarchitectes.com\/wp-content\/uploads\/2022\/04\/B8A8108\u00a9Antoine-Mercusot-8x12.jpg 8w, https:\/\/www.chatillonarchitectes.com\/wp-content\/uploads\/2022\/04\/B8A8108\u00a9Antoine-Mercusot-1116x1674.jpg 1116w, https:\/\/www.chatillonarchitectes.com\/wp-content\/uploads\/2022\/04\/B8A8108\u00a9Antoine-Mercusot-806x1209.jpg 806w, https:\/\/www.chatillonarchitectes.com\/wp-content\/uploads\/2022\/04\/B8A8108\u00a9Antoine-Mercusot-558x837.jpg 558w, https:\/\/www.chatillonarchitectes.com\/wp-content\/uploads\/2022\/04\/B8A8108\u00a9Antoine-Mercusot-600x900.jpg 600w\" data-sizes=\"(max-width: 1280px) 100vw, 1280px\" \/><\/span>\n                                    <span class=\"hover-display\">\n\t\t\t\t\t\t\t\t\t\t\t\t\t\t\t\t\t\t\t<span class=\"custom-hover-icon\"><\/span>\t\t\t\t\t\t\t\t\t\t\t\t\t\t\t\t\t<\/span>\n                                <\/a>\n                            <\/div>\n\t\t\t\t\t\t\t                    <div class=\"blog-post-content-container\">\n\n\t\t\t\t\t\t                            <div class=\"blog-post-date\">\n\t\t\t\t\t\t\t\t10 April 2022                            <\/div>\n\t\t\t\t\t\t\n                        <h3 class=\"blog-post-title\">\n                            <a href=\"https:\/\/www.chatillonarchitectes.com\/en\/chantier-des-lanternons-de-chambord\/\" target=\"\" rel=\"bookmark\">Chantier des lanternons de Chambord<\/a>\n                        <\/h3>\n\n\t\t\t\t\t\t                            <div class=\"blog-post-excerpt\">\n\t\t\t\t\t\t\t\t<p>Les travaux visent \u00e0 redonner \u00e0 Chambord son identit\u00e9 triomphante, &hellip;<\/p>                            <\/div>\n\t\t\t\t\t\t\n                        \n                    <\/div>\n\t\t\t\t\t                <\/div>\n\t\t\t\t<\/div><div class=\"blog-post-column\">                <div class=\"blog-post-entry post-7897 post type-post status-publish format-standard has-post-thumbnail hentry category-projets\">\n\t\t\t\t\t                            <div class=\"blog-post-image\">\n                                <a href=\"https:\/\/www.chatillonarchitectes.com\/en\/une-etape-importante-dans-le-chantier-du-nouveau-grand-palais\/\" target=\"\" rel=\"bookmark\">\n\n\t\t\t\t\t\t\t\t\t<span class=\"image-placeholder\" style=\"padding-bottom:66.68000000%\"><img width=\"2500\" height=\"1667\" class=\"img-responsive attachment-full img-60 lazyload\" title=\"Le Grand Palais. Le chantier.\" alt=\"\" data-src=\"https:\/\/www.chatillonarchitectes.com\/wp-content\/uploads\/2022\/04\/4.jpeg\" data-srcset=\"https:\/\/www.chatillonarchitectes.com\/wp-content\/uploads\/2022\/04\/4.jpeg 2500w, https:\/\/www.chatillonarchitectes.com\/wp-content\/uploads\/2022\/04\/4-300x200.jpeg 300w, https:\/\/www.chatillonarchitectes.com\/wp-content\/uploads\/2022\/04\/4-1024x683.jpeg 1024w, https:\/\/www.chatillonarchitectes.com\/wp-content\/uploads\/2022\/04\/4-768x512.jpeg 768w, https:\/\/www.chatillonarchitectes.com\/wp-content\/uploads\/2022\/04\/4-1536x1024.jpeg 1536w, https:\/\/www.chatillonarchitectes.com\/wp-content\/uploads\/2022\/04\/4-2048x1366.jpeg 2048w, https:\/\/www.chatillonarchitectes.com\/wp-content\/uploads\/2022\/04\/4-18x12.jpeg 18w, https:\/\/www.chatillonarchitectes.com\/wp-content\/uploads\/2022\/04\/4-1612x1075.jpeg 1612w, https:\/\/www.chatillonarchitectes.com\/wp-content\/uploads\/2022\/04\/4-1116x744.jpeg 1116w, https:\/\/www.chatillonarchitectes.com\/wp-content\/uploads\/2022\/04\/4-806x537.jpeg 806w, https:\/\/www.chatillonarchitectes.com\/wp-content\/uploads\/2022\/04\/4-558x372.jpeg 558w, https:\/\/www.chatillonarchitectes.com\/wp-content\/uploads\/2022\/04\/4-600x400.jpeg 600w\" data-sizes=\"(max-width: 2500px) 100vw, 2500px\" \/><\/span>\n                                    <span class=\"hover-display\">\n\t\t\t\t\t\t\t\t\t\t\t\t\t\t\t\t\t\t\t<span class=\"custom-hover-icon\"><\/span>\t\t\t\t\t\t\t\t\t\t\t\t\t\t\t\t\t<\/span>\n                                <\/a>\n                            <\/div>\n\t\t\t\t\t\t\t                    <div class=\"blog-post-content-container\">\n\n\t\t\t\t\t\t                            <div class=\"blog-post-date\">\n\t\t\t\t\t\t\t\t3 March 2022                            <\/div>\n\t\t\t\t\t\t\n                        <h3 class=\"blog-post-title\">\n                            <a href=\"https:\/\/www.chatillonarchitectes.com\/en\/une-etape-importante-dans-le-chantier-du-nouveau-grand-palais\/\" target=\"\" rel=\"bookmark\">Une \u00e9tape importante dans le chantier du Nouveau Grand Palais<\/a>\n                        <\/h3>\n\n\t\t\t\t\t\t                            <div class=\"blog-post-excerpt\">\n\t\t\t\t\t\t\t\t<p>En f\u00e9vrier, le Grand Palais a v\u00e9cu l\u2019un des moments &hellip;<\/p>                            <\/div>\n\t\t\t\t\t\t\n                        \n                    <\/div>\n\t\t\t\t\t                <\/div>\n\t\t\t\t<\/div><div class=\"blog-post-column\">                <div class=\"blog-post-entry post-8615 post type-post status-publish format-standard has-post-thumbnail hentry category-divers\">\n\t\t\t\t\t                            <div class=\"blog-post-image\">\n                                <a href=\"https:\/\/www.chatillonarchitectes.com\/en\/la-restauration-du-grand-palais-vue-par-maylis-de-kerangal-episode-2\/\" target=\"\" rel=\"bookmark\">\n\n\t\t\t\t\t\t\t\t\t<span class=\"image-placeholder\" style=\"padding-bottom:100.00000000%\"><img width=\"400\" height=\"400\" class=\"img-responsive attachment-full img-61 lazyload\" alt=\"\" data-src=\"https:\/\/www.chatillonarchitectes.com\/wp-content\/uploads\/2023\/05\/400x400_reencodedfatimage_la-restauration-du-grand-palais-vue-par-maylis-de-kerangal.webp\" data-srcset=\"https:\/\/www.chatillonarchitectes.com\/wp-content\/uploads\/2023\/05\/400x400_reencodedfatimage_la-restauration-du-grand-palais-vue-par-maylis-de-kerangal.webp 400w, https:\/\/www.chatillonarchitectes.com\/wp-content\/uploads\/2023\/05\/400x400_reencodedfatimage_la-restauration-du-grand-palais-vue-par-maylis-de-kerangal-300x300.webp 300w, https:\/\/www.chatillonarchitectes.com\/wp-content\/uploads\/2023\/05\/400x400_reencodedfatimage_la-restauration-du-grand-palais-vue-par-maylis-de-kerangal-150x150.webp 150w, https:\/\/www.chatillonarchitectes.com\/wp-content\/uploads\/2023\/05\/400x400_reencodedfatimage_la-restauration-du-grand-palais-vue-par-maylis-de-kerangal-12x12.webp 12w, https:\/\/www.chatillonarchitectes.com\/wp-content\/uploads\/2023\/05\/400x400_reencodedfatimage_la-restauration-du-grand-palais-vue-par-maylis-de-kerangal-220x220.webp 220w, https:\/\/www.chatillonarchitectes.com\/wp-content\/uploads\/2023\/05\/400x400_reencodedfatimage_la-restauration-du-grand-palais-vue-par-maylis-de-kerangal-266x266.webp 266w\" data-sizes=\"(max-width: 400px) 100vw, 400px\" \/><\/span>\n                                    <span class=\"hover-display\">\n\t\t\t\t\t\t\t\t\t\t\t\t\t\t\t\t\t\t\t<span class=\"custom-hover-icon\"><\/span>\t\t\t\t\t\t\t\t\t\t\t\t\t\t\t\t\t<\/span>\n                                <\/a>\n                            <\/div>\n\t\t\t\t\t\t\t                    <div class=\"blog-post-content-container\">\n\n\t\t\t\t\t\t                            <div class=\"blog-post-date\">\n\t\t\t\t\t\t\t\t25 January 2022                            <\/div>\n\t\t\t\t\t\t\n                        <h3 class=\"blog-post-title\">\n                            <a href=\"https:\/\/www.chatillonarchitectes.com\/en\/la-restauration-du-grand-palais-vue-par-maylis-de-kerangal-episode-2\/\" target=\"\" rel=\"bookmark\">La restauration du Grand Palais vue par Maylis de Kerangal &#8211; \u00c9pisode 2<\/a>\n                        <\/h3>\n\n\t\t\t\t\t\t                            <div class=\"blog-post-excerpt\">\n\t\t\t\t\t\t\t\t<p>Maylis de Kerangal, au micro de Marie Sorbier dans son &hellip;<\/p>                            <\/div>\n\t\t\t\t\t\t\n                        \n                    <\/div>\n\t\t\t\t\t                <\/div>\n\t\t\t\t<\/div><div class=\"blog-post-column\">                <div class=\"blog-post-entry post-7679 post type-post status-publish format-standard has-post-thumbnail hentry category-projets\">\n\t\t\t\t\t                            <div class=\"blog-post-image\">\n                                <a href=\"https:\/\/www.chatillonarchitectes.com\/en\/chantier-de-lobelisque-de-louxor\/\" target=\"\" rel=\"bookmark\">\n\n\t\t\t\t\t\t\t\t\t<span class=\"image-placeholder\" style=\"padding-bottom:135.10436433%\"><img width=\"1054\" height=\"1424\" class=\"img-responsive attachment-full img-62 lazyload\" title=\"chatillon architectes WhatsApp Image 2021-12-02 at 15.57.15 (1) - Copie\" alt=\"\" data-src=\"https:\/\/www.chatillonarchitectes.com\/wp-content\/uploads\/2022\/01\/WhatsApp-Image-2021-12-02-at-15.57.15-1-Copie.jpeg\" data-srcset=\"https:\/\/www.chatillonarchitectes.com\/wp-content\/uploads\/2022\/01\/WhatsApp-Image-2021-12-02-at-15.57.15-1-Copie.jpeg 1054w, https:\/\/www.chatillonarchitectes.com\/wp-content\/uploads\/2022\/01\/WhatsApp-Image-2021-12-02-at-15.57.15-1-Copie-222x300.jpeg 222w, https:\/\/www.chatillonarchitectes.com\/wp-content\/uploads\/2022\/01\/WhatsApp-Image-2021-12-02-at-15.57.15-1-Copie-758x1024.jpeg 758w, https:\/\/www.chatillonarchitectes.com\/wp-content\/uploads\/2022\/01\/WhatsApp-Image-2021-12-02-at-15.57.15-1-Copie-768x1038.jpeg 768w, https:\/\/www.chatillonarchitectes.com\/wp-content\/uploads\/2022\/01\/WhatsApp-Image-2021-12-02-at-15.57.15-1-Copie-9x12.jpeg 9w, https:\/\/www.chatillonarchitectes.com\/wp-content\/uploads\/2022\/01\/WhatsApp-Image-2021-12-02-at-15.57.15-1-Copie-806x1089.jpeg 806w, https:\/\/www.chatillonarchitectes.com\/wp-content\/uploads\/2022\/01\/WhatsApp-Image-2021-12-02-at-15.57.15-1-Copie-558x754.jpeg 558w, https:\/\/www.chatillonarchitectes.com\/wp-content\/uploads\/2022\/01\/WhatsApp-Image-2021-12-02-at-15.57.15-1-Copie-600x811.jpeg 600w\" data-sizes=\"(max-width: 1054px) 100vw, 1054px\" \/><\/span>\n                                    <span class=\"hover-display\">\n\t\t\t\t\t\t\t\t\t\t\t\t\t\t\t\t\t\t\t<span class=\"custom-hover-icon\"><\/span>\t\t\t\t\t\t\t\t\t\t\t\t\t\t\t\t\t<\/span>\n                                <\/a>\n                            <\/div>\n\t\t\t\t\t\t\t                    <div class=\"blog-post-content-container\">\n\n\t\t\t\t\t\t                            <div class=\"blog-post-date\">\n\t\t\t\t\t\t\t\t18 January 2022                            <\/div>\n\t\t\t\t\t\t\n                        <h3 class=\"blog-post-title\">\n                            <a href=\"https:\/\/www.chatillonarchitectes.com\/en\/chantier-de-lobelisque-de-louxor\/\" target=\"\" rel=\"bookmark\">D\u00e9but du chantier de restauration de l&rsquo;Ob\u00e9lisque de Louxor<\/a>\n                        <\/h3>\n\n\t\t\t\t\t\t                            <div class=\"blog-post-excerpt\">\n\t\t\t\t\t\t\t\t<p>Dans le cadre du bicentenaire du d\u00e9chiffrement des hi\u00e9roglyphes par &hellip;<\/p>                            <\/div>\n\t\t\t\t\t\t\n                        \n                    <\/div>\n\t\t\t\t\t                <\/div>\n\t\t\t\t<\/div><div class=\"blog-post-column\">                <div class=\"blog-post-entry post-7638 post type-post status-publish format-standard has-post-thumbnail hentry category-divers\">\n\t\t\t\t\t                            <div class=\"blog-post-image\">\n                                <a href=\"https:\/\/www.chatillonarchitectes.com\/en\/bonne-annee-2022\/\" target=\"\" rel=\"bookmark\">\n\n\t\t\t\t\t\t\t\t\t<span class=\"image-placeholder\" style=\"padding-bottom:160.10165184%\"><img width=\"787\" height=\"1260\" class=\"img-responsive attachment-full img-63 lazyload\" title=\"Voeux-2022-Chatillon-Architectes\" alt=\"\" data-src=\"https:\/\/www.chatillonarchitectes.com\/wp-content\/uploads\/2022\/01\/Voeux-2022-Chatillon-Architectes.jpg\" data-srcset=\"https:\/\/www.chatillonarchitectes.com\/wp-content\/uploads\/2022\/01\/Voeux-2022-Chatillon-Architectes.jpg 787w, https:\/\/www.chatillonarchitectes.com\/wp-content\/uploads\/2022\/01\/Voeux-2022-Chatillon-Architectes-187x300.jpg 187w, https:\/\/www.chatillonarchitectes.com\/wp-content\/uploads\/2022\/01\/Voeux-2022-Chatillon-Architectes-640x1024.jpg 640w, https:\/\/www.chatillonarchitectes.com\/wp-content\/uploads\/2022\/01\/Voeux-2022-Chatillon-Architectes-768x1230.jpg 768w, https:\/\/www.chatillonarchitectes.com\/wp-content\/uploads\/2022\/01\/Voeux-2022-Chatillon-Architectes-7x12.jpg 7w, https:\/\/www.chatillonarchitectes.com\/wp-content\/uploads\/2022\/01\/Voeux-2022-Chatillon-Architectes-558x893.jpg 558w, https:\/\/www.chatillonarchitectes.com\/wp-content\/uploads\/2022\/01\/Voeux-2022-Chatillon-Architectes-600x961.jpg 600w\" data-sizes=\"(max-width: 787px) 100vw, 787px\" \/><\/span>\n                                    <span class=\"hover-display\">\n\t\t\t\t\t\t\t\t\t\t\t\t\t\t\t\t\t\t\t<span class=\"custom-hover-icon\"><\/span>\t\t\t\t\t\t\t\t\t\t\t\t\t\t\t\t\t<\/span>\n                                <\/a>\n                            <\/div>\n\t\t\t\t\t\t\t                    <div class=\"blog-post-content-container\">\n\n\t\t\t\t\t\t                            <div class=\"blog-post-date\">\n\t\t\t\t\t\t\t\t5 January 2022                            <\/div>\n\t\t\t\t\t\t\n                        <h3 class=\"blog-post-title\">\n                            <a href=\"https:\/\/www.chatillonarchitectes.com\/en\/bonne-annee-2022\/\" target=\"\" rel=\"bookmark\">Bonne ann\u00e9e 2022 !<\/a>\n                        <\/h3>\n\n\t\t\t\t\t\t                            <div class=\"blog-post-excerpt\">\n\t\t\t\t\t\t\t\t<p style=\"text-align: left;\">Chatillon Architectes vous souhaite une tr\u00e8s bonne ann\u00e9e !<br \/><br \/><img loading=\"lazy\" decoding=\"async\" class=\"alignnone size-full wp-image-7663\" src=\"https:\/\/www.chatillonarchitectes.com\/wp-content\/uploads\/2022\/01\/Voeux-2022-Chatillon-Architectes.jpg\" alt=\"\" width=\"787\" height=\"1260\" srcset=\"https:\/\/www.chatillonarchitectes.com\/wp-content\/uploads\/2022\/01\/Voeux-2022-Chatillon-Architectes.jpg 787w, https:\/\/www.chatillonarchitectes.com\/wp-content\/uploads\/2022\/01\/Voeux-2022-Chatillon-Architectes-187x300.jpg 187w, https:\/\/www.chatillonarchitectes.com\/wp-content\/uploads\/2022\/01\/Voeux-2022-Chatillon-Architectes-640x1024.jpg 640w, https:\/\/www.chatillonarchitectes.com\/wp-content\/uploads\/2022\/01\/Voeux-2022-Chatillon-Architectes-768x1230.jpg 768w, https:\/\/www.chatillonarchitectes.com\/wp-content\/uploads\/2022\/01\/Voeux-2022-Chatillon-Architectes-7x12.jpg 7w, https:\/\/www.chatillonarchitectes.com\/wp-content\/uploads\/2022\/01\/Voeux-2022-Chatillon-Architectes-558x893.jpg 558w, https:\/\/www.chatillonarchitectes.com\/wp-content\/uploads\/2022\/01\/Voeux-2022-Chatillon-Architectes-600x961.jpg 600w\" sizes=\"auto, (max-width: 787px) 100vw, 787px\" \/><\/p>\r\n<p style=\"text-align: left;\">R\u00e9sidence &hellip;<\/p>                            <\/div>\n\t\t\t\t\t\t\n                        \n                    <\/div>\n\t\t\t\t\t                <\/div>\n\t\t\t\t<\/div><div class=\"blog-post-column\">                <div class=\"blog-post-entry post-7622 post type-post status-publish format-standard has-post-thumbnail hentry category-projets\">\n\t\t\t\t\t                            <div class=\"blog-post-image\">\n                                <a href=\"https:\/\/www.chatillonarchitectes.com\/en\/fin-de-chantier-du-theatre-de-dole\/\" target=\"\" rel=\"bookmark\">\n\n\t\t\t\t\t\t\t\t\t<span class=\"image-placeholder\" style=\"padding-bottom:99.63674105%\"><img width=\"1927\" height=\"1920\" class=\"img-responsive attachment-full img-64 lazyload\" title=\"Th\u00e9\u00e2tre de Dole \u00a9 Antoine Mercusot-Chatillon Architectes\" alt=\"\" data-src=\"https:\/\/www.chatillonarchitectes.com\/wp-content\/uploads\/2021\/12\/DSF3561\u00a9-Antoine-Mercusot-Chatillon-Architectes.jpg\" data-srcset=\"https:\/\/www.chatillonarchitectes.com\/wp-content\/uploads\/2021\/12\/DSF3561\u00a9-Antoine-Mercusot-Chatillon-Architectes.jpg 1927w, https:\/\/www.chatillonarchitectes.com\/wp-content\/uploads\/2021\/12\/DSF3561\u00a9-Antoine-Mercusot-Chatillon-Architectes-300x300.jpg 300w, https:\/\/www.chatillonarchitectes.com\/wp-content\/uploads\/2021\/12\/DSF3561\u00a9-Antoine-Mercusot-Chatillon-Architectes-1024x1020.jpg 1024w, https:\/\/www.chatillonarchitectes.com\/wp-content\/uploads\/2021\/12\/DSF3561\u00a9-Antoine-Mercusot-Chatillon-Architectes-150x150.jpg 150w, https:\/\/www.chatillonarchitectes.com\/wp-content\/uploads\/2021\/12\/DSF3561\u00a9-Antoine-Mercusot-Chatillon-Architectes-768x765.jpg 768w, https:\/\/www.chatillonarchitectes.com\/wp-content\/uploads\/2021\/12\/DSF3561\u00a9-Antoine-Mercusot-Chatillon-Architectes-1536x1530.jpg 1536w, https:\/\/www.chatillonarchitectes.com\/wp-content\/uploads\/2021\/12\/DSF3561\u00a9-Antoine-Mercusot-Chatillon-Architectes-12x12.jpg 12w, https:\/\/www.chatillonarchitectes.com\/wp-content\/uploads\/2021\/12\/DSF3561\u00a9-Antoine-Mercusot-Chatillon-Architectes-1612x1606.jpg 1612w, https:\/\/www.chatillonarchitectes.com\/wp-content\/uploads\/2021\/12\/DSF3561\u00a9-Antoine-Mercusot-Chatillon-Architectes-1116x1112.jpg 1116w, https:\/\/www.chatillonarchitectes.com\/wp-content\/uploads\/2021\/12\/DSF3561\u00a9-Antoine-Mercusot-Chatillon-Architectes-806x803.jpg 806w, https:\/\/www.chatillonarchitectes.com\/wp-content\/uploads\/2021\/12\/DSF3561\u00a9-Antoine-Mercusot-Chatillon-Architectes-558x556.jpg 558w, https:\/\/www.chatillonarchitectes.com\/wp-content\/uploads\/2021\/12\/DSF3561\u00a9-Antoine-Mercusot-Chatillon-Architectes-600x598.jpg 600w, https:\/\/www.chatillonarchitectes.com\/wp-content\/uploads\/2021\/12\/DSF3561\u00a9-Antoine-Mercusot-Chatillon-Architectes-220x220.jpg 220w, https:\/\/www.chatillonarchitectes.com\/wp-content\/uploads\/2021\/12\/DSF3561\u00a9-Antoine-Mercusot-Chatillon-Architectes-266x266.jpg 266w\" data-sizes=\"(max-width: 1927px) 100vw, 1927px\" \/><\/span>\n                                    <span class=\"hover-display\">\n\t\t\t\t\t\t\t\t\t\t\t\t\t\t\t\t\t\t\t<span class=\"custom-hover-icon\"><\/span>\t\t\t\t\t\t\t\t\t\t\t\t\t\t\t\t\t<\/span>\n                                <\/a>\n                            <\/div>\n\t\t\t\t\t\t\t                    <div class=\"blog-post-content-container\">\n\n\t\t\t\t\t\t                            <div class=\"blog-post-date\">\n\t\t\t\t\t\t\t\t15 December 2021                            <\/div>\n\t\t\t\t\t\t\n                        <h3 class=\"blog-post-title\">\n                            <a href=\"https:\/\/www.chatillonarchitectes.com\/en\/fin-de-chantier-du-theatre-de-dole\/\" target=\"\" rel=\"bookmark\">Fin de chantier du Th\u00e9\u00e2tre de Dole<\/a>\n                        <\/h3>\n\n\t\t\t\t\t\t                            <div class=\"blog-post-excerpt\">\n\t\t\t\t\t\t\t\t<p>Le Th\u00e9\u00e2tre municipal de Dole, anim\u00e9 par les Sc\u00e8nes du &hellip;<\/p>                            <\/div>\n\t\t\t\t\t\t\n                        \n                    <\/div>\n\t\t\t\t\t                <\/div>\n\t\t\t\t<\/div><div class=\"blog-post-column\">                <div class=\"blog-post-entry post-7617 post type-post status-publish format-standard has-post-thumbnail hentry category-projets\">\n\t\t\t\t\t                            <div class=\"blog-post-image\">\n                                <a href=\"https:\/\/www.chatillonarchitectes.com\/en\/reouverture-des-bains-municipaux-de-strasbourg\/\" target=\"\" rel=\"bookmark\">\n\n\t\t\t\t\t\t\t\t\t<span class=\"image-placeholder\" style=\"padding-bottom:75.00000000%\"><img width=\"2000\" height=\"1500\" class=\"img-responsive attachment-full img-65 lazyload\" title=\"Bains municipaux de Strasbourg \u00a9 Cyrille Weiner-Chatillon Architectes\" alt=\"\" data-src=\"https:\/\/www.chatillonarchitectes.com\/wp-content\/uploads\/2021\/12\/wec2110_FCA_BMS_S1270221_225.jpg\" data-srcset=\"https:\/\/www.chatillonarchitectes.com\/wp-content\/uploads\/2021\/12\/wec2110_FCA_BMS_S1270221_225.jpg 2000w, https:\/\/www.chatillonarchitectes.com\/wp-content\/uploads\/2021\/12\/wec2110_FCA_BMS_S1270221_225-300x225.jpg 300w, https:\/\/www.chatillonarchitectes.com\/wp-content\/uploads\/2021\/12\/wec2110_FCA_BMS_S1270221_225-1024x768.jpg 1024w, https:\/\/www.chatillonarchitectes.com\/wp-content\/uploads\/2021\/12\/wec2110_FCA_BMS_S1270221_225-768x576.jpg 768w, https:\/\/www.chatillonarchitectes.com\/wp-content\/uploads\/2021\/12\/wec2110_FCA_BMS_S1270221_225-1536x1152.jpg 1536w, https:\/\/www.chatillonarchitectes.com\/wp-content\/uploads\/2021\/12\/wec2110_FCA_BMS_S1270221_225-16x12.jpg 16w, https:\/\/www.chatillonarchitectes.com\/wp-content\/uploads\/2021\/12\/wec2110_FCA_BMS_S1270221_225-1612x1209.jpg 1612w, https:\/\/www.chatillonarchitectes.com\/wp-content\/uploads\/2021\/12\/wec2110_FCA_BMS_S1270221_225-1116x837.jpg 1116w, https:\/\/www.chatillonarchitectes.com\/wp-content\/uploads\/2021\/12\/wec2110_FCA_BMS_S1270221_225-806x605.jpg 806w, https:\/\/www.chatillonarchitectes.com\/wp-content\/uploads\/2021\/12\/wec2110_FCA_BMS_S1270221_225-558x419.jpg 558w, https:\/\/www.chatillonarchitectes.com\/wp-content\/uploads\/2021\/12\/wec2110_FCA_BMS_S1270221_225-600x450.jpg 600w\" data-sizes=\"(max-width: 2000px) 100vw, 2000px\" \/><\/span>\n                                    <span class=\"hover-display\">\n\t\t\t\t\t\t\t\t\t\t\t\t\t\t\t\t\t\t\t<span class=\"custom-hover-icon\"><\/span>\t\t\t\t\t\t\t\t\t\t\t\t\t\t\t\t\t<\/span>\n                                <\/a>\n                            <\/div>\n\t\t\t\t\t\t\t                    <div class=\"blog-post-content-container\">\n\n\t\t\t\t\t\t                            <div class=\"blog-post-date\">\n\t\t\t\t\t\t\t\t10 November 2021                            <\/div>\n\t\t\t\t\t\t\n                        <h3 class=\"blog-post-title\">\n                            <a href=\"https:\/\/www.chatillonarchitectes.com\/en\/reouverture-des-bains-municipaux-de-strasbourg\/\" target=\"\" rel=\"bookmark\">R\u00e9ouverture des Bains municipaux de Strasbourg<\/a>\n                        <\/h3>\n\n\t\t\t\t\t\t                            <div class=\"blog-post-excerpt\">\n\t\t\t\t\t\t\t\t<p>Apr\u00e8s deux ans de travaux, les Bains municipaux de Strasbourg &hellip;<\/p>                            <\/div>\n\t\t\t\t\t\t\n                        \n                    <\/div>\n\t\t\t\t\t                <\/div>\n\t\t\t\t<\/div><div class=\"blog-post-column\">                <div class=\"blog-post-entry post-8613 post type-post status-publish format-standard has-post-thumbnail hentry category-divers\">\n\t\t\t\t\t                            <div class=\"blog-post-image\">\n                                <a href=\"https:\/\/www.chatillonarchitectes.com\/en\/la-restauration-du-grand-palais-vue-par-maylis-de-kerangal-episode-1\/\" target=\"\" rel=\"bookmark\">\n\n\t\t\t\t\t\t\t\t\t<span class=\"image-placeholder\" style=\"padding-bottom:100.00000000%\"><img width=\"400\" height=\"400\" class=\"img-responsive attachment-full img-66 lazyload\" alt=\"\" data-src=\"https:\/\/www.chatillonarchitectes.com\/wp-content\/uploads\/2023\/05\/400x400_reencodedfatimage_la-restauration-du-grand-palais-vue-par-maylis-de-kerangal.webp\" data-srcset=\"https:\/\/www.chatillonarchitectes.com\/wp-content\/uploads\/2023\/05\/400x400_reencodedfatimage_la-restauration-du-grand-palais-vue-par-maylis-de-kerangal.webp 400w, https:\/\/www.chatillonarchitectes.com\/wp-content\/uploads\/2023\/05\/400x400_reencodedfatimage_la-restauration-du-grand-palais-vue-par-maylis-de-kerangal-300x300.webp 300w, https:\/\/www.chatillonarchitectes.com\/wp-content\/uploads\/2023\/05\/400x400_reencodedfatimage_la-restauration-du-grand-palais-vue-par-maylis-de-kerangal-150x150.webp 150w, https:\/\/www.chatillonarchitectes.com\/wp-content\/uploads\/2023\/05\/400x400_reencodedfatimage_la-restauration-du-grand-palais-vue-par-maylis-de-kerangal-12x12.webp 12w, https:\/\/www.chatillonarchitectes.com\/wp-content\/uploads\/2023\/05\/400x400_reencodedfatimage_la-restauration-du-grand-palais-vue-par-maylis-de-kerangal-220x220.webp 220w, https:\/\/www.chatillonarchitectes.com\/wp-content\/uploads\/2023\/05\/400x400_reencodedfatimage_la-restauration-du-grand-palais-vue-par-maylis-de-kerangal-266x266.webp 266w\" data-sizes=\"(max-width: 400px) 100vw, 400px\" \/><\/span>\n                                    <span class=\"hover-display\">\n\t\t\t\t\t\t\t\t\t\t\t\t\t\t\t\t\t\t\t<span class=\"custom-hover-icon\"><\/span>\t\t\t\t\t\t\t\t\t\t\t\t\t\t\t\t\t<\/span>\n                                <\/a>\n                            <\/div>\n\t\t\t\t\t\t\t                    <div class=\"blog-post-content-container\">\n\n\t\t\t\t\t\t                            <div class=\"blog-post-date\">\n\t\t\t\t\t\t\t\t9 November 2021                            <\/div>\n\t\t\t\t\t\t\n                        <h3 class=\"blog-post-title\">\n                            <a href=\"https:\/\/www.chatillonarchitectes.com\/en\/la-restauration-du-grand-palais-vue-par-maylis-de-kerangal-episode-1\/\" target=\"\" rel=\"bookmark\">La restauration du Grand Palais vue par Maylis de Kerangal &#8211; \u00c9pisode 1<\/a>\n                        <\/h3>\n\n\t\t\t\t\t\t                            <div class=\"blog-post-excerpt\">\n\t\t\t\t\t\t\t\t<p>Maylis de Kerangal, au micro de Marie Sorbier dans son &hellip;<\/p>                            <\/div>\n\t\t\t\t\t\t\n                        \n                    <\/div>\n\t\t\t\t\t                <\/div>\n\t\t\t\t<\/div><div class=\"blog-post-column\">                <div class=\"blog-post-entry post-7319 post type-post status-publish format-standard has-post-thumbnail hentry category-divers\">\n\t\t\t\t\t                            <div class=\"blog-post-image\">\n                                <a href=\"https:\/\/www.chatillonarchitectes.com\/en\/journees-nationales-de-larchitecture-2021-portes-ouvertes\/\" target=\"\" rel=\"bookmark\">\n\n\t\t\t\t\t\t\t\t\t<span class=\"image-placeholder\" style=\"padding-bottom:92.25225225%\"><img width=\"555\" height=\"512\" class=\"img-responsive attachment-full img-67 lazyload\" title=\"jna-affiche-BD rogn\u00e9 carr\u00e9.psd\" alt=\"\" data-src=\"https:\/\/www.chatillonarchitectes.com\/wp-content\/uploads\/2021\/10\/jna-affiche-BD-rogne-carre.psd.png\" data-srcset=\"https:\/\/www.chatillonarchitectes.com\/wp-content\/uploads\/2021\/10\/jna-affiche-BD-rogne-carre.psd.png 555w, https:\/\/www.chatillonarchitectes.com\/wp-content\/uploads\/2021\/10\/jna-affiche-BD-rogne-carre.psd-300x277.png 300w, https:\/\/www.chatillonarchitectes.com\/wp-content\/uploads\/2021\/10\/jna-affiche-BD-rogne-carre.psd-13x12.png 13w\" data-sizes=\"(max-width: 555px) 100vw, 555px\" \/><\/span>\n                                    <span class=\"hover-display\">\n\t\t\t\t\t\t\t\t\t\t\t\t\t\t\t\t\t\t\t<span class=\"custom-hover-icon\"><\/span>\t\t\t\t\t\t\t\t\t\t\t\t\t\t\t\t\t<\/span>\n                                <\/a>\n                            <\/div>\n\t\t\t\t\t\t\t                    <div class=\"blog-post-content-container\">\n\n\t\t\t\t\t\t                            <div class=\"blog-post-date\">\n\t\t\t\t\t\t\t\t6 October 2021                            <\/div>\n\t\t\t\t\t\t\n                        <h3 class=\"blog-post-title\">\n                            <a href=\"https:\/\/www.chatillonarchitectes.com\/en\/journees-nationales-de-larchitecture-2021-portes-ouvertes\/\" target=\"\" rel=\"bookmark\">Journ\u00e9es Nationales de l&rsquo;Architecture 2021 \u2013 Portes ouvertes<\/a>\n                        <\/h3>\n\n\t\t\t\t\t\t                            <div class=\"blog-post-excerpt\">\n\t\t\t\t\t\t\t\t<p>Chatillon Architectes a le plaisir de vous accueillir \u00e0 l\u2019occasion &hellip;<\/p>                            <\/div>\n\t\t\t\t\t\t\n                        \n                    <\/div>\n\t\t\t\t\t                <\/div>\n\t\t\t\t<\/div><div class=\"blog-post-column\">                <div class=\"blog-post-entry post-7014 post type-post status-publish format-standard has-post-thumbnail hentry category-expositions\">\n\t\t\t\t\t                            <div class=\"blog-post-image\">\n                                <a href=\"https:\/\/www.chatillonarchitectes.com\/en\/exposition-unbuilt\/\" target=\"\" rel=\"bookmark\">\n\n\t\t\t\t\t\t\t\t\t<span class=\"image-placeholder\" style=\"padding-bottom:158.77080666%\"><img width=\"781\" height=\"1240\" class=\"img-responsive attachment-full img-68 lazyload\" title=\"Unbuilt-2021-Expo-Agence-Chatillon-016\" alt=\"\" data-src=\"https:\/\/www.chatillonarchitectes.com\/wp-content\/uploads\/2021\/09\/Unbuilt-2021-Expo-Agence-Chatillon-016-e1632919092322.jpg\" data-srcset=\"https:\/\/www.chatillonarchitectes.com\/wp-content\/uploads\/2021\/09\/Unbuilt-2021-Expo-Agence-Chatillon-016-e1632919092322.jpg 781w, https:\/\/www.chatillonarchitectes.com\/wp-content\/uploads\/2021\/09\/Unbuilt-2021-Expo-Agence-Chatillon-016-e1632919092322-600x953.jpg 600w, https:\/\/www.chatillonarchitectes.com\/wp-content\/uploads\/2021\/09\/Unbuilt-2021-Expo-Agence-Chatillon-016-e1632919092322-189x300.jpg 189w, https:\/\/www.chatillonarchitectes.com\/wp-content\/uploads\/2021\/09\/Unbuilt-2021-Expo-Agence-Chatillon-016-e1632919092322-645x1024.jpg 645w, https:\/\/www.chatillonarchitectes.com\/wp-content\/uploads\/2021\/09\/Unbuilt-2021-Expo-Agence-Chatillon-016-e1632919092322-768x1219.jpg 768w, https:\/\/www.chatillonarchitectes.com\/wp-content\/uploads\/2021\/09\/Unbuilt-2021-Expo-Agence-Chatillon-016-e1632919092322-8x12.jpg 8w, https:\/\/www.chatillonarchitectes.com\/wp-content\/uploads\/2021\/09\/Unbuilt-2021-Expo-Agence-Chatillon-016-e1632919092322-558x886.jpg 558w\" data-sizes=\"(max-width: 781px) 100vw, 781px\" \/><\/span>\n                                    <span class=\"hover-display\">\n\t\t\t\t\t\t\t\t\t\t\t\t\t\t\t\t\t\t\t<span class=\"custom-hover-icon\"><\/span>\t\t\t\t\t\t\t\t\t\t\t\t\t\t\t\t\t<\/span>\n                                <\/a>\n                            <\/div>\n\t\t\t\t\t\t\t                    <div class=\"blog-post-content-container\">\n\n\t\t\t\t\t\t                            <div class=\"blog-post-date\">\n\t\t\t\t\t\t\t\t10 September 2021                            <\/div>\n\t\t\t\t\t\t\n                        <h3 class=\"blog-post-title\">\n                            <a href=\"https:\/\/www.chatillonarchitectes.com\/en\/exposition-unbuilt\/\" target=\"\" rel=\"bookmark\">Exposition \u00ab Unbuilt \u00bb<\/a>\n                        <\/h3>\n\n\t\t\t\t\t\t                            <div class=\"blog-post-excerpt\">\n\t\t\t\t\t\t\t\t<p>Chatillon Architectes est heureux d&rsquo;accueillir dans son atelier parisien une &hellip;<\/p>                            <\/div>\n\t\t\t\t\t\t\n                        \n                    <\/div>\n\t\t\t\t\t                <\/div>\n\t\t\t\t<\/div><div class=\"blog-post-column\">                <div class=\"blog-post-entry post-6906 post type-post status-publish format-standard has-post-thumbnail hentry category-prix\">\n\t\t\t\t\t                            <div class=\"blog-post-image\">\n                                <a href=\"https:\/\/www.chatillonarchitectes.com\/en\/docomomo-rehabilitation-award-2021-open-house\/\" target=\"\" rel=\"bookmark\">\n\n\t\t\t\t\t\t\t\t\t<span class=\"image-placeholder\" style=\"padding-bottom:56.25000000%\"><img width=\"2048\" height=\"1152\" class=\"img-responsive attachment-full img-69 lazyload\" title=\"logo\" alt=\"\" data-src=\"https:\/\/www.chatillonarchitectes.com\/wp-content\/uploads\/2021\/09\/logo.jpg\" data-srcset=\"https:\/\/www.chatillonarchitectes.com\/wp-content\/uploads\/2021\/09\/logo.jpg 2048w, https:\/\/www.chatillonarchitectes.com\/wp-content\/uploads\/2021\/09\/logo-600x338.jpg 600w, https:\/\/www.chatillonarchitectes.com\/wp-content\/uploads\/2021\/09\/logo-300x169.jpg 300w, https:\/\/www.chatillonarchitectes.com\/wp-content\/uploads\/2021\/09\/logo-1024x576.jpg 1024w, https:\/\/www.chatillonarchitectes.com\/wp-content\/uploads\/2021\/09\/logo-768x432.jpg 768w, https:\/\/www.chatillonarchitectes.com\/wp-content\/uploads\/2021\/09\/logo-1536x864.jpg 1536w, https:\/\/www.chatillonarchitectes.com\/wp-content\/uploads\/2021\/09\/logo-16x9.jpg 16w, https:\/\/www.chatillonarchitectes.com\/wp-content\/uploads\/2021\/09\/logo-1612x907.jpg 1612w, https:\/\/www.chatillonarchitectes.com\/wp-content\/uploads\/2021\/09\/logo-1116x628.jpg 1116w, https:\/\/www.chatillonarchitectes.com\/wp-content\/uploads\/2021\/09\/logo-806x453.jpg 806w, https:\/\/www.chatillonarchitectes.com\/wp-content\/uploads\/2021\/09\/logo-558x314.jpg 558w\" data-sizes=\"(max-width: 2048px) 100vw, 2048px\" \/><\/span>\n                                    <span class=\"hover-display\">\n\t\t\t\t\t\t\t\t\t\t\t\t\t\t\t\t\t\t\t<span class=\"custom-hover-icon\"><\/span>\t\t\t\t\t\t\t\t\t\t\t\t\t\t\t\t\t<\/span>\n                                <\/a>\n                            <\/div>\n\t\t\t\t\t\t\t                    <div class=\"blog-post-content-container\">\n\n\t\t\t\t\t\t                            <div class=\"blog-post-date\">\n\t\t\t\t\t\t\t\t2 September 2021                            <\/div>\n\t\t\t\t\t\t\n                        <h3 class=\"blog-post-title\">\n                            <a href=\"https:\/\/www.chatillonarchitectes.com\/en\/docomomo-rehabilitation-award-2021-open-house\/\" target=\"\" rel=\"bookmark\">Docomomo Rehabilitation Award 2021 &#8211; Open House<\/a>\n                        <\/h3>\n\n\t\t\t\t\t\t                            <div class=\"blog-post-excerpt\">\n\t\t\t\t\t\t\t\t<p>Chatillon Architectes et la Fondation Le Corbusier ont re\u00e7u le &hellip;<\/p>                            <\/div>\n\t\t\t\t\t\t\n                        \n                    <\/div>\n\t\t\t\t\t                <\/div>\n\t\t\t\t<\/div><div class=\"blog-post-column\">                <div class=\"blog-post-entry post-6827 post type-post status-publish format-standard has-post-thumbnail hentry category-videos\">\n\t\t\t\t\t                            <div class=\"blog-post-image\">\n                                <a href=\"https:\/\/www.chatillonarchitectes.com\/en\/video-royaumont-devoile-la-nouvelle-toiture-du-refectoire-des-moines-et-du-chauffoir\/\" target=\"\" rel=\"bookmark\">\n\n\t\t\t\t\t\t\t\t\t<span class=\"image-placeholder\" style=\"padding-bottom:53.22265625%\"><img width=\"2048\" height=\"1090\" class=\"img-responsive attachment-full img-70 lazyload\" title=\"video royaumont play\" alt=\"\" data-src=\"https:\/\/www.chatillonarchitectes.com\/wp-content\/uploads\/2021\/07\/video-royaumont-play.jpg\" data-srcset=\"https:\/\/www.chatillonarchitectes.com\/wp-content\/uploads\/2021\/07\/video-royaumont-play.jpg 2048w, https:\/\/www.chatillonarchitectes.com\/wp-content\/uploads\/2021\/07\/video-royaumont-play-300x160.jpg 300w, https:\/\/www.chatillonarchitectes.com\/wp-content\/uploads\/2021\/07\/video-royaumont-play-1024x545.jpg 1024w, https:\/\/www.chatillonarchitectes.com\/wp-content\/uploads\/2021\/07\/video-royaumont-play-768x409.jpg 768w, https:\/\/www.chatillonarchitectes.com\/wp-content\/uploads\/2021\/07\/video-royaumont-play-1536x818.jpg 1536w, https:\/\/www.chatillonarchitectes.com\/wp-content\/uploads\/2021\/07\/video-royaumont-play-18x10.jpg 18w, https:\/\/www.chatillonarchitectes.com\/wp-content\/uploads\/2021\/07\/video-royaumont-play-1612x858.jpg 1612w, https:\/\/www.chatillonarchitectes.com\/wp-content\/uploads\/2021\/07\/video-royaumont-play-1116x594.jpg 1116w, https:\/\/www.chatillonarchitectes.com\/wp-content\/uploads\/2021\/07\/video-royaumont-play-806x429.jpg 806w, https:\/\/www.chatillonarchitectes.com\/wp-content\/uploads\/2021\/07\/video-royaumont-play-558x297.jpg 558w, https:\/\/www.chatillonarchitectes.com\/wp-content\/uploads\/2021\/07\/video-royaumont-play-600x319.jpg 600w\" data-sizes=\"(max-width: 2048px) 100vw, 2048px\" \/><\/span>\n                                    <span class=\"hover-display\">\n\t\t\t\t\t\t\t\t\t\t\t\t\t\t\t\t\t\t\t<span class=\"custom-hover-icon\"><\/span>\t\t\t\t\t\t\t\t\t\t\t\t\t\t\t\t\t<\/span>\n                                <\/a>\n                            <\/div>\n\t\t\t\t\t\t\t                    <div class=\"blog-post-content-container\">\n\n\t\t\t\t\t\t                            <div class=\"blog-post-date\">\n\t\t\t\t\t\t\t\t27 July 2021                            <\/div>\n\t\t\t\t\t\t\n                        <h3 class=\"blog-post-title\">\n                            <a href=\"https:\/\/www.chatillonarchitectes.com\/en\/video-royaumont-devoile-la-nouvelle-toiture-du-refectoire-des-moines-et-du-chauffoir\/\" target=\"\" rel=\"bookmark\">Vid\u00e9o : Royaumont d\u00e9voile la nouvelle toiture du r\u00e9fectoire des moines et du chauffoir<\/a>\n                        <\/h3>\n\n\t\t\t\t\t\t                            <div class=\"blog-post-excerpt\">\n\t\t\t\t\t\t\t\t<h2 class=\"has-black-color has-text-color wp-block-heading\" style=\"font-size: 38px;\">Royaumont d\u00e9voile la nouvelle toiture du r\u00e9fectoire des moines et <\/h2>&hellip;                            <\/div>\n\t\t\t\t\t\t\n                        \n                    <\/div>\n\t\t\t\t\t                <\/div>\n\t\t\t\t<\/div><div class=\"blog-post-column\">                <div class=\"blog-post-entry post-6824 post type-post status-publish format-standard has-post-thumbnail hentry category-divers\">\n\t\t\t\t\t                            <div class=\"blog-post-image\">\n                                <a href=\"https:\/\/www.chatillonarchitectes.com\/en\/hors-serie-larchitecture-daujourdhui\/\" target=\"\" rel=\"bookmark\">\n\n\t\t\t\t\t\t\t\t\t<span class=\"image-placeholder\" style=\"padding-bottom:122.15843858%\"><img width=\"871\" height=\"1064\" class=\"img-responsive attachment-full img-71 lazyload\" title=\"AA-CHATILLON_couv-mockup2\" alt=\"\" data-src=\"https:\/\/www.chatillonarchitectes.com\/wp-content\/uploads\/2021\/04\/AA-CHATILLON_couv-mockup2.png\" data-srcset=\"https:\/\/www.chatillonarchitectes.com\/wp-content\/uploads\/2021\/04\/AA-CHATILLON_couv-mockup2.png 871w, https:\/\/www.chatillonarchitectes.com\/wp-content\/uploads\/2021\/04\/AA-CHATILLON_couv-mockup2-600x733.png 600w, https:\/\/www.chatillonarchitectes.com\/wp-content\/uploads\/2021\/04\/AA-CHATILLON_couv-mockup2-246x300.png 246w, https:\/\/www.chatillonarchitectes.com\/wp-content\/uploads\/2021\/04\/AA-CHATILLON_couv-mockup2-838x1024.png 838w, https:\/\/www.chatillonarchitectes.com\/wp-content\/uploads\/2021\/04\/AA-CHATILLON_couv-mockup2-768x938.png 768w, https:\/\/www.chatillonarchitectes.com\/wp-content\/uploads\/2021\/04\/AA-CHATILLON_couv-mockup2-10x12.png 10w, https:\/\/www.chatillonarchitectes.com\/wp-content\/uploads\/2021\/04\/AA-CHATILLON_couv-mockup2-806x985.png 806w, https:\/\/www.chatillonarchitectes.com\/wp-content\/uploads\/2021\/04\/AA-CHATILLON_couv-mockup2-558x682.png 558w\" data-sizes=\"(max-width: 871px) 100vw, 871px\" \/><\/span>\n                                    <span class=\"hover-display\">\n\t\t\t\t\t\t\t\t\t\t\t\t\t\t\t\t\t\t\t<span class=\"custom-hover-icon\"><\/span>\t\t\t\t\t\t\t\t\t\t\t\t\t\t\t\t\t<\/span>\n                                <\/a>\n                            <\/div>\n\t\t\t\t\t\t\t                    <div class=\"blog-post-content-container\">\n\n\t\t\t\t\t\t                            <div class=\"blog-post-date\">\n\t\t\t\t\t\t\t\t1 June 2021                            <\/div>\n\t\t\t\t\t\t\n                        <h3 class=\"blog-post-title\">\n                            <a href=\"https:\/\/www.chatillonarchitectes.com\/en\/hors-serie-larchitecture-daujourdhui\/\" target=\"\" rel=\"bookmark\">Hors-S\u00e9rie L&rsquo;Architecture d&rsquo;Aujourd&rsquo;hui<\/a>\n                        <\/h3>\n\n\t\t\t\t\t\t                            <div class=\"blog-post-excerpt\">\n\t\t\t\t\t\t\t\t<p>Nous sommes heureux de pr\u00e9senter le hors-s\u00e9rie n\u00b033 de la &hellip;<\/p>                            <\/div>\n\t\t\t\t\t\t\n                        \n                    <\/div>\n\t\t\t\t\t                <\/div>\n\t\t\t\t<\/div><div class=\"blog-post-column\">                <div class=\"blog-post-entry post-6543 post type-post status-publish format-standard has-post-thumbnail hentry category-projets\">\n\t\t\t\t\t                            <div class=\"blog-post-image\">\n                                <a href=\"https:\/\/www.chatillonarchitectes.com\/en\/reouverture-du-musee-carnavalet\/\" target=\"\" rel=\"bookmark\">\n\n\t\t\t\t\t\t\t\t\t<span class=\"image-placeholder\" style=\"padding-bottom:66.65000000%\"><img width=\"2000\" height=\"1333\" class=\"img-responsive attachment-full img-72 lazyload\" title=\"Mus\u00e9e Carnavalet \u00a9 Cyrille Weiner\" alt=\"\" data-src=\"https:\/\/www.chatillonarchitectes.com\/wp-content\/uploads\/2021\/06\/wec2104_chatillon_carnavalet_S1090294.jpg\" data-srcset=\"https:\/\/www.chatillonarchitectes.com\/wp-content\/uploads\/2021\/06\/wec2104_chatillon_carnavalet_S1090294.jpg 2000w, https:\/\/www.chatillonarchitectes.com\/wp-content\/uploads\/2021\/06\/wec2104_chatillon_carnavalet_S1090294-600x400.jpg 600w, https:\/\/www.chatillonarchitectes.com\/wp-content\/uploads\/2021\/06\/wec2104_chatillon_carnavalet_S1090294-300x200.jpg 300w, https:\/\/www.chatillonarchitectes.com\/wp-content\/uploads\/2021\/06\/wec2104_chatillon_carnavalet_S1090294-1024x682.jpg 1024w, https:\/\/www.chatillonarchitectes.com\/wp-content\/uploads\/2021\/06\/wec2104_chatillon_carnavalet_S1090294-768x512.jpg 768w, https:\/\/www.chatillonarchitectes.com\/wp-content\/uploads\/2021\/06\/wec2104_chatillon_carnavalet_S1090294-1536x1024.jpg 1536w, https:\/\/www.chatillonarchitectes.com\/wp-content\/uploads\/2021\/06\/wec2104_chatillon_carnavalet_S1090294-16x12.jpg 16w, https:\/\/www.chatillonarchitectes.com\/wp-content\/uploads\/2021\/06\/wec2104_chatillon_carnavalet_S1090294-1612x1074.jpg 1612w, https:\/\/www.chatillonarchitectes.com\/wp-content\/uploads\/2021\/06\/wec2104_chatillon_carnavalet_S1090294-1116x744.jpg 1116w, https:\/\/www.chatillonarchitectes.com\/wp-content\/uploads\/2021\/06\/wec2104_chatillon_carnavalet_S1090294-806x537.jpg 806w, https:\/\/www.chatillonarchitectes.com\/wp-content\/uploads\/2021\/06\/wec2104_chatillon_carnavalet_S1090294-558x372.jpg 558w\" data-sizes=\"(max-width: 2000px) 100vw, 2000px\" \/><\/span>\n                                    <span class=\"hover-display\">\n\t\t\t\t\t\t\t\t\t\t\t\t\t\t\t\t\t\t\t<span class=\"custom-hover-icon\"><\/span>\t\t\t\t\t\t\t\t\t\t\t\t\t\t\t\t\t<\/span>\n                                <\/a>\n                            <\/div>\n\t\t\t\t\t\t\t                    <div class=\"blog-post-content-container\">\n\n\t\t\t\t\t\t                            <div class=\"blog-post-date\">\n\t\t\t\t\t\t\t\t29 May 2021                            <\/div>\n\t\t\t\t\t\t\n                        <h3 class=\"blog-post-title\">\n                            <a href=\"https:\/\/www.chatillonarchitectes.com\/en\/reouverture-du-musee-carnavalet\/\" target=\"\" rel=\"bookmark\">R\u00e9ouverture du Mus\u00e9e Carnavalet<\/a>\n                        <\/h3>\n\n\t\t\t\t\t\t                            <div class=\"blog-post-excerpt\">\n\t\t\t\t\t\t\t\t<p>Le mus\u00e9e Carnavalet Histoire de Paris a r\u00e9ouvert ses portes &hellip;<\/p>                            <\/div>\n\t\t\t\t\t\t\n                        \n                    <\/div>\n\t\t\t\t\t                <\/div>\n\t\t\t\t<\/div><div class=\"blog-post-column\">                <div class=\"blog-post-entry post-6305 post type-post status-publish format-standard has-post-thumbnail hentry category-expositions\">\n\t\t\t\t\t                            <div class=\"blog-post-image\">\n                                <a href=\"https:\/\/www.chatillonarchitectes.com\/en\/nouvelle-exposition-en-partenariat-avec-la-galerie-allen\/\" target=\"\" rel=\"bookmark\">\n\n\t\t\t\t\t\t\t\t\t<span class=\"image-placeholder\" style=\"padding-bottom:66.56000000%\"><img width=\"2500\" height=\"1664\" class=\"img-responsive attachment-full img-73 lazyload\" title=\"Galerie Allen Chatillon Architectes Mia Marfurt Emmanuel van der Meulen_D4S0861\" alt=\"\" data-src=\"https:\/\/www.chatillonarchitectes.com\/wp-content\/uploads\/2021\/04\/D4S0861.jpg\" data-srcset=\"https:\/\/www.chatillonarchitectes.com\/wp-content\/uploads\/2021\/04\/D4S0861.jpg 2500w, https:\/\/www.chatillonarchitectes.com\/wp-content\/uploads\/2021\/04\/D4S0861-600x399.jpg 600w, https:\/\/www.chatillonarchitectes.com\/wp-content\/uploads\/2021\/04\/D4S0861-300x200.jpg 300w, https:\/\/www.chatillonarchitectes.com\/wp-content\/uploads\/2021\/04\/D4S0861-1024x682.jpg 1024w, https:\/\/www.chatillonarchitectes.com\/wp-content\/uploads\/2021\/04\/D4S0861-768x511.jpg 768w, https:\/\/www.chatillonarchitectes.com\/wp-content\/uploads\/2021\/04\/D4S0861-1536x1022.jpg 1536w, https:\/\/www.chatillonarchitectes.com\/wp-content\/uploads\/2021\/04\/D4S0861-2048x1363.jpg 2048w, https:\/\/www.chatillonarchitectes.com\/wp-content\/uploads\/2021\/04\/D4S0861-16x12.jpg 16w, https:\/\/www.chatillonarchitectes.com\/wp-content\/uploads\/2021\/04\/D4S0861-1612x1073.jpg 1612w, https:\/\/www.chatillonarchitectes.com\/wp-content\/uploads\/2021\/04\/D4S0861-1116x743.jpg 1116w, https:\/\/www.chatillonarchitectes.com\/wp-content\/uploads\/2021\/04\/D4S0861-806x536.jpg 806w, https:\/\/www.chatillonarchitectes.com\/wp-content\/uploads\/2021\/04\/D4S0861-558x371.jpg 558w\" data-sizes=\"(max-width: 2500px) 100vw, 2500px\" \/><\/span>\n                                    <span class=\"hover-display\">\n\t\t\t\t\t\t\t\t\t\t\t\t\t\t\t\t\t\t\t<span class=\"custom-hover-icon\"><\/span>\t\t\t\t\t\t\t\t\t\t\t\t\t\t\t\t\t<\/span>\n                                <\/a>\n                            <\/div>\n\t\t\t\t\t\t\t                    <div class=\"blog-post-content-container\">\n\n\t\t\t\t\t\t                            <div class=\"blog-post-date\">\n\t\t\t\t\t\t\t\t29 April 2021                            <\/div>\n\t\t\t\t\t\t\n                        <h3 class=\"blog-post-title\">\n                            <a href=\"https:\/\/www.chatillonarchitectes.com\/en\/nouvelle-exposition-en-partenariat-avec-la-galerie-allen\/\" target=\"\" rel=\"bookmark\">Nouvelle exposition en partenariat avec la Galerie Allen<\/a>\n                        <\/h3>\n\n\t\t\t\t\t\t                            <div class=\"blog-post-excerpt\">\n\t\t\t\t\t\t\t\t<p>Chatillon Architectes est heureux d&rsquo;accueillir en ses murs les \u0153uvres &hellip;<\/p>                            <\/div>\n\t\t\t\t\t\t\n                        \n                    <\/div>\n\t\t\t\t\t                <\/div>\n\t\t\t\t<\/div><div class=\"blog-post-column\">                <div class=\"blog-post-entry post-6267 post type-post status-publish format-standard has-post-thumbnail hentry category-concours\">\n\t\t\t\t\t                            <div class=\"blog-post-image\">\n                                <a href=\"https:\/\/www.chatillonarchitectes.com\/en\/chatillon-architectes-laureat-du-projet-de-restructuration-du-quadrilatere\/\" target=\"\" rel=\"bookmark\">\n\n\t\t\t\t\t\t\t\t\t<span class=\"image-placeholder\" style=\"padding-bottom:66.68000000%\"><img width=\"2500\" height=\"1667\" class=\"img-responsive attachment-full img-74 lazyload\" title=\"1. Chatillon Architectes \u00a9Antoine Mercusot_Quadrilat\u00e8re_269A4046\" alt=\"\" data-src=\"https:\/\/www.chatillonarchitectes.com\/wp-content\/uploads\/2021\/03\/1.-\u00a9Antoine-Mercusot_Quadrilatere_269A4046.jpg\" data-srcset=\"https:\/\/www.chatillonarchitectes.com\/wp-content\/uploads\/2021\/03\/1.-\u00a9Antoine-Mercusot_Quadrilatere_269A4046.jpg 2500w, https:\/\/www.chatillonarchitectes.com\/wp-content\/uploads\/2021\/03\/1.-\u00a9Antoine-Mercusot_Quadrilatere_269A4046-600x400.jpg 600w, https:\/\/www.chatillonarchitectes.com\/wp-content\/uploads\/2021\/03\/1.-\u00a9Antoine-Mercusot_Quadrilatere_269A4046-300x200.jpg 300w, https:\/\/www.chatillonarchitectes.com\/wp-content\/uploads\/2021\/03\/1.-\u00a9Antoine-Mercusot_Quadrilatere_269A4046-1024x683.jpg 1024w, https:\/\/www.chatillonarchitectes.com\/wp-content\/uploads\/2021\/03\/1.-\u00a9Antoine-Mercusot_Quadrilatere_269A4046-768x512.jpg 768w, https:\/\/www.chatillonarchitectes.com\/wp-content\/uploads\/2021\/03\/1.-\u00a9Antoine-Mercusot_Quadrilatere_269A4046-1536x1024.jpg 1536w, https:\/\/www.chatillonarchitectes.com\/wp-content\/uploads\/2021\/03\/1.-\u00a9Antoine-Mercusot_Quadrilatere_269A4046-2048x1366.jpg 2048w, https:\/\/www.chatillonarchitectes.com\/wp-content\/uploads\/2021\/03\/1.-\u00a9Antoine-Mercusot_Quadrilatere_269A4046-16x12.jpg 16w, https:\/\/www.chatillonarchitectes.com\/wp-content\/uploads\/2021\/03\/1.-\u00a9Antoine-Mercusot_Quadrilatere_269A4046-1612x1075.jpg 1612w, https:\/\/www.chatillonarchitectes.com\/wp-content\/uploads\/2021\/03\/1.-\u00a9Antoine-Mercusot_Quadrilatere_269A4046-1116x744.jpg 1116w, https:\/\/www.chatillonarchitectes.com\/wp-content\/uploads\/2021\/03\/1.-\u00a9Antoine-Mercusot_Quadrilatere_269A4046-806x537.jpg 806w, https:\/\/www.chatillonarchitectes.com\/wp-content\/uploads\/2021\/03\/1.-\u00a9Antoine-Mercusot_Quadrilatere_269A4046-558x372.jpg 558w\" data-sizes=\"(max-width: 2500px) 100vw, 2500px\" \/><\/span>\n                                    <span class=\"hover-display\">\n\t\t\t\t\t\t\t\t\t\t\t\t\t\t\t\t\t\t\t<span class=\"custom-hover-icon\"><\/span>\t\t\t\t\t\t\t\t\t\t\t\t\t\t\t\t\t<\/span>\n                                <\/a>\n                            <\/div>\n\t\t\t\t\t\t\t                    <div class=\"blog-post-content-container\">\n\n\t\t\t\t\t\t                            <div class=\"blog-post-date\">\n\t\t\t\t\t\t\t\t10 March 2021                            <\/div>\n\t\t\t\t\t\t\n                        <h3 class=\"blog-post-title\">\n                            <a href=\"https:\/\/www.chatillonarchitectes.com\/en\/chatillon-architectes-laureat-du-projet-de-restructuration-du-quadrilatere\/\" target=\"\" rel=\"bookmark\">Chatillon Architectes, laur\u00e9at du projet de restructuration du Quadrilat\u00e8re !<\/a>\n                        <\/h3>\n\n\t\t\t\t\t\t                            <div class=\"blog-post-excerpt\">\n\t\t\t\t\t\t\t\t<p>Le mus\u00e9e con\u00e7u par Andr\u00e9 Hermant et inaugur\u00e9 en 1976 &hellip;<\/p>                            <\/div>\n\t\t\t\t\t\t\n                        \n                    <\/div>\n\t\t\t\t\t                <\/div>\n\t\t\t\t<\/div><div class=\"blog-post-column\">                <div class=\"blog-post-entry post-6269 post type-post status-publish format-standard has-post-thumbnail hentry category-projets\">\n\t\t\t\t\t                            <div class=\"blog-post-image\">\n                                <a href=\"https:\/\/www.chatillonarchitectes.com\/en\/lhotel-de-coulanges-est-pret-a-accueillir-ses-futurs-occupants\/\" target=\"\" rel=\"bookmark\">\n\n\t\t\t\t\t\t\t\t\t<span class=\"image-placeholder\" style=\"padding-bottom:83.98950131%\"><img width=\"2286\" height=\"1920\" class=\"img-responsive attachment-full img-75 lazyload\" title=\"_B8A1459\u00a9Antoine Mercusot - Chatillon Architectes H\u00f4tel de Coulanges Paris Chatillon Architectes Dover Street Market\" alt=\"\" data-src=\"https:\/\/www.chatillonarchitectes.com\/wp-content\/uploads\/2021\/03\/B8A1459\u00a9Antoine-Mercusot-Chatillon-Architectes.jpg\" data-srcset=\"https:\/\/www.chatillonarchitectes.com\/wp-content\/uploads\/2021\/03\/B8A1459\u00a9Antoine-Mercusot-Chatillon-Architectes.jpg 2286w, https:\/\/www.chatillonarchitectes.com\/wp-content\/uploads\/2021\/03\/B8A1459\u00a9Antoine-Mercusot-Chatillon-Architectes-600x504.jpg 600w, https:\/\/www.chatillonarchitectes.com\/wp-content\/uploads\/2021\/03\/B8A1459\u00a9Antoine-Mercusot-Chatillon-Architectes-300x252.jpg 300w, https:\/\/www.chatillonarchitectes.com\/wp-content\/uploads\/2021\/03\/B8A1459\u00a9Antoine-Mercusot-Chatillon-Architectes-1024x860.jpg 1024w, https:\/\/www.chatillonarchitectes.com\/wp-content\/uploads\/2021\/03\/B8A1459\u00a9Antoine-Mercusot-Chatillon-Architectes-768x645.jpg 768w, https:\/\/www.chatillonarchitectes.com\/wp-content\/uploads\/2021\/03\/B8A1459\u00a9Antoine-Mercusot-Chatillon-Architectes-1536x1290.jpg 1536w, https:\/\/www.chatillonarchitectes.com\/wp-content\/uploads\/2021\/03\/B8A1459\u00a9Antoine-Mercusot-Chatillon-Architectes-2048x1720.jpg 2048w, https:\/\/www.chatillonarchitectes.com\/wp-content\/uploads\/2021\/03\/B8A1459\u00a9Antoine-Mercusot-Chatillon-Architectes-14x12.jpg 14w, https:\/\/www.chatillonarchitectes.com\/wp-content\/uploads\/2021\/03\/B8A1459\u00a9Antoine-Mercusot-Chatillon-Architectes-1612x1354.jpg 1612w, https:\/\/www.chatillonarchitectes.com\/wp-content\/uploads\/2021\/03\/B8A1459\u00a9Antoine-Mercusot-Chatillon-Architectes-1116x937.jpg 1116w, https:\/\/www.chatillonarchitectes.com\/wp-content\/uploads\/2021\/03\/B8A1459\u00a9Antoine-Mercusot-Chatillon-Architectes-806x677.jpg 806w, https:\/\/www.chatillonarchitectes.com\/wp-content\/uploads\/2021\/03\/B8A1459\u00a9Antoine-Mercusot-Chatillon-Architectes-558x469.jpg 558w\" data-sizes=\"(max-width: 2286px) 100vw, 2286px\" \/><\/span>\n                                    <span class=\"hover-display\">\n\t\t\t\t\t\t\t\t\t\t\t\t\t\t\t\t\t\t\t<span class=\"custom-hover-icon\"><\/span>\t\t\t\t\t\t\t\t\t\t\t\t\t\t\t\t\t<\/span>\n                                <\/a>\n                            <\/div>\n\t\t\t\t\t\t\t                    <div class=\"blog-post-content-container\">\n\n\t\t\t\t\t\t                            <div class=\"blog-post-date\">\n\t\t\t\t\t\t\t\t4 March 2021                            <\/div>\n\t\t\t\t\t\t\n                        <h3 class=\"blog-post-title\">\n                            <a href=\"https:\/\/www.chatillonarchitectes.com\/en\/lhotel-de-coulanges-est-pret-a-accueillir-ses-futurs-occupants\/\" target=\"\" rel=\"bookmark\">L&rsquo;H\u00f4tel de Coulanges est pr\u00eat \u00e0 accueillir ses futurs occupants<\/a>\n                        <\/h3>\n\n\t\t\t\t\t\t                            <div class=\"blog-post-excerpt\">\n\t\t\t\t\t\t\t\t<p>En 2016, dans le cadre du premier appel \u00e0 projets &hellip;<\/p>                            <\/div>\n\t\t\t\t\t\t\n                        \n                    <\/div>\n\t\t\t\t\t                <\/div>\n\t\t\t\t<\/div><div class=\"blog-post-column\">                <div class=\"blog-post-entry post-6256 post type-post status-publish format-standard has-post-thumbnail hentry category-divers\">\n\t\t\t\t\t                            <div class=\"blog-post-image\">\n                                <a href=\"https:\/\/www.chatillonarchitectes.com\/en\/bonne-annee-2021\/\" target=\"\" rel=\"bookmark\">\n\n\t\t\t\t\t\t\t\t\t<span class=\"image-placeholder\" style=\"padding-bottom:160.10165184%\"><img width=\"787\" height=\"1260\" class=\"img-responsive attachment-full img-76 lazyload\" title=\"Voeux 2021 Chatillon Architectes\" alt=\"\" data-src=\"https:\/\/www.chatillonarchitectes.com\/wp-content\/uploads\/2021\/02\/Voeux-2021-Chatillon-Architectes.jpg\" data-srcset=\"https:\/\/www.chatillonarchitectes.com\/wp-content\/uploads\/2021\/02\/Voeux-2021-Chatillon-Architectes.jpg 787w, https:\/\/www.chatillonarchitectes.com\/wp-content\/uploads\/2021\/02\/Voeux-2021-Chatillon-Architectes-600x961.jpg 600w, https:\/\/www.chatillonarchitectes.com\/wp-content\/uploads\/2021\/02\/Voeux-2021-Chatillon-Architectes-187x300.jpg 187w, https:\/\/www.chatillonarchitectes.com\/wp-content\/uploads\/2021\/02\/Voeux-2021-Chatillon-Architectes-640x1024.jpg 640w, https:\/\/www.chatillonarchitectes.com\/wp-content\/uploads\/2021\/02\/Voeux-2021-Chatillon-Architectes-768x1230.jpg 768w, https:\/\/www.chatillonarchitectes.com\/wp-content\/uploads\/2021\/02\/Voeux-2021-Chatillon-Architectes-7x12.jpg 7w, https:\/\/www.chatillonarchitectes.com\/wp-content\/uploads\/2021\/02\/Voeux-2021-Chatillon-Architectes-558x893.jpg 558w\" data-sizes=\"(max-width: 787px) 100vw, 787px\" \/><\/span>\n                                    <span class=\"hover-display\">\n\t\t\t\t\t\t\t\t\t\t\t\t\t\t\t\t\t\t\t<span class=\"custom-hover-icon\"><\/span>\t\t\t\t\t\t\t\t\t\t\t\t\t\t\t\t\t<\/span>\n                                <\/a>\n                            <\/div>\n\t\t\t\t\t\t\t                    <div class=\"blog-post-content-container\">\n\n\t\t\t\t\t\t                            <div class=\"blog-post-date\">\n\t\t\t\t\t\t\t\t6 January 2021                            <\/div>\n\t\t\t\t\t\t\n                        <h3 class=\"blog-post-title\">\n                            <a href=\"https:\/\/www.chatillonarchitectes.com\/en\/bonne-annee-2021\/\" target=\"\" rel=\"bookmark\">Bonne ann\u00e9e 2021 !<\/a>\n                        <\/h3>\n\n\t\t\t\t\t\t                            <div class=\"blog-post-excerpt\">\n\t\t\t\t\t\t\t\t<p>Chatillon Architectes vous pr\u00e9sente ses meilleurs v\u0153ux pour cette nouvelle &hellip;<\/p>                            <\/div>\n\t\t\t\t\t\t\n                        \n                    <\/div>\n\t\t\t\t\t                <\/div>\n\t\t\t\t<\/div><div class=\"blog-post-column\">                <div class=\"blog-post-entry post-5349 post type-post status-publish format-standard has-post-thumbnail hentry category-prix\">\n\t\t\t\t\t                            <div class=\"blog-post-image\">\n                                <a href=\"https:\/\/www.chatillonarchitectes.com\/en\/geste-dor-2020-grand-prix-maitre-doeuvre\/\" target=\"\" rel=\"bookmark\">\n\n\t\t\t\t\t\t\t\t\t<span class=\"image-placeholder\" style=\"padding-bottom:49.09090909%\"><img width=\"440\" height=\"216\" class=\"img-responsive attachment-full img-77 lazyload\" title=\"LOGO_LE GESTE D&#039;OR\" alt=\"\" data-src=\"https:\/\/www.chatillonarchitectes.com\/wp-content\/uploads\/2020\/11\/LOGO_LE-GESTE-DOR.png\" data-srcset=\"https:\/\/www.chatillonarchitectes.com\/wp-content\/uploads\/2020\/11\/LOGO_LE-GESTE-DOR.png 440w, https:\/\/www.chatillonarchitectes.com\/wp-content\/uploads\/2020\/11\/LOGO_LE-GESTE-DOR-300x147.png 300w, https:\/\/www.chatillonarchitectes.com\/wp-content\/uploads\/2020\/11\/LOGO_LE-GESTE-DOR-16x8.png 16w\" data-sizes=\"(max-width: 440px) 100vw, 440px\" \/><\/span>\n                                    <span class=\"hover-display\">\n\t\t\t\t\t\t\t\t\t\t\t\t\t\t\t\t\t\t\t<span class=\"custom-hover-icon\"><\/span>\t\t\t\t\t\t\t\t\t\t\t\t\t\t\t\t\t<\/span>\n                                <\/a>\n                            <\/div>\n\t\t\t\t\t\t\t                    <div class=\"blog-post-content-container\">\n\n\t\t\t\t\t\t                            <div class=\"blog-post-date\">\n\t\t\t\t\t\t\t\t4 November 2020                            <\/div>\n\t\t\t\t\t\t\n                        <h3 class=\"blog-post-title\">\n                            <a href=\"https:\/\/www.chatillonarchitectes.com\/en\/geste-dor-2020-grand-prix-maitre-doeuvre\/\" target=\"\" rel=\"bookmark\">Geste d&rsquo;Or 2020 &#8211; Grand Prix Ma\u00eetre d&rsquo;\u0152uvre<\/a>\n                        <\/h3>\n\n\t\t\t\t\t\t                            <div class=\"blog-post-excerpt\">\n\t\t\t\t\t\t\t\t<p>Chatillon Architectes a re\u00e7u le 29 octobre dernier le \u00ab\u00a0&hellip;<\/p>                            <\/div>\n\t\t\t\t\t\t\n                        \n                    <\/div>\n\t\t\t\t\t                <\/div>\n\t\t\t\t<\/div><div class=\"blog-post-column\">                <div class=\"blog-post-entry post-5011 post type-post status-publish format-standard has-post-thumbnail hentry category-expositions\">\n\t\t\t\t\t                            <div class=\"blog-post-image\">\n                                <a href=\"https:\/\/www.chatillonarchitectes.com\/en\/exposition-privee-en-partenariat-avec-la-galerie-allen\/\" target=\"\" rel=\"bookmark\">\n\n\t\t\t\t\t\t\t\t\t<span class=\"image-placeholder\" style=\"padding-bottom:66.68000000%\"><img width=\"2500\" height=\"1667\" class=\"img-responsive attachment-full img-78 lazyload\" title=\"Galerie Allen Chatillon Architectes Laetitia Badaut Haussmann Linus Bill Adrien Horni\" alt=\"\" data-src=\"https:\/\/www.chatillonarchitectes.com\/wp-content\/uploads\/2020\/11\/269A8807\u00a9-Antoine-Mercusot-Chatillon-Architectes.jpg\" data-srcset=\"https:\/\/www.chatillonarchitectes.com\/wp-content\/uploads\/2020\/11\/269A8807\u00a9-Antoine-Mercusot-Chatillon-Architectes.jpg 2500w, https:\/\/www.chatillonarchitectes.com\/wp-content\/uploads\/2020\/11\/269A8807\u00a9-Antoine-Mercusot-Chatillon-Architectes-600x400.jpg 600w, https:\/\/www.chatillonarchitectes.com\/wp-content\/uploads\/2020\/11\/269A8807\u00a9-Antoine-Mercusot-Chatillon-Architectes-300x200.jpg 300w, https:\/\/www.chatillonarchitectes.com\/wp-content\/uploads\/2020\/11\/269A8807\u00a9-Antoine-Mercusot-Chatillon-Architectes-1024x683.jpg 1024w, https:\/\/www.chatillonarchitectes.com\/wp-content\/uploads\/2020\/11\/269A8807\u00a9-Antoine-Mercusot-Chatillon-Architectes-768x512.jpg 768w, https:\/\/www.chatillonarchitectes.com\/wp-content\/uploads\/2020\/11\/269A8807\u00a9-Antoine-Mercusot-Chatillon-Architectes-1536x1024.jpg 1536w, https:\/\/www.chatillonarchitectes.com\/wp-content\/uploads\/2020\/11\/269A8807\u00a9-Antoine-Mercusot-Chatillon-Architectes-2048x1366.jpg 2048w, https:\/\/www.chatillonarchitectes.com\/wp-content\/uploads\/2020\/11\/269A8807\u00a9-Antoine-Mercusot-Chatillon-Architectes-16x12.jpg 16w, https:\/\/www.chatillonarchitectes.com\/wp-content\/uploads\/2020\/11\/269A8807\u00a9-Antoine-Mercusot-Chatillon-Architectes-1612x1075.jpg 1612w, https:\/\/www.chatillonarchitectes.com\/wp-content\/uploads\/2020\/11\/269A8807\u00a9-Antoine-Mercusot-Chatillon-Architectes-1116x744.jpg 1116w, https:\/\/www.chatillonarchitectes.com\/wp-content\/uploads\/2020\/11\/269A8807\u00a9-Antoine-Mercusot-Chatillon-Architectes-806x537.jpg 806w, https:\/\/www.chatillonarchitectes.com\/wp-content\/uploads\/2020\/11\/269A8807\u00a9-Antoine-Mercusot-Chatillon-Architectes-558x372.jpg 558w, https:\/\/www.chatillonarchitectes.com\/wp-content\/uploads\/2020\/11\/269A8807\u00a9-Antoine-Mercusot-Chatillon-Architectes-655x437.jpg 655w\" data-sizes=\"(max-width: 2500px) 100vw, 2500px\" \/><\/span>\n                                    <span class=\"hover-display\">\n\t\t\t\t\t\t\t\t\t\t\t\t\t\t\t\t\t\t\t<span class=\"custom-hover-icon\"><\/span>\t\t\t\t\t\t\t\t\t\t\t\t\t\t\t\t\t<\/span>\n                                <\/a>\n                            <\/div>\n\t\t\t\t\t\t\t                    <div class=\"blog-post-content-container\">\n\n\t\t\t\t\t\t                            <div class=\"blog-post-date\">\n\t\t\t\t\t\t\t\t15 October 2020                            <\/div>\n\t\t\t\t\t\t\n                        <h3 class=\"blog-post-title\">\n                            <a href=\"https:\/\/www.chatillonarchitectes.com\/en\/exposition-privee-en-partenariat-avec-la-galerie-allen\/\" target=\"\" rel=\"bookmark\">Exposition priv\u00e9e en partenariat avec la Galerie Allen<\/a>\n                        <\/h3>\n\n\t\t\t\t\t\t                            <div class=\"blog-post-excerpt\">\n\t\t\t\t\t\t\t\t<p>Chatillon Architectes est heureux d&rsquo;accueillir les \u0153uvres de La\u00ebtitia Baudaut &hellip;<\/p>                            <\/div>\n\t\t\t\t\t\t\n                        \n                    <\/div>\n\t\t\t\t\t                <\/div>\n\t\t\t\t<\/div><div class=\"blog-post-column\">                <div class=\"blog-post-entry post-4886 post type-post status-publish format-standard has-post-thumbnail hentry category-divers\">\n\t\t\t\t\t                            <div class=\"blog-post-image\">\n                                <a href=\"https:\/\/www.chatillonarchitectes.com\/en\/test-actu\/\" target=\"\" rel=\"bookmark\">\n\n\t\t\t\t\t\t\t\t\t<span class=\"image-placeholder\" style=\"padding-bottom:56.28970775%\"><img width=\"787\" height=\"443\" class=\"img-responsive attachment-full img-79 lazyload\" title=\"Journ\u00e9es nationales de l&#039;architecture - Chatillon Architectes\" alt=\"\" data-src=\"https:\/\/www.chatillonarchitectes.com\/wp-content\/uploads\/2020\/10\/JNA-ILLUS-ARTICLES1.jpg\" data-srcset=\"https:\/\/www.chatillonarchitectes.com\/wp-content\/uploads\/2020\/10\/JNA-ILLUS-ARTICLES1.jpg 787w, https:\/\/www.chatillonarchitectes.com\/wp-content\/uploads\/2020\/10\/JNA-ILLUS-ARTICLES1-600x338.jpg 600w, https:\/\/www.chatillonarchitectes.com\/wp-content\/uploads\/2020\/10\/JNA-ILLUS-ARTICLES1-300x169.jpg 300w, https:\/\/www.chatillonarchitectes.com\/wp-content\/uploads\/2020\/10\/JNA-ILLUS-ARTICLES1-768x432.jpg 768w, https:\/\/www.chatillonarchitectes.com\/wp-content\/uploads\/2020\/10\/JNA-ILLUS-ARTICLES1-16x9.jpg 16w, https:\/\/www.chatillonarchitectes.com\/wp-content\/uploads\/2020\/10\/JNA-ILLUS-ARTICLES1-558x314.jpg 558w, https:\/\/www.chatillonarchitectes.com\/wp-content\/uploads\/2020\/10\/JNA-ILLUS-ARTICLES1-655x369.jpg 655w\" data-sizes=\"(max-width: 787px) 100vw, 787px\" \/><\/span>\n                                    <span class=\"hover-display\">\n\t\t\t\t\t\t\t\t\t\t\t\t\t\t\t\t\t\t\t<span class=\"custom-hover-icon\"><\/span>\t\t\t\t\t\t\t\t\t\t\t\t\t\t\t\t\t<\/span>\n                                <\/a>\n                            <\/div>\n\t\t\t\t\t\t\t                    <div class=\"blog-post-content-container\">\n\n\t\t\t\t\t\t                            <div class=\"blog-post-date\">\n\t\t\t\t\t\t\t\t2 October 2020                            <\/div>\n\t\t\t\t\t\t\n                        <h3 class=\"blog-post-title\">\n                            <a href=\"https:\/\/www.chatillonarchitectes.com\/en\/test-actu\/\" target=\"\" rel=\"bookmark\">Journ\u00e9es Nationales de l&rsquo;Architecture 2020 &#8211; Portes ouvertes<\/a>\n                        <\/h3>\n\n\t\t\t\t\t\t                            <div class=\"blog-post-excerpt\">\n\t\t\t\t\t\t\t\t<p>Chatillon Architectes a le plaisir de vous accueillir \u00e0 l\u2019occasion &hellip;<\/p>                            <\/div>\n\t\t\t\t\t\t\n                        \n                    <\/div>\n\t\t\t\t\t                <\/div>\n\t\t\t\t<\/div><div class=\"blog-post-column\">                <div class=\"blog-post-entry post-4488 post type-post status-publish format-standard has-post-thumbnail hentry category-divers\">\n\t\t\t\t\t                            <div class=\"blog-post-image\">\n                                <a href=\"https:\/\/www.chatillonarchitectes.com\/en\/nouvel-atelier-parisien\/\" target=\"\" rel=\"bookmark\">\n\n\t\t\t\t\t\t\t\t\t<span class=\"image-placeholder\" style=\"padding-bottom:72.43589744%\"><img width=\"1248\" height=\"904\" class=\"img-responsive attachment-full img-80 lazyload\" title=\"Chatillon equipe\" alt=\"\" data-src=\"https:\/\/www.chatillonarchitectes.com\/wp-content\/uploads\/2020\/10\/3.-269A4396-v2-1.jpg\" data-srcset=\"https:\/\/www.chatillonarchitectes.com\/wp-content\/uploads\/2020\/10\/3.-269A4396-v2-1.jpg 1248w, https:\/\/www.chatillonarchitectes.com\/wp-content\/uploads\/2020\/10\/3.-269A4396-v2-1-600x435.jpg 600w, https:\/\/www.chatillonarchitectes.com\/wp-content\/uploads\/2020\/10\/3.-269A4396-v2-1-300x217.jpg 300w, https:\/\/www.chatillonarchitectes.com\/wp-content\/uploads\/2020\/10\/3.-269A4396-v2-1-1024x742.jpg 1024w, https:\/\/www.chatillonarchitectes.com\/wp-content\/uploads\/2020\/10\/3.-269A4396-v2-1-768x556.jpg 768w, https:\/\/www.chatillonarchitectes.com\/wp-content\/uploads\/2020\/10\/3.-269A4396-v2-1-1116x808.jpg 1116w, https:\/\/www.chatillonarchitectes.com\/wp-content\/uploads\/2020\/10\/3.-269A4396-v2-1-806x584.jpg 806w, https:\/\/www.chatillonarchitectes.com\/wp-content\/uploads\/2020\/10\/3.-269A4396-v2-1-558x404.jpg 558w, https:\/\/www.chatillonarchitectes.com\/wp-content\/uploads\/2020\/10\/3.-269A4396-v2-1-655x474.jpg 655w\" data-sizes=\"(max-width: 1248px) 100vw, 1248px\" \/><\/span>\n                                    <span class=\"hover-display\">\n\t\t\t\t\t\t\t\t\t\t\t\t\t\t\t\t\t\t\t<span class=\"custom-hover-icon\"><\/span>\t\t\t\t\t\t\t\t\t\t\t\t\t\t\t\t\t<\/span>\n                                <\/a>\n                            <\/div>\n\t\t\t\t\t\t\t                    <div class=\"blog-post-content-container\">\n\n\t\t\t\t\t\t                            <div class=\"blog-post-date\">\n\t\t\t\t\t\t\t\t16 September 2020                            <\/div>\n\t\t\t\t\t\t\n                        <h3 class=\"blog-post-title\">\n                            <a href=\"https:\/\/www.chatillonarchitectes.com\/en\/nouvel-atelier-parisien\/\" target=\"\" rel=\"bookmark\">Nouvel atelier parisien<\/a>\n                        <\/h3>\n\n\t\t\t\t\t\t                            <div class=\"blog-post-excerpt\">\n\t\t\t\t\t\t\t\t<p>Chatillon Architectes&nbsp;s\u2019agrandit !<\/p>\n\n\n\n<p>Pour accueillir l\u2019ensemble de nos collaborateurs et &hellip;<\/p>                            <\/div>\n\t\t\t\t\t\t\n                        \n                    <\/div>\n\t\t\t\t\t                <\/div>\n\t\t\t\t<\/div><div class=\"blog-post-column\">                <div class=\"blog-post-entry post-1 post type-post status-publish format-standard has-post-thumbnail hentry category-divers\">\n\t\t\t\t\t                            <div class=\"blog-post-image\">\n                                <a href=\"https:\/\/www.chatillonarchitectes.com\/en\/nouveau-book\/\" target=\"\" rel=\"bookmark\">\n\n\t\t\t\t\t\t\t\t\t<span class=\"image-placeholder\" style=\"padding-bottom:66.67968750%\"><img width=\"2560\" height=\"1707\" class=\"img-responsive attachment-full img-81 lazyload\" title=\"Nouveau book de l\u2019agence\" alt=\"\" data-src=\"https:\/\/www.chatillonarchitectes.com\/wp-content\/uploads\/2020\/10\/269A4468-scaled-1.jpg\" data-srcset=\"https:\/\/www.chatillonarchitectes.com\/wp-content\/uploads\/2020\/10\/269A4468-scaled-1.jpg 2560w, https:\/\/www.chatillonarchitectes.com\/wp-content\/uploads\/2020\/10\/269A4468-scaled-1-600x400.jpg 600w, https:\/\/www.chatillonarchitectes.com\/wp-content\/uploads\/2020\/10\/269A4468-scaled-1-300x200.jpg 300w, https:\/\/www.chatillonarchitectes.com\/wp-content\/uploads\/2020\/10\/269A4468-scaled-1-1024x683.jpg 1024w, https:\/\/www.chatillonarchitectes.com\/wp-content\/uploads\/2020\/10\/269A4468-scaled-1-768x512.jpg 768w, https:\/\/www.chatillonarchitectes.com\/wp-content\/uploads\/2020\/10\/269A4468-scaled-1-1536x1024.jpg 1536w, https:\/\/www.chatillonarchitectes.com\/wp-content\/uploads\/2020\/10\/269A4468-scaled-1-2048x1366.jpg 2048w, https:\/\/www.chatillonarchitectes.com\/wp-content\/uploads\/2020\/10\/269A4468-scaled-1-1612x1075.jpg 1612w, https:\/\/www.chatillonarchitectes.com\/wp-content\/uploads\/2020\/10\/269A4468-scaled-1-1116x744.jpg 1116w, https:\/\/www.chatillonarchitectes.com\/wp-content\/uploads\/2020\/10\/269A4468-scaled-1-806x537.jpg 806w, https:\/\/www.chatillonarchitectes.com\/wp-content\/uploads\/2020\/10\/269A4468-scaled-1-558x372.jpg 558w, https:\/\/www.chatillonarchitectes.com\/wp-content\/uploads\/2020\/10\/269A4468-scaled-1-655x437.jpg 655w\" data-sizes=\"(max-width: 2560px) 100vw, 2560px\" \/><\/span>\n                                    <span class=\"hover-display\">\n\t\t\t\t\t\t\t\t\t\t\t\t\t\t\t\t\t\t\t<span class=\"custom-hover-icon\"><\/span>\t\t\t\t\t\t\t\t\t\t\t\t\t\t\t\t\t<\/span>\n                                <\/a>\n                            <\/div>\n\t\t\t\t\t\t\t                    <div class=\"blog-post-content-container\">\n\n\t\t\t\t\t\t                            <div class=\"blog-post-date\">\n\t\t\t\t\t\t\t\t20 July 2020                            <\/div>\n\t\t\t\t\t\t\n                        <h3 class=\"blog-post-title\">\n                            <a href=\"https:\/\/www.chatillonarchitectes.com\/en\/nouveau-book\/\" target=\"\" rel=\"bookmark\">Nouveau book de l\u2019agence<\/a>\n                        <\/h3>\n\n\t\t\t\t\t\t                            <div class=\"blog-post-excerpt\">\n\t\t\t\t\t\t\t\t<p>La nouvelle \u00e9dition du book de l\u2019agence est arriv\u00e9e ! &hellip;<\/p>                            <\/div>\n\t\t\t\t\t\t\n                        \n                    <\/div>\n\t\t\t\t\t                <\/div>\n\t\t\t\t<\/div><div class=\"blog-post-column\">                <div class=\"blog-post-entry post-4943 post type-post status-publish format-standard has-post-thumbnail hentry category-conferences\">\n\t\t\t\t\t                            <div class=\"blog-post-image\">\n                                <a href=\"https:\/\/www.chatillonarchitectes.com\/en\/conversation-live-instagram-entre-francois-chatillon-et-mamma-group\/\" target=\"\" rel=\"bookmark\">\n\n\t\t\t\t\t\t\t\t\t<span class=\"image-placeholder\" style=\"padding-bottom:100.00000000%\"><img width=\"1920\" height=\"1920\" class=\"img-responsive attachment-full img-82 lazyload\" title=\"Chatillon Architectes MAMMA_final-season 2020 Le Corbusier\" alt=\"\" data-src=\"https:\/\/www.chatillonarchitectes.com\/wp-content\/uploads\/2020\/10\/MAMMA_S2-Talk-02_Francois-Chatillon_02.jpg\" data-srcset=\"https:\/\/www.chatillonarchitectes.com\/wp-content\/uploads\/2020\/10\/MAMMA_S2-Talk-02_Francois-Chatillon_02.jpg 1920w, https:\/\/www.chatillonarchitectes.com\/wp-content\/uploads\/2020\/10\/MAMMA_S2-Talk-02_Francois-Chatillon_02-300x300.jpg 300w, https:\/\/www.chatillonarchitectes.com\/wp-content\/uploads\/2020\/10\/MAMMA_S2-Talk-02_Francois-Chatillon_02-220x220.jpg 220w, https:\/\/www.chatillonarchitectes.com\/wp-content\/uploads\/2020\/10\/MAMMA_S2-Talk-02_Francois-Chatillon_02-600x600.jpg 600w, https:\/\/www.chatillonarchitectes.com\/wp-content\/uploads\/2020\/10\/MAMMA_S2-Talk-02_Francois-Chatillon_02-1024x1024.jpg 1024w, https:\/\/www.chatillonarchitectes.com\/wp-content\/uploads\/2020\/10\/MAMMA_S2-Talk-02_Francois-Chatillon_02-150x150.jpg 150w, https:\/\/www.chatillonarchitectes.com\/wp-content\/uploads\/2020\/10\/MAMMA_S2-Talk-02_Francois-Chatillon_02-768x768.jpg 768w, https:\/\/www.chatillonarchitectes.com\/wp-content\/uploads\/2020\/10\/MAMMA_S2-Talk-02_Francois-Chatillon_02-1536x1536.jpg 1536w, https:\/\/www.chatillonarchitectes.com\/wp-content\/uploads\/2020\/10\/MAMMA_S2-Talk-02_Francois-Chatillon_02-12x12.jpg 12w, https:\/\/www.chatillonarchitectes.com\/wp-content\/uploads\/2020\/10\/MAMMA_S2-Talk-02_Francois-Chatillon_02-468x468.jpg 468w, https:\/\/www.chatillonarchitectes.com\/wp-content\/uploads\/2020\/10\/MAMMA_S2-Talk-02_Francois-Chatillon_02-1612x1612.jpg 1612w, https:\/\/www.chatillonarchitectes.com\/wp-content\/uploads\/2020\/10\/MAMMA_S2-Talk-02_Francois-Chatillon_02-1116x1116.jpg 1116w, https:\/\/www.chatillonarchitectes.com\/wp-content\/uploads\/2020\/10\/MAMMA_S2-Talk-02_Francois-Chatillon_02-806x806.jpg 806w, https:\/\/www.chatillonarchitectes.com\/wp-content\/uploads\/2020\/10\/MAMMA_S2-Talk-02_Francois-Chatillon_02-558x558.jpg 558w, https:\/\/www.chatillonarchitectes.com\/wp-content\/uploads\/2020\/10\/MAMMA_S2-Talk-02_Francois-Chatillon_02-655x655.jpg 655w\" data-sizes=\"(max-width: 1920px) 100vw, 1920px\" \/><\/span>\n                                    <span class=\"hover-display\">\n\t\t\t\t\t\t\t\t\t\t\t\t\t\t\t\t\t\t\t<span class=\"custom-hover-icon\"><\/span>\t\t\t\t\t\t\t\t\t\t\t\t\t\t\t\t\t<\/span>\n                                <\/a>\n                            <\/div>\n\t\t\t\t\t\t\t                    <div class=\"blog-post-content-container\">\n\n\t\t\t\t\t\t                            <div class=\"blog-post-date\">\n\t\t\t\t\t\t\t\t10 June 2020                            <\/div>\n\t\t\t\t\t\t\n                        <h3 class=\"blog-post-title\">\n                            <a href=\"https:\/\/www.chatillonarchitectes.com\/en\/conversation-live-instagram-entre-francois-chatillon-et-mamma-group\/\" target=\"\" rel=\"bookmark\">Conversation live Instagram entre Fran\u00e7ois Chatillon et MAMMA Group<\/a>\n                        <\/h3>\n\n\t\t\t\t\t\t                            <div class=\"blog-post-excerpt\">\n\t\t\t\t\t\t\t\t<p>Dans le cadre du nouveau cycle de conversations organis\u00e9 par &hellip;<\/p>                            <\/div>\n\t\t\t\t\t\t\n                        \n                    <\/div>\n\t\t\t\t\t                <\/div>\n\t\t\t\t<\/div><div class=\"blog-post-column\">                <div class=\"blog-post-entry post-5289 post type-post status-publish format-standard has-post-thumbnail hentry category-divers\">\n\t\t\t\t\t                            <div class=\"blog-post-image\">\n                                <a href=\"https:\/\/www.chatillonarchitectes.com\/en\/changement-de-nom-et-didentite-visuelle\/\" target=\"\" rel=\"bookmark\">\n\n\t\t\t\t\t\t\t\t\t<span class=\"image-placeholder\" style=\"padding-bottom:59.81132075%\"><img width=\"1060\" height=\"634\" class=\"img-responsive attachment-full img-83 lazyload\" title=\"Logo Chatillon Architectes sur fond ciel v2\" alt=\"\" data-src=\"https:\/\/www.chatillonarchitectes.com\/wp-content\/uploads\/2020\/01\/Logo-Chatillon-Architectes-sur-fond-ciel-v2.jpg\" data-srcset=\"https:\/\/www.chatillonarchitectes.com\/wp-content\/uploads\/2020\/01\/Logo-Chatillon-Architectes-sur-fond-ciel-v2.jpg 1060w, https:\/\/www.chatillonarchitectes.com\/wp-content\/uploads\/2020\/01\/Logo-Chatillon-Architectes-sur-fond-ciel-v2-600x359.jpg 600w, https:\/\/www.chatillonarchitectes.com\/wp-content\/uploads\/2020\/01\/Logo-Chatillon-Architectes-sur-fond-ciel-v2-300x179.jpg 300w, https:\/\/www.chatillonarchitectes.com\/wp-content\/uploads\/2020\/01\/Logo-Chatillon-Architectes-sur-fond-ciel-v2-1024x612.jpg 1024w, https:\/\/www.chatillonarchitectes.com\/wp-content\/uploads\/2020\/01\/Logo-Chatillon-Architectes-sur-fond-ciel-v2-768x459.jpg 768w, https:\/\/www.chatillonarchitectes.com\/wp-content\/uploads\/2020\/01\/Logo-Chatillon-Architectes-sur-fond-ciel-v2-16x10.jpg 16w, https:\/\/www.chatillonarchitectes.com\/wp-content\/uploads\/2020\/01\/Logo-Chatillon-Architectes-sur-fond-ciel-v2-806x482.jpg 806w, https:\/\/www.chatillonarchitectes.com\/wp-content\/uploads\/2020\/01\/Logo-Chatillon-Architectes-sur-fond-ciel-v2-558x334.jpg 558w, https:\/\/www.chatillonarchitectes.com\/wp-content\/uploads\/2020\/01\/Logo-Chatillon-Architectes-sur-fond-ciel-v2-655x392.jpg 655w\" data-sizes=\"(max-width: 1060px) 100vw, 1060px\" \/><\/span>\n                                    <span class=\"hover-display\">\n\t\t\t\t\t\t\t\t\t\t\t\t\t\t\t\t\t\t\t<span class=\"custom-hover-icon\"><\/span>\t\t\t\t\t\t\t\t\t\t\t\t\t\t\t\t\t<\/span>\n                                <\/a>\n                            <\/div>\n\t\t\t\t\t\t\t                    <div class=\"blog-post-content-container\">\n\n\t\t\t\t\t\t                            <div class=\"blog-post-date\">\n\t\t\t\t\t\t\t\t6 January 2020                            <\/div>\n\t\t\t\t\t\t\n                        <h3 class=\"blog-post-title\">\n                            <a href=\"https:\/\/www.chatillonarchitectes.com\/en\/changement-de-nom-et-didentite-visuelle\/\" target=\"\" rel=\"bookmark\">Changement de nom et d&rsquo;identit\u00e9 visuelle<\/a>\n                        <\/h3>\n\n\t\t\t\t\t\t                            <div class=\"blog-post-excerpt\">\n\t\t\t\t\t\t\t\t<p>D\u00e8s ce mois de janvier 2020, Fran\u00e7ois Chatillon Architecte devient &hellip;<\/p>                            <\/div>\n\t\t\t\t\t\t\n                        \n                    <\/div>\n\t\t\t\t\t                <\/div>\n\t\t\t\t<\/div><div class=\"blog-post-column\">                <div class=\"blog-post-entry post-5367 post type-post status-publish format-standard has-post-thumbnail hentry category-conferences category-videos\">\n\t\t\t\t\t                            <div class=\"blog-post-image\">\n                                <a href=\"https:\/\/www.chatillonarchitectes.com\/en\/video-test\/\" target=\"\" rel=\"bookmark\">\n\n\t\t\t\t\t\t\t\t\t<span class=\"image-placeholder\" style=\"padding-bottom:56.25000000%\"><img width=\"576\" height=\"324\" class=\"img-responsive attachment-full img-84 lazyload\" title=\"Vignette Conf\u00e9rence Bruxelles 2019 Chatillon Architectes Francis Metzger\" alt=\"\" data-src=\"https:\/\/www.chatillonarchitectes.com\/wp-content\/uploads\/2019\/11\/Vignette-Conference-Bruxelles-2019.jpg\" data-srcset=\"https:\/\/www.chatillonarchitectes.com\/wp-content\/uploads\/2019\/11\/Vignette-Conference-Bruxelles-2019.jpg 576w, https:\/\/www.chatillonarchitectes.com\/wp-content\/uploads\/2019\/11\/Vignette-Conference-Bruxelles-2019-300x169.jpg 300w, https:\/\/www.chatillonarchitectes.com\/wp-content\/uploads\/2019\/11\/Vignette-Conference-Bruxelles-2019-16x9.jpg 16w, https:\/\/www.chatillonarchitectes.com\/wp-content\/uploads\/2019\/11\/Vignette-Conference-Bruxelles-2019-558x314.jpg 558w\" data-sizes=\"(max-width: 576px) 100vw, 576px\" \/><\/span>\n                                    <span class=\"hover-display\">\n\t\t\t\t\t\t\t\t\t\t\t\t\t\t\t\t\t\t\t<span class=\"custom-hover-icon\"><\/span>\t\t\t\t\t\t\t\t\t\t\t\t\t\t\t\t\t<\/span>\n                                <\/a>\n                            <\/div>\n\t\t\t\t\t\t\t                    <div class=\"blog-post-content-container\">\n\n\t\t\t\t\t\t                            <div class=\"blog-post-date\">\n\t\t\t\t\t\t\t\t20 November 2019                            <\/div>\n\t\t\t\t\t\t\n                        <h3 class=\"blog-post-title\">\n                            <a href=\"https:\/\/www.chatillonarchitectes.com\/en\/video-test\/\" target=\"\" rel=\"bookmark\">Vid\u00e9o : conf\u00e9rence \u00ab\u00a0Transformation\u00a0\u00bb \u00e0 Bruxelles<\/a>\n                        <\/h3>\n\n\t\t\t\t\t\t                            <div class=\"blog-post-excerpt\">\n\t\t\t\t\t\t\t\t<h2 class=\"has-black-color has-text-color wp-block-heading\" style=\"font-size:38px\">La transformation des b\u00e2timents rel\u00e8ve-t-elle d&rsquo;un enjeu patrimonial ou d&rsquo;une <\/h2>&hellip;                            <\/div>\n\t\t\t\t\t\t\n                        \n                    <\/div>\n\t\t\t\t\t                <\/div>\n\t\t\t\t<\/div><div class=\"blog-post-column\">                <div class=\"blog-post-entry post-4948 post type-post status-publish format-standard has-post-thumbnail hentry category-conferences\">\n\t\t\t\t\t                            <div class=\"blog-post-image\">\n                                <a href=\"https:\/\/www.chatillonarchitectes.com\/en\/conference-inaugurale-de-francois-chatillon-a-luniversite-libre-de-bruxelles-ulb-au-flagey\/\" target=\"\" rel=\"bookmark\">\n\n\t\t\t\t\t\t\t\t\t<span class=\"image-placeholder\" style=\"padding-bottom:141.48857775%\"><img width=\"1357\" height=\"1920\" class=\"img-responsive attachment-full img-85 lazyload\" title=\"transformations Chatillon Architectes restructuration Bruxelles\" alt=\"\" data-src=\"https:\/\/www.chatillonarchitectes.com\/wp-content\/uploads\/2020\/10\/AFFICHE-1-FLagey-Bruxelles.jpg\" data-srcset=\"https:\/\/www.chatillonarchitectes.com\/wp-content\/uploads\/2020\/10\/AFFICHE-1-FLagey-Bruxelles.jpg 1357w, https:\/\/www.chatillonarchitectes.com\/wp-content\/uploads\/2020\/10\/AFFICHE-1-FLagey-Bruxelles-600x849.jpg 600w, https:\/\/www.chatillonarchitectes.com\/wp-content\/uploads\/2020\/10\/AFFICHE-1-FLagey-Bruxelles-212x300.jpg 212w, https:\/\/www.chatillonarchitectes.com\/wp-content\/uploads\/2020\/10\/AFFICHE-1-FLagey-Bruxelles-724x1024.jpg 724w, https:\/\/www.chatillonarchitectes.com\/wp-content\/uploads\/2020\/10\/AFFICHE-1-FLagey-Bruxelles-768x1087.jpg 768w, https:\/\/www.chatillonarchitectes.com\/wp-content\/uploads\/2020\/10\/AFFICHE-1-FLagey-Bruxelles-1086x1536.jpg 1086w, https:\/\/www.chatillonarchitectes.com\/wp-content\/uploads\/2020\/10\/AFFICHE-1-FLagey-Bruxelles-8x12.jpg 8w, https:\/\/www.chatillonarchitectes.com\/wp-content\/uploads\/2020\/10\/AFFICHE-1-FLagey-Bruxelles-1116x1579.jpg 1116w, https:\/\/www.chatillonarchitectes.com\/wp-content\/uploads\/2020\/10\/AFFICHE-1-FLagey-Bruxelles-806x1140.jpg 806w, https:\/\/www.chatillonarchitectes.com\/wp-content\/uploads\/2020\/10\/AFFICHE-1-FLagey-Bruxelles-558x790.jpg 558w, https:\/\/www.chatillonarchitectes.com\/wp-content\/uploads\/2020\/10\/AFFICHE-1-FLagey-Bruxelles-655x927.jpg 655w\" data-sizes=\"(max-width: 1357px) 100vw, 1357px\" \/><\/span>\n                                    <span class=\"hover-display\">\n\t\t\t\t\t\t\t\t\t\t\t\t\t\t\t\t\t\t\t<span class=\"custom-hover-icon\"><\/span>\t\t\t\t\t\t\t\t\t\t\t\t\t\t\t\t\t<\/span>\n                                <\/a>\n                            <\/div>\n\t\t\t\t\t\t\t                    <div class=\"blog-post-content-container\">\n\n\t\t\t\t\t\t                            <div class=\"blog-post-date\">\n\t\t\t\t\t\t\t\t8 November 2019                            <\/div>\n\t\t\t\t\t\t\n                        <h3 class=\"blog-post-title\">\n                            <a href=\"https:\/\/www.chatillonarchitectes.com\/en\/conference-inaugurale-de-francois-chatillon-a-luniversite-libre-de-bruxelles-ulb-au-flagey\/\" target=\"\" rel=\"bookmark\">Conf\u00e9rence inaugurale de Fran\u00e7ois Chatillon \u00e0 l\u2019Universit\u00e9 Libre de Bruxelles (ULB) au Flagey<\/a>\n                        <\/h3>\n\n\t\t\t\t\t\t                            <div class=\"blog-post-excerpt\">\n\t\t\t\t\t\t\t\t<p><\/p>\n\n\n\n<div class=\"wp-block-image is-style-default\"><figure class=\"alignleft size-large\"><img loading=\"lazy\" decoding=\"async\" width=\"724\" height=\"1024\" src=\"https:\/\/www.chatillonarchitectes.com\/wp-content\/uploads\/2020\/10\/AFFICHE-1-FLagey-Bruxelles-724x1024.jpg\" alt=\"\" class=\"wp-image-4950\" srcset=\"https:\/\/www.chatillonarchitectes.com\/wp-content\/uploads\/2020\/10\/AFFICHE-1-FLagey-Bruxelles-724x1024.jpg 724w, https:\/\/www.chatillonarchitectes.com\/wp-content\/uploads\/2020\/10\/AFFICHE-1-FLagey-Bruxelles-600x849.jpg 600w, https:\/\/www.chatillonarchitectes.com\/wp-content\/uploads\/2020\/10\/AFFICHE-1-FLagey-Bruxelles-212x300.jpg 212w, https:\/\/www.chatillonarchitectes.com\/wp-content\/uploads\/2020\/10\/AFFICHE-1-FLagey-Bruxelles-768x1087.jpg 768w, https:\/\/www.chatillonarchitectes.com\/wp-content\/uploads\/2020\/10\/AFFICHE-1-FLagey-Bruxelles-1086x1536.jpg 1086w, https:\/\/www.chatillonarchitectes.com\/wp-content\/uploads\/2020\/10\/AFFICHE-1-FLagey-Bruxelles-8x12.jpg 8w, https:\/\/www.chatillonarchitectes.com\/wp-content\/uploads\/2020\/10\/AFFICHE-1-FLagey-Bruxelles-1116x1579.jpg 1116w, https:\/\/www.chatillonarchitectes.com\/wp-content\/uploads\/2020\/10\/AFFICHE-1-FLagey-Bruxelles-806x1140.jpg 806w, https:\/\/www.chatillonarchitectes.com\/wp-content\/uploads\/2020\/10\/AFFICHE-1-FLagey-Bruxelles-558x790.jpg 558w, https:\/\/www.chatillonarchitectes.com\/wp-content\/uploads\/2020\/10\/AFFICHE-1-FLagey-Bruxelles-655x927.jpg 655w, https:\/\/www.chatillonarchitectes.com\/wp-content\/uploads\/2020\/10\/AFFICHE-1-FLagey-Bruxelles.jpg 1357w\" sizes=\"auto, (max-width: 724px) 100vw, 724px\" \/><\/figure><\/div>&hellip;                            <\/div>\n\t\t\t\t\t\t\n                        \n                    <\/div>\n\t\t\t\t\t                <\/div>\n\t\t\t\t<\/div><div class=\"blog-post-column\">                <div class=\"blog-post-entry post-4966 post type-post status-publish format-standard has-post-thumbnail hentry category-divers\">\n\t\t\t\t\t                            <div class=\"blog-post-image\">\n                                <a href=\"https:\/\/www.chatillonarchitectes.com\/en\/nomination-de-francois-chatillon-en-tant-quarchitecte-en-chef-du-domaine-national-de-chambord\/\" target=\"\" rel=\"bookmark\">\n\n\t\t\t\t\t\t\t\t\t<span class=\"image-placeholder\" style=\"padding-bottom:66.68000000%\"><img width=\"2500\" height=\"1667\" class=\"img-responsive attachment-full img-86 lazyload\" title=\"Jardins \u00e0 la fran\u00e7aise - domaine national de Chambord \u00a9 Sophie Lloyd (3)\" alt=\"\" data-src=\"https:\/\/www.chatillonarchitectes.com\/wp-content\/uploads\/2020\/10\/Jardins-a-la-francaise-domaine-national-de-Chambord\u00a9-Sophie-Lloyd-3.jpg\" data-srcset=\"https:\/\/www.chatillonarchitectes.com\/wp-content\/uploads\/2020\/10\/Jardins-a-la-francaise-domaine-national-de-Chambord\u00a9-Sophie-Lloyd-3.jpg 2500w, https:\/\/www.chatillonarchitectes.com\/wp-content\/uploads\/2020\/10\/Jardins-a-la-francaise-domaine-national-de-Chambord\u00a9-Sophie-Lloyd-3-600x400.jpg 600w, https:\/\/www.chatillonarchitectes.com\/wp-content\/uploads\/2020\/10\/Jardins-a-la-francaise-domaine-national-de-Chambord\u00a9-Sophie-Lloyd-3-300x200.jpg 300w, https:\/\/www.chatillonarchitectes.com\/wp-content\/uploads\/2020\/10\/Jardins-a-la-francaise-domaine-national-de-Chambord\u00a9-Sophie-Lloyd-3-1024x683.jpg 1024w, https:\/\/www.chatillonarchitectes.com\/wp-content\/uploads\/2020\/10\/Jardins-a-la-francaise-domaine-national-de-Chambord\u00a9-Sophie-Lloyd-3-768x512.jpg 768w, https:\/\/www.chatillonarchitectes.com\/wp-content\/uploads\/2020\/10\/Jardins-a-la-francaise-domaine-national-de-Chambord\u00a9-Sophie-Lloyd-3-1536x1024.jpg 1536w, https:\/\/www.chatillonarchitectes.com\/wp-content\/uploads\/2020\/10\/Jardins-a-la-francaise-domaine-national-de-Chambord\u00a9-Sophie-Lloyd-3-2048x1366.jpg 2048w, https:\/\/www.chatillonarchitectes.com\/wp-content\/uploads\/2020\/10\/Jardins-a-la-francaise-domaine-national-de-Chambord\u00a9-Sophie-Lloyd-3-16x12.jpg 16w, https:\/\/www.chatillonarchitectes.com\/wp-content\/uploads\/2020\/10\/Jardins-a-la-francaise-domaine-national-de-Chambord\u00a9-Sophie-Lloyd-3-1612x1075.jpg 1612w, https:\/\/www.chatillonarchitectes.com\/wp-content\/uploads\/2020\/10\/Jardins-a-la-francaise-domaine-national-de-Chambord\u00a9-Sophie-Lloyd-3-1116x744.jpg 1116w, https:\/\/www.chatillonarchitectes.com\/wp-content\/uploads\/2020\/10\/Jardins-a-la-francaise-domaine-national-de-Chambord\u00a9-Sophie-Lloyd-3-806x537.jpg 806w, https:\/\/www.chatillonarchitectes.com\/wp-content\/uploads\/2020\/10\/Jardins-a-la-francaise-domaine-national-de-Chambord\u00a9-Sophie-Lloyd-3-558x372.jpg 558w, https:\/\/www.chatillonarchitectes.com\/wp-content\/uploads\/2020\/10\/Jardins-a-la-francaise-domaine-national-de-Chambord\u00a9-Sophie-Lloyd-3-655x437.jpg 655w\" data-sizes=\"(max-width: 2500px) 100vw, 2500px\" \/><\/span>\n                                    <span class=\"hover-display\">\n\t\t\t\t\t\t\t\t\t\t\t\t\t\t\t\t\t\t\t<span class=\"custom-hover-icon\"><\/span>\t\t\t\t\t\t\t\t\t\t\t\t\t\t\t\t\t<\/span>\n                                <\/a>\n                            <\/div>\n\t\t\t\t\t\t\t                    <div class=\"blog-post-content-container\">\n\n\t\t\t\t\t\t                            <div class=\"blog-post-date\">\n\t\t\t\t\t\t\t\t10 October 2019                            <\/div>\n\t\t\t\t\t\t\n                        <h3 class=\"blog-post-title\">\n                            <a href=\"https:\/\/www.chatillonarchitectes.com\/en\/nomination-de-francois-chatillon-en-tant-quarchitecte-en-chef-du-domaine-national-de-chambord\/\" target=\"\" rel=\"bookmark\">Nomination de Fran\u00e7ois Chatillon en tant qu\u2019architecte en chef du Domaine national de Chambord !<\/a>\n                        <\/h3>\n\n\t\t\t\t\t\t                            <div class=\"blog-post-excerpt\">\n\t\t\t\t\t\t\t\t<p>Le Minist\u00e8re de la Culture&nbsp;vient de nommer Fran\u00e7ois Chatillon architecte &hellip;<\/p>                            <\/div>\n\t\t\t\t\t\t\n                        \n                    <\/div>\n\t\t\t\t\t                <\/div>\n\t\t\t\t<\/div><div class=\"blog-post-column\">                <div class=\"blog-post-entry post-4953 post type-post status-publish format-standard has-post-thumbnail hentry category-projets category-divers\">\n\t\t\t\t\t                            <div class=\"blog-post-image\">\n                                <a href=\"https:\/\/www.chatillonarchitectes.com\/en\/journees-nationales-de-larchitecture-2019-visite-des-bains-de-strasbourg\/\" target=\"\" rel=\"bookmark\">\n\n\t\t\t\t\t\t\t\t\t<span class=\"image-placeholder\" style=\"padding-bottom:153.84615385%\"><img width=\"390\" height=\"600\" class=\"img-responsive attachment-full img-87 lazyload\" title=\"Chatillon Architectes JNA Bains de Strasbourg\" alt=\"\" data-src=\"https:\/\/www.chatillonarchitectes.com\/wp-content\/uploads\/2019\/10\/ok-191017-JA2019-BAINS-MUNICIPAUX_affiche.jpg\" data-srcset=\"https:\/\/www.chatillonarchitectes.com\/wp-content\/uploads\/2019\/10\/ok-191017-JA2019-BAINS-MUNICIPAUX_affiche.jpg 390w, https:\/\/www.chatillonarchitectes.com\/wp-content\/uploads\/2019\/10\/ok-191017-JA2019-BAINS-MUNICIPAUX_affiche-195x300.jpg 195w, https:\/\/www.chatillonarchitectes.com\/wp-content\/uploads\/2019\/10\/ok-191017-JA2019-BAINS-MUNICIPAUX_affiche-8x12.jpg 8w\" data-sizes=\"(max-width: 390px) 100vw, 390px\" \/><\/span>\n                                    <span class=\"hover-display\">\n\t\t\t\t\t\t\t\t\t\t\t\t\t\t\t\t\t\t\t<span class=\"custom-hover-icon\"><\/span>\t\t\t\t\t\t\t\t\t\t\t\t\t\t\t\t\t<\/span>\n                                <\/a>\n                            <\/div>\n\t\t\t\t\t\t\t                    <div class=\"blog-post-content-container\">\n\n\t\t\t\t\t\t                            <div class=\"blog-post-date\">\n\t\t\t\t\t\t\t\t2 October 2019                            <\/div>\n\t\t\t\t\t\t\n                        <h3 class=\"blog-post-title\">\n                            <a href=\"https:\/\/www.chatillonarchitectes.com\/en\/journees-nationales-de-larchitecture-2019-visite-des-bains-de-strasbourg\/\" target=\"\" rel=\"bookmark\">Journ\u00e9es Nationales de l&rsquo;Architecture 2019 &#8211; Visite des Bains de Strasbourg<\/a>\n                        <\/h3>\n\n\t\t\t\t\t\t                            <div class=\"blog-post-excerpt\">\n\t\t\t\t\t\t\t\t<p><strong>B\u00e2timents en reconversion<\/strong><\/p>\n\n\n\n<p>\u00ab&nbsp;<em>Rien ne se perd, rien ne <\/em>&hellip;<\/p>                            <\/div>\n\t\t\t\t\t\t\n                        \n                    <\/div>\n\t\t\t\t\t                <\/div>\n\t\t\t\t<\/div><div class=\"blog-post-column\">                <div class=\"blog-post-entry post-4970 post type-post status-publish format-standard has-post-thumbnail hentry category-projets category-divers\">\n\t\t\t\t\t                            <div class=\"blog-post-image\">\n                                <a href=\"https:\/\/www.chatillonarchitectes.com\/en\/journees-europeennes-du-patrimoine-2019-visites-des-chantiers-du-musee-carnavalet-et-des-beaux-arts-de-paris\/\" target=\"\" rel=\"bookmark\">\n\n\t\t\t\t\t\t\t\t\t<span class=\"image-placeholder\" style=\"padding-bottom:150.00000000%\"><img width=\"1280\" height=\"1920\" class=\"img-responsive attachment-full img-88 lazyload\" title=\"JEP 2019_ Patrimoine Chatillon Journ\u00e9es Architecte\" alt=\"\" data-src=\"https:\/\/www.chatillonarchitectes.com\/wp-content\/uploads\/2019\/09\/JEP-2019_affiche.jpg\" data-srcset=\"https:\/\/www.chatillonarchitectes.com\/wp-content\/uploads\/2019\/09\/JEP-2019_affiche.jpg 1280w, https:\/\/www.chatillonarchitectes.com\/wp-content\/uploads\/2019\/09\/JEP-2019_affiche-600x900.jpg 600w, https:\/\/www.chatillonarchitectes.com\/wp-content\/uploads\/2019\/09\/JEP-2019_affiche-200x300.jpg 200w, https:\/\/www.chatillonarchitectes.com\/wp-content\/uploads\/2019\/09\/JEP-2019_affiche-683x1024.jpg 683w, https:\/\/www.chatillonarchitectes.com\/wp-content\/uploads\/2019\/09\/JEP-2019_affiche-768x1152.jpg 768w, https:\/\/www.chatillonarchitectes.com\/wp-content\/uploads\/2019\/09\/JEP-2019_affiche-1024x1536.jpg 1024w, https:\/\/www.chatillonarchitectes.com\/wp-content\/uploads\/2019\/09\/JEP-2019_affiche-8x12.jpg 8w, https:\/\/www.chatillonarchitectes.com\/wp-content\/uploads\/2019\/09\/JEP-2019_affiche-1116x1674.jpg 1116w, https:\/\/www.chatillonarchitectes.com\/wp-content\/uploads\/2019\/09\/JEP-2019_affiche-806x1209.jpg 806w, https:\/\/www.chatillonarchitectes.com\/wp-content\/uploads\/2019\/09\/JEP-2019_affiche-558x837.jpg 558w, https:\/\/www.chatillonarchitectes.com\/wp-content\/uploads\/2019\/09\/JEP-2019_affiche-655x983.jpg 655w\" data-sizes=\"(max-width: 1280px) 100vw, 1280px\" \/><\/span>\n                                    <span class=\"hover-display\">\n\t\t\t\t\t\t\t\t\t\t\t\t\t\t\t\t\t\t\t<span class=\"custom-hover-icon\"><\/span>\t\t\t\t\t\t\t\t\t\t\t\t\t\t\t\t\t<\/span>\n                                <\/a>\n                            <\/div>\n\t\t\t\t\t\t\t                    <div class=\"blog-post-content-container\">\n\n\t\t\t\t\t\t                            <div class=\"blog-post-date\">\n\t\t\t\t\t\t\t\t3 September 2019                            <\/div>\n\t\t\t\t\t\t\n                        <h3 class=\"blog-post-title\">\n                            <a href=\"https:\/\/www.chatillonarchitectes.com\/en\/journees-europeennes-du-patrimoine-2019-visites-des-chantiers-du-musee-carnavalet-et-des-beaux-arts-de-paris\/\" target=\"\" rel=\"bookmark\">Journ\u00e9es Europ\u00e9ennes du Patrimoine 2019 &#8211; Visites des chantiers du Mus\u00e9e Carnavalet et des Beaux-Arts de Paris<\/a>\n                        <\/h3>\n\n\t\t\t\t\t\t                            <div class=\"blog-post-excerpt\">\n\t\t\t\t\t\t\t\t<p>Si ces journ\u00e9es sont l\u2019occasion de d\u00e9couvrir ou de red\u00e9couvrir &hellip;<\/p>                            <\/div>\n\t\t\t\t\t\t\n                        \n                    <\/div>\n\t\t\t\t\t                <\/div>\n\t\t\t\t<\/div>\n    <\/div>\n\n\n\n    <div class=\"blog-posts-loading-message\">\n\t\tLoading blog posts...    <\/div>\n\t<\/div><\/div><\/div><\/div><div class=\"vc_row-full-width vc_clearfix\"><\/div><\/div>\n<\/div>","protected":false},"excerpt":{"rendered":"<p>Si ces journ\u00e9es sont l\u2019occasion de d\u00e9couvrir ou de red\u00e9couvrir &hellip;<\/p>","protected":false},"author":2,"featured_media":0,"parent":0,"menu_order":0,"comment_status":"closed","ping_status":"closed","template":"","meta":{"_acf_changed":false,"inline_featured_image":false,"footnotes":""},"class_list":["post-4976","page","type-page","status-publish","hentry"],"acf":[],"_links":{"self":[{"href":"https:\/\/www.chatillonarchitectes.com\/en\/wp-json\/wp\/v2\/pages\/4976","targetHints":{"allow":["GET"]}}],"collection":[{"href":"https:\/\/www.chatillonarchitectes.com\/en\/wp-json\/wp\/v2\/pages"}],"about":[{"href":"https:\/\/www.chatillonarchitectes.com\/en\/wp-json\/wp\/v2\/types\/page"}],"author":[{"embeddable":true,"href":"https:\/\/www.chatillonarchitectes.com\/en\/wp-json\/wp\/v2\/users\/2"}],"replies":[{"embeddable":true,"href":"https:\/\/www.chatillonarchitectes.com\/en\/wp-json\/wp\/v2\/comments?post=4976"}],"version-history":[{"count":28,"href":"https:\/\/www.chatillonarchitectes.com\/en\/wp-json\/wp\/v2\/pages\/4976\/revisions"}],"predecessor-version":[{"id":9969,"href":"https:\/\/www.chatillonarchitectes.com\/en\/wp-json\/wp\/v2\/pages\/4976\/revisions\/9969"}],"wp:attachment":[{"href":"https:\/\/www.chatillonarchitectes.com\/en\/wp-json\/wp\/v2\/media?parent=4976"}],"curies":[{"name":"wp","href":"https:\/\/api.w.org\/{rel}","templated":true}]}}